{"id":4927,"date":"2024-07-16T08:06:40","date_gmt":"2024-07-16T06:06:40","guid":{"rendered":"https:\/\/www.goyko.de\/wordpress\/?page_id=4927"},"modified":"2024-07-19T13:16:30","modified_gmt":"2024-07-19T11:16:30","slug":"produktfotografie-2","status":"publish","type":"page","link":"https:\/\/www.goyko.de\/wordpress\/produktfotografie-2\/","title":{"rendered":"Produktfotografie"},"content":{"rendered":"\t\t<div data-elementor-type=\"wp-page\" data-elementor-id=\"4927\" class=\"elementor elementor-4927\" data-elementor-post-type=\"page\">\n\t\t\t\t<div class=\"elementor-element elementor-element-51d7ff6b e-flex e-con-boxed e-con e-parent\" data-id=\"51d7ff6b\" data-element_type=\"container\">\n\t\t\t\t\t<div class=\"e-con-inner\">\n\t\t<div class=\"elementor-element elementor-element-57e4867 e-con-full e-flex e-con e-child\" data-id=\"57e4867\" data-element_type=\"container\">\n\t\t\t\t<div class=\"elementor-element elementor-element-43fbde22 elementor-widget__width-initial elementor-widget elementor-widget-image\" data-id=\"43fbde22\" data-element_type=\"widget\" data-widget_type=\"image.default\">\n\t\t\t\t<div class=\"elementor-widget-container\">\n\t\t\t\t\t\t\t\t\t\t\t\t\t\t\t\t<a href=\"http:\/\/goyko.de\">\n\t\t\t\t\t\t\t<img decoding=\"async\" width=\"185\" height=\"72\" src=\"https:\/\/www.goyko.de\/wordpress\/wp-content\/uploads\/2011\/09\/logo-fuer-website_tiny.jpg\" class=\"attachment-medium size-medium wp-image-1058\" alt=\"GOYKO Fotografie\" srcset=\"https:\/\/www.goyko.de\/wordpress\/wp-content\/uploads\/2011\/09\/logo-fuer-website_tiny.jpg 185w, https:\/\/www.goyko.de\/wordpress\/wp-content\/uploads\/2011\/09\/logo-fuer-website_tiny-80x31.jpg 80w\" sizes=\"(max-width: 185px) 100vw, 185px\" \/>\t\t\t\t\t\t\t\t<\/a>\n\t\t\t\t\t\t\t\t\t\t\t\t\t\t\t<\/div>\n\t\t\t\t<\/div>\n\t\t\t\t<\/div>\n\t\t<div class=\"elementor-element elementor-element-6369ca5a e-con-full e-flex e-con e-child\" data-id=\"6369ca5a\" data-element_type=\"container\">\n\t\t\t\t<div class=\"elementor-element elementor-element-58963eb9 elementor-widget__width-initial hfe-nav-menu__breakpoint-none hfe-nav-menu__align-center hfe-submenu-icon-arrow hfe-submenu-animation-none hfe-link-redirect-child elementor-widget elementor-widget-navigation-menu\" data-id=\"58963eb9\" data-element_type=\"widget\" data-settings=\"{&quot;toggle_size_tablet&quot;:{&quot;unit&quot;:&quot;px&quot;,&quot;size&quot;:15,&quot;sizes&quot;:[]},&quot;padding_horizontal_menu_item&quot;:{&quot;unit&quot;:&quot;px&quot;,&quot;size&quot;:10,&quot;sizes&quot;:[]},&quot;padding_vertical_menu_item&quot;:{&quot;unit&quot;:&quot;px&quot;,&quot;size&quot;:10,&quot;sizes&quot;:[]},&quot;padding_horizontal_menu_item_tablet&quot;:{&quot;unit&quot;:&quot;px&quot;,&quot;size&quot;:&quot;&quot;,&quot;sizes&quot;:[]},&quot;padding_horizontal_menu_item_mobile&quot;:{&quot;unit&quot;:&quot;px&quot;,&quot;size&quot;:&quot;&quot;,&quot;sizes&quot;:[]},&quot;padding_vertical_menu_item_tablet&quot;:{&quot;unit&quot;:&quot;px&quot;,&quot;size&quot;:&quot;&quot;,&quot;sizes&quot;:[]},&quot;padding_vertical_menu_item_mobile&quot;:{&quot;unit&quot;:&quot;px&quot;,&quot;size&quot;:&quot;&quot;,&quot;sizes&quot;:[]},&quot;menu_space_between&quot;:{&quot;unit&quot;:&quot;px&quot;,&quot;size&quot;:&quot;&quot;,&quot;sizes&quot;:[]},&quot;menu_space_between_tablet&quot;:{&quot;unit&quot;:&quot;px&quot;,&quot;size&quot;:&quot;&quot;,&quot;sizes&quot;:[]},&quot;menu_space_between_mobile&quot;:{&quot;unit&quot;:&quot;px&quot;,&quot;size&quot;:&quot;&quot;,&quot;sizes&quot;:[]},&quot;menu_row_space&quot;:{&quot;unit&quot;:&quot;px&quot;,&quot;size&quot;:&quot;&quot;,&quot;sizes&quot;:[]},&quot;menu_row_space_tablet&quot;:{&quot;unit&quot;:&quot;px&quot;,&quot;size&quot;:&quot;&quot;,&quot;sizes&quot;:[]},&quot;menu_row_space_mobile&quot;:{&quot;unit&quot;:&quot;px&quot;,&quot;size&quot;:&quot;&quot;,&quot;sizes&quot;:[]},&quot;dropdown_border_radius&quot;:{&quot;unit&quot;:&quot;px&quot;,&quot;top&quot;:&quot;&quot;,&quot;right&quot;:&quot;&quot;,&quot;bottom&quot;:&quot;&quot;,&quot;left&quot;:&quot;&quot;,&quot;isLinked&quot;:true},&quot;dropdown_border_radius_tablet&quot;:{&quot;unit&quot;:&quot;px&quot;,&quot;top&quot;:&quot;&quot;,&quot;right&quot;:&quot;&quot;,&quot;bottom&quot;:&quot;&quot;,&quot;left&quot;:&quot;&quot;,&quot;isLinked&quot;:true},&quot;dropdown_border_radius_mobile&quot;:{&quot;unit&quot;:&quot;px&quot;,&quot;top&quot;:&quot;&quot;,&quot;right&quot;:&quot;&quot;,&quot;bottom&quot;:&quot;&quot;,&quot;left&quot;:&quot;&quot;,&quot;isLinked&quot;:true},&quot;width_dropdown_item&quot;:{&quot;unit&quot;:&quot;px&quot;,&quot;size&quot;:&quot;220&quot;,&quot;sizes&quot;:[]},&quot;width_dropdown_item_tablet&quot;:{&quot;unit&quot;:&quot;px&quot;,&quot;size&quot;:&quot;&quot;,&quot;sizes&quot;:[]},&quot;width_dropdown_item_mobile&quot;:{&quot;unit&quot;:&quot;px&quot;,&quot;size&quot;:&quot;&quot;,&quot;sizes&quot;:[]},&quot;padding_horizontal_dropdown_item&quot;:{&quot;unit&quot;:&quot;px&quot;,&quot;size&quot;:&quot;&quot;,&quot;sizes&quot;:[]},&quot;padding_horizontal_dropdown_item_tablet&quot;:{&quot;unit&quot;:&quot;px&quot;,&quot;size&quot;:&quot;&quot;,&quot;sizes&quot;:[]},&quot;padding_horizontal_dropdown_item_mobile&quot;:{&quot;unit&quot;:&quot;px&quot;,&quot;size&quot;:&quot;&quot;,&quot;sizes&quot;:[]},&quot;padding_vertical_dropdown_item&quot;:{&quot;unit&quot;:&quot;px&quot;,&quot;size&quot;:15,&quot;sizes&quot;:[]},&quot;padding_vertical_dropdown_item_tablet&quot;:{&quot;unit&quot;:&quot;px&quot;,&quot;size&quot;:&quot;&quot;,&quot;sizes&quot;:[]},&quot;padding_vertical_dropdown_item_mobile&quot;:{&quot;unit&quot;:&quot;px&quot;,&quot;size&quot;:&quot;&quot;,&quot;sizes&quot;:[]},&quot;distance_from_menu&quot;:{&quot;unit&quot;:&quot;px&quot;,&quot;size&quot;:&quot;&quot;,&quot;sizes&quot;:[]},&quot;distance_from_menu_tablet&quot;:{&quot;unit&quot;:&quot;px&quot;,&quot;size&quot;:&quot;&quot;,&quot;sizes&quot;:[]},&quot;distance_from_menu_mobile&quot;:{&quot;unit&quot;:&quot;px&quot;,&quot;size&quot;:&quot;&quot;,&quot;sizes&quot;:[]},&quot;toggle_size&quot;:{&quot;unit&quot;:&quot;px&quot;,&quot;size&quot;:&quot;&quot;,&quot;sizes&quot;:[]},&quot;toggle_size_mobile&quot;:{&quot;unit&quot;:&quot;px&quot;,&quot;size&quot;:&quot;&quot;,&quot;sizes&quot;:[]},&quot;toggle_border_width&quot;:{&quot;unit&quot;:&quot;px&quot;,&quot;size&quot;:&quot;&quot;,&quot;sizes&quot;:[]},&quot;toggle_border_width_tablet&quot;:{&quot;unit&quot;:&quot;px&quot;,&quot;size&quot;:&quot;&quot;,&quot;sizes&quot;:[]},&quot;toggle_border_width_mobile&quot;:{&quot;unit&quot;:&quot;px&quot;,&quot;size&quot;:&quot;&quot;,&quot;sizes&quot;:[]},&quot;toggle_border_radius&quot;:{&quot;unit&quot;:&quot;px&quot;,&quot;size&quot;:&quot;&quot;,&quot;sizes&quot;:[]},&quot;toggle_border_radius_tablet&quot;:{&quot;unit&quot;:&quot;px&quot;,&quot;size&quot;:&quot;&quot;,&quot;sizes&quot;:[]},&quot;toggle_border_radius_mobile&quot;:{&quot;unit&quot;:&quot;px&quot;,&quot;size&quot;:&quot;&quot;,&quot;sizes&quot;:[]}}\" data-widget_type=\"navigation-menu.default\">\n\t\t\t\t<div class=\"elementor-widget-container\">\n\t\t\t\t\t\t\t\t<div class=\"hfe-nav-menu hfe-layout-horizontal hfe-nav-menu-layout horizontal hfe-pointer__none\" data-layout=\"horizontal\">\n\t\t\t\t<div role=\"button\" class=\"hfe-nav-menu__toggle elementor-clickable\">\n\t\t\t\t\t<span class=\"screen-reader-text\">Men\u00fc<\/span>\n\t\t\t\t\t<div class=\"hfe-nav-menu-icon\">\n\t\t\t\t\t\t\t\t\t\t\t<\/div>\n\t\t\t\t<\/div>\n\t\t\t\t<nav class=\"hfe-nav-menu__layout-horizontal hfe-nav-menu__submenu-arrow\" data-toggle-icon=\"\" data-close-icon=\"\" data-full-width=\"\">\n\t\t\t\t\t<ul id=\"menu-1-58963eb9\" class=\"hfe-nav-menu\"><li id=\"menu-item-4938\" class=\"menu-item menu-item-type-post_type menu-item-object-page parent hfe-creative-menu\"><a href=\"https:\/\/www.goyko.de\/wordpress\/produktfotografie-2\/\" class = \"hfe-menu-item\">Produktfotografie<\/a><\/li>\n<li id=\"menu-item-4939\" class=\"menu-item menu-item-type-post_type menu-item-object-page parent hfe-creative-menu\"><a href=\"https:\/\/www.goyko.de\/wordpress\/people-2\/\" class = \"hfe-menu-item\">People<\/a><\/li>\n<li id=\"menu-item-4944\" class=\"menu-item menu-item-type-post_type menu-item-object-page parent hfe-creative-menu\"><a href=\"https:\/\/www.goyko.de\/wordpress\/digital-art-2\/\" class = \"hfe-menu-item\">Digital Art<\/a><\/li>\n<li id=\"menu-item-4624\" class=\"menu-item menu-item-type-post_type menu-item-object-page parent hfe-creative-menu\"><a href=\"https:\/\/www.goyko.de\/wordpress\/outdoor\/\" class = \"hfe-menu-item\">Outdoor<\/a><\/li>\n<li id=\"menu-item-817\" class=\"menu-item menu-item-type-post_type menu-item-object-page parent hfe-creative-menu\"><a href=\"https:\/\/www.goyko.de\/wordpress\/uber-mich\/\" class = \"hfe-menu-item\">\u00dcber mich<\/a><\/li>\n<li id=\"menu-item-4482\" class=\"menu-item menu-item-type-post_type menu-item-object-page parent hfe-creative-menu\"><a href=\"https:\/\/www.goyko.de\/wordpress\/blog\/\" class = \"hfe-menu-item\">Blog<\/a><\/li>\n<\/ul> \n\t\t\t\t<\/nav>\n\t\t\t<\/div>\n\t\t\t\t\t\t\t<\/div>\n\t\t\t\t<\/div>\n\t\t\t\t<\/div>\n\t\t\t\t\t<\/div>\n\t\t\t\t<\/div>\n\t\t<div class=\"elementor-element elementor-element-e79dc88 e-con-full e-flex e-con e-parent\" data-id=\"e79dc88\" data-element_type=\"container\">\n\t\t\t\t<div class=\"elementor-element elementor-element-b36bb6c elementor-widget elementor-widget-heading\" data-id=\"b36bb6c\" data-element_type=\"widget\" data-widget_type=\"heading.default\">\n\t\t\t\t<div class=\"elementor-widget-container\">\n\t\t\t\t\t<h2 class=\"elementor-heading-title elementor-size-default\">Produktfotografie<\/h2>\t\t\t\t<\/div>\n\t\t\t\t<\/div>\n\t\t\t\t<div class=\"elementor-element elementor-element-b1823c8 elementor-widget__width-auto elementor-widget elementor-widget-text-editor\" data-id=\"b1823c8\" data-element_type=\"widget\" data-widget_type=\"text-editor.default\">\n\t\t\t\t<div class=\"elementor-widget-container\">\n\t\t\t\t\t\t\t\t\t<div id=\"envira-gallery-wrap-2574\" class=\"envira-gallery-wrap envira-lazy-loading-enabled envira-layout-automatic\" itemscope itemtype=\"https:\/\/schema.org\/ImageGallery\"><div class=\"envira-loader\"><div><\/div><div><\/div><div><\/div><div><\/div><\/div><div id=\"envira-gallery-2574\" class=\"envira-gallery-public envira-gallery-0-columns envira-clear envira-gallery-justified-public\" data-envira-id=\"2574\" data-gallery-config='{\"type\":\"default\",\"layout\":\"automatic\",\"columns\":\"0\",\"gallery_theme\":\"subtle\",\"justified_margins\":5,\"justified_last_row\":\"nojustify\",\"lazy_loading\":1,\"lazy_loading_delay\":10,\"gutter\":5,\"margin\":5,\"image_size\":\"default\",\"square_size\":300,\"crop_width\":2048,\"crop_height\":2048,\"crop\":0,\"crop_position\":\"c\",\"additional_copy_0\":0,\"additional_copy_title\":0,\"additional_copy_caption\":0,\"additional_copy_title_caption\":0,\"additional_copy_0_mobile\":0,\"additional_copy_title_mobile\":0,\"additional_copy_caption_mobile\":0,\"additional_copy_title_caption_mobile\":0,\"gallery_column_title_caption\":\"0\",\"gallery_column_title_caption_mobile\":\"0\",\"additional_copy_automatic_0\":0,\"additional_copy_automatic_title\":0,\"additional_copy_automatic_caption\":0,\"additional_copy_automatic_title_caption\":0,\"additional_copy_automatic_0_mobile\":0,\"additional_copy_automatic_title_mobile\":0,\"additional_copy_automatic_caption_mobile\":0,\"additional_copy_automatic_title_caption_mobile\":0,\"gallery_automatic_title_caption\":\"0\",\"gallery_automatic_title_caption_mobile\":\"0\",\"justified_row_height\":250,\"description_position\":\"0\",\"description\":\"\",\"random\":\"0\",\"sort_order\":\"0\",\"sorting_direction\":\"ASC\",\"image_sizes_random\":[],\"isotope\":0,\"lightbox_enabled\":1,\"gallery_link_enabled\":1,\"lightbox_theme\":\"base_dark\",\"lightbox_image_size\":\"2048x2048\",\"title_display\":\"float\",\"lightbox_title_caption\":\"0\",\"arrows\":1,\"arrows_position\":\"inside\",\"toolbar\":0,\"toolbar_title\":0,\"toolbar_position\":\"top\",\"loop\":1,\"lightbox_open_close_effect\":\"fade\",\"effect\":\"fade\",\"supersize\":1,\"thumbnails_toggle\":0,\"thumbnails_hide\":0,\"image_counter\":0,\"thumbnails\":0,\"thumbnails_width\":\"auto\",\"thumbnails_height\":\"auto\",\"thumbnails_position\":\"bottom\",\"thumbnails_custom_size\":0,\"mobile\":0,\"mobile_width\":320,\"mobile_height\":240,\"mobile_lightbox\":1,\"mobile_gallery_link_enabled\":0,\"mobile_arrows\":1,\"mobile_toolbar\":1,\"mobile_thumbnails\":1,\"mobile_touchwipe_close\":0,\"mobile_thumbnails_width\":75,\"mobile_thumbnails_height\":50,\"mobile_justified_row_height\":80,\"keyboard\":true,\"standalone_template\":\"\",\"classes\":[\"\"],\"rtl\":0,\"slug\":\"produktfotografie\",\"protection\":1,\"protection_popup\":0,\"protection_message\":\"\",\"protection_title\":\"\",\"protection_button_text\":\"\",\"pagination\":0,\"pagination_position\":\"below\",\"pagination_images_per_page\":9,\"pagination_prev_next\":\"numbered_previous_next\",\"pagination_prev_text\":\"&laquo; Vorherige\",\"pagination_next_text\":\"N&auml;chste &raquo;\",\"pagination_scroll\":0,\"pagination_ajax_load\":0,\"pagination_button_text\":\"Load More\",\"pagination_lightbox_display_all_images\":0,\"mobile_pagination_images_per_page\":9,\"mobile_pagination_prev_next\":\"numbered_previous_next\",\"password_protection_email\":\"\",\"password_protection_message\":\"\",\"wrong_password_message\":\"\",\"woocommerce\":0,\"lightbox_woocommerce\":0,\"mobile_disable_woo_galleries\":0,\"woocommerce_auto_create\":0,\"woocommerce_standalone_template\":0,\"fullscreen\":1,\"open_fullscreen\":1,\"justified_gallery_theme\":false,\"gutter_mobile\":5,\"show_more_text\":\"Click for more\",\"lightbox_html_caption\":0,\"videos_play_icon\":0,\"videos_play_icon_thumbnails\":0,\"videos_autoplay\":0,\"videos_enlarge\":0,\"videos_playpause\":1,\"videos_progress\":1,\"videos_current\":1,\"videos_duration\":1,\"videos_volume\":1,\"videos_controls\":1,\"videos_fullscreen\":1,\"videos_download\":1,\"woocommerce_product_delete\":0,\"gallery_id\":\"2574\"}' data-gallery-images='[{\"status\":\"active\",\"src\":\"https:\\\/\\\/www.goyko.de\\\/wordpress\\\/wp-content\\\/uploads\\\/2020\\\/12\\\/20220322-_MG_5107-Edit-Edit-2.jpg\",\"title\":\"Coffee\",\"link\":\"https:\\\/\\\/www.goyko.de\\\/wordpress\\\/wp-content\\\/uploads\\\/2020\\\/12\\\/20220322-_MG_5107-Edit-Edit-2.jpg\",\"alt\":\"Ein rustikales Bild von Kaffeebohnen, einer Kaffeem&uuml;hle und einer Tasse Kaffee. Im Vordergrund ist eine Tasse mit Kaffee, daneben liegt ein L&ouml;ffel mit Kaffeebohnen, und im Hintergrund befindet sich ein Sack voller Kaffeebohnen. Die Szene ist warm und einladend, und die Bohnen sind auf einem Holztisch verstreut.\",\"caption\":false,\"thumb\":\"https:\\\/\\\/www.goyko.de\\\/wordpress\\\/wp-content\\\/uploads\\\/2020\\\/12\\\/20220322-_MG_5107-Edit-Edit-2-75x50_c.jpg\",\"video_aspect_ratio\":\"\",\"video_width\":\"\",\"video_height\":\"\",\"video_in_gallery\":0,\"meta\":{\"aperture\":null,\"credit\":\"Goyko Kleensang\",\"camera\":null,\"caption\":\"\",\"created_timestamp\":\"1647972788\",\"copyright\":null,\"focal_length\":null,\"iso\":null,\"shutter_speed\":null,\"title\":\"\",\"orientation\":null,\"keywords\":null},\"thumbnail\":\"https:\\\/\\\/www.goyko.de\\\/wordpress\\\/wp-content\\\/uploads\\\/2020\\\/12\\\/20220322-_MG_5107-Edit-Edit-2-80x80.jpg\",\"medium\":\"https:\\\/\\\/www.goyko.de\\\/wordpress\\\/wp-content\\\/uploads\\\/2020\\\/12\\\/20220322-_MG_5107-Edit-Edit-2-300x300.jpg\",\"medium_large\":\"https:\\\/\\\/www.goyko.de\\\/wordpress\\\/wp-content\\\/uploads\\\/2020\\\/12\\\/20220322-_MG_5107-Edit-Edit-2-768x768.jpg\",\"large\":\"https:\\\/\\\/www.goyko.de\\\/wordpress\\\/wp-content\\\/uploads\\\/2020\\\/12\\\/20220322-_MG_5107-Edit-Edit-2-1024x1024.jpg\",\"1536x1536\":\"https:\\\/\\\/www.goyko.de\\\/wordpress\\\/wp-content\\\/uploads\\\/2020\\\/12\\\/20220322-_MG_5107-Edit-Edit-2-1536x1536.jpg\",\"2048x2048\":\"https:\\\/\\\/www.goyko.de\\\/wordpress\\\/wp-content\\\/uploads\\\/2020\\\/12\\\/20220322-_MG_5107-Edit-Edit-2.jpg\",\"full\":\"https:\\\/\\\/www.goyko.de\\\/wordpress\\\/wp-content\\\/uploads\\\/2020\\\/12\\\/20220322-_MG_5107-Edit-Edit-2.jpg\",\"index\":0,\"id\":3434,\"video\":true,\"opts\":{\"caption\":\"\",\"thumb\":\"https:\\\/\\\/www.goyko.de\\\/wordpress\\\/wp-content\\\/uploads\\\/2020\\\/12\\\/20220322-_MG_5107-Edit-Edit-2-75x50_c.jpg\",\"title\":\"Coffee\"},\"gallery_id\":\"2574\"},{\"status\":\"active\",\"src\":\"https:\\\/\\\/www.goyko.de\\\/wordpress\\\/wp-content\\\/uploads\\\/2020\\\/12\\\/20220404-_MG_5553-Bearbeitet-2-Bearbeitet-Web.jpg\",\"title\":\"Berries\",\"link\":\"https:\\\/\\\/www.goyko.de\\\/wordpress\\\/wp-content\\\/uploads\\\/2020\\\/12\\\/20220404-_MG_5553-Bearbeitet-2-Bearbeitet-Web.jpg\",\"alt\":\"Ein Dessertglas gef&uuml;llt mit Joghurt und frischen Beeren wie Himbeeren, Brombeeren und Blaubeeren auf einem rustikalen Holztisch, umgeben von einer Schale mit Sahne, weiteren Beeren und Besteck, vor einem blauen Hintergrund.\",\"caption\":false,\"thumb\":\"https:\\\/\\\/www.goyko.de\\\/wordpress\\\/wp-content\\\/uploads\\\/2020\\\/12\\\/20220404-_MG_5553-Bearbeitet-2-Bearbeitet-Web-75x50_c.jpg\",\"video_aspect_ratio\":\"\",\"video_width\":\"\",\"video_height\":\"\",\"video_in_gallery\":0,\"meta\":{\"aperture\":null,\"credit\":null,\"camera\":null,\"caption\":\"\",\"created_timestamp\":null,\"copyright\":null,\"focal_length\":null,\"iso\":null,\"shutter_speed\":null,\"title\":\"\",\"orientation\":null,\"keywords\":null},\"thumbnail\":\"https:\\\/\\\/www.goyko.de\\\/wordpress\\\/wp-content\\\/uploads\\\/2020\\\/12\\\/20220404-_MG_5553-Bearbeitet-2-Bearbeitet-Web-53x80.jpg\",\"medium\":\"https:\\\/\\\/www.goyko.de\\\/wordpress\\\/wp-content\\\/uploads\\\/2020\\\/12\\\/20220404-_MG_5553-Bearbeitet-2-Bearbeitet-Web-200x300.jpg\",\"medium_large\":\"https:\\\/\\\/www.goyko.de\\\/wordpress\\\/wp-content\\\/uploads\\\/2020\\\/12\\\/20220404-_MG_5553-Bearbeitet-2-Bearbeitet-Web-768x1152.jpg\",\"large\":\"https:\\\/\\\/www.goyko.de\\\/wordpress\\\/wp-content\\\/uploads\\\/2020\\\/12\\\/20220404-_MG_5553-Bearbeitet-2-Bearbeitet-Web-683x1024.jpg\",\"1536x1536\":\"https:\\\/\\\/www.goyko.de\\\/wordpress\\\/wp-content\\\/uploads\\\/2020\\\/12\\\/20220404-_MG_5553-Bearbeitet-2-Bearbeitet-Web-1024x1536.jpg\",\"2048x2048\":\"https:\\\/\\\/www.goyko.de\\\/wordpress\\\/wp-content\\\/uploads\\\/2020\\\/12\\\/20220404-_MG_5553-Bearbeitet-2-Bearbeitet-Web.jpg\",\"full\":\"https:\\\/\\\/www.goyko.de\\\/wordpress\\\/wp-content\\\/uploads\\\/2020\\\/12\\\/20220404-_MG_5553-Bearbeitet-2-Bearbeitet-Web.jpg\",\"index\":1,\"id\":3438,\"video\":true,\"opts\":{\"caption\":\"\",\"thumb\":\"https:\\\/\\\/www.goyko.de\\\/wordpress\\\/wp-content\\\/uploads\\\/2020\\\/12\\\/20220404-_MG_5553-Bearbeitet-2-Bearbeitet-Web-75x50_c.jpg\",\"title\":\"Berries\"},\"gallery_id\":\"2574\"},{\"status\":\"active\",\"src\":\"https:\\\/\\\/www.goyko.de\\\/wordpress\\\/wp-content\\\/uploads\\\/2020\\\/12\\\/20220402-_MG_5405-Bearbeitet-Bearbeitet-Bearbeitet-Web.jpg\",\"title\":\"Pesto\",\"link\":\"https:\\\/\\\/www.goyko.de\\\/wordpress\\\/wp-content\\\/uploads\\\/2020\\\/12\\\/20220402-_MG_5405-Bearbeitet-Bearbeitet-Bearbeitet-Web.jpg\",\"alt\":\"Ein rustikaler Holztisch mit einer Schale Spaghetti mit Pesto, dekoriert mit Basilikumbl&auml;ttern und Parmesan. Umgeben von Zutaten wie Pinienkernen, Knoblauch, Oliven&ouml;l und Basilikum, die die Zubereitung des Gerichts betonen.\",\"caption\":false,\"thumb\":\"https:\\\/\\\/www.goyko.de\\\/wordpress\\\/wp-content\\\/uploads\\\/2020\\\/12\\\/20220402-_MG_5405-Bearbeitet-Bearbeitet-Bearbeitet-Web-75x50_c.jpg\",\"video_aspect_ratio\":\"\",\"video_width\":\"\",\"video_height\":\"\",\"video_in_gallery\":0,\"meta\":{\"aperture\":null,\"credit\":null,\"camera\":null,\"caption\":\"\",\"created_timestamp\":null,\"copyright\":null,\"focal_length\":null,\"iso\":null,\"shutter_speed\":null,\"title\":\"\",\"orientation\":null,\"keywords\":null},\"thumbnail\":\"https:\\\/\\\/www.goyko.de\\\/wordpress\\\/wp-content\\\/uploads\\\/2020\\\/12\\\/20220402-_MG_5405-Bearbeitet-Bearbeitet-Bearbeitet-Web-53x80.jpg\",\"medium\":\"https:\\\/\\\/www.goyko.de\\\/wordpress\\\/wp-content\\\/uploads\\\/2020\\\/12\\\/20220402-_MG_5405-Bearbeitet-Bearbeitet-Bearbeitet-Web-200x300.jpg\",\"medium_large\":\"https:\\\/\\\/www.goyko.de\\\/wordpress\\\/wp-content\\\/uploads\\\/2020\\\/12\\\/20220402-_MG_5405-Bearbeitet-Bearbeitet-Bearbeitet-Web-768x1152.jpg\",\"large\":\"https:\\\/\\\/www.goyko.de\\\/wordpress\\\/wp-content\\\/uploads\\\/2020\\\/12\\\/20220402-_MG_5405-Bearbeitet-Bearbeitet-Bearbeitet-Web-683x1024.jpg\",\"1536x1536\":\"https:\\\/\\\/www.goyko.de\\\/wordpress\\\/wp-content\\\/uploads\\\/2020\\\/12\\\/20220402-_MG_5405-Bearbeitet-Bearbeitet-Bearbeitet-Web-1024x1536.jpg\",\"2048x2048\":\"https:\\\/\\\/www.goyko.de\\\/wordpress\\\/wp-content\\\/uploads\\\/2020\\\/12\\\/20220402-_MG_5405-Bearbeitet-Bearbeitet-Bearbeitet-Web.jpg\",\"full\":\"https:\\\/\\\/www.goyko.de\\\/wordpress\\\/wp-content\\\/uploads\\\/2020\\\/12\\\/20220402-_MG_5405-Bearbeitet-Bearbeitet-Bearbeitet-Web.jpg\",\"index\":2,\"id\":3437,\"video\":true,\"opts\":{\"caption\":\"\",\"thumb\":\"https:\\\/\\\/www.goyko.de\\\/wordpress\\\/wp-content\\\/uploads\\\/2020\\\/12\\\/20220402-_MG_5405-Bearbeitet-Bearbeitet-Bearbeitet-Web-75x50_c.jpg\",\"title\":\"Pesto\"},\"gallery_id\":\"2574\"},{\"status\":\"active\",\"src\":\"https:\\\/\\\/www.goyko.de\\\/wordpress\\\/wp-content\\\/uploads\\\/2020\\\/12\\\/20220320-_MG_4943-Edit-Edit-Edit.jpg\",\"title\":\"Frisch und fruchtig\",\"link\":\"https:\\\/\\\/www.goyko.de\\\/wordpress\\\/wp-content\\\/uploads\\\/2020\\\/12\\\/20220320-_MG_4943-Edit-Edit-Edit.jpg\",\"alt\":\"Ein maritim gestalteter Tisch mit einem Teller Ricotta, garniert mit Honig, gehackten N&uuml;ssen und frischen Blaubeeren. Im Hintergrund dekoriert ein kleiner Leuchtturm das Bild, erg&auml;nzt durch eine Schale voller Blaubeeren und eine Schale Honig mit einem L&ouml;ffel.\",\"caption\":false,\"thumb\":\"https:\\\/\\\/www.goyko.de\\\/wordpress\\\/wp-content\\\/uploads\\\/2020\\\/12\\\/20220320-_MG_4943-Edit-Edit-Edit-75x50_c.jpg\",\"video_aspect_ratio\":\"\",\"video_width\":\"\",\"video_height\":\"\",\"video_in_gallery\":0,\"meta\":{\"aperture\":null,\"credit\":\"Goyko Kleensang\",\"camera\":null,\"caption\":\"\",\"created_timestamp\":\"1647786195\",\"copyright\":null,\"focal_length\":null,\"iso\":null,\"shutter_speed\":null,\"title\":\"\",\"orientation\":null,\"keywords\":null},\"thumbnail\":\"https:\\\/\\\/www.goyko.de\\\/wordpress\\\/wp-content\\\/uploads\\\/2020\\\/12\\\/20220320-_MG_4943-Edit-Edit-Edit-53x80.jpg\",\"medium\":\"https:\\\/\\\/www.goyko.de\\\/wordpress\\\/wp-content\\\/uploads\\\/2020\\\/12\\\/20220320-_MG_4943-Edit-Edit-Edit-200x300.jpg\",\"medium_large\":\"https:\\\/\\\/www.goyko.de\\\/wordpress\\\/wp-content\\\/uploads\\\/2020\\\/12\\\/20220320-_MG_4943-Edit-Edit-Edit-768x1152.jpg\",\"large\":\"https:\\\/\\\/www.goyko.de\\\/wordpress\\\/wp-content\\\/uploads\\\/2020\\\/12\\\/20220320-_MG_4943-Edit-Edit-Edit-683x1024.jpg\",\"1536x1536\":\"https:\\\/\\\/www.goyko.de\\\/wordpress\\\/wp-content\\\/uploads\\\/2020\\\/12\\\/20220320-_MG_4943-Edit-Edit-Edit-1024x1536.jpg\",\"2048x2048\":\"https:\\\/\\\/www.goyko.de\\\/wordpress\\\/wp-content\\\/uploads\\\/2020\\\/12\\\/20220320-_MG_4943-Edit-Edit-Edit.jpg\",\"full\":\"https:\\\/\\\/www.goyko.de\\\/wordpress\\\/wp-content\\\/uploads\\\/2020\\\/12\\\/20220320-_MG_4943-Edit-Edit-Edit.jpg\",\"index\":3,\"id\":3432,\"video\":true,\"opts\":{\"caption\":\"\",\"thumb\":\"https:\\\/\\\/www.goyko.de\\\/wordpress\\\/wp-content\\\/uploads\\\/2020\\\/12\\\/20220320-_MG_4943-Edit-Edit-Edit-75x50_c.jpg\",\"title\":\"Frisch und fruchtig\"},\"gallery_id\":\"2574\"},{\"status\":\"active\",\"src\":\"https:\\\/\\\/www.goyko.de\\\/wordpress\\\/wp-content\\\/uploads\\\/2020\\\/12\\\/20220215-_MG_3153-Edit-Edit-Web.jpg\",\"title\":\"Sweets\",\"link\":\"https:\\\/\\\/www.goyko.de\\\/wordpress\\\/wp-content\\\/uploads\\\/2020\\\/12\\\/20220215-_MG_3153-Edit-Edit-Web.jpg\",\"alt\":\"Eine vielseitige Schokoladenkomposition: Kakaobohnen in ihrer Schote, bunte Pralinen, Kakaopulver, wei&szlig;e Schokosplitter und eine edle Tafel Schokolade arrangiert auf einer dunklen Oberfl&auml;che und einem h&ouml;lzernen Schneidebrett.\",\"caption\":false,\"thumb\":\"https:\\\/\\\/www.goyko.de\\\/wordpress\\\/wp-content\\\/uploads\\\/2020\\\/12\\\/20220215-_MG_3153-Edit-Edit-Web-75x50_c.jpg\",\"video_aspect_ratio\":\"\",\"video_width\":\"\",\"video_height\":\"\",\"video_in_gallery\":0,\"meta\":{\"aperture\":null,\"credit\":null,\"camera\":null,\"caption\":\"\",\"created_timestamp\":null,\"copyright\":null,\"focal_length\":null,\"iso\":null,\"shutter_speed\":null,\"title\":\"\",\"orientation\":null,\"keywords\":null},\"thumbnail\":\"https:\\\/\\\/www.goyko.de\\\/wordpress\\\/wp-content\\\/uploads\\\/2020\\\/12\\\/20220215-_MG_3153-Edit-Edit-Web-80x55.jpg\",\"medium\":\"https:\\\/\\\/www.goyko.de\\\/wordpress\\\/wp-content\\\/uploads\\\/2020\\\/12\\\/20220215-_MG_3153-Edit-Edit-Web-300x206.jpg\",\"medium_large\":\"https:\\\/\\\/www.goyko.de\\\/wordpress\\\/wp-content\\\/uploads\\\/2020\\\/12\\\/20220215-_MG_3153-Edit-Edit-Web-768x528.jpg\",\"large\":\"https:\\\/\\\/www.goyko.de\\\/wordpress\\\/wp-content\\\/uploads\\\/2020\\\/12\\\/20220215-_MG_3153-Edit-Edit-Web-1024x704.jpg\",\"1536x1536\":\"https:\\\/\\\/www.goyko.de\\\/wordpress\\\/wp-content\\\/uploads\\\/2020\\\/12\\\/20220215-_MG_3153-Edit-Edit-Web-1536x1055.jpg\",\"2048x2048\":\"https:\\\/\\\/www.goyko.de\\\/wordpress\\\/wp-content\\\/uploads\\\/2020\\\/12\\\/20220215-_MG_3153-Edit-Edit-Web.jpg\",\"full\":\"https:\\\/\\\/www.goyko.de\\\/wordpress\\\/wp-content\\\/uploads\\\/2020\\\/12\\\/20220215-_MG_3153-Edit-Edit-Web.jpg\",\"index\":4,\"id\":3410,\"video\":true,\"opts\":{\"caption\":\"\",\"thumb\":\"https:\\\/\\\/www.goyko.de\\\/wordpress\\\/wp-content\\\/uploads\\\/2020\\\/12\\\/20220215-_MG_3153-Edit-Edit-Web-75x50_c.jpg\",\"title\":\"Sweets\"},\"gallery_id\":\"2574\"},{\"status\":\"active\",\"src\":\"https:\\\/\\\/www.goyko.de\\\/wordpress\\\/wp-content\\\/uploads\\\/2020\\\/12\\\/20220222-_MG_3639-Edit-v2.jpg\",\"title\":\"Cremig\",\"link\":\"https:\\\/\\\/www.goyko.de\\\/wordpress\\\/wp-content\\\/uploads\\\/2020\\\/12\\\/20220222-_MG_3639-Edit-v2.jpg\",\"alt\":\"Edle Pralinen-Variation: Nahaufnahme von gef&uuml;llten Pralinen in verschiedenen Farben, eine davon ge&ouml;ffnet und mit fl&uuml;ssiger F&uuml;llung auf dunklem Schiefer\",\"caption\":false,\"thumb\":\"https:\\\/\\\/www.goyko.de\\\/wordpress\\\/wp-content\\\/uploads\\\/2020\\\/12\\\/20220222-_MG_3639-Edit-v2-75x50_c.jpg\",\"video_aspect_ratio\":\"\",\"video_width\":\"\",\"video_height\":\"\",\"video_in_gallery\":0,\"meta\":{\"aperture\":null,\"credit\":\"Goyko Kleensang\",\"camera\":null,\"caption\":\"\",\"created_timestamp\":\"1645525847\",\"copyright\":null,\"focal_length\":null,\"iso\":null,\"shutter_speed\":null,\"title\":\"\",\"orientation\":null,\"keywords\":null},\"thumbnail\":\"https:\\\/\\\/www.goyko.de\\\/wordpress\\\/wp-content\\\/uploads\\\/2020\\\/12\\\/20220222-_MG_3639-Edit-v2-64x80.jpg\",\"medium\":\"https:\\\/\\\/www.goyko.de\\\/wordpress\\\/wp-content\\\/uploads\\\/2020\\\/12\\\/20220222-_MG_3639-Edit-v2-240x300.jpg\",\"medium_large\":\"https:\\\/\\\/www.goyko.de\\\/wordpress\\\/wp-content\\\/uploads\\\/2020\\\/12\\\/20220222-_MG_3639-Edit-v2-768x960.jpg\",\"large\":\"https:\\\/\\\/www.goyko.de\\\/wordpress\\\/wp-content\\\/uploads\\\/2020\\\/12\\\/20220222-_MG_3639-Edit-v2-819x1024.jpg\",\"1536x1536\":\"https:\\\/\\\/www.goyko.de\\\/wordpress\\\/wp-content\\\/uploads\\\/2020\\\/12\\\/20220222-_MG_3639-Edit-v2-1229x1536.jpg\",\"2048x2048\":\"https:\\\/\\\/www.goyko.de\\\/wordpress\\\/wp-content\\\/uploads\\\/2020\\\/12\\\/20220222-_MG_3639-Edit-v2.jpg\",\"full\":\"https:\\\/\\\/www.goyko.de\\\/wordpress\\\/wp-content\\\/uploads\\\/2020\\\/12\\\/20220222-_MG_3639-Edit-v2.jpg\",\"index\":5,\"id\":3415,\"video\":true,\"opts\":{\"caption\":\"\",\"thumb\":\"https:\\\/\\\/www.goyko.de\\\/wordpress\\\/wp-content\\\/uploads\\\/2020\\\/12\\\/20220222-_MG_3639-Edit-v2-75x50_c.jpg\",\"title\":\"Cremig\"},\"gallery_id\":\"2574\"},{\"status\":\"active\",\"src\":\"https:\\\/\\\/www.goyko.de\\\/wordpress\\\/wp-content\\\/uploads\\\/2020\\\/12\\\/20220220-_MG_3487-Edit-v4-2.jpg\",\"title\":\"Yin &amp;amp; Yang\",\"link\":\"https:\\\/\\\/www.goyko.de\\\/wordpress\\\/wp-content\\\/uploads\\\/2020\\\/12\\\/20220220-_MG_3487-Edit-v4-2.jpg\",\"alt\":\"Azteken-Trinkschokolade: Zwei Varianten pr&auml;sentiert, dunkle und wei&szlig;e Schokolade mit Kakaopulver, Kakaobutter und Tassen auf kontrastierendem Hintergrund\",\"caption\":false,\"thumb\":\"https:\\\/\\\/www.goyko.de\\\/wordpress\\\/wp-content\\\/uploads\\\/2020\\\/12\\\/20220220-_MG_3487-Edit-v4-2-75x50_c.jpg\",\"id\":3412,\"video_aspect_ratio\":\"\",\"video_width\":\"\",\"video_height\":\"\",\"video_in_gallery\":0,\"meta\":{\"aperture\":null,\"credit\":\"Goyko Kleensang\",\"camera\":null,\"caption\":\"\",\"created_timestamp\":\"1645369663\",\"copyright\":null,\"focal_length\":null,\"iso\":null,\"shutter_speed\":null,\"title\":\"\",\"orientation\":null,\"keywords\":null},\"thumbnail\":\"https:\\\/\\\/www.goyko.de\\\/wordpress\\\/wp-content\\\/uploads\\\/2020\\\/12\\\/20220220-_MG_3487-Edit-v4-2-80x80.jpg\",\"medium\":\"https:\\\/\\\/www.goyko.de\\\/wordpress\\\/wp-content\\\/uploads\\\/2020\\\/12\\\/20220220-_MG_3487-Edit-v4-2-300x300.jpg\",\"medium_large\":\"https:\\\/\\\/www.goyko.de\\\/wordpress\\\/wp-content\\\/uploads\\\/2020\\\/12\\\/20220220-_MG_3487-Edit-v4-2-768x768.jpg\",\"large\":\"https:\\\/\\\/www.goyko.de\\\/wordpress\\\/wp-content\\\/uploads\\\/2020\\\/12\\\/20220220-_MG_3487-Edit-v4-2-1024x1024.jpg\",\"1536x1536\":\"https:\\\/\\\/www.goyko.de\\\/wordpress\\\/wp-content\\\/uploads\\\/2020\\\/12\\\/20220220-_MG_3487-Edit-v4-2-1536x1536.jpg\",\"2048x2048\":\"https:\\\/\\\/www.goyko.de\\\/wordpress\\\/wp-content\\\/uploads\\\/2020\\\/12\\\/20220220-_MG_3487-Edit-v4-2.jpg\",\"full\":\"https:\\\/\\\/www.goyko.de\\\/wordpress\\\/wp-content\\\/uploads\\\/2020\\\/12\\\/20220220-_MG_3487-Edit-v4-2.jpg\",\"index\":6,\"video\":true,\"opts\":{\"caption\":\"\",\"thumb\":\"https:\\\/\\\/www.goyko.de\\\/wordpress\\\/wp-content\\\/uploads\\\/2020\\\/12\\\/20220220-_MG_3487-Edit-v4-2-75x50_c.jpg\",\"title\":\"Yin &amp;amp; Yang\"},\"gallery_id\":\"2574\"},{\"status\":\"active\",\"src\":\"https:\\\/\\\/www.goyko.de\\\/wordpress\\\/wp-content\\\/uploads\\\/2020\\\/12\\\/20220310-_MG_4653-Bearbeitet-Bearbeitet-Web.jpg\",\"title\":\"S&uuml;&szlig;er Schatz\",\"link\":\"https:\\\/\\\/www.goyko.de\\\/wordpress\\\/wp-content\\\/uploads\\\/2020\\\/12\\\/20220310-_MG_4653-Bearbeitet-Bearbeitet-Web.jpg\",\"alt\":\"Osterleckereien: Schokoladenhasen-Lollis, bunt verzierte Schokoladeneier und dekorative Pralinen in einer rustikalen Pr&auml;sentation.\",\"caption\":false,\"thumb\":\"https:\\\/\\\/www.goyko.de\\\/wordpress\\\/wp-content\\\/uploads\\\/2020\\\/12\\\/20220310-_MG_4653-Bearbeitet-Bearbeitet-Web-75x50_c.jpg\",\"video_aspect_ratio\":\"\",\"video_width\":\"\",\"video_height\":\"\",\"video_in_gallery\":0,\"meta\":{\"aperture\":null,\"credit\":null,\"camera\":null,\"caption\":\"\",\"created_timestamp\":null,\"copyright\":null,\"focal_length\":null,\"iso\":null,\"shutter_speed\":null,\"title\":\"\",\"orientation\":null,\"keywords\":null},\"thumbnail\":\"https:\\\/\\\/www.goyko.de\\\/wordpress\\\/wp-content\\\/uploads\\\/2020\\\/12\\\/20220310-_MG_4653-Bearbeitet-Bearbeitet-Web-71x80.jpg\",\"medium\":\"https:\\\/\\\/www.goyko.de\\\/wordpress\\\/wp-content\\\/uploads\\\/2020\\\/12\\\/20220310-_MG_4653-Bearbeitet-Bearbeitet-Web-267x300.jpg\",\"medium_large\":\"https:\\\/\\\/www.goyko.de\\\/wordpress\\\/wp-content\\\/uploads\\\/2020\\\/12\\\/20220310-_MG_4653-Bearbeitet-Bearbeitet-Web-768x862.jpg\",\"large\":\"https:\\\/\\\/www.goyko.de\\\/wordpress\\\/wp-content\\\/uploads\\\/2020\\\/12\\\/20220310-_MG_4653-Bearbeitet-Bearbeitet-Web-912x1024.jpg\",\"1536x1536\":\"https:\\\/\\\/www.goyko.de\\\/wordpress\\\/wp-content\\\/uploads\\\/2020\\\/12\\\/20220310-_MG_4653-Bearbeitet-Bearbeitet-Web-1368x1536.jpg\",\"2048x2048\":\"https:\\\/\\\/www.goyko.de\\\/wordpress\\\/wp-content\\\/uploads\\\/2020\\\/12\\\/20220310-_MG_4653-Bearbeitet-Bearbeitet-Web.jpg\",\"full\":\"https:\\\/\\\/www.goyko.de\\\/wordpress\\\/wp-content\\\/uploads\\\/2020\\\/12\\\/20220310-_MG_4653-Bearbeitet-Bearbeitet-Web.jpg\",\"index\":7,\"id\":3429,\"video\":true,\"opts\":{\"caption\":\"\",\"thumb\":\"https:\\\/\\\/www.goyko.de\\\/wordpress\\\/wp-content\\\/uploads\\\/2020\\\/12\\\/20220310-_MG_4653-Bearbeitet-Bearbeitet-Web-75x50_c.jpg\",\"title\":\"S&uuml;&szlig;er Schatz\"},\"gallery_id\":\"2574\"},{\"status\":\"active\",\"src\":\"https:\\\/\\\/www.goyko.de\\\/wordpress\\\/wp-content\\\/uploads\\\/2020\\\/12\\\/20220310-_MG_4539-Bearbeitet-Bearbeitet-Web.jpg\",\"title\":\"S&uuml;&szlig;e Ostern\",\"link\":\"https:\\\/\\\/www.goyko.de\\\/wordpress\\\/wp-content\\\/uploads\\\/2020\\\/12\\\/20220310-_MG_4539-Bearbeitet-Bearbeitet-Web.jpg\",\"alt\":\"Holzdekor mit Osterhase, umgeben von edlen Schokoladeneiern und dekorativen Kunststoffeiern in einer festlichen Osterpr&auml;sentation.\",\"caption\":false,\"thumb\":\"https:\\\/\\\/www.goyko.de\\\/wordpress\\\/wp-content\\\/uploads\\\/2020\\\/12\\\/20220310-_MG_4539-Bearbeitet-Bearbeitet-Web-75x50_c.jpg\",\"video_aspect_ratio\":\"\",\"video_width\":\"\",\"video_height\":\"\",\"video_in_gallery\":0,\"meta\":{\"aperture\":null,\"credit\":null,\"camera\":null,\"caption\":\"\",\"created_timestamp\":null,\"copyright\":null,\"focal_length\":null,\"iso\":null,\"shutter_speed\":null,\"title\":\"\",\"orientation\":null,\"keywords\":null},\"thumbnail\":\"https:\\\/\\\/www.goyko.de\\\/wordpress\\\/wp-content\\\/uploads\\\/2020\\\/12\\\/20220310-_MG_4539-Bearbeitet-Bearbeitet-Web-53x80.jpg\",\"medium\":\"https:\\\/\\\/www.goyko.de\\\/wordpress\\\/wp-content\\\/uploads\\\/2020\\\/12\\\/20220310-_MG_4539-Bearbeitet-Bearbeitet-Web-200x300.jpg\",\"medium_large\":\"https:\\\/\\\/www.goyko.de\\\/wordpress\\\/wp-content\\\/uploads\\\/2020\\\/12\\\/20220310-_MG_4539-Bearbeitet-Bearbeitet-Web-768x1152.jpg\",\"large\":\"https:\\\/\\\/www.goyko.de\\\/wordpress\\\/wp-content\\\/uploads\\\/2020\\\/12\\\/20220310-_MG_4539-Bearbeitet-Bearbeitet-Web-683x1024.jpg\",\"1536x1536\":\"https:\\\/\\\/www.goyko.de\\\/wordpress\\\/wp-content\\\/uploads\\\/2020\\\/12\\\/20220310-_MG_4539-Bearbeitet-Bearbeitet-Web-1024x1536.jpg\",\"2048x2048\":\"https:\\\/\\\/www.goyko.de\\\/wordpress\\\/wp-content\\\/uploads\\\/2020\\\/12\\\/20220310-_MG_4539-Bearbeitet-Bearbeitet-Web.jpg\",\"full\":\"https:\\\/\\\/www.goyko.de\\\/wordpress\\\/wp-content\\\/uploads\\\/2020\\\/12\\\/20220310-_MG_4539-Bearbeitet-Bearbeitet-Web.jpg\",\"index\":8,\"id\":3428,\"video\":true,\"opts\":{\"caption\":\"\",\"thumb\":\"https:\\\/\\\/www.goyko.de\\\/wordpress\\\/wp-content\\\/uploads\\\/2020\\\/12\\\/20220310-_MG_4539-Bearbeitet-Bearbeitet-Web-75x50_c.jpg\",\"title\":\"S&uuml;&szlig;e Ostern\"},\"gallery_id\":\"2574\"},{\"status\":\"active\",\"src\":\"https:\\\/\\\/www.goyko.de\\\/wordpress\\\/wp-content\\\/uploads\\\/2020\\\/12\\\/20220227-_MG_3922-Bearbeitet-Bearbeitet-Edit.jpg\",\"title\":\"Schoko-Fondue\",\"link\":\"https:\\\/\\\/www.goyko.de\\\/wordpress\\\/wp-content\\\/uploads\\\/2020\\\/12\\\/20220227-_MG_3922-Bearbeitet-Bearbeitet-Edit.jpg\",\"alt\":\"Schokoladenfondue mit frischen Fr&uuml;chten wie Erdbeeren, gr&uuml;nen &Auml;pfeln und Trauben, umgeben von Schokodrops und Geb&auml;cksticks auf einem Holztisch\",\"caption\":false,\"thumb\":\"https:\\\/\\\/www.goyko.de\\\/wordpress\\\/wp-content\\\/uploads\\\/2020\\\/12\\\/20220227-_MG_3922-Bearbeitet-Bearbeitet-Edit-75x50_c.jpg\",\"video_aspect_ratio\":\"\",\"video_width\":\"\",\"video_height\":\"\",\"video_in_gallery\":0,\"meta\":{\"aperture\":null,\"credit\":\"Goyko Kleensang\",\"camera\":null,\"caption\":\"\",\"created_timestamp\":\"1645992568\",\"copyright\":null,\"focal_length\":null,\"iso\":null,\"shutter_speed\":null,\"title\":\"\",\"orientation\":null,\"keywords\":null},\"thumbnail\":\"https:\\\/\\\/www.goyko.de\\\/wordpress\\\/wp-content\\\/uploads\\\/2020\\\/12\\\/20220227-_MG_3922-Bearbeitet-Bearbeitet-Edit-60x80.jpg\",\"medium\":\"https:\\\/\\\/www.goyko.de\\\/wordpress\\\/wp-content\\\/uploads\\\/2020\\\/12\\\/20220227-_MG_3922-Bearbeitet-Bearbeitet-Edit-225x300.jpg\",\"medium_large\":\"https:\\\/\\\/www.goyko.de\\\/wordpress\\\/wp-content\\\/uploads\\\/2020\\\/12\\\/20220227-_MG_3922-Bearbeitet-Bearbeitet-Edit-768x1026.jpg\",\"large\":\"https:\\\/\\\/www.goyko.de\\\/wordpress\\\/wp-content\\\/uploads\\\/2020\\\/12\\\/20220227-_MG_3922-Bearbeitet-Bearbeitet-Edit-767x1024.jpg\",\"1536x1536\":\"https:\\\/\\\/www.goyko.de\\\/wordpress\\\/wp-content\\\/uploads\\\/2020\\\/12\\\/20220227-_MG_3922-Bearbeitet-Bearbeitet-Edit-1150x1536.jpg\",\"2048x2048\":\"https:\\\/\\\/www.goyko.de\\\/wordpress\\\/wp-content\\\/uploads\\\/2020\\\/12\\\/20220227-_MG_3922-Bearbeitet-Bearbeitet-Edit.jpg\",\"full\":\"https:\\\/\\\/www.goyko.de\\\/wordpress\\\/wp-content\\\/uploads\\\/2020\\\/12\\\/20220227-_MG_3922-Bearbeitet-Bearbeitet-Edit.jpg\",\"index\":9,\"id\":3421,\"video\":true,\"opts\":{\"caption\":\"\",\"thumb\":\"https:\\\/\\\/www.goyko.de\\\/wordpress\\\/wp-content\\\/uploads\\\/2020\\\/12\\\/20220227-_MG_3922-Bearbeitet-Bearbeitet-Edit-75x50_c.jpg\",\"title\":\"Schoko-Fondue\"},\"gallery_id\":\"2574\"},{\"status\":\"active\",\"src\":\"https:\\\/\\\/www.goyko.de\\\/wordpress\\\/wp-content\\\/uploads\\\/2020\\\/12\\\/20220216-_MG_3227-Edit-v2-Edit-Edit-v3.jpg\",\"title\":\"Parade\",\"link\":\"https:\\\/\\\/www.goyko.de\\\/wordpress\\\/wp-content\\\/uploads\\\/2020\\\/12\\\/20220216-_MG_3227-Edit-v2-Edit-Edit-v3.jpg\",\"alt\":\"Reihe farbenfroher Pralinen, jede mit einzigartiger Textur und Geschmack, auf einer reflektierenden Oberfl&auml;che vor wei&szlig;em Hintergrund arrangiert.\",\"caption\":false,\"thumb\":\"https:\\\/\\\/www.goyko.de\\\/wordpress\\\/wp-content\\\/uploads\\\/2020\\\/12\\\/20220216-_MG_3227-Edit-v2-Edit-Edit-v3-75x50_c.jpg\",\"video_aspect_ratio\":\"\",\"video_width\":\"\",\"video_height\":\"\",\"video_in_gallery\":0,\"meta\":{\"aperture\":null,\"credit\":\"Goyko Kleensang\",\"camera\":null,\"caption\":\"\",\"created_timestamp\":\"1645026545\",\"copyright\":null,\"focal_length\":null,\"iso\":null,\"shutter_speed\":null,\"title\":\"\",\"orientation\":null,\"keywords\":null},\"thumbnail\":\"https:\\\/\\\/www.goyko.de\\\/wordpress\\\/wp-content\\\/uploads\\\/2020\\\/12\\\/20220216-_MG_3227-Edit-v2-Edit-Edit-v3-80x53.jpg\",\"medium\":\"https:\\\/\\\/www.goyko.de\\\/wordpress\\\/wp-content\\\/uploads\\\/2020\\\/12\\\/20220216-_MG_3227-Edit-v2-Edit-Edit-v3-300x200.jpg\",\"medium_large\":\"https:\\\/\\\/www.goyko.de\\\/wordpress\\\/wp-content\\\/uploads\\\/2020\\\/12\\\/20220216-_MG_3227-Edit-v2-Edit-Edit-v3-768x512.jpg\",\"large\":\"https:\\\/\\\/www.goyko.de\\\/wordpress\\\/wp-content\\\/uploads\\\/2020\\\/12\\\/20220216-_MG_3227-Edit-v2-Edit-Edit-v3-1024x683.jpg\",\"1536x1536\":\"https:\\\/\\\/www.goyko.de\\\/wordpress\\\/wp-content\\\/uploads\\\/2020\\\/12\\\/20220216-_MG_3227-Edit-v2-Edit-Edit-v3-1536x1024.jpg\",\"2048x2048\":\"https:\\\/\\\/www.goyko.de\\\/wordpress\\\/wp-content\\\/uploads\\\/2020\\\/12\\\/20220216-_MG_3227-Edit-v2-Edit-Edit-v3.jpg\",\"full\":\"https:\\\/\\\/www.goyko.de\\\/wordpress\\\/wp-content\\\/uploads\\\/2020\\\/12\\\/20220216-_MG_3227-Edit-v2-Edit-Edit-v3.jpg\",\"index\":10,\"id\":3409,\"video\":true,\"opts\":{\"caption\":\"\",\"thumb\":\"https:\\\/\\\/www.goyko.de\\\/wordpress\\\/wp-content\\\/uploads\\\/2020\\\/12\\\/20220216-_MG_3227-Edit-v2-Edit-Edit-v3-75x50_c.jpg\",\"title\":\"Parade\"},\"gallery_id\":\"2574\"},{\"status\":\"active\",\"src\":\"https:\\\/\\\/www.goyko.de\\\/wordpress\\\/wp-content\\\/uploads\\\/2020\\\/12\\\/20220307-_MG_4388-Bearbeitet-Bearbeitet-Web.jpg\",\"title\":\"Frohe Ostern\",\"link\":\"https:\\\/\\\/www.goyko.de\\\/wordpress\\\/wp-content\\\/uploads\\\/2020\\\/12\\\/20220307-_MG_4388-Bearbeitet-Bearbeitet-Web.jpg\",\"alt\":\"Farbenfrohe Ostereier in einem Korb, frische wei&szlig;e Eier in einem Drahtkorb, eine Blume in einer Vase und ein gef&auml;rbtes Ei in einem Farbbad, dekoriert mit einer Osterhasen-Holzfigur\",\"caption\":false,\"thumb\":\"https:\\\/\\\/www.goyko.de\\\/wordpress\\\/wp-content\\\/uploads\\\/2020\\\/12\\\/20220307-_MG_4388-Bearbeitet-Bearbeitet-Web-75x50_c.jpg\",\"video_aspect_ratio\":\"\",\"video_width\":\"\",\"video_height\":\"\",\"video_in_gallery\":0,\"meta\":{\"aperture\":null,\"credit\":null,\"camera\":null,\"caption\":\"\",\"created_timestamp\":null,\"copyright\":null,\"focal_length\":null,\"iso\":null,\"shutter_speed\":null,\"title\":\"\",\"orientation\":null,\"keywords\":null},\"thumbnail\":\"https:\\\/\\\/www.goyko.de\\\/wordpress\\\/wp-content\\\/uploads\\\/2020\\\/12\\\/20220307-_MG_4388-Bearbeitet-Bearbeitet-Web-53x80.jpg\",\"medium\":\"https:\\\/\\\/www.goyko.de\\\/wordpress\\\/wp-content\\\/uploads\\\/2020\\\/12\\\/20220307-_MG_4388-Bearbeitet-Bearbeitet-Web-200x300.jpg\",\"medium_large\":\"https:\\\/\\\/www.goyko.de\\\/wordpress\\\/wp-content\\\/uploads\\\/2020\\\/12\\\/20220307-_MG_4388-Bearbeitet-Bearbeitet-Web-768x1151.jpg\",\"large\":\"https:\\\/\\\/www.goyko.de\\\/wordpress\\\/wp-content\\\/uploads\\\/2020\\\/12\\\/20220307-_MG_4388-Bearbeitet-Bearbeitet-Web-683x1024.jpg\",\"1536x1536\":\"https:\\\/\\\/www.goyko.de\\\/wordpress\\\/wp-content\\\/uploads\\\/2020\\\/12\\\/20220307-_MG_4388-Bearbeitet-Bearbeitet-Web-1025x1536.jpg\",\"2048x2048\":\"https:\\\/\\\/www.goyko.de\\\/wordpress\\\/wp-content\\\/uploads\\\/2020\\\/12\\\/20220307-_MG_4388-Bearbeitet-Bearbeitet-Web.jpg\",\"full\":\"https:\\\/\\\/www.goyko.de\\\/wordpress\\\/wp-content\\\/uploads\\\/2020\\\/12\\\/20220307-_MG_4388-Bearbeitet-Bearbeitet-Web.jpg\",\"index\":11,\"id\":3425,\"video\":true,\"opts\":{\"caption\":\"\",\"thumb\":\"https:\\\/\\\/www.goyko.de\\\/wordpress\\\/wp-content\\\/uploads\\\/2020\\\/12\\\/20220307-_MG_4388-Bearbeitet-Bearbeitet-Web-75x50_c.jpg\",\"title\":\"Frohe Ostern\"},\"gallery_id\":\"2574\"},{\"status\":\"active\",\"src\":\"https:\\\/\\\/www.goyko.de\\\/wordpress\\\/wp-content\\\/uploads\\\/2020\\\/12\\\/20220304-_MG_4185-Bearbeitet.jpg\",\"title\":\"Steak\",\"link\":\"https:\\\/\\\/www.goyko.de\\\/wordpress\\\/wp-content\\\/uploads\\\/2020\\\/12\\\/20220304-_MG_4185-Bearbeitet.jpg\",\"alt\":\"Perfekt gebratenes Steak in einer gusseisernen Pfanne, begleitet von frischem Spargel, Tomaten, Brot und aromatischer Kr&auml;uterbutter auf rustikalem Hintergrund.\",\"caption\":false,\"thumb\":\"https:\\\/\\\/www.goyko.de\\\/wordpress\\\/wp-content\\\/uploads\\\/2020\\\/12\\\/20220304-_MG_4185-Bearbeitet-75x50_c.jpg\",\"video_aspect_ratio\":\"\",\"video_width\":\"\",\"video_height\":\"\",\"video_in_gallery\":0,\"meta\":{\"aperture\":null,\"credit\":\"Goyko Kleensang\",\"camera\":null,\"caption\":\"\",\"created_timestamp\":\"1646428968\",\"copyright\":null,\"focal_length\":null,\"iso\":null,\"shutter_speed\":null,\"title\":\"\",\"orientation\":null,\"keywords\":null},\"thumbnail\":\"https:\\\/\\\/www.goyko.de\\\/wordpress\\\/wp-content\\\/uploads\\\/2020\\\/12\\\/20220304-_MG_4185-Bearbeitet-80x53.jpg\",\"medium\":\"https:\\\/\\\/www.goyko.de\\\/wordpress\\\/wp-content\\\/uploads\\\/2020\\\/12\\\/20220304-_MG_4185-Bearbeitet-300x200.jpg\",\"medium_large\":\"https:\\\/\\\/www.goyko.de\\\/wordpress\\\/wp-content\\\/uploads\\\/2020\\\/12\\\/20220304-_MG_4185-Bearbeitet-768x512.jpg\",\"large\":\"https:\\\/\\\/www.goyko.de\\\/wordpress\\\/wp-content\\\/uploads\\\/2020\\\/12\\\/20220304-_MG_4185-Bearbeitet-1024x683.jpg\",\"1536x1536\":\"https:\\\/\\\/www.goyko.de\\\/wordpress\\\/wp-content\\\/uploads\\\/2020\\\/12\\\/20220304-_MG_4185-Bearbeitet-1536x1024.jpg\",\"2048x2048\":\"https:\\\/\\\/www.goyko.de\\\/wordpress\\\/wp-content\\\/uploads\\\/2020\\\/12\\\/20220304-_MG_4185-Bearbeitet.jpg\",\"full\":\"https:\\\/\\\/www.goyko.de\\\/wordpress\\\/wp-content\\\/uploads\\\/2020\\\/12\\\/20220304-_MG_4185-Bearbeitet.jpg\",\"index\":12,\"id\":3424,\"video\":true,\"opts\":{\"caption\":\"\",\"thumb\":\"https:\\\/\\\/www.goyko.de\\\/wordpress\\\/wp-content\\\/uploads\\\/2020\\\/12\\\/20220304-_MG_4185-Bearbeitet-75x50_c.jpg\",\"title\":\"Steak\"},\"gallery_id\":\"2574\"},{\"status\":\"active\",\"src\":\"https:\\\/\\\/www.goyko.de\\\/wordpress\\\/wp-content\\\/uploads\\\/2020\\\/12\\\/MG_0145-Bearbeitet-Bearbeitet.jpg\",\"title\":\"Hot Splash\",\"link\":\"https:\\\/\\\/www.goyko.de\\\/wordpress\\\/wp-content\\\/uploads\\\/2020\\\/12\\\/MG_0145-Bearbeitet-Bearbeitet.jpg\",\"alt\":\"Rote Chilischote taucht dramatisch in klares Wasser ein, mit spritzenden Wellen und Blasen, vor einem schwarzen Hintergrund\",\"caption\":false,\"thumb\":\"https:\\\/\\\/www.goyko.de\\\/wordpress\\\/wp-content\\\/uploads\\\/2020\\\/12\\\/MG_0145-Bearbeitet-Bearbeitet-75x50_c.jpg\",\"video_aspect_ratio\":\"\",\"video_width\":\"\",\"video_height\":\"\",\"video_in_gallery\":0,\"meta\":{\"aperture\":null,\"credit\":null,\"camera\":null,\"caption\":\"\",\"created_timestamp\":null,\"copyright\":\"Copyright 2012\",\"focal_length\":null,\"iso\":null,\"shutter_speed\":null,\"title\":\"\",\"orientation\":null,\"keywords\":null},\"thumbnail\":\"https:\\\/\\\/www.goyko.de\\\/wordpress\\\/wp-content\\\/uploads\\\/2020\\\/12\\\/MG_0145-Bearbeitet-Bearbeitet-80x63.jpg\",\"medium\":\"https:\\\/\\\/www.goyko.de\\\/wordpress\\\/wp-content\\\/uploads\\\/2020\\\/12\\\/MG_0145-Bearbeitet-Bearbeitet-300x235.jpg\",\"medium_large\":\"https:\\\/\\\/www.goyko.de\\\/wordpress\\\/wp-content\\\/uploads\\\/2020\\\/12\\\/MG_0145-Bearbeitet-Bearbeitet-768x602.jpg\",\"large\":\"https:\\\/\\\/www.goyko.de\\\/wordpress\\\/wp-content\\\/uploads\\\/2020\\\/12\\\/MG_0145-Bearbeitet-Bearbeitet.jpg\",\"1536x1536\":\"https:\\\/\\\/www.goyko.de\\\/wordpress\\\/wp-content\\\/uploads\\\/2020\\\/12\\\/MG_0145-Bearbeitet-Bearbeitet.jpg\",\"2048x2048\":\"https:\\\/\\\/www.goyko.de\\\/wordpress\\\/wp-content\\\/uploads\\\/2020\\\/12\\\/MG_0145-Bearbeitet-Bearbeitet.jpg\",\"full\":\"https:\\\/\\\/www.goyko.de\\\/wordpress\\\/wp-content\\\/uploads\\\/2020\\\/12\\\/MG_0145-Bearbeitet-Bearbeitet.jpg\",\"index\":13,\"id\":3402,\"video\":true,\"opts\":{\"caption\":\"\",\"thumb\":\"https:\\\/\\\/www.goyko.de\\\/wordpress\\\/wp-content\\\/uploads\\\/2020\\\/12\\\/MG_0145-Bearbeitet-Bearbeitet-75x50_c.jpg\",\"title\":\"Hot Splash\"},\"gallery_id\":\"2574\"},{\"status\":\"active\",\"src\":\"https:\\\/\\\/www.goyko.de\\\/wordpress\\\/wp-content\\\/uploads\\\/2020\\\/12\\\/20220224-_MG_3849-Bearbeitet-v2-Web.jpg\",\"title\":\"Green\",\"link\":\"https:\\\/\\\/www.goyko.de\\\/wordpress\\\/wp-content\\\/uploads\\\/2020\\\/12\\\/20220224-_MG_3849-Bearbeitet-v2-Web.jpg\",\"alt\":\"Aufgeschnittene Limettenh&auml;lften mit sichtbarem Fruchtfleisch, umgeben von grobem Salz, auf einer Schieferplatte, vor dunklem Hintergrund\",\"caption\":false,\"thumb\":\"https:\\\/\\\/www.goyko.de\\\/wordpress\\\/wp-content\\\/uploads\\\/2020\\\/12\\\/20220224-_MG_3849-Bearbeitet-v2-Web-75x50_c.jpg\",\"video_aspect_ratio\":\"\",\"video_width\":\"\",\"video_height\":\"\",\"video_in_gallery\":0,\"meta\":{\"aperture\":null,\"credit\":null,\"camera\":null,\"caption\":\"\",\"created_timestamp\":null,\"copyright\":null,\"focal_length\":null,\"iso\":null,\"shutter_speed\":null,\"title\":\"\",\"orientation\":null,\"keywords\":null},\"thumbnail\":\"https:\\\/\\\/www.goyko.de\\\/wordpress\\\/wp-content\\\/uploads\\\/2020\\\/12\\\/20220224-_MG_3849-Bearbeitet-v2-Web-80x80.jpg\",\"medium\":\"https:\\\/\\\/www.goyko.de\\\/wordpress\\\/wp-content\\\/uploads\\\/2020\\\/12\\\/20220224-_MG_3849-Bearbeitet-v2-Web-300x300.jpg\",\"medium_large\":\"https:\\\/\\\/www.goyko.de\\\/wordpress\\\/wp-content\\\/uploads\\\/2020\\\/12\\\/20220224-_MG_3849-Bearbeitet-v2-Web-768x768.jpg\",\"large\":\"https:\\\/\\\/www.goyko.de\\\/wordpress\\\/wp-content\\\/uploads\\\/2020\\\/12\\\/20220224-_MG_3849-Bearbeitet-v2-Web-1024x1024.jpg\",\"1536x1536\":\"https:\\\/\\\/www.goyko.de\\\/wordpress\\\/wp-content\\\/uploads\\\/2020\\\/12\\\/20220224-_MG_3849-Bearbeitet-v2-Web-1536x1536.jpg\",\"2048x2048\":\"https:\\\/\\\/www.goyko.de\\\/wordpress\\\/wp-content\\\/uploads\\\/2020\\\/12\\\/20220224-_MG_3849-Bearbeitet-v2-Web.jpg\",\"full\":\"https:\\\/\\\/www.goyko.de\\\/wordpress\\\/wp-content\\\/uploads\\\/2020\\\/12\\\/20220224-_MG_3849-Bearbeitet-v2-Web.jpg\",\"index\":14,\"id\":3420,\"video\":true,\"opts\":{\"caption\":\"\",\"thumb\":\"https:\\\/\\\/www.goyko.de\\\/wordpress\\\/wp-content\\\/uploads\\\/2020\\\/12\\\/20220224-_MG_3849-Bearbeitet-v2-Web-75x50_c.jpg\",\"title\":\"Green\"},\"gallery_id\":\"2574\"},{\"status\":\"active\",\"src\":\"https:\\\/\\\/www.goyko.de\\\/wordpress\\\/wp-content\\\/uploads\\\/2020\\\/12\\\/20220329-_MG_5262-Edit-Edit-2048x1463.jpg\",\"title\":\"Guten Appetit\",\"link\":\"https:\\\/\\\/www.goyko.de\\\/wordpress\\\/wp-content\\\/uploads\\\/2020\\\/12\\\/20220329-_MG_5262-Edit-Edit.jpg\",\"alt\":\"Bagel mit Sesam, gef&uuml;llt mit Frischk&auml;se, Lachs und Dill, auf einer rustikalen Unterlage serviert\",\"caption\":false,\"thumb\":\"https:\\\/\\\/www.goyko.de\\\/wordpress\\\/wp-content\\\/uploads\\\/2020\\\/12\\\/20220329-_MG_5262-Edit-Edit-2048x1463-75x50_c.jpg\",\"video_aspect_ratio\":\"\",\"video_width\":\"\",\"video_height\":\"\",\"video_in_gallery\":0,\"meta\":{\"aperture\":null,\"credit\":\"Goyko Kleensang\",\"camera\":null,\"caption\":\"\",\"created_timestamp\":\"1648576559\",\"copyright\":null,\"focal_length\":null,\"iso\":null,\"shutter_speed\":null,\"title\":\"\",\"orientation\":null,\"keywords\":null},\"thumbnail\":\"https:\\\/\\\/www.goyko.de\\\/wordpress\\\/wp-content\\\/uploads\\\/2020\\\/12\\\/20220329-_MG_5262-Edit-Edit-80x57.jpg\",\"medium\":\"https:\\\/\\\/www.goyko.de\\\/wordpress\\\/wp-content\\\/uploads\\\/2020\\\/12\\\/20220329-_MG_5262-Edit-Edit-300x214.jpg\",\"medium_large\":\"https:\\\/\\\/www.goyko.de\\\/wordpress\\\/wp-content\\\/uploads\\\/2020\\\/12\\\/20220329-_MG_5262-Edit-Edit-768x549.jpg\",\"large\":\"https:\\\/\\\/www.goyko.de\\\/wordpress\\\/wp-content\\\/uploads\\\/2020\\\/12\\\/20220329-_MG_5262-Edit-Edit-1024x731.jpg\",\"1536x1536\":\"https:\\\/\\\/www.goyko.de\\\/wordpress\\\/wp-content\\\/uploads\\\/2020\\\/12\\\/20220329-_MG_5262-Edit-Edit-1536x1097.jpg\",\"2048x2048\":\"https:\\\/\\\/www.goyko.de\\\/wordpress\\\/wp-content\\\/uploads\\\/2020\\\/12\\\/20220329-_MG_5262-Edit-Edit-2048x1463.jpg\",\"full\":\"https:\\\/\\\/www.goyko.de\\\/wordpress\\\/wp-content\\\/uploads\\\/2020\\\/12\\\/20220329-_MG_5262-Edit-Edit.jpg\",\"index\":15,\"id\":3436,\"video\":true,\"opts\":{\"caption\":\"\",\"thumb\":\"https:\\\/\\\/www.goyko.de\\\/wordpress\\\/wp-content\\\/uploads\\\/2020\\\/12\\\/20220329-_MG_5262-Edit-Edit-2048x1463-75x50_c.jpg\",\"title\":\"Guten Appetit\"},\"gallery_id\":\"2574\"},{\"status\":\"active\",\"src\":\"https:\\\/\\\/www.goyko.de\\\/wordpress\\\/wp-content\\\/uploads\\\/2020\\\/12\\\/strand-013-Bearbeitet-Bearbeitet-Bearbeitet-Web.jpg\",\"title\":\"Summer Feeling\",\"link\":\"https:\\\/\\\/www.goyko.de\\\/wordpress\\\/wp-content\\\/uploads\\\/2020\\\/12\\\/strand-013-Bearbeitet-Bearbeitet-Bearbeitet-Web.jpg\",\"alt\":\"Miniatur-Strandszene mit blau-wei&szlig;em Sonnenschirm, Liegestuhl, Rettungsring, Seestern und Strohhut auf sandigem Hintergrund\",\"caption\":false,\"thumb\":\"https:\\\/\\\/www.goyko.de\\\/wordpress\\\/wp-content\\\/uploads\\\/2020\\\/12\\\/strand-013-Bearbeitet-Bearbeitet-Bearbeitet-Web-75x50_c.jpg\",\"id\":3431,\"video_aspect_ratio\":\"\",\"video_width\":\"\",\"video_height\":\"\",\"video_in_gallery\":0,\"meta\":{\"aperture\":null,\"credit\":null,\"camera\":null,\"caption\":\"\",\"created_timestamp\":null,\"copyright\":null,\"focal_length\":null,\"iso\":null,\"shutter_speed\":null,\"title\":\"\",\"orientation\":null,\"keywords\":null},\"thumbnail\":\"https:\\\/\\\/www.goyko.de\\\/wordpress\\\/wp-content\\\/uploads\\\/2020\\\/12\\\/strand-013-Bearbeitet-Bearbeitet-Bearbeitet-Web-80x80.jpg\",\"medium\":\"https:\\\/\\\/www.goyko.de\\\/wordpress\\\/wp-content\\\/uploads\\\/2020\\\/12\\\/strand-013-Bearbeitet-Bearbeitet-Bearbeitet-Web-300x300.jpg\",\"medium_large\":\"https:\\\/\\\/www.goyko.de\\\/wordpress\\\/wp-content\\\/uploads\\\/2020\\\/12\\\/strand-013-Bearbeitet-Bearbeitet-Bearbeitet-Web-768x768.jpg\",\"large\":\"https:\\\/\\\/www.goyko.de\\\/wordpress\\\/wp-content\\\/uploads\\\/2020\\\/12\\\/strand-013-Bearbeitet-Bearbeitet-Bearbeitet-Web-1024x1024.jpg\",\"1536x1536\":\"https:\\\/\\\/www.goyko.de\\\/wordpress\\\/wp-content\\\/uploads\\\/2020\\\/12\\\/strand-013-Bearbeitet-Bearbeitet-Bearbeitet-Web-1536x1536.jpg\",\"2048x2048\":\"https:\\\/\\\/www.goyko.de\\\/wordpress\\\/wp-content\\\/uploads\\\/2020\\\/12\\\/strand-013-Bearbeitet-Bearbeitet-Bearbeitet-Web.jpg\",\"full\":\"https:\\\/\\\/www.goyko.de\\\/wordpress\\\/wp-content\\\/uploads\\\/2020\\\/12\\\/strand-013-Bearbeitet-Bearbeitet-Bearbeitet-Web.jpg\",\"index\":16,\"video\":true,\"opts\":{\"caption\":\"\",\"thumb\":\"https:\\\/\\\/www.goyko.de\\\/wordpress\\\/wp-content\\\/uploads\\\/2020\\\/12\\\/strand-013-Bearbeitet-Bearbeitet-Bearbeitet-Web-75x50_c.jpg\",\"title\":\"Summer Feeling\"},\"gallery_id\":\"2574\"},{\"status\":\"active\",\"src\":\"https:\\\/\\\/www.goyko.de\\\/wordpress\\\/wp-content\\\/uploads\\\/2020\\\/12\\\/20220211-_MG_2871-v3.jpg\",\"title\":\"Julian Hakes Mojito\",\"link\":\"https:\\\/\\\/www.goyko.de\\\/wordpress\\\/wp-content\\\/uploads\\\/2020\\\/12\\\/20220211-_MG_2871-v3.jpg\",\"alt\":\"Futuristische High-Heels mit blauer Polsterung und spiegelnder Chromoberfl&auml;che, pr&auml;sentiert vor blauem Hintergrund.\",\"caption\":false,\"thumb\":\"https:\\\/\\\/www.goyko.de\\\/wordpress\\\/wp-content\\\/uploads\\\/2020\\\/12\\\/20220211-_MG_2871-v3-75x50_c.jpg\",\"video_aspect_ratio\":\"\",\"video_width\":\"\",\"video_height\":\"\",\"video_in_gallery\":0,\"meta\":{\"aperture\":null,\"credit\":\"Goyko Kleensang\",\"camera\":null,\"caption\":\"\",\"created_timestamp\":\"1644600804\",\"copyright\":null,\"focal_length\":null,\"iso\":null,\"shutter_speed\":null,\"title\":\"\",\"orientation\":null,\"keywords\":null},\"thumbnail\":\"https:\\\/\\\/www.goyko.de\\\/wordpress\\\/wp-content\\\/uploads\\\/2020\\\/12\\\/20220211-_MG_2871-v3-80x53.jpg\",\"medium\":\"https:\\\/\\\/www.goyko.de\\\/wordpress\\\/wp-content\\\/uploads\\\/2020\\\/12\\\/20220211-_MG_2871-v3-300x200.jpg\",\"medium_large\":\"https:\\\/\\\/www.goyko.de\\\/wordpress\\\/wp-content\\\/uploads\\\/2020\\\/12\\\/20220211-_MG_2871-v3-768x512.jpg\",\"large\":\"https:\\\/\\\/www.goyko.de\\\/wordpress\\\/wp-content\\\/uploads\\\/2020\\\/12\\\/20220211-_MG_2871-v3-1024x683.jpg\",\"1536x1536\":\"https:\\\/\\\/www.goyko.de\\\/wordpress\\\/wp-content\\\/uploads\\\/2020\\\/12\\\/20220211-_MG_2871-v3-1536x1024.jpg\",\"2048x2048\":\"https:\\\/\\\/www.goyko.de\\\/wordpress\\\/wp-content\\\/uploads\\\/2020\\\/12\\\/20220211-_MG_2871-v3.jpg\",\"full\":\"https:\\\/\\\/www.goyko.de\\\/wordpress\\\/wp-content\\\/uploads\\\/2020\\\/12\\\/20220211-_MG_2871-v3.jpg\",\"index\":17,\"id\":3401,\"video\":true,\"opts\":{\"caption\":\"\",\"thumb\":\"https:\\\/\\\/www.goyko.de\\\/wordpress\\\/wp-content\\\/uploads\\\/2020\\\/12\\\/20220211-_MG_2871-v3-75x50_c.jpg\",\"title\":\"Julian Hakes Mojito\"},\"gallery_id\":\"2574\"},{\"status\":\"active\",\"src\":\"https:\\\/\\\/www.goyko.de\\\/wordpress\\\/wp-content\\\/uploads\\\/2020\\\/12\\\/20220217-_MG_3286-Bearbeitet.jpg\",\"title\":\"Blocks\",\"link\":\"https:\\\/\\\/www.goyko.de\\\/wordpress\\\/wp-content\\\/uploads\\\/2020\\\/12\\\/20220217-_MG_3286-Bearbeitet.jpg\",\"alt\":\"Schwarze Sneakers mit buntem Tetris-Design, pr&auml;sentiert neben einer leuchtenden Tetris-Lampe vor dunklem Hintergrund\",\"caption\":false,\"thumb\":\"https:\\\/\\\/www.goyko.de\\\/wordpress\\\/wp-content\\\/uploads\\\/2020\\\/12\\\/20220217-_MG_3286-Bearbeitet-75x50_c.jpg\",\"video_aspect_ratio\":\"\",\"video_width\":\"\",\"video_height\":\"\",\"video_in_gallery\":0,\"meta\":{\"aperture\":null,\"credit\":\"Goyko Kleensang\",\"camera\":null,\"caption\":\"\",\"created_timestamp\":\"1645119849\",\"copyright\":null,\"focal_length\":null,\"iso\":null,\"shutter_speed\":null,\"title\":\"\",\"orientation\":null,\"keywords\":null},\"thumbnail\":\"https:\\\/\\\/www.goyko.de\\\/wordpress\\\/wp-content\\\/uploads\\\/2020\\\/12\\\/20220217-_MG_3286-Bearbeitet-64x80.jpg\",\"medium\":\"https:\\\/\\\/www.goyko.de\\\/wordpress\\\/wp-content\\\/uploads\\\/2020\\\/12\\\/20220217-_MG_3286-Bearbeitet-240x300.jpg\",\"medium_large\":\"https:\\\/\\\/www.goyko.de\\\/wordpress\\\/wp-content\\\/uploads\\\/2020\\\/12\\\/20220217-_MG_3286-Bearbeitet-768x960.jpg\",\"large\":\"https:\\\/\\\/www.goyko.de\\\/wordpress\\\/wp-content\\\/uploads\\\/2020\\\/12\\\/20220217-_MG_3286-Bearbeitet-819x1024.jpg\",\"1536x1536\":\"https:\\\/\\\/www.goyko.de\\\/wordpress\\\/wp-content\\\/uploads\\\/2020\\\/12\\\/20220217-_MG_3286-Bearbeitet-1229x1536.jpg\",\"2048x2048\":\"https:\\\/\\\/www.goyko.de\\\/wordpress\\\/wp-content\\\/uploads\\\/2020\\\/12\\\/20220217-_MG_3286-Bearbeitet.jpg\",\"full\":\"https:\\\/\\\/www.goyko.de\\\/wordpress\\\/wp-content\\\/uploads\\\/2020\\\/12\\\/20220217-_MG_3286-Bearbeitet.jpg\",\"index\":18,\"id\":3418,\"video\":true,\"opts\":{\"caption\":\"\",\"thumb\":\"https:\\\/\\\/www.goyko.de\\\/wordpress\\\/wp-content\\\/uploads\\\/2020\\\/12\\\/20220217-_MG_3286-Bearbeitet-75x50_c.jpg\",\"title\":\"Blocks\"},\"gallery_id\":\"2574\"},{\"status\":\"active\",\"src\":\"https:\\\/\\\/www.goyko.de\\\/wordpress\\\/wp-content\\\/uploads\\\/2020\\\/12\\\/20220207-_MG_2737-Edit.jpg\",\"title\":\"iPhone\",\"link\":\"https:\\\/\\\/www.goyko.de\\\/wordpress\\\/wp-content\\\/uploads\\\/2020\\\/12\\\/20220207-_MG_2737-Edit.jpg\",\"alt\":\"Schwarzes Smartphone mit Apple-Logo, das auf einer gl&auml;nzenden Oberfl&auml;che einen Bildschirm mit farbenfrohen Linienmuster reflektiert\",\"caption\":false,\"thumb\":\"https:\\\/\\\/www.goyko.de\\\/wordpress\\\/wp-content\\\/uploads\\\/2020\\\/12\\\/20220207-_MG_2737-Edit-75x50_c.jpg\",\"video_aspect_ratio\":\"\",\"video_width\":\"\",\"video_height\":\"\",\"video_in_gallery\":0,\"meta\":{\"aperture\":null,\"credit\":null,\"camera\":null,\"caption\":\"\",\"created_timestamp\":null,\"copyright\":null,\"focal_length\":null,\"iso\":null,\"shutter_speed\":null,\"title\":\"\",\"orientation\":null,\"keywords\":null},\"thumbnail\":\"https:\\\/\\\/www.goyko.de\\\/wordpress\\\/wp-content\\\/uploads\\\/2020\\\/12\\\/20220207-_MG_2737-Edit-80x53.jpg\",\"medium\":\"https:\\\/\\\/www.goyko.de\\\/wordpress\\\/wp-content\\\/uploads\\\/2020\\\/12\\\/20220207-_MG_2737-Edit-300x200.jpg\",\"medium_large\":\"https:\\\/\\\/www.goyko.de\\\/wordpress\\\/wp-content\\\/uploads\\\/2020\\\/12\\\/20220207-_MG_2737-Edit-768x512.jpg\",\"large\":\"https:\\\/\\\/www.goyko.de\\\/wordpress\\\/wp-content\\\/uploads\\\/2020\\\/12\\\/20220207-_MG_2737-Edit.jpg\",\"1536x1536\":\"https:\\\/\\\/www.goyko.de\\\/wordpress\\\/wp-content\\\/uploads\\\/2020\\\/12\\\/20220207-_MG_2737-Edit.jpg\",\"2048x2048\":\"https:\\\/\\\/www.goyko.de\\\/wordpress\\\/wp-content\\\/uploads\\\/2020\\\/12\\\/20220207-_MG_2737-Edit.jpg\",\"full\":\"https:\\\/\\\/www.goyko.de\\\/wordpress\\\/wp-content\\\/uploads\\\/2020\\\/12\\\/20220207-_MG_2737-Edit.jpg\",\"index\":19,\"id\":3400,\"video\":true,\"opts\":{\"caption\":\"\",\"thumb\":\"https:\\\/\\\/www.goyko.de\\\/wordpress\\\/wp-content\\\/uploads\\\/2020\\\/12\\\/20220207-_MG_2737-Edit-75x50_c.jpg\",\"title\":\"iPhone\"},\"gallery_id\":\"2574\"},{\"status\":\"active\",\"src\":\"https:\\\/\\\/www.goyko.de\\\/wordpress\\\/wp-content\\\/uploads\\\/2020\\\/12\\\/20220213-_MG_2938-Edit-v7-Edit.jpg\",\"title\":\"Eiskalt\",\"link\":\"https:\\\/\\\/www.goyko.de\\\/wordpress\\\/wp-content\\\/uploads\\\/2020\\\/12\\\/20220213-_MG_2938-Edit-v7-Edit.jpg\",\"alt\":\"Ein Werbefoto einer Vodkaflasche mit der Aufschrift &amp;#039;Pure Grain Vodka - Crystal Glacier&amp;#039;. Die Flasche steht auf einer reflektierenden Oberfl&auml;che, begleitet von einem Glas mit Eisw&uuml;rfeln. Der Hintergrund zeigt eine eisige Gletscherlandschaft mit Eiszapfen und einer bl&auml;ulich-kalten Farbpalette, die das Thema der Reinheit und K&auml;lte betont\",\"caption\":false,\"thumb\":\"https:\\\/\\\/www.goyko.de\\\/wordpress\\\/wp-content\\\/uploads\\\/2020\\\/12\\\/20220213-_MG_2938-Edit-v7-Edit-75x50_c.jpg\",\"video_aspect_ratio\":\"\",\"video_width\":\"\",\"video_height\":\"\",\"video_in_gallery\":0,\"meta\":{\"aperture\":null,\"credit\":\"Goyko Kleensang\",\"camera\":null,\"caption\":\"\",\"created_timestamp\":\"1644760412\",\"copyright\":null,\"focal_length\":null,\"iso\":null,\"shutter_speed\":null,\"title\":\"\",\"orientation\":null,\"keywords\":null},\"thumbnail\":\"https:\\\/\\\/www.goyko.de\\\/wordpress\\\/wp-content\\\/uploads\\\/2020\\\/12\\\/20220213-_MG_2938-Edit-v7-Edit-80x80.jpg\",\"medium\":\"https:\\\/\\\/www.goyko.de\\\/wordpress\\\/wp-content\\\/uploads\\\/2020\\\/12\\\/20220213-_MG_2938-Edit-v7-Edit-300x300.jpg\",\"medium_large\":\"https:\\\/\\\/www.goyko.de\\\/wordpress\\\/wp-content\\\/uploads\\\/2020\\\/12\\\/20220213-_MG_2938-Edit-v7-Edit-768x768.jpg\",\"large\":\"https:\\\/\\\/www.goyko.de\\\/wordpress\\\/wp-content\\\/uploads\\\/2020\\\/12\\\/20220213-_MG_2938-Edit-v7-Edit-1024x1024.jpg\",\"1536x1536\":\"https:\\\/\\\/www.goyko.de\\\/wordpress\\\/wp-content\\\/uploads\\\/2020\\\/12\\\/20220213-_MG_2938-Edit-v7-Edit-1536x1536.jpg\",\"2048x2048\":\"https:\\\/\\\/www.goyko.de\\\/wordpress\\\/wp-content\\\/uploads\\\/2020\\\/12\\\/20220213-_MG_2938-Edit-v7-Edit.jpg\",\"full\":\"https:\\\/\\\/www.goyko.de\\\/wordpress\\\/wp-content\\\/uploads\\\/2020\\\/12\\\/20220213-_MG_2938-Edit-v7-Edit.jpg\",\"index\":20,\"id\":3406,\"video\":true,\"opts\":{\"caption\":\"\",\"thumb\":\"https:\\\/\\\/www.goyko.de\\\/wordpress\\\/wp-content\\\/uploads\\\/2020\\\/12\\\/20220213-_MG_2938-Edit-v7-Edit-75x50_c.jpg\",\"title\":\"Eiskalt\"},\"gallery_id\":\"2574\"},{\"status\":\"active\",\"src\":\"https:\\\/\\\/www.goyko.de\\\/wordpress\\\/wp-content\\\/uploads\\\/2020\\\/12\\\/20220206-_MG_2666-Edit-2.jpg\",\"title\":\"Colourful\",\"link\":\"https:\\\/\\\/www.goyko.de\\\/wordpress\\\/wp-content\\\/uploads\\\/2020\\\/12\\\/20220206-_MG_2666-Edit-2.jpg\",\"alt\":\"Zwei Dosen Frizzante in Gr&uuml;n und Rosa, mit auff&auml;lligem, kontrastierenden Hintergrund in Pink und Gr&uuml;n\",\"caption\":false,\"thumb\":\"https:\\\/\\\/www.goyko.de\\\/wordpress\\\/wp-content\\\/uploads\\\/2020\\\/12\\\/20220206-_MG_2666-Edit-2-75x50_c.jpg\",\"video_aspect_ratio\":\"\",\"video_width\":\"\",\"video_height\":\"\",\"video_in_gallery\":0,\"meta\":{\"aperture\":null,\"credit\":\"Goyko Kleensang\",\"camera\":null,\"caption\":\"\",\"created_timestamp\":\"1644166832\",\"copyright\":null,\"focal_length\":null,\"iso\":null,\"shutter_speed\":null,\"title\":\"\",\"orientation\":null,\"keywords\":null},\"thumbnail\":\"https:\\\/\\\/www.goyko.de\\\/wordpress\\\/wp-content\\\/uploads\\\/2020\\\/12\\\/20220206-_MG_2666-Edit-2-53x80.jpg\",\"medium\":\"https:\\\/\\\/www.goyko.de\\\/wordpress\\\/wp-content\\\/uploads\\\/2020\\\/12\\\/20220206-_MG_2666-Edit-2-200x300.jpg\",\"medium_large\":\"https:\\\/\\\/www.goyko.de\\\/wordpress\\\/wp-content\\\/uploads\\\/2020\\\/12\\\/20220206-_MG_2666-Edit-2-768x1152.jpg\",\"large\":\"https:\\\/\\\/www.goyko.de\\\/wordpress\\\/wp-content\\\/uploads\\\/2020\\\/12\\\/20220206-_MG_2666-Edit-2-683x1024.jpg\",\"1536x1536\":\"https:\\\/\\\/www.goyko.de\\\/wordpress\\\/wp-content\\\/uploads\\\/2020\\\/12\\\/20220206-_MG_2666-Edit-2-1024x1536.jpg\",\"2048x2048\":\"https:\\\/\\\/www.goyko.de\\\/wordpress\\\/wp-content\\\/uploads\\\/2020\\\/12\\\/20220206-_MG_2666-Edit-2.jpg\",\"full\":\"https:\\\/\\\/www.goyko.de\\\/wordpress\\\/wp-content\\\/uploads\\\/2020\\\/12\\\/20220206-_MG_2666-Edit-2.jpg\",\"index\":21,\"id\":3398,\"video\":true,\"opts\":{\"caption\":\"\",\"thumb\":\"https:\\\/\\\/www.goyko.de\\\/wordpress\\\/wp-content\\\/uploads\\\/2020\\\/12\\\/20220206-_MG_2666-Edit-2-75x50_c.jpg\",\"title\":\"Colourful\"},\"gallery_id\":\"2574\"},{\"status\":\"active\",\"src\":\"https:\\\/\\\/www.goyko.de\\\/wordpress\\\/wp-content\\\/uploads\\\/2020\\\/12\\\/MG_2750-v2.jpg\",\"title\":\"Trio\",\"link\":\"https:\\\/\\\/www.goyko.de\\\/wordpress\\\/wp-content\\\/uploads\\\/2020\\\/12\\\/MG_2750-v2.jpg\",\"alt\":\"Werbung f&uuml;r NIVEA Men Silver Protect mit Duschgel, Creme und Deo, pr&auml;sentiert als das perfekte Trio\",\"caption\":false,\"thumb\":\"https:\\\/\\\/www.goyko.de\\\/wordpress\\\/wp-content\\\/uploads\\\/2020\\\/12\\\/MG_2750-v2-75x50_c.jpg\",\"video_aspect_ratio\":\"\",\"video_width\":\"\",\"video_height\":\"\",\"video_in_gallery\":0,\"meta\":{\"aperture\":null,\"credit\":null,\"camera\":null,\"caption\":\"\",\"created_timestamp\":null,\"copyright\":null,\"focal_length\":null,\"iso\":null,\"shutter_speed\":null,\"title\":\"\",\"orientation\":null,\"keywords\":null},\"thumbnail\":\"https:\\\/\\\/www.goyko.de\\\/wordpress\\\/wp-content\\\/uploads\\\/2020\\\/12\\\/MG_2750-v2-70x80.jpg\",\"medium\":\"https:\\\/\\\/www.goyko.de\\\/wordpress\\\/wp-content\\\/uploads\\\/2020\\\/12\\\/MG_2750-v2-261x300.jpg\",\"medium_large\":\"https:\\\/\\\/www.goyko.de\\\/wordpress\\\/wp-content\\\/uploads\\\/2020\\\/12\\\/MG_2750-v2-768x883.jpg\",\"large\":\"https:\\\/\\\/www.goyko.de\\\/wordpress\\\/wp-content\\\/uploads\\\/2020\\\/12\\\/MG_2750-v2.jpg\",\"1536x1536\":\"https:\\\/\\\/www.goyko.de\\\/wordpress\\\/wp-content\\\/uploads\\\/2020\\\/12\\\/MG_2750-v2.jpg\",\"2048x2048\":\"https:\\\/\\\/www.goyko.de\\\/wordpress\\\/wp-content\\\/uploads\\\/2020\\\/12\\\/MG_2750-v2.jpg\",\"full\":\"https:\\\/\\\/www.goyko.de\\\/wordpress\\\/wp-content\\\/uploads\\\/2020\\\/12\\\/MG_2750-v2.jpg\",\"index\":22,\"id\":3399,\"video\":true,\"opts\":{\"caption\":\"\",\"thumb\":\"https:\\\/\\\/www.goyko.de\\\/wordpress\\\/wp-content\\\/uploads\\\/2020\\\/12\\\/MG_2750-v2-75x50_c.jpg\",\"title\":\"Trio\"},\"gallery_id\":\"2574\"},{\"status\":\"active\",\"src\":\"https:\\\/\\\/www.goyko.de\\\/wordpress\\\/wp-content\\\/uploads\\\/2020\\\/12\\\/20220204-_MG_2612-mit-BG-V3.jpg\",\"title\":\"Dark Blue\",\"link\":\"https:\\\/\\\/www.goyko.de\\\/wordpress\\\/wp-content\\\/uploads\\\/2020\\\/12\\\/20220204-_MG_2612-mit-BG-V3.jpg\",\"alt\":\"Parf&uuml;m Hugo Boss Dark Blue mit elegantem blauen Flakon vor einem stimmungsvollen Hintergrund\",\"caption\":false,\"thumb\":\"https:\\\/\\\/www.goyko.de\\\/wordpress\\\/wp-content\\\/uploads\\\/2020\\\/12\\\/20220204-_MG_2612-mit-BG-V3-75x50_c.jpg\",\"video_aspect_ratio\":\"\",\"video_width\":\"\",\"video_height\":\"\",\"video_in_gallery\":0,\"meta\":{\"aperture\":null,\"credit\":\"Goyko Kleensang\",\"camera\":null,\"caption\":\"\",\"created_timestamp\":\"1643988174\",\"copyright\":null,\"focal_length\":null,\"iso\":null,\"shutter_speed\":null,\"title\":\"\",\"orientation\":null,\"keywords\":null},\"thumbnail\":\"https:\\\/\\\/www.goyko.de\\\/wordpress\\\/wp-content\\\/uploads\\\/2020\\\/12\\\/20220204-_MG_2612-mit-BG-V3-53x80.jpg\",\"medium\":\"https:\\\/\\\/www.goyko.de\\\/wordpress\\\/wp-content\\\/uploads\\\/2020\\\/12\\\/20220204-_MG_2612-mit-BG-V3-200x300.jpg\",\"medium_large\":\"https:\\\/\\\/www.goyko.de\\\/wordpress\\\/wp-content\\\/uploads\\\/2020\\\/12\\\/20220204-_MG_2612-mit-BG-V3-768x1154.jpg\",\"large\":\"https:\\\/\\\/www.goyko.de\\\/wordpress\\\/wp-content\\\/uploads\\\/2020\\\/12\\\/20220204-_MG_2612-mit-BG-V3-682x1024.jpg\",\"1536x1536\":\"https:\\\/\\\/www.goyko.de\\\/wordpress\\\/wp-content\\\/uploads\\\/2020\\\/12\\\/20220204-_MG_2612-mit-BG-V3-1022x1536.jpg\",\"2048x2048\":\"https:\\\/\\\/www.goyko.de\\\/wordpress\\\/wp-content\\\/uploads\\\/2020\\\/12\\\/20220204-_MG_2612-mit-BG-V3.jpg\",\"full\":\"https:\\\/\\\/www.goyko.de\\\/wordpress\\\/wp-content\\\/uploads\\\/2020\\\/12\\\/20220204-_MG_2612-mit-BG-V3.jpg\",\"index\":23,\"id\":3397,\"video\":true,\"opts\":{\"caption\":\"\",\"thumb\":\"https:\\\/\\\/www.goyko.de\\\/wordpress\\\/wp-content\\\/uploads\\\/2020\\\/12\\\/20220204-_MG_2612-mit-BG-V3-75x50_c.jpg\",\"title\":\"Dark Blue\"},\"gallery_id\":\"2574\"},{\"status\":\"active\",\"src\":\"https:\\\/\\\/www.goyko.de\\\/wordpress\\\/wp-content\\\/uploads\\\/2020\\\/12\\\/2022-01-30-14-57-15-BRadius8Smoothing4-Edit-v2.jpg\",\"title\":\"Kolbenf&uuml;ller\",\"link\":\"https:\\\/\\\/www.goyko.de\\\/wordpress\\\/wp-content\\\/uploads\\\/2020\\\/12\\\/2022-01-30-14-57-15-BRadius8Smoothing4-Edit-v2.jpg\",\"alt\":\"Eleganter F&uuml;llfederhalter mit blauem Schaft und goldener Feder auf schwarzem Untergrund\",\"caption\":false,\"thumb\":\"https:\\\/\\\/www.goyko.de\\\/wordpress\\\/wp-content\\\/uploads\\\/2020\\\/12\\\/2022-01-30-14-57-15-BRadius8Smoothing4-Edit-v2-75x50_c.jpg\",\"video_aspect_ratio\":\"\",\"video_width\":\"\",\"video_height\":\"\",\"video_in_gallery\":0,\"meta\":{\"aperture\":null,\"credit\":\"Goyko Kleensang\",\"camera\":null,\"caption\":\"\",\"created_timestamp\":\"1643554563\",\"copyright\":null,\"focal_length\":null,\"iso\":null,\"shutter_speed\":null,\"title\":\"\",\"orientation\":null,\"keywords\":null},\"thumbnail\":\"https:\\\/\\\/www.goyko.de\\\/wordpress\\\/wp-content\\\/uploads\\\/2020\\\/12\\\/2022-01-30-14-57-15-BRadius8Smoothing4-Edit-v2-80x53.jpg\",\"medium\":\"https:\\\/\\\/www.goyko.de\\\/wordpress\\\/wp-content\\\/uploads\\\/2020\\\/12\\\/2022-01-30-14-57-15-BRadius8Smoothing4-Edit-v2-300x199.jpg\",\"medium_large\":\"https:\\\/\\\/www.goyko.de\\\/wordpress\\\/wp-content\\\/uploads\\\/2020\\\/12\\\/2022-01-30-14-57-15-BRadius8Smoothing4-Edit-v2-768x510.jpg\",\"large\":\"https:\\\/\\\/www.goyko.de\\\/wordpress\\\/wp-content\\\/uploads\\\/2020\\\/12\\\/2022-01-30-14-57-15-BRadius8Smoothing4-Edit-v2-1024x680.jpg\",\"1536x1536\":\"https:\\\/\\\/www.goyko.de\\\/wordpress\\\/wp-content\\\/uploads\\\/2020\\\/12\\\/2022-01-30-14-57-15-BRadius8Smoothing4-Edit-v2-1536x1020.jpg\",\"2048x2048\":\"https:\\\/\\\/www.goyko.de\\\/wordpress\\\/wp-content\\\/uploads\\\/2020\\\/12\\\/2022-01-30-14-57-15-BRadius8Smoothing4-Edit-v2.jpg\",\"full\":\"https:\\\/\\\/www.goyko.de\\\/wordpress\\\/wp-content\\\/uploads\\\/2020\\\/12\\\/2022-01-30-14-57-15-BRadius8Smoothing4-Edit-v2.jpg\",\"index\":24,\"id\":3396,\"video\":true,\"opts\":{\"caption\":\"\",\"thumb\":\"https:\\\/\\\/www.goyko.de\\\/wordpress\\\/wp-content\\\/uploads\\\/2020\\\/12\\\/2022-01-30-14-57-15-BRadius8Smoothing4-Edit-v2-75x50_c.jpg\",\"title\":\"Kolbenf&uuml;ller\"},\"gallery_id\":\"2574\"},{\"status\":\"active\",\"src\":\"https:\\\/\\\/www.goyko.de\\\/wordpress\\\/wp-content\\\/uploads\\\/2020\\\/12\\\/a16-komplett-2048x1365.jpg\",\"title\":\"a16-komplett\",\"link\":\"https:\\\/\\\/www.goyko.de\\\/wordpress\\\/wp-content\\\/uploads\\\/2020\\\/12\\\/a16-komplett.jpg\",\"alt\":\"Schwarzer Audio-AD\\\/DA-Wandler mit leuchtendem Display und reflektierendem Hintergrund\",\"caption\":false,\"thumb\":\"https:\\\/\\\/www.goyko.de\\\/wordpress\\\/wp-content\\\/uploads\\\/2020\\\/12\\\/a16-komplett-2048x1365-75x50_c.jpg\",\"video_aspect_ratio\":\"\",\"video_width\":\"\",\"video_height\":\"\",\"video_in_gallery\":0,\"meta\":{\"aperture\":null,\"credit\":null,\"camera\":null,\"caption\":\"\",\"created_timestamp\":\"1277941310\",\"copyright\":null,\"focal_length\":null,\"iso\":null,\"shutter_speed\":null,\"title\":\"\",\"orientation\":null,\"keywords\":null},\"thumbnail\":\"https:\\\/\\\/www.goyko.de\\\/wordpress\\\/wp-content\\\/uploads\\\/2020\\\/12\\\/a16-komplett-80x53.jpg\",\"medium\":\"https:\\\/\\\/www.goyko.de\\\/wordpress\\\/wp-content\\\/uploads\\\/2020\\\/12\\\/a16-komplett-300x200.jpg\",\"medium_large\":\"https:\\\/\\\/www.goyko.de\\\/wordpress\\\/wp-content\\\/uploads\\\/2020\\\/12\\\/a16-komplett-768x512.jpg\",\"large\":\"https:\\\/\\\/www.goyko.de\\\/wordpress\\\/wp-content\\\/uploads\\\/2020\\\/12\\\/a16-komplett-1024x683.jpg\",\"1536x1536\":\"https:\\\/\\\/www.goyko.de\\\/wordpress\\\/wp-content\\\/uploads\\\/2020\\\/12\\\/a16-komplett-1536x1024.jpg\",\"2048x2048\":\"https:\\\/\\\/www.goyko.de\\\/wordpress\\\/wp-content\\\/uploads\\\/2020\\\/12\\\/a16-komplett-2048x1365.jpg\",\"full\":\"https:\\\/\\\/www.goyko.de\\\/wordpress\\\/wp-content\\\/uploads\\\/2020\\\/12\\\/a16-komplett.jpg\",\"index\":25,\"id\":2939,\"video\":true,\"opts\":{\"caption\":\"\",\"thumb\":\"https:\\\/\\\/www.goyko.de\\\/wordpress\\\/wp-content\\\/uploads\\\/2020\\\/12\\\/a16-komplett-2048x1365-75x50_c.jpg\",\"title\":\"a16-komplett\"},\"gallery_id\":\"2574\"},{\"status\":\"active\",\"src\":\"https:\\\/\\\/www.goyko.de\\\/wordpress\\\/wp-content\\\/uploads\\\/2020\\\/12\\\/Wacom-Tablet-1.jpg\",\"title\":\"Wacom-Tablet\",\"link\":\"https:\\\/\\\/www.goyko.de\\\/wordpress\\\/wp-content\\\/uploads\\\/2020\\\/12\\\/Wacom-Tablet-1.jpg\",\"alt\":\"Wacom Grafiktablett mit Stift, Stifthalter und Zubeh&ouml;r, pr&auml;sentiert mit Verpackung und Logo\",\"caption\":false,\"thumb\":\"https:\\\/\\\/www.goyko.de\\\/wordpress\\\/wp-content\\\/uploads\\\/2020\\\/12\\\/Wacom-Tablet-1-75x50_c.jpg\",\"video_aspect_ratio\":\"\",\"video_width\":\"\",\"video_height\":\"\",\"video_in_gallery\":0,\"meta\":{\"aperture\":null,\"credit\":null,\"camera\":null,\"caption\":\"\",\"created_timestamp\":\"1452252579\",\"copyright\":null,\"focal_length\":null,\"iso\":null,\"shutter_speed\":null,\"title\":\"\",\"orientation\":null,\"keywords\":null},\"thumbnail\":\"https:\\\/\\\/www.goyko.de\\\/wordpress\\\/wp-content\\\/uploads\\\/2020\\\/12\\\/Wacom-Tablet-1-80x60.jpg\",\"medium\":\"https:\\\/\\\/www.goyko.de\\\/wordpress\\\/wp-content\\\/uploads\\\/2020\\\/12\\\/Wacom-Tablet-1-300x225.jpg\",\"medium_large\":\"https:\\\/\\\/www.goyko.de\\\/wordpress\\\/wp-content\\\/uploads\\\/2020\\\/12\\\/Wacom-Tablet-1-768x576.jpg\",\"large\":\"https:\\\/\\\/www.goyko.de\\\/wordpress\\\/wp-content\\\/uploads\\\/2020\\\/12\\\/Wacom-Tablet-1-1024x768.jpg\",\"1536x1536\":\"https:\\\/\\\/www.goyko.de\\\/wordpress\\\/wp-content\\\/uploads\\\/2020\\\/12\\\/Wacom-Tablet-1-1536x1152.jpg\",\"2048x2048\":\"https:\\\/\\\/www.goyko.de\\\/wordpress\\\/wp-content\\\/uploads\\\/2020\\\/12\\\/Wacom-Tablet-1.jpg\",\"full\":\"https:\\\/\\\/www.goyko.de\\\/wordpress\\\/wp-content\\\/uploads\\\/2020\\\/12\\\/Wacom-Tablet-1.jpg\",\"index\":26,\"id\":2719,\"video\":true,\"opts\":{\"caption\":\"\",\"thumb\":\"https:\\\/\\\/www.goyko.de\\\/wordpress\\\/wp-content\\\/uploads\\\/2020\\\/12\\\/Wacom-Tablet-1-75x50_c.jpg\",\"title\":\"Wacom-Tablet\"},\"gallery_id\":\"2574\"},{\"status\":\"active\",\"src\":\"https:\\\/\\\/www.goyko.de\\\/wordpress\\\/wp-content\\\/uploads\\\/2020\\\/12\\\/saucen.jpg\",\"title\":\"saucen\",\"link\":\"https:\\\/\\\/www.goyko.de\\\/wordpress\\\/wp-content\\\/uploads\\\/2020\\\/12\\\/saucen.jpg\",\"alt\":\"Produktwerbung f&uuml;r &amp;#039;Jo&amp;#039;s Sweet &amp;#039;n Hot Chutney&amp;#039;, pr&auml;sentiert mit einer Schale und drei Flaschen in verschiedenen Geschmacksrichtungen, auf einer Holzhintergrund-Textur mit auff&auml;lligem Logo\",\"caption\":false,\"thumb\":\"https:\\\/\\\/www.goyko.de\\\/wordpress\\\/wp-content\\\/uploads\\\/2020\\\/12\\\/saucen-75x50_c.jpg\",\"video_aspect_ratio\":\"\",\"video_width\":\"\",\"video_height\":\"\",\"video_in_gallery\":0,\"meta\":{\"aperture\":null,\"credit\":null,\"camera\":null,\"caption\":\"\",\"created_timestamp\":null,\"copyright\":null,\"focal_length\":null,\"iso\":null,\"shutter_speed\":null,\"title\":\"\",\"orientation\":null,\"keywords\":null},\"thumbnail\":\"https:\\\/\\\/www.goyko.de\\\/wordpress\\\/wp-content\\\/uploads\\\/2020\\\/12\\\/saucen-80x53.jpg\",\"medium\":\"https:\\\/\\\/www.goyko.de\\\/wordpress\\\/wp-content\\\/uploads\\\/2020\\\/12\\\/saucen-300x200.jpg\",\"medium_large\":\"https:\\\/\\\/www.goyko.de\\\/wordpress\\\/wp-content\\\/uploads\\\/2020\\\/12\\\/saucen-768x513.jpg\",\"large\":\"https:\\\/\\\/www.goyko.de\\\/wordpress\\\/wp-content\\\/uploads\\\/2020\\\/12\\\/saucen-1024x684.jpg\",\"1536x1536\":\"https:\\\/\\\/www.goyko.de\\\/wordpress\\\/wp-content\\\/uploads\\\/2020\\\/12\\\/saucen.jpg\",\"2048x2048\":\"https:\\\/\\\/www.goyko.de\\\/wordpress\\\/wp-content\\\/uploads\\\/2020\\\/12\\\/saucen.jpg\",\"full\":\"https:\\\/\\\/www.goyko.de\\\/wordpress\\\/wp-content\\\/uploads\\\/2020\\\/12\\\/saucen.jpg\",\"index\":27,\"id\":2907,\"video\":true,\"opts\":{\"caption\":\"\",\"thumb\":\"https:\\\/\\\/www.goyko.de\\\/wordpress\\\/wp-content\\\/uploads\\\/2020\\\/12\\\/saucen-75x50_c.jpg\",\"title\":\"saucen\"},\"gallery_id\":\"2574\"},{\"status\":\"active\",\"src\":\"https:\\\/\\\/www.goyko.de\\\/wordpress\\\/wp-content\\\/uploads\\\/2020\\\/12\\\/Kreidemarker-Materialuebersicht.jpg\",\"title\":\"Kreidemarker-Materialuebersicht\",\"link\":\"https:\\\/\\\/www.goyko.de\\\/wordpress\\\/wp-content\\\/uploads\\\/2020\\\/12\\\/Kreidemarker-Materialuebersicht.jpg\",\"alt\":\"Werbung f&uuml;r fluoreszierende Kreidemarker, die auf verschiedenen Oberfl&auml;chen wie Glas, Keramik, Plastik, Karton, Papier, Holz, Beton, Metall, Glastafeln, Whiteboards und Tafeln verwendet werden k&ouml;nnen, mit einer breiten Farbpalette und einem Demonstrationsbild einer Hand, die einen Marker h&auml;lt\",\"caption\":false,\"thumb\":\"https:\\\/\\\/www.goyko.de\\\/wordpress\\\/wp-content\\\/uploads\\\/2020\\\/12\\\/Kreidemarker-Materialuebersicht-75x50_c.jpg\",\"video_aspect_ratio\":\"\",\"video_width\":\"\",\"video_height\":\"\",\"video_in_gallery\":0,\"meta\":{\"aperture\":null,\"credit\":\"Goyko Kleensang\",\"camera\":null,\"caption\":\"\",\"created_timestamp\":\"1606207661\",\"copyright\":null,\"focal_length\":null,\"iso\":null,\"shutter_speed\":null,\"title\":\"\",\"orientation\":null,\"keywords\":null},\"thumbnail\":\"https:\\\/\\\/www.goyko.de\\\/wordpress\\\/wp-content\\\/uploads\\\/2020\\\/12\\\/Kreidemarker-Materialuebersicht-80x80.jpg\",\"medium\":\"https:\\\/\\\/www.goyko.de\\\/wordpress\\\/wp-content\\\/uploads\\\/2020\\\/12\\\/Kreidemarker-Materialuebersicht-300x300.jpg\",\"medium_large\":\"https:\\\/\\\/www.goyko.de\\\/wordpress\\\/wp-content\\\/uploads\\\/2020\\\/12\\\/Kreidemarker-Materialuebersicht-768x768.jpg\",\"large\":\"https:\\\/\\\/www.goyko.de\\\/wordpress\\\/wp-content\\\/uploads\\\/2020\\\/12\\\/Kreidemarker-Materialuebersicht-1024x1024.jpg\",\"1536x1536\":\"https:\\\/\\\/www.goyko.de\\\/wordpress\\\/wp-content\\\/uploads\\\/2020\\\/12\\\/Kreidemarker-Materialuebersicht-1536x1536.jpg\",\"2048x2048\":\"https:\\\/\\\/www.goyko.de\\\/wordpress\\\/wp-content\\\/uploads\\\/2020\\\/12\\\/Kreidemarker-Materialuebersicht.jpg\",\"full\":\"https:\\\/\\\/www.goyko.de\\\/wordpress\\\/wp-content\\\/uploads\\\/2020\\\/12\\\/Kreidemarker-Materialuebersicht.jpg\",\"index\":28,\"id\":2678,\"video\":true,\"opts\":{\"caption\":\"\",\"thumb\":\"https:\\\/\\\/www.goyko.de\\\/wordpress\\\/wp-content\\\/uploads\\\/2020\\\/12\\\/Kreidemarker-Materialuebersicht-75x50_c.jpg\",\"title\":\"Kreidemarker-Materialuebersicht\"},\"gallery_id\":\"2574\"},{\"status\":\"active\",\"src\":\"https:\\\/\\\/www.goyko.de\\\/wordpress\\\/wp-content\\\/uploads\\\/2020\\\/12\\\/Glasmagnettafeln-45x45-und-60x20-weiss.jpg\",\"title\":\"Glasmagnettafeln-45&times;45-und-60&times;20-weiss\",\"link\":\"https:\\\/\\\/www.goyko.de\\\/wordpress\\\/wp-content\\\/uploads\\\/2020\\\/12\\\/Glasmagnettafeln-45x45-und-60x20-weiss.jpg\",\"alt\":\"Werbung f&uuml;r Glastafeln, die sowohl zum Schreiben mit Markern als auch zum Befestigen von Notizen mit Magneten geeignet sind. Klare und elegante Darstellung mit Notizen, Markern und Magneten, die praktische Einsatzm&ouml;glichkeiten veranschaulicht\",\"caption\":false,\"thumb\":\"https:\\\/\\\/www.goyko.de\\\/wordpress\\\/wp-content\\\/uploads\\\/2020\\\/12\\\/Glasmagnettafeln-45x45-und-60x20-weiss-75x50_c.jpg\",\"video_aspect_ratio\":\"\",\"video_width\":\"\",\"video_height\":\"\",\"video_in_gallery\":0,\"meta\":{\"aperture\":null,\"credit\":\"Goyko Kleensang\",\"camera\":null,\"caption\":\"\",\"created_timestamp\":\"1606215119\",\"copyright\":null,\"focal_length\":null,\"iso\":null,\"shutter_speed\":null,\"title\":\"\",\"orientation\":null,\"keywords\":null},\"thumbnail\":\"https:\\\/\\\/www.goyko.de\\\/wordpress\\\/wp-content\\\/uploads\\\/2020\\\/12\\\/Glasmagnettafeln-45x45-und-60x20-weiss-80x80.jpg\",\"medium\":\"https:\\\/\\\/www.goyko.de\\\/wordpress\\\/wp-content\\\/uploads\\\/2020\\\/12\\\/Glasmagnettafeln-45x45-und-60x20-weiss-300x300.jpg\",\"medium_large\":\"https:\\\/\\\/www.goyko.de\\\/wordpress\\\/wp-content\\\/uploads\\\/2020\\\/12\\\/Glasmagnettafeln-45x45-und-60x20-weiss-768x768.jpg\",\"large\":\"https:\\\/\\\/www.goyko.de\\\/wordpress\\\/wp-content\\\/uploads\\\/2020\\\/12\\\/Glasmagnettafeln-45x45-und-60x20-weiss-1024x1024.jpg\",\"1536x1536\":\"https:\\\/\\\/www.goyko.de\\\/wordpress\\\/wp-content\\\/uploads\\\/2020\\\/12\\\/Glasmagnettafeln-45x45-und-60x20-weiss-1536x1536.jpg\",\"2048x2048\":\"https:\\\/\\\/www.goyko.de\\\/wordpress\\\/wp-content\\\/uploads\\\/2020\\\/12\\\/Glasmagnettafeln-45x45-und-60x20-weiss.jpg\",\"full\":\"https:\\\/\\\/www.goyko.de\\\/wordpress\\\/wp-content\\\/uploads\\\/2020\\\/12\\\/Glasmagnettafeln-45x45-und-60x20-weiss.jpg\",\"index\":29,\"id\":2676,\"video\":true,\"opts\":{\"caption\":\"\",\"thumb\":\"https:\\\/\\\/www.goyko.de\\\/wordpress\\\/wp-content\\\/uploads\\\/2020\\\/12\\\/Glasmagnettafeln-45x45-und-60x20-weiss-75x50_c.jpg\",\"title\":\"Glasmagnettafeln-45&times;45-und-60&times;20-weiss\"},\"gallery_id\":\"2574\"},{\"status\":\"active\",\"src\":\"https:\\\/\\\/www.goyko.de\\\/wordpress\\\/wp-content\\\/uploads\\\/2020\\\/12\\\/Whiteboard-Aufhaengung.jpg\",\"title\":\"Whiteboard-Aufhaengung\",\"link\":\"https:\\\/\\\/www.goyko.de\\\/wordpress\\\/wp-content\\\/uploads\\\/2020\\\/12\\\/Whiteboard-Aufhaengung.jpg\",\"alt\":\"Detaillierte Aufnahme eines Eckteils eines Rahmens, die die Montage zeigt. Die Pfeile und Bauteile (Schraube, D&uuml;bel und Rahmenteile) heben die Konstruktion und einfache Montage hervor. Ideal f&uuml;r technische Dokumentationen oder Anleitungen\",\"caption\":false,\"thumb\":\"https:\\\/\\\/www.goyko.de\\\/wordpress\\\/wp-content\\\/uploads\\\/2020\\\/12\\\/Whiteboard-Aufhaengung-75x50_c.jpg\",\"video_aspect_ratio\":\"\",\"video_width\":\"\",\"video_height\":\"\",\"video_in_gallery\":0,\"meta\":{\"aperture\":null,\"credit\":\"Goyko Kleensang\",\"camera\":null,\"caption\":\"\",\"created_timestamp\":\"1596793183\",\"copyright\":null,\"focal_length\":null,\"iso\":null,\"shutter_speed\":null,\"title\":\"\",\"orientation\":null,\"keywords\":null},\"thumbnail\":\"https:\\\/\\\/www.goyko.de\\\/wordpress\\\/wp-content\\\/uploads\\\/2020\\\/12\\\/Whiteboard-Aufhaengung-80x80.jpg\",\"medium\":\"https:\\\/\\\/www.goyko.de\\\/wordpress\\\/wp-content\\\/uploads\\\/2020\\\/12\\\/Whiteboard-Aufhaengung-300x300.jpg\",\"medium_large\":\"https:\\\/\\\/www.goyko.de\\\/wordpress\\\/wp-content\\\/uploads\\\/2020\\\/12\\\/Whiteboard-Aufhaengung-768x768.jpg\",\"large\":\"https:\\\/\\\/www.goyko.de\\\/wordpress\\\/wp-content\\\/uploads\\\/2020\\\/12\\\/Whiteboard-Aufhaengung-1024x1024.jpg\",\"1536x1536\":\"https:\\\/\\\/www.goyko.de\\\/wordpress\\\/wp-content\\\/uploads\\\/2020\\\/12\\\/Whiteboard-Aufhaengung-1536x1536.jpg\",\"2048x2048\":\"https:\\\/\\\/www.goyko.de\\\/wordpress\\\/wp-content\\\/uploads\\\/2020\\\/12\\\/Whiteboard-Aufhaengung.jpg\",\"full\":\"https:\\\/\\\/www.goyko.de\\\/wordpress\\\/wp-content\\\/uploads\\\/2020\\\/12\\\/Whiteboard-Aufhaengung.jpg\",\"index\":30,\"id\":2679,\"video\":true,\"opts\":{\"caption\":\"\",\"thumb\":\"https:\\\/\\\/www.goyko.de\\\/wordpress\\\/wp-content\\\/uploads\\\/2020\\\/12\\\/Whiteboard-Aufhaengung-75x50_c.jpg\",\"title\":\"Whiteboard-Aufhaengung\"},\"gallery_id\":\"2574\"},{\"status\":\"active\",\"src\":\"https:\\\/\\\/www.goyko.de\\\/wordpress\\\/wp-content\\\/uploads\\\/2020\\\/12\\\/Blackboard-abwaschbar.jpg\",\"title\":\"Blackboard-abwaschbar\",\"link\":\"https:\\\/\\\/www.goyko.de\\\/wordpress\\\/wp-content\\\/uploads\\\/2020\\\/12\\\/Blackboard-abwaschbar.jpg\",\"alt\":\"Eine Tafel mit abwischbarem Marker zeigt eine gezeichnete Grafik und Text (&amp;#039;Marker abwaschbar&amp;#039;). Ein Schwamm und bunte Magnete sind auf der Tafel befestigt, w&auml;hrend ein Stift in der Halterung unten platziert ist. Perfekt zur Demonstration von Funktionalit&auml;t und Benutzerfreundlichkeit f&uuml;r Schul- oder B&uuml;robedarf\",\"caption\":false,\"thumb\":\"https:\\\/\\\/www.goyko.de\\\/wordpress\\\/wp-content\\\/uploads\\\/2020\\\/12\\\/Blackboard-abwaschbar-75x50_c.jpg\",\"video_aspect_ratio\":\"\",\"video_width\":\"\",\"video_height\":\"\",\"video_in_gallery\":0,\"meta\":{\"aperture\":null,\"credit\":\"Goyko Kleensang\",\"camera\":null,\"caption\":\"\",\"created_timestamp\":\"1596104612\",\"copyright\":null,\"focal_length\":null,\"iso\":null,\"shutter_speed\":null,\"title\":\"\",\"orientation\":null,\"keywords\":null},\"thumbnail\":\"https:\\\/\\\/www.goyko.de\\\/wordpress\\\/wp-content\\\/uploads\\\/2020\\\/12\\\/Blackboard-abwaschbar-80x80.jpg\",\"medium\":\"https:\\\/\\\/www.goyko.de\\\/wordpress\\\/wp-content\\\/uploads\\\/2020\\\/12\\\/Blackboard-abwaschbar-300x300.jpg\",\"medium_large\":\"https:\\\/\\\/www.goyko.de\\\/wordpress\\\/wp-content\\\/uploads\\\/2020\\\/12\\\/Blackboard-abwaschbar-768x768.jpg\",\"large\":\"https:\\\/\\\/www.goyko.de\\\/wordpress\\\/wp-content\\\/uploads\\\/2020\\\/12\\\/Blackboard-abwaschbar-1024x1024.jpg\",\"1536x1536\":\"https:\\\/\\\/www.goyko.de\\\/wordpress\\\/wp-content\\\/uploads\\\/2020\\\/12\\\/Blackboard-abwaschbar-1536x1536.jpg\",\"2048x2048\":\"https:\\\/\\\/www.goyko.de\\\/wordpress\\\/wp-content\\\/uploads\\\/2020\\\/12\\\/Blackboard-abwaschbar.jpg\",\"full\":\"https:\\\/\\\/www.goyko.de\\\/wordpress\\\/wp-content\\\/uploads\\\/2020\\\/12\\\/Blackboard-abwaschbar.jpg\",\"index\":31,\"id\":2675,\"video\":true,\"opts\":{\"caption\":\"\",\"thumb\":\"https:\\\/\\\/www.goyko.de\\\/wordpress\\\/wp-content\\\/uploads\\\/2020\\\/12\\\/Blackboard-abwaschbar-75x50_c.jpg\",\"title\":\"Blackboard-abwaschbar\"},\"gallery_id\":\"2574\"},{\"status\":\"active\",\"src\":\"https:\\\/\\\/www.goyko.de\\\/wordpress\\\/wp-content\\\/uploads\\\/2020\\\/12\\\/grillanzuender.jpg\",\"title\":\"grillanzuender\",\"link\":\"https:\\\/\\\/www.goyko.de\\\/wordpress\\\/wp-content\\\/uploads\\\/2020\\\/12\\\/grillanzuender.jpg\",\"alt\":\"Ein Grillanz&uuml;nder-Beh&auml;lter mit gl&uuml;hender Kohle steht &uuml;ber einem Grillrost, auf dem ein saftiges Steak mit Kr&auml;utern und Gew&uuml;rzen gegrillt wird. Rauch steigt auf, und die Szene wird durch die warme, rustikale Hintergrundbeleuchtung verst&auml;rkt, was eine perfekte Stimmung f&uuml;r ein Grillfest vermittelt\",\"caption\":false,\"thumb\":\"https:\\\/\\\/www.goyko.de\\\/wordpress\\\/wp-content\\\/uploads\\\/2020\\\/12\\\/grillanzuender-75x50_c.jpg\",\"video_aspect_ratio\":\"\",\"video_width\":\"\",\"video_height\":\"\",\"video_in_gallery\":0,\"meta\":{\"aperture\":null,\"credit\":null,\"camera\":null,\"caption\":\"\",\"created_timestamp\":null,\"copyright\":\"Copyright 2017\",\"focal_length\":null,\"iso\":null,\"shutter_speed\":null,\"title\":\"\",\"orientation\":null,\"keywords\":null},\"thumbnail\":\"https:\\\/\\\/www.goyko.de\\\/wordpress\\\/wp-content\\\/uploads\\\/2020\\\/12\\\/grillanzuender-80x80.jpg\",\"medium\":\"https:\\\/\\\/www.goyko.de\\\/wordpress\\\/wp-content\\\/uploads\\\/2020\\\/12\\\/grillanzuender-300x300.jpg\",\"medium_large\":\"https:\\\/\\\/www.goyko.de\\\/wordpress\\\/wp-content\\\/uploads\\\/2020\\\/12\\\/grillanzuender-768x768.jpg\",\"large\":\"https:\\\/\\\/www.goyko.de\\\/wordpress\\\/wp-content\\\/uploads\\\/2020\\\/12\\\/grillanzuender-1024x1024.jpg\",\"1536x1536\":\"https:\\\/\\\/www.goyko.de\\\/wordpress\\\/wp-content\\\/uploads\\\/2020\\\/12\\\/grillanzuender-1536x1536.jpg\",\"2048x2048\":\"https:\\\/\\\/www.goyko.de\\\/wordpress\\\/wp-content\\\/uploads\\\/2020\\\/12\\\/grillanzuender.jpg\",\"full\":\"https:\\\/\\\/www.goyko.de\\\/wordpress\\\/wp-content\\\/uploads\\\/2020\\\/12\\\/grillanzuender.jpg\",\"index\":32,\"id\":3165,\"video\":true,\"opts\":{\"caption\":\"\",\"thumb\":\"https:\\\/\\\/www.goyko.de\\\/wordpress\\\/wp-content\\\/uploads\\\/2020\\\/12\\\/grillanzuender-75x50_c.jpg\",\"title\":\"grillanzuender\"},\"gallery_id\":\"2574\"},{\"status\":\"active\",\"src\":\"https:\\\/\\\/www.goyko.de\\\/wordpress\\\/wp-content\\\/uploads\\\/2020\\\/12\\\/kamado-grill.jpg\",\"title\":\"kamado-grill\",\"link\":\"https:\\\/\\\/www.goyko.de\\\/wordpress\\\/wp-content\\\/uploads\\\/2020\\\/12\\\/kamado-grill.jpg\",\"alt\":\"Ein hochwertiger Keramikgrill im Kamado-Stil mit ge&ouml;ffnetem Deckel, ausgestattet mit praktischen Bambus-Seitenablagen. Detailansichten zeigen ein pr&auml;zises Thermometer, robuste Rollen f&uuml;r Mobilit&auml;t und eine regulierbare Luftzufuhr oben, die eine pr&auml;zise Temperaturkontrolle erm&ouml;glicht. Perfekt f&uuml;r vielseitige Grill- und Kochanwendungen\",\"caption\":false,\"thumb\":\"https:\\\/\\\/www.goyko.de\\\/wordpress\\\/wp-content\\\/uploads\\\/2020\\\/12\\\/kamado-grill-75x50_c.jpg\",\"video_aspect_ratio\":\"\",\"video_width\":\"\",\"video_height\":\"\",\"video_in_gallery\":0,\"meta\":{\"aperture\":null,\"credit\":null,\"camera\":null,\"caption\":\"\",\"created_timestamp\":null,\"copyright\":\"Copyright 2017\",\"focal_length\":null,\"iso\":null,\"shutter_speed\":null,\"title\":\"\",\"orientation\":null,\"keywords\":null},\"thumbnail\":\"https:\\\/\\\/www.goyko.de\\\/wordpress\\\/wp-content\\\/uploads\\\/2020\\\/12\\\/kamado-grill-80x80.jpg\",\"medium\":\"https:\\\/\\\/www.goyko.de\\\/wordpress\\\/wp-content\\\/uploads\\\/2020\\\/12\\\/kamado-grill-300x300.jpg\",\"medium_large\":\"https:\\\/\\\/www.goyko.de\\\/wordpress\\\/wp-content\\\/uploads\\\/2020\\\/12\\\/kamado-grill-768x768.jpg\",\"large\":\"https:\\\/\\\/www.goyko.de\\\/wordpress\\\/wp-content\\\/uploads\\\/2020\\\/12\\\/kamado-grill-1024x1024.jpg\",\"1536x1536\":\"https:\\\/\\\/www.goyko.de\\\/wordpress\\\/wp-content\\\/uploads\\\/2020\\\/12\\\/kamado-grill-1536x1536.jpg\",\"2048x2048\":\"https:\\\/\\\/www.goyko.de\\\/wordpress\\\/wp-content\\\/uploads\\\/2020\\\/12\\\/kamado-grill.jpg\",\"full\":\"https:\\\/\\\/www.goyko.de\\\/wordpress\\\/wp-content\\\/uploads\\\/2020\\\/12\\\/kamado-grill.jpg\",\"index\":33,\"id\":3166,\"video\":true,\"opts\":{\"caption\":\"\",\"thumb\":\"https:\\\/\\\/www.goyko.de\\\/wordpress\\\/wp-content\\\/uploads\\\/2020\\\/12\\\/kamado-grill-75x50_c.jpg\",\"title\":\"kamado-grill\"},\"gallery_id\":\"2574\"},{\"status\":\"active\",\"src\":\"https:\\\/\\\/www.goyko.de\\\/wordpress\\\/wp-content\\\/uploads\\\/2020\\\/12\\\/Sonnensegel.jpg\",\"title\":\"Sonnensegel\",\"link\":\"https:\\\/\\\/www.goyko.de\\\/wordpress\\\/wp-content\\\/uploads\\\/2020\\\/12\\\/Sonnensegel.jpg\",\"alt\":\"Verschiedene Sonnensegel-Designs in Dreiecks- und Rechtecksformen, verf&uuml;gbar in mehreren Farben wie Anthrazit, Beige, Terracotta und Gr&uuml;n. Die Segel bestehen aus strapazierf&auml;higem Material und sind an den Ecken mit stabilen Metallringen zur Befestigung ausgestattet, ideal f&uuml;r den Schutz vor Sonne im Au&szlig;enbereich\",\"caption\":false,\"thumb\":\"https:\\\/\\\/www.goyko.de\\\/wordpress\\\/wp-content\\\/uploads\\\/2020\\\/12\\\/Sonnensegel-75x50_c.jpg\",\"video_aspect_ratio\":\"\",\"video_width\":\"\",\"video_height\":\"\",\"video_in_gallery\":0,\"meta\":{\"aperture\":null,\"credit\":null,\"camera\":null,\"caption\":\"\",\"created_timestamp\":null,\"copyright\":null,\"focal_length\":null,\"iso\":null,\"shutter_speed\":null,\"title\":\"\",\"orientation\":null,\"keywords\":null},\"thumbnail\":\"https:\\\/\\\/www.goyko.de\\\/wordpress\\\/wp-content\\\/uploads\\\/2020\\\/12\\\/Sonnensegel-80x80.jpg\",\"medium\":\"https:\\\/\\\/www.goyko.de\\\/wordpress\\\/wp-content\\\/uploads\\\/2020\\\/12\\\/Sonnensegel-300x300.jpg\",\"medium_large\":\"https:\\\/\\\/www.goyko.de\\\/wordpress\\\/wp-content\\\/uploads\\\/2020\\\/12\\\/Sonnensegel-768x768.jpg\",\"large\":\"https:\\\/\\\/www.goyko.de\\\/wordpress\\\/wp-content\\\/uploads\\\/2020\\\/12\\\/Sonnensegel-1024x1024.jpg\",\"1536x1536\":\"https:\\\/\\\/www.goyko.de\\\/wordpress\\\/wp-content\\\/uploads\\\/2020\\\/12\\\/Sonnensegel-1536x1536.jpg\",\"2048x2048\":\"https:\\\/\\\/www.goyko.de\\\/wordpress\\\/wp-content\\\/uploads\\\/2020\\\/12\\\/Sonnensegel.jpg\",\"full\":\"https:\\\/\\\/www.goyko.de\\\/wordpress\\\/wp-content\\\/uploads\\\/2020\\\/12\\\/Sonnensegel.jpg\",\"index\":34,\"id\":2708,\"video\":true,\"opts\":{\"caption\":\"\",\"thumb\":\"https:\\\/\\\/www.goyko.de\\\/wordpress\\\/wp-content\\\/uploads\\\/2020\\\/12\\\/Sonnensegel-75x50_c.jpg\",\"title\":\"Sonnensegel\"},\"gallery_id\":\"2574\"},{\"status\":\"active\",\"src\":\"https:\\\/\\\/www.goyko.de\\\/wordpress\\\/wp-content\\\/uploads\\\/2020\\\/12\\\/4-Jahreszeiten-Doppelset.jpg\",\"title\":\"4-Jahreszeiten-Doppelset\",\"link\":\"https:\\\/\\\/www.goyko.de\\\/wordpress\\\/wp-content\\\/uploads\\\/2020\\\/12\\\/4-Jahreszeiten-Doppelset.jpg\",\"alt\":\"Ein hochwertiges Set aus Kissen und Decken von FINE PRODUCTS, zertifiziert nach OEKO-TEX Standard 100. Die Produkte sind wei&szlig;, gesteppt und bestehen aus hypoallergenem Material, das bei bis zu 60 &deg;C in der Maschine waschbar ist. Ideal f&uuml;r einen erholsamen Schlaf und geeignet f&uuml;r Allergiker\",\"caption\":false,\"thumb\":\"https:\\\/\\\/www.goyko.de\\\/wordpress\\\/wp-content\\\/uploads\\\/2020\\\/12\\\/4-Jahreszeiten-Doppelset-75x50_c.jpg\",\"video_aspect_ratio\":\"\",\"video_width\":\"\",\"video_height\":\"\",\"video_in_gallery\":0,\"meta\":{\"aperture\":null,\"credit\":null,\"camera\":null,\"caption\":\"\",\"created_timestamp\":null,\"copyright\":\"Copyright 2017\",\"focal_length\":null,\"iso\":null,\"shutter_speed\":null,\"title\":\"\",\"orientation\":null,\"keywords\":null},\"thumbnail\":\"https:\\\/\\\/www.goyko.de\\\/wordpress\\\/wp-content\\\/uploads\\\/2020\\\/12\\\/4-Jahreszeiten-Doppelset-80x80.jpg\",\"medium\":\"https:\\\/\\\/www.goyko.de\\\/wordpress\\\/wp-content\\\/uploads\\\/2020\\\/12\\\/4-Jahreszeiten-Doppelset-300x300.jpg\",\"medium_large\":\"https:\\\/\\\/www.goyko.de\\\/wordpress\\\/wp-content\\\/uploads\\\/2020\\\/12\\\/4-Jahreszeiten-Doppelset-768x768.jpg\",\"large\":\"https:\\\/\\\/www.goyko.de\\\/wordpress\\\/wp-content\\\/uploads\\\/2020\\\/12\\\/4-Jahreszeiten-Doppelset-1024x1024.jpg\",\"1536x1536\":\"https:\\\/\\\/www.goyko.de\\\/wordpress\\\/wp-content\\\/uploads\\\/2020\\\/12\\\/4-Jahreszeiten-Doppelset-1536x1536.jpg\",\"2048x2048\":\"https:\\\/\\\/www.goyko.de\\\/wordpress\\\/wp-content\\\/uploads\\\/2020\\\/12\\\/4-Jahreszeiten-Doppelset.jpg\",\"full\":\"https:\\\/\\\/www.goyko.de\\\/wordpress\\\/wp-content\\\/uploads\\\/2020\\\/12\\\/4-Jahreszeiten-Doppelset.jpg\",\"index\":35,\"id\":2715,\"video\":true,\"opts\":{\"caption\":\"\",\"thumb\":\"https:\\\/\\\/www.goyko.de\\\/wordpress\\\/wp-content\\\/uploads\\\/2020\\\/12\\\/4-Jahreszeiten-Doppelset-75x50_c.jpg\",\"title\":\"4-Jahreszeiten-Doppelset\"},\"gallery_id\":\"2574\"},{\"status\":\"active\",\"src\":\"https:\\\/\\\/www.goyko.de\\\/wordpress\\\/wp-content\\\/uploads\\\/2020\\\/12\\\/53763182AB_0.jpg\",\"title\":\"53763182AB_0\",\"link\":\"https:\\\/\\\/www.goyko.de\\\/wordpress\\\/wp-content\\\/uploads\\\/2020\\\/12\\\/53763182AB_0.jpg\",\"alt\":\"Eine vielf&auml;ltige Auswahl an weichen Decken in verschiedenen Designs und Farben. Das Sortiment umfasst dezente Uni-Farben wie Beige, Grau und Blau sowie auff&auml;llige Muster wie Sterne, Leopard, Zebra und Kuhflecken. Perfekt f&uuml;r eine gem&uuml;tliche Atmosph&auml;re und individuelle Wohnstile\",\"caption\":false,\"thumb\":\"https:\\\/\\\/www.goyko.de\\\/wordpress\\\/wp-content\\\/uploads\\\/2020\\\/12\\\/53763182AB_0-75x50_c.jpg\",\"video_aspect_ratio\":\"\",\"video_width\":\"\",\"video_height\":\"\",\"video_in_gallery\":0,\"meta\":{\"aperture\":null,\"credit\":null,\"camera\":null,\"caption\":\"\",\"created_timestamp\":null,\"copyright\":\"Copyright 2016\",\"focal_length\":null,\"iso\":null,\"shutter_speed\":null,\"title\":\"\",\"orientation\":null,\"keywords\":null},\"thumbnail\":\"https:\\\/\\\/www.goyko.de\\\/wordpress\\\/wp-content\\\/uploads\\\/2020\\\/12\\\/53763182AB_0-80x80.jpg\",\"medium\":\"https:\\\/\\\/www.goyko.de\\\/wordpress\\\/wp-content\\\/uploads\\\/2020\\\/12\\\/53763182AB_0-300x300.jpg\",\"medium_large\":\"https:\\\/\\\/www.goyko.de\\\/wordpress\\\/wp-content\\\/uploads\\\/2020\\\/12\\\/53763182AB_0-768x768.jpg\",\"large\":\"https:\\\/\\\/www.goyko.de\\\/wordpress\\\/wp-content\\\/uploads\\\/2020\\\/12\\\/53763182AB_0-1024x1024.jpg\",\"1536x1536\":\"https:\\\/\\\/www.goyko.de\\\/wordpress\\\/wp-content\\\/uploads\\\/2020\\\/12\\\/53763182AB_0-1536x1536.jpg\",\"2048x2048\":\"https:\\\/\\\/www.goyko.de\\\/wordpress\\\/wp-content\\\/uploads\\\/2020\\\/12\\\/53763182AB_0.jpg\",\"full\":\"https:\\\/\\\/www.goyko.de\\\/wordpress\\\/wp-content\\\/uploads\\\/2020\\\/12\\\/53763182AB_0.jpg\",\"index\":36,\"id\":2711,\"video\":true,\"opts\":{\"caption\":\"\",\"thumb\":\"https:\\\/\\\/www.goyko.de\\\/wordpress\\\/wp-content\\\/uploads\\\/2020\\\/12\\\/53763182AB_0-75x50_c.jpg\",\"title\":\"53763182AB_0\"},\"gallery_id\":\"2574\"},{\"status\":\"active\",\"src\":\"https:\\\/\\\/www.goyko.de\\\/wordpress\\\/wp-content\\\/uploads\\\/2020\\\/12\\\/Premium-2084-Detail.jpg\",\"title\":\"Premium-2084-Detail\",\"link\":\"https:\\\/\\\/www.goyko.de\\\/wordpress\\\/wp-content\\\/uploads\\\/2020\\\/12\\\/Premium-2084-Detail.jpg\",\"alt\":\"Ein elegantes Detail eines hochwertigen T&uuml;rgriffs oder Beschlags, mit kunstvollen Gravuren in einem polierten silbernen Finish. Das Design zeigt pr&auml;zise Muster, die auf klassische Handwerkskunst hinweisen, und bietet gleichzeitig einen modernen, luxuri&ouml;sen Look\",\"caption\":false,\"thumb\":\"https:\\\/\\\/www.goyko.de\\\/wordpress\\\/wp-content\\\/uploads\\\/2020\\\/12\\\/Premium-2084-Detail-75x50_c.jpg\",\"video_aspect_ratio\":\"\",\"video_width\":\"\",\"video_height\":\"\",\"video_in_gallery\":0,\"meta\":{\"aperture\":null,\"credit\":\"Goyko Kleensang\",\"camera\":null,\"caption\":\"\",\"created_timestamp\":\"1608994309\",\"copyright\":null,\"focal_length\":null,\"iso\":null,\"shutter_speed\":null,\"title\":\"\",\"orientation\":null,\"keywords\":null},\"thumbnail\":\"https:\\\/\\\/www.goyko.de\\\/wordpress\\\/wp-content\\\/uploads\\\/2020\\\/12\\\/Premium-2084-Detail-80x80.jpg\",\"medium\":\"https:\\\/\\\/www.goyko.de\\\/wordpress\\\/wp-content\\\/uploads\\\/2020\\\/12\\\/Premium-2084-Detail-300x300.jpg\",\"medium_large\":\"https:\\\/\\\/www.goyko.de\\\/wordpress\\\/wp-content\\\/uploads\\\/2020\\\/12\\\/Premium-2084-Detail-768x768.jpg\",\"large\":\"https:\\\/\\\/www.goyko.de\\\/wordpress\\\/wp-content\\\/uploads\\\/2020\\\/12\\\/Premium-2084-Detail-1024x1024.jpg\",\"1536x1536\":\"https:\\\/\\\/www.goyko.de\\\/wordpress\\\/wp-content\\\/uploads\\\/2020\\\/12\\\/Premium-2084-Detail.jpg\",\"2048x2048\":\"https:\\\/\\\/www.goyko.de\\\/wordpress\\\/wp-content\\\/uploads\\\/2020\\\/12\\\/Premium-2084-Detail.jpg\",\"full\":\"https:\\\/\\\/www.goyko.de\\\/wordpress\\\/wp-content\\\/uploads\\\/2020\\\/12\\\/Premium-2084-Detail.jpg\",\"index\":37,\"id\":2671,\"video\":true,\"opts\":{\"caption\":\"\",\"thumb\":\"https:\\\/\\\/www.goyko.de\\\/wordpress\\\/wp-content\\\/uploads\\\/2020\\\/12\\\/Premium-2084-Detail-75x50_c.jpg\",\"title\":\"Premium-2084-Detail\"},\"gallery_id\":\"2574\"},{\"status\":\"active\",\"src\":\"https:\\\/\\\/www.goyko.de\\\/wordpress\\\/wp-content\\\/uploads\\\/2020\\\/12\\\/Linea-Ebenholz.jpg\",\"title\":\"Linea-Ebenholz\",\"link\":\"https:\\\/\\\/www.goyko.de\\\/wordpress\\\/wp-content\\\/uploads\\\/2020\\\/12\\\/Linea-Ebenholz.jpg\",\"alt\":\"Eine moderne T&uuml;rgriffgarnitur in Chromoptik mit einem minimalistischen und funktionalen Design. Die Griffe kombinieren polierten Stahl mit schwarzen, matten Akzenten f&uuml;r eine stilvolle und zugleich praktische &Auml;sthetik. Die rechteckige Rosette und die klaren Linien unterstreichen den zeitgem&auml;&szlig;en Look\",\"caption\":false,\"thumb\":\"https:\\\/\\\/www.goyko.de\\\/wordpress\\\/wp-content\\\/uploads\\\/2020\\\/12\\\/Linea-Ebenholz-75x50_c.jpg\",\"video_aspect_ratio\":\"\",\"video_width\":\"\",\"video_height\":\"\",\"video_in_gallery\":0,\"meta\":{\"aperture\":null,\"credit\":\"Goyko Kleensang\",\"camera\":null,\"caption\":\"\",\"created_timestamp\":\"1608993397\",\"copyright\":null,\"focal_length\":null,\"iso\":null,\"shutter_speed\":null,\"title\":\"\",\"orientation\":null,\"keywords\":null},\"thumbnail\":\"https:\\\/\\\/www.goyko.de\\\/wordpress\\\/wp-content\\\/uploads\\\/2020\\\/12\\\/Linea-Ebenholz-80x80.jpg\",\"medium\":\"https:\\\/\\\/www.goyko.de\\\/wordpress\\\/wp-content\\\/uploads\\\/2020\\\/12\\\/Linea-Ebenholz-300x300.jpg\",\"medium_large\":\"https:\\\/\\\/www.goyko.de\\\/wordpress\\\/wp-content\\\/uploads\\\/2020\\\/12\\\/Linea-Ebenholz-768x768.jpg\",\"large\":\"https:\\\/\\\/www.goyko.de\\\/wordpress\\\/wp-content\\\/uploads\\\/2020\\\/12\\\/Linea-Ebenholz.jpg\",\"1536x1536\":\"https:\\\/\\\/www.goyko.de\\\/wordpress\\\/wp-content\\\/uploads\\\/2020\\\/12\\\/Linea-Ebenholz.jpg\",\"2048x2048\":\"https:\\\/\\\/www.goyko.de\\\/wordpress\\\/wp-content\\\/uploads\\\/2020\\\/12\\\/Linea-Ebenholz.jpg\",\"full\":\"https:\\\/\\\/www.goyko.de\\\/wordpress\\\/wp-content\\\/uploads\\\/2020\\\/12\\\/Linea-Ebenholz.jpg\",\"index\":38,\"id\":2670,\"video\":true,\"opts\":{\"caption\":\"\",\"thumb\":\"https:\\\/\\\/www.goyko.de\\\/wordpress\\\/wp-content\\\/uploads\\\/2020\\\/12\\\/Linea-Ebenholz-75x50_c.jpg\",\"title\":\"Linea-Ebenholz\"},\"gallery_id\":\"2574\"},{\"status\":\"active\",\"src\":\"https:\\\/\\\/www.goyko.de\\\/wordpress\\\/wp-content\\\/uploads\\\/2020\\\/12\\\/Fenstergriff-Kreuzolive-abschliessbar.jpg\",\"title\":\"Fenstergriff-Kreuzolive-abschliessbar\",\"link\":\"https:\\\/\\\/www.goyko.de\\\/wordpress\\\/wp-content\\\/uploads\\\/2020\\\/12\\\/Fenstergriff-Kreuzolive-abschliessbar.jpg\",\"alt\":\"Ein eleganter und moderner Fenstergriff aus geb&uuml;rstetem Edelstahl, der zeitlose Schlichtheit mit Funktionalit&auml;t vereint. Das Design zeichnet sich durch eine minimalistische rechteckige Basis und einen zylindrischen Griff aus. Perfekt f&uuml;r zeitgen&ouml;ssische Inneneinrichtungen oder B&uuml;roumgebungen\",\"caption\":false,\"thumb\":\"https:\\\/\\\/www.goyko.de\\\/wordpress\\\/wp-content\\\/uploads\\\/2020\\\/12\\\/Fenstergriff-Kreuzolive-abschliessbar-75x50_c.jpg\",\"video_aspect_ratio\":\"\",\"video_width\":\"\",\"video_height\":\"\",\"video_in_gallery\":0,\"meta\":{\"aperture\":null,\"credit\":\"Goyko Kleensang\",\"camera\":null,\"caption\":\"\",\"created_timestamp\":\"1608993200\",\"copyright\":null,\"focal_length\":null,\"iso\":null,\"shutter_speed\":null,\"title\":\"\",\"orientation\":null,\"keywords\":null},\"thumbnail\":\"https:\\\/\\\/www.goyko.de\\\/wordpress\\\/wp-content\\\/uploads\\\/2020\\\/12\\\/Fenstergriff-Kreuzolive-abschliessbar-80x80.jpg\",\"medium\":\"https:\\\/\\\/www.goyko.de\\\/wordpress\\\/wp-content\\\/uploads\\\/2020\\\/12\\\/Fenstergriff-Kreuzolive-abschliessbar-300x300.jpg\",\"medium_large\":\"https:\\\/\\\/www.goyko.de\\\/wordpress\\\/wp-content\\\/uploads\\\/2020\\\/12\\\/Fenstergriff-Kreuzolive-abschliessbar-768x768.jpg\",\"large\":\"https:\\\/\\\/www.goyko.de\\\/wordpress\\\/wp-content\\\/uploads\\\/2020\\\/12\\\/Fenstergriff-Kreuzolive-abschliessbar.jpg\",\"1536x1536\":\"https:\\\/\\\/www.goyko.de\\\/wordpress\\\/wp-content\\\/uploads\\\/2020\\\/12\\\/Fenstergriff-Kreuzolive-abschliessbar.jpg\",\"2048x2048\":\"https:\\\/\\\/www.goyko.de\\\/wordpress\\\/wp-content\\\/uploads\\\/2020\\\/12\\\/Fenstergriff-Kreuzolive-abschliessbar.jpg\",\"full\":\"https:\\\/\\\/www.goyko.de\\\/wordpress\\\/wp-content\\\/uploads\\\/2020\\\/12\\\/Fenstergriff-Kreuzolive-abschliessbar.jpg\",\"index\":39,\"id\":2668,\"video\":true,\"opts\":{\"caption\":\"\",\"thumb\":\"https:\\\/\\\/www.goyko.de\\\/wordpress\\\/wp-content\\\/uploads\\\/2020\\\/12\\\/Fenstergriff-Kreuzolive-abschliessbar-75x50_c.jpg\",\"title\":\"Fenstergriff-Kreuzolive-abschliessbar\"},\"gallery_id\":\"2574\"},{\"status\":\"active\",\"src\":\"https:\\\/\\\/www.goyko.de\\\/wordpress\\\/wp-content\\\/uploads\\\/2020\\\/12\\\/Ferrofish_A32_Rueckseite-kombi.jpg\",\"title\":\"Ferrofish_A32_Rueckseite-kombi\",\"link\":\"https:\\\/\\\/www.goyko.de\\\/wordpress\\\/wp-content\\\/uploads\\\/2020\\\/12\\\/Ferrofish_A32_Rueckseite-kombi.jpg\",\"alt\":\"Ein hochentwickelter 32-Kanal AD\\\/DA-Wandler, ideal f&uuml;r professionelle Audioanwendungen. Die Vorderseite zeigt ein minimalistisches Design mit klaren Bedienelementen, darunter ein Drehregler und Funktionstasten f&uuml;r einfache Navigation. Auf der R&uuml;ckseite befinden sich umfangreiche Anschl&uuml;sse wie DB25-Ports f&uuml;r analoge Ein- und Ausg&auml;nge, MADI, MIDI, USB und BNC f&uuml;r wordclock. Perfekt f&uuml;r Studiointegration und High-Fidelity-Aufnahmen\",\"caption\":false,\"thumb\":\"https:\\\/\\\/www.goyko.de\\\/wordpress\\\/wp-content\\\/uploads\\\/2020\\\/12\\\/Ferrofish_A32_Rueckseite-kombi-75x50_c.jpg\",\"video_aspect_ratio\":\"\",\"video_width\":\"\",\"video_height\":\"\",\"video_in_gallery\":0,\"meta\":{\"aperture\":null,\"credit\":null,\"camera\":null,\"caption\":\"\",\"created_timestamp\":null,\"copyright\":\"Copyright 2012\",\"focal_length\":null,\"iso\":null,\"shutter_speed\":null,\"title\":\"\",\"orientation\":null,\"keywords\":null},\"thumbnail\":\"https:\\\/\\\/www.goyko.de\\\/wordpress\\\/wp-content\\\/uploads\\\/2020\\\/12\\\/Ferrofish_A32_Rueckseite-kombi-80x53.jpg\",\"medium\":\"https:\\\/\\\/www.goyko.de\\\/wordpress\\\/wp-content\\\/uploads\\\/2020\\\/12\\\/Ferrofish_A32_Rueckseite-kombi-300x200.jpg\",\"medium_large\":\"https:\\\/\\\/www.goyko.de\\\/wordpress\\\/wp-content\\\/uploads\\\/2020\\\/12\\\/Ferrofish_A32_Rueckseite-kombi-768x512.jpg\",\"large\":\"https:\\\/\\\/www.goyko.de\\\/wordpress\\\/wp-content\\\/uploads\\\/2020\\\/12\\\/Ferrofish_A32_Rueckseite-kombi-1024x683.jpg\",\"1536x1536\":\"https:\\\/\\\/www.goyko.de\\\/wordpress\\\/wp-content\\\/uploads\\\/2020\\\/12\\\/Ferrofish_A32_Rueckseite-kombi.jpg\",\"2048x2048\":\"https:\\\/\\\/www.goyko.de\\\/wordpress\\\/wp-content\\\/uploads\\\/2020\\\/12\\\/Ferrofish_A32_Rueckseite-kombi.jpg\",\"full\":\"https:\\\/\\\/www.goyko.de\\\/wordpress\\\/wp-content\\\/uploads\\\/2020\\\/12\\\/Ferrofish_A32_Rueckseite-kombi.jpg\",\"index\":40,\"id\":2940,\"video\":true,\"opts\":{\"caption\":\"\",\"thumb\":\"https:\\\/\\\/www.goyko.de\\\/wordpress\\\/wp-content\\\/uploads\\\/2020\\\/12\\\/Ferrofish_A32_Rueckseite-kombi-75x50_c.jpg\",\"title\":\"Ferrofish_A32_Rueckseite-kombi\"},\"gallery_id\":\"2574\"},{\"status\":\"active\",\"src\":\"https:\\\/\\\/www.goyko.de\\\/wordpress\\\/wp-content\\\/uploads\\\/2020\\\/12\\\/Canon-Eos-550D-Popup-Flash-1.jpg\",\"title\":\"Canon-Eos-550D-Popup-Flash\",\"link\":\"https:\\\/\\\/www.goyko.de\\\/wordpress\\\/wp-content\\\/uploads\\\/2020\\\/12\\\/Canon-Eos-550D-Popup-Flash-1.jpg\",\"alt\":\"Eine Canon EOS 550D DSLR-Kamera ohne Objektiv, aber mit aufgeklapptem Blitz. Die Kamera bietet eine ergonomische Bauweise mit einem robusten Griff und klar gekennzeichneten Bedienelementen. Ideal f&uuml;r Fotografen, die qualitativ hochwertige Fotos und Videos aufnehmen m&ouml;chten, mit Kompatibilit&auml;t f&uuml;r eine breite Palette an EF- und EF-S-Objektiven.\",\"caption\":false,\"thumb\":\"https:\\\/\\\/www.goyko.de\\\/wordpress\\\/wp-content\\\/uploads\\\/2020\\\/12\\\/Canon-Eos-550D-Popup-Flash-1-75x50_c.jpg\",\"video_aspect_ratio\":\"\",\"video_width\":\"\",\"video_height\":\"\",\"video_in_gallery\":0,\"meta\":{\"aperture\":null,\"credit\":null,\"camera\":null,\"caption\":\"\",\"created_timestamp\":\"1594567462\",\"copyright\":null,\"focal_length\":null,\"iso\":null,\"shutter_speed\":null,\"title\":\"\",\"orientation\":null,\"keywords\":null},\"thumbnail\":\"https:\\\/\\\/www.goyko.de\\\/wordpress\\\/wp-content\\\/uploads\\\/2020\\\/12\\\/Canon-Eos-550D-Popup-Flash-1-80x80.jpg\",\"medium\":\"https:\\\/\\\/www.goyko.de\\\/wordpress\\\/wp-content\\\/uploads\\\/2020\\\/12\\\/Canon-Eos-550D-Popup-Flash-1-300x300.jpg\",\"medium_large\":\"https:\\\/\\\/www.goyko.de\\\/wordpress\\\/wp-content\\\/uploads\\\/2020\\\/12\\\/Canon-Eos-550D-Popup-Flash-1-768x768.jpg\",\"large\":\"https:\\\/\\\/www.goyko.de\\\/wordpress\\\/wp-content\\\/uploads\\\/2020\\\/12\\\/Canon-Eos-550D-Popup-Flash-1-1024x1024.jpg\",\"1536x1536\":\"https:\\\/\\\/www.goyko.de\\\/wordpress\\\/wp-content\\\/uploads\\\/2020\\\/12\\\/Canon-Eos-550D-Popup-Flash-1-1536x1536.jpg\",\"2048x2048\":\"https:\\\/\\\/www.goyko.de\\\/wordpress\\\/wp-content\\\/uploads\\\/2020\\\/12\\\/Canon-Eos-550D-Popup-Flash-1.jpg\",\"full\":\"https:\\\/\\\/www.goyko.de\\\/wordpress\\\/wp-content\\\/uploads\\\/2020\\\/12\\\/Canon-Eos-550D-Popup-Flash-1.jpg\",\"index\":41,\"id\":2718,\"video\":true,\"opts\":{\"caption\":\"\",\"thumb\":\"https:\\\/\\\/www.goyko.de\\\/wordpress\\\/wp-content\\\/uploads\\\/2020\\\/12\\\/Canon-Eos-550D-Popup-Flash-1-75x50_c.jpg\",\"title\":\"Canon-Eos-550D-Popup-Flash\"},\"gallery_id\":\"2574\"},{\"status\":\"active\",\"src\":\"https:\\\/\\\/www.goyko.de\\\/wordpress\\\/wp-content\\\/uploads\\\/2020\\\/12\\\/Canon-Eos-550D-Back-1.jpg\",\"title\":\"Canon-Eos-550D-Back\",\"link\":\"https:\\\/\\\/www.goyko.de\\\/wordpress\\\/wp-content\\\/uploads\\\/2020\\\/12\\\/Canon-Eos-550D-Back-1.jpg\",\"alt\":\"Die R&uuml;ckseite der Canon EOS 550D ist hier zu sehen, ausgestattet mit einem Batteriegriff f&uuml;r zus&auml;tzliche Akkulaufzeit und verbesserte Handhabung. Das gro&szlig;e LCD-Display ist f&uuml;r die Bildwiedergabe, Men&uuml;f&uuml;hrung und Live-View-Aufnahmen geeignet. Die Tasten und Bedienelemente erm&ouml;glichen schnellen Zugriff auf Einstellungen wie Wei&szlig;abgleich, Autofokus und mehr. Der Batteriegriff bietet zus&auml;tzliche Bedienelemente f&uuml;r Hochformataufnahmen\",\"caption\":false,\"thumb\":\"https:\\\/\\\/www.goyko.de\\\/wordpress\\\/wp-content\\\/uploads\\\/2020\\\/12\\\/Canon-Eos-550D-Back-1-75x50_c.jpg\",\"video_aspect_ratio\":\"\",\"video_width\":\"\",\"video_height\":\"\",\"video_in_gallery\":0,\"meta\":{\"aperture\":null,\"credit\":null,\"camera\":null,\"caption\":\"\",\"created_timestamp\":\"1594566521\",\"copyright\":null,\"focal_length\":null,\"iso\":null,\"shutter_speed\":null,\"title\":\"\",\"orientation\":null,\"keywords\":null},\"thumbnail\":\"https:\\\/\\\/www.goyko.de\\\/wordpress\\\/wp-content\\\/uploads\\\/2020\\\/12\\\/Canon-Eos-550D-Back-1-80x80.jpg\",\"medium\":\"https:\\\/\\\/www.goyko.de\\\/wordpress\\\/wp-content\\\/uploads\\\/2020\\\/12\\\/Canon-Eos-550D-Back-1-300x300.jpg\",\"medium_large\":\"https:\\\/\\\/www.goyko.de\\\/wordpress\\\/wp-content\\\/uploads\\\/2020\\\/12\\\/Canon-Eos-550D-Back-1-768x768.jpg\",\"large\":\"https:\\\/\\\/www.goyko.de\\\/wordpress\\\/wp-content\\\/uploads\\\/2020\\\/12\\\/Canon-Eos-550D-Back-1-1024x1024.jpg\",\"1536x1536\":\"https:\\\/\\\/www.goyko.de\\\/wordpress\\\/wp-content\\\/uploads\\\/2020\\\/12\\\/Canon-Eos-550D-Back-1-1536x1536.jpg\",\"2048x2048\":\"https:\\\/\\\/www.goyko.de\\\/wordpress\\\/wp-content\\\/uploads\\\/2020\\\/12\\\/Canon-Eos-550D-Back-1.jpg\",\"full\":\"https:\\\/\\\/www.goyko.de\\\/wordpress\\\/wp-content\\\/uploads\\\/2020\\\/12\\\/Canon-Eos-550D-Back-1.jpg\",\"index\":42,\"id\":2716,\"video\":true,\"opts\":{\"caption\":\"\",\"thumb\":\"https:\\\/\\\/www.goyko.de\\\/wordpress\\\/wp-content\\\/uploads\\\/2020\\\/12\\\/Canon-Eos-550D-Back-1-75x50_c.jpg\",\"title\":\"Canon-Eos-550D-Back\"},\"gallery_id\":\"2574\"},{\"status\":\"active\",\"src\":\"https:\\\/\\\/www.goyko.de\\\/wordpress\\\/wp-content\\\/uploads\\\/2020\\\/12\\\/heimwerken-werkzeug-werkzeugkoffer-1050tlg-blackline-koffer-10003063-v2020-AB_0.jpg\",\"title\":\"heimwerken-werkzeug-werkzeugkoffer-1050tlg-blackline-koffer-10003063-v2020-AB_0\",\"link\":\"https:\\\/\\\/www.goyko.de\\\/wordpress\\\/wp-content\\\/uploads\\\/2020\\\/12\\\/heimwerken-werkzeug-werkzeugkoffer-1050tlg-blackline-koffer-10003063-v2020-AB_0.jpg\",\"alt\":\"Dieser Werkzeugkoffer ist eine umfassende L&ouml;sung f&uuml;r Heimwerker und Profis. Er enth&auml;lt eine Vielzahl von Werkzeugen wie Schraubenschl&uuml;ssel, Zangen, Schraubendreher und Bits, die ordentlich in herausnehmbaren Eins&auml;tzen organisiert sind. Zus&auml;tzlich sind 400 Kabelbinder, zwei Paar Handschuhe und ein Sortiment an Steckschl&uuml;sseln enthalten. Der Koffer selbst ist robust, mit einer Trolley-Funktion f&uuml;r einfachen Transport ausgestattet, und ideal f&uuml;r vielseitige Eins&auml;tze geeignet\",\"caption\":false,\"thumb\":\"https:\\\/\\\/www.goyko.de\\\/wordpress\\\/wp-content\\\/uploads\\\/2020\\\/12\\\/heimwerken-werkzeug-werkzeugkoffer-1050tlg-blackline-koffer-10003063-v2020-AB_0-75x50_c.jpg\",\"video_aspect_ratio\":\"\",\"video_width\":\"\",\"video_height\":\"\",\"video_in_gallery\":0,\"meta\":{\"aperture\":null,\"credit\":null,\"camera\":null,\"caption\":\"\",\"created_timestamp\":null,\"copyright\":\"Copyright 2017\",\"focal_length\":null,\"iso\":null,\"shutter_speed\":null,\"title\":\"\",\"orientation\":null,\"keywords\":null},\"thumbnail\":\"https:\\\/\\\/www.goyko.de\\\/wordpress\\\/wp-content\\\/uploads\\\/2020\\\/12\\\/heimwerken-werkzeug-werkzeugkoffer-1050tlg-blackline-koffer-10003063-v2020-AB_0-80x80.jpg\",\"medium\":\"https:\\\/\\\/www.goyko.de\\\/wordpress\\\/wp-content\\\/uploads\\\/2020\\\/12\\\/heimwerken-werkzeug-werkzeugkoffer-1050tlg-blackline-koffer-10003063-v2020-AB_0-300x300.jpg\",\"medium_large\":\"https:\\\/\\\/www.goyko.de\\\/wordpress\\\/wp-content\\\/uploads\\\/2020\\\/12\\\/heimwerken-werkzeug-werkzeugkoffer-1050tlg-blackline-koffer-10003063-v2020-AB_0-768x768.jpg\",\"large\":\"https:\\\/\\\/www.goyko.de\\\/wordpress\\\/wp-content\\\/uploads\\\/2020\\\/12\\\/heimwerken-werkzeug-werkzeugkoffer-1050tlg-blackline-koffer-10003063-v2020-AB_0-1024x1024.jpg\",\"1536x1536\":\"https:\\\/\\\/www.goyko.de\\\/wordpress\\\/wp-content\\\/uploads\\\/2020\\\/12\\\/heimwerken-werkzeug-werkzeugkoffer-1050tlg-blackline-koffer-10003063-v2020-AB_0-1536x1536.jpg\",\"2048x2048\":\"https:\\\/\\\/www.goyko.de\\\/wordpress\\\/wp-content\\\/uploads\\\/2020\\\/12\\\/heimwerken-werkzeug-werkzeugkoffer-1050tlg-blackline-koffer-10003063-v2020-AB_0.jpg\",\"full\":\"https:\\\/\\\/www.goyko.de\\\/wordpress\\\/wp-content\\\/uploads\\\/2020\\\/12\\\/heimwerken-werkzeug-werkzeugkoffer-1050tlg-blackline-koffer-10003063-v2020-AB_0.jpg\",\"index\":43,\"id\":2712,\"video\":true,\"opts\":{\"caption\":\"\",\"thumb\":\"https:\\\/\\\/www.goyko.de\\\/wordpress\\\/wp-content\\\/uploads\\\/2020\\\/12\\\/heimwerken-werkzeug-werkzeugkoffer-1050tlg-blackline-koffer-10003063-v2020-AB_0-75x50_c.jpg\",\"title\":\"heimwerken-werkzeug-werkzeugkoffer-1050tlg-blackline-koffer-10003063-v2020-AB_0\"},\"gallery_id\":\"2574\"},{\"status\":\"active\",\"src\":\"https:\\\/\\\/www.goyko.de\\\/wordpress\\\/wp-content\\\/uploads\\\/2020\\\/12\\\/52749626AB_0.jpg\",\"title\":\"52749626AB_0\",\"link\":\"https:\\\/\\\/www.goyko.de\\\/wordpress\\\/wp-content\\\/uploads\\\/2020\\\/12\\\/52749626AB_0.jpg\",\"alt\":\"Diese beiden Werkzeugsets bieten vielseitige Optionen f&uuml;r Handwerker und Heimwerker. Der orangefarbene Metall-Werkzeugkasten ist robust und enth&auml;lt eine umfassende Auswahl an Steckschl&uuml;sseln, Zangen und Schraubendrehern, die &uuml;bersichtlich in klappbaren F&auml;chern angeordnet sind. Der silberne Werkzeugkoffer ist tragbar und organisiert eine Vielzahl von Werkzeugen wie Hammer, Wasserwaage, Bits und weitere n&uuml;tzliche Werkzeuge. Beide Sets sind perfekt f&uuml;r den mobilen Einsatz und bieten die ideale Ausstattung f&uuml;r Reparatur- und Bauarbeiten\",\"caption\":false,\"thumb\":\"https:\\\/\\\/www.goyko.de\\\/wordpress\\\/wp-content\\\/uploads\\\/2020\\\/12\\\/52749626AB_0-75x50_c.jpg\",\"video_aspect_ratio\":\"\",\"video_width\":\"\",\"video_height\":\"\",\"video_in_gallery\":0,\"meta\":{\"aperture\":null,\"credit\":null,\"camera\":null,\"caption\":\"\",\"created_timestamp\":null,\"copyright\":null,\"focal_length\":null,\"iso\":null,\"shutter_speed\":null,\"title\":\"\",\"orientation\":null,\"keywords\":null},\"thumbnail\":\"https:\\\/\\\/www.goyko.de\\\/wordpress\\\/wp-content\\\/uploads\\\/2020\\\/12\\\/52749626AB_0-80x80.jpg\",\"medium\":\"https:\\\/\\\/www.goyko.de\\\/wordpress\\\/wp-content\\\/uploads\\\/2020\\\/12\\\/52749626AB_0-300x300.jpg\",\"medium_large\":\"https:\\\/\\\/www.goyko.de\\\/wordpress\\\/wp-content\\\/uploads\\\/2020\\\/12\\\/52749626AB_0-768x768.jpg\",\"large\":\"https:\\\/\\\/www.goyko.de\\\/wordpress\\\/wp-content\\\/uploads\\\/2020\\\/12\\\/52749626AB_0-1024x1024.jpg\",\"1536x1536\":\"https:\\\/\\\/www.goyko.de\\\/wordpress\\\/wp-content\\\/uploads\\\/2020\\\/12\\\/52749626AB_0-1536x1536.jpg\",\"2048x2048\":\"https:\\\/\\\/www.goyko.de\\\/wordpress\\\/wp-content\\\/uploads\\\/2020\\\/12\\\/52749626AB_0.jpg\",\"full\":\"https:\\\/\\\/www.goyko.de\\\/wordpress\\\/wp-content\\\/uploads\\\/2020\\\/12\\\/52749626AB_0.jpg\",\"index\":44,\"id\":2710,\"video\":true,\"opts\":{\"caption\":\"\",\"thumb\":\"https:\\\/\\\/www.goyko.de\\\/wordpress\\\/wp-content\\\/uploads\\\/2020\\\/12\\\/52749626AB_0-75x50_c.jpg\",\"title\":\"52749626AB_0\"},\"gallery_id\":\"2574\"},{\"status\":\"active\",\"src\":\"https:\\\/\\\/www.goyko.de\\\/wordpress\\\/wp-content\\\/uploads\\\/2020\\\/12\\\/Werkstatt-Rollbrett.jpg\",\"title\":\"Werkstatt-Rollbrett\",\"link\":\"https:\\\/\\\/www.goyko.de\\\/wordpress\\\/wp-content\\\/uploads\\\/2020\\\/12\\\/Werkstatt-Rollbrett.jpg\",\"alt\":\"Ein Werkstattm&ouml;bel, das als Liege und Sitz verwendet werden kann. Die gepolsterte Liege ist schwarz, mit einem Metallrahmen und stabilen Rollen. Es zeigt verschiedene Ansichten und Funktionen, einschlie&szlig;lich eines Nahaufnahme-Bereichs, der die Umstellmechanik mit einem Sicherungsstift detailliert darstellt. Ideal f&uuml;r Werkst&auml;tten und Heimwerker\",\"caption\":false,\"thumb\":\"https:\\\/\\\/www.goyko.de\\\/wordpress\\\/wp-content\\\/uploads\\\/2020\\\/12\\\/Werkstatt-Rollbrett-75x50_c.jpg\",\"id\":2709,\"video_aspect_ratio\":\"\",\"video_width\":\"\",\"video_height\":\"\",\"video_in_gallery\":0,\"meta\":{\"aperture\":null,\"credit\":null,\"camera\":null,\"caption\":\"\",\"created_timestamp\":null,\"copyright\":null,\"focal_length\":null,\"iso\":null,\"shutter_speed\":null,\"title\":\"\",\"orientation\":null,\"keywords\":null},\"thumbnail\":\"https:\\\/\\\/www.goyko.de\\\/wordpress\\\/wp-content\\\/uploads\\\/2020\\\/12\\\/Werkstatt-Rollbrett-80x80.jpg\",\"medium\":\"https:\\\/\\\/www.goyko.de\\\/wordpress\\\/wp-content\\\/uploads\\\/2020\\\/12\\\/Werkstatt-Rollbrett-300x300.jpg\",\"medium_large\":\"https:\\\/\\\/www.goyko.de\\\/wordpress\\\/wp-content\\\/uploads\\\/2020\\\/12\\\/Werkstatt-Rollbrett-768x768.jpg\",\"large\":\"https:\\\/\\\/www.goyko.de\\\/wordpress\\\/wp-content\\\/uploads\\\/2020\\\/12\\\/Werkstatt-Rollbrett-1024x1024.jpg\",\"1536x1536\":\"https:\\\/\\\/www.goyko.de\\\/wordpress\\\/wp-content\\\/uploads\\\/2020\\\/12\\\/Werkstatt-Rollbrett-1536x1536.jpg\",\"2048x2048\":\"https:\\\/\\\/www.goyko.de\\\/wordpress\\\/wp-content\\\/uploads\\\/2020\\\/12\\\/Werkstatt-Rollbrett.jpg\",\"full\":\"https:\\\/\\\/www.goyko.de\\\/wordpress\\\/wp-content\\\/uploads\\\/2020\\\/12\\\/Werkstatt-Rollbrett.jpg\",\"index\":45,\"video\":true,\"opts\":{\"caption\":\"\",\"thumb\":\"https:\\\/\\\/www.goyko.de\\\/wordpress\\\/wp-content\\\/uploads\\\/2020\\\/12\\\/Werkstatt-Rollbrett-75x50_c.jpg\",\"title\":\"Werkstatt-Rollbrett\"},\"gallery_id\":\"2574\"},{\"status\":\"active\",\"src\":\"https:\\\/\\\/www.goyko.de\\\/wordpress\\\/wp-content\\\/uploads\\\/2020\\\/12\\\/unterstellheber.jpg\",\"title\":\"unterstellheber\",\"link\":\"https:\\\/\\\/www.goyko.de\\\/wordpress\\\/wp-content\\\/uploads\\\/2020\\\/12\\\/unterstellheber.jpg\",\"alt\":\"Ein Mechaniker arbeitet an einem Fahrzeugreifen in einer Werkstatt. Der Mann tr&auml;gt schwarze Arbeitskleidung und gelbe Handschuhe. Der Reifen ist an einem gl&auml;nzenden schwarzen Rad befestigt. Ein roter Wagenheber wird verwendet, um das Fahrzeug anzuheben. Die Szene zeigt eine professionelle Umgebung f&uuml;r Reifenwechsel oder Fahrzeugreparaturen\",\"caption\":false,\"thumb\":\"https:\\\/\\\/www.goyko.de\\\/wordpress\\\/wp-content\\\/uploads\\\/2020\\\/12\\\/unterstellheber-75x50_c.jpg\",\"video_aspect_ratio\":\"\",\"video_width\":\"\",\"video_height\":\"\",\"video_in_gallery\":0,\"meta\":{\"aperture\":null,\"credit\":null,\"camera\":null,\"caption\":\"\",\"created_timestamp\":null,\"copyright\":\"Copyright 2017\",\"focal_length\":null,\"iso\":null,\"shutter_speed\":null,\"title\":\"\",\"orientation\":null,\"keywords\":null},\"thumbnail\":\"https:\\\/\\\/www.goyko.de\\\/wordpress\\\/wp-content\\\/uploads\\\/2020\\\/12\\\/unterstellheber-80x80.jpg\",\"medium\":\"https:\\\/\\\/www.goyko.de\\\/wordpress\\\/wp-content\\\/uploads\\\/2020\\\/12\\\/unterstellheber-300x300.jpg\",\"medium_large\":\"https:\\\/\\\/www.goyko.de\\\/wordpress\\\/wp-content\\\/uploads\\\/2020\\\/12\\\/unterstellheber-768x768.jpg\",\"large\":\"https:\\\/\\\/www.goyko.de\\\/wordpress\\\/wp-content\\\/uploads\\\/2020\\\/12\\\/unterstellheber-1024x1024.jpg\",\"1536x1536\":\"https:\\\/\\\/www.goyko.de\\\/wordpress\\\/wp-content\\\/uploads\\\/2020\\\/12\\\/unterstellheber-1536x1536.jpg\",\"2048x2048\":\"https:\\\/\\\/www.goyko.de\\\/wordpress\\\/wp-content\\\/uploads\\\/2020\\\/12\\\/unterstellheber.jpg\",\"full\":\"https:\\\/\\\/www.goyko.de\\\/wordpress\\\/wp-content\\\/uploads\\\/2020\\\/12\\\/unterstellheber.jpg\",\"index\":46,\"id\":3167,\"video\":true,\"opts\":{\"caption\":\"\",\"thumb\":\"https:\\\/\\\/www.goyko.de\\\/wordpress\\\/wp-content\\\/uploads\\\/2020\\\/12\\\/unterstellheber-75x50_c.jpg\",\"title\":\"unterstellheber\"},\"gallery_id\":\"2574\"},{\"status\":\"active\",\"src\":\"https:\\\/\\\/www.goyko.de\\\/wordpress\\\/wp-content\\\/uploads\\\/2020\\\/12\\\/Drehmomentschluessel.jpg\",\"title\":\"Drehmomentschluessel\",\"link\":\"https:\\\/\\\/www.goyko.de\\\/wordpress\\\/wp-content\\\/uploads\\\/2020\\\/12\\\/Drehmomentschluessel.jpg\",\"alt\":\"Ein Drehmomentschl&uuml;ssel aus gl&auml;nzendem Metall mit ergonomischem Griff, abgebildet zusammen mit einem schwarzen Kunststoff-Etui. Drei farblich markierte Steckn&uuml;sse (blau, gelb und rot) sind ebenfalls zu sehen, jeweils mit ihrer Gr&ouml;&szlig;enangabe beschriftet (17mm, 19mm, 21mm). Das Bild vermittelt eine professionelle Werkzeugauswahl f&uuml;r pr&auml;zise mechanische Arbeiten\",\"caption\":false,\"thumb\":\"https:\\\/\\\/www.goyko.de\\\/wordpress\\\/wp-content\\\/uploads\\\/2020\\\/12\\\/Drehmomentschluessel-75x50_c.jpg\",\"video_aspect_ratio\":\"\",\"video_width\":\"\",\"video_height\":\"\",\"video_in_gallery\":0,\"meta\":{\"aperture\":null,\"credit\":null,\"camera\":null,\"caption\":\"\",\"created_timestamp\":null,\"copyright\":null,\"focal_length\":null,\"iso\":null,\"shutter_speed\":null,\"title\":\"\",\"orientation\":null,\"keywords\":null},\"thumbnail\":\"https:\\\/\\\/www.goyko.de\\\/wordpress\\\/wp-content\\\/uploads\\\/2020\\\/12\\\/Drehmomentschluessel-80x80.jpg\",\"medium\":\"https:\\\/\\\/www.goyko.de\\\/wordpress\\\/wp-content\\\/uploads\\\/2020\\\/12\\\/Drehmomentschluessel-300x300.jpg\",\"medium_large\":\"https:\\\/\\\/www.goyko.de\\\/wordpress\\\/wp-content\\\/uploads\\\/2020\\\/12\\\/Drehmomentschluessel-768x768.jpg\",\"large\":\"https:\\\/\\\/www.goyko.de\\\/wordpress\\\/wp-content\\\/uploads\\\/2020\\\/12\\\/Drehmomentschluessel-1024x1024.jpg\",\"1536x1536\":\"https:\\\/\\\/www.goyko.de\\\/wordpress\\\/wp-content\\\/uploads\\\/2020\\\/12\\\/Drehmomentschluessel-1536x1536.jpg\",\"2048x2048\":\"https:\\\/\\\/www.goyko.de\\\/wordpress\\\/wp-content\\\/uploads\\\/2020\\\/12\\\/Drehmomentschluessel.jpg\",\"full\":\"https:\\\/\\\/www.goyko.de\\\/wordpress\\\/wp-content\\\/uploads\\\/2020\\\/12\\\/Drehmomentschluessel.jpg\",\"index\":47,\"id\":2707,\"video\":true,\"opts\":{\"caption\":\"\",\"thumb\":\"https:\\\/\\\/www.goyko.de\\\/wordpress\\\/wp-content\\\/uploads\\\/2020\\\/12\\\/Drehmomentschluessel-75x50_c.jpg\",\"title\":\"Drehmomentschluessel\"},\"gallery_id\":\"2574\"},{\"status\":\"active\",\"src\":\"https:\\\/\\\/www.goyko.de\\\/wordpress\\\/wp-content\\\/uploads\\\/2020\\\/12\\\/Arbeitshandschuhe.jpg\",\"title\":\"Arbeitshandschuhe\",\"link\":\"https:\\\/\\\/www.goyko.de\\\/wordpress\\\/wp-content\\\/uploads\\\/2020\\\/12\\\/Arbeitshandschuhe.jpg\",\"alt\":\"Ein Paar graue Arbeitshandschuhe mit rutschfester Beschichtung und elastischen B&uuml;ndchen. Die Handschuhe tragen Markierungen mit Standards und Kennzeichnungen f&uuml;r Arbeitsschutz (EN 388) und sind ideal f&uuml;r Pr&auml;zisionsarbeiten und Schutz vor leichten Verletzungen\",\"caption\":false,\"thumb\":\"https:\\\/\\\/www.goyko.de\\\/wordpress\\\/wp-content\\\/uploads\\\/2020\\\/12\\\/Arbeitshandschuhe-75x50_c.jpg\",\"id\":2706,\"video_aspect_ratio\":\"\",\"video_width\":\"\",\"video_height\":\"\",\"video_in_gallery\":0,\"meta\":{\"aperture\":null,\"credit\":null,\"camera\":null,\"caption\":\"\",\"created_timestamp\":null,\"copyright\":\"Copyright 2016\",\"focal_length\":null,\"iso\":null,\"shutter_speed\":null,\"title\":\"\",\"orientation\":null,\"keywords\":null},\"thumbnail\":\"https:\\\/\\\/www.goyko.de\\\/wordpress\\\/wp-content\\\/uploads\\\/2020\\\/12\\\/Arbeitshandschuhe-80x80.jpg\",\"medium\":\"https:\\\/\\\/www.goyko.de\\\/wordpress\\\/wp-content\\\/uploads\\\/2020\\\/12\\\/Arbeitshandschuhe-300x300.jpg\",\"medium_large\":\"https:\\\/\\\/www.goyko.de\\\/wordpress\\\/wp-content\\\/uploads\\\/2020\\\/12\\\/Arbeitshandschuhe-768x768.jpg\",\"large\":\"https:\\\/\\\/www.goyko.de\\\/wordpress\\\/wp-content\\\/uploads\\\/2020\\\/12\\\/Arbeitshandschuhe-1024x1024.jpg\",\"1536x1536\":\"https:\\\/\\\/www.goyko.de\\\/wordpress\\\/wp-content\\\/uploads\\\/2020\\\/12\\\/Arbeitshandschuhe-1536x1536.jpg\",\"2048x2048\":\"https:\\\/\\\/www.goyko.de\\\/wordpress\\\/wp-content\\\/uploads\\\/2020\\\/12\\\/Arbeitshandschuhe.jpg\",\"full\":\"https:\\\/\\\/www.goyko.de\\\/wordpress\\\/wp-content\\\/uploads\\\/2020\\\/12\\\/Arbeitshandschuhe.jpg\",\"index\":48,\"video\":true,\"opts\":{\"caption\":\"\",\"thumb\":\"https:\\\/\\\/www.goyko.de\\\/wordpress\\\/wp-content\\\/uploads\\\/2020\\\/12\\\/Arbeitshandschuhe-75x50_c.jpg\",\"title\":\"Arbeitshandschuhe\"},\"gallery_id\":\"2574\"},{\"status\":\"active\",\"src\":\"https:\\\/\\\/www.goyko.de\\\/wordpress\\\/wp-content\\\/uploads\\\/2020\\\/12\\\/Auspinwerzeug-Set-mit-Koffer.jpg\",\"title\":\"Auspinwerzeug-Set-mit-Koffer\",\"link\":\"https:\\\/\\\/www.goyko.de\\\/wordpress\\\/wp-content\\\/uploads\\\/2020\\\/12\\\/Auspinwerzeug-Set-mit-Koffer.jpg\",\"alt\":\"Ein Set von Auspin-Werkzeugen in einer roten Kunststoff-Aufbewahrungsbox. Die Werkzeuge haben schwarze Griffe mit roten Markierungen und sind in verschiedenen Gr&ouml;&szlig;en und Formen verf&uuml;gbar. Das Set eignet sich f&uuml;r detaillierte Arbeiten und Reparaturen\",\"caption\":false,\"thumb\":\"https:\\\/\\\/www.goyko.de\\\/wordpress\\\/wp-content\\\/uploads\\\/2020\\\/12\\\/Auspinwerzeug-Set-mit-Koffer-75x50_c.jpg\",\"video_aspect_ratio\":\"\",\"video_width\":\"\",\"video_height\":\"\",\"video_in_gallery\":0,\"meta\":{\"aperture\":null,\"credit\":\"Goyko Kleensang\",\"camera\":null,\"caption\":\"\",\"created_timestamp\":\"1608279377\",\"copyright\":null,\"focal_length\":null,\"iso\":null,\"shutter_speed\":null,\"title\":\"\",\"orientation\":null,\"keywords\":null},\"thumbnail\":\"https:\\\/\\\/www.goyko.de\\\/wordpress\\\/wp-content\\\/uploads\\\/2020\\\/12\\\/Auspinwerzeug-Set-mit-Koffer-80x80.jpg\",\"medium\":\"https:\\\/\\\/www.goyko.de\\\/wordpress\\\/wp-content\\\/uploads\\\/2020\\\/12\\\/Auspinwerzeug-Set-mit-Koffer-300x300.jpg\",\"medium_large\":\"https:\\\/\\\/www.goyko.de\\\/wordpress\\\/wp-content\\\/uploads\\\/2020\\\/12\\\/Auspinwerzeug-Set-mit-Koffer-768x768.jpg\",\"large\":\"https:\\\/\\\/www.goyko.de\\\/wordpress\\\/wp-content\\\/uploads\\\/2020\\\/12\\\/Auspinwerzeug-Set-mit-Koffer-1024x1024.jpg\",\"1536x1536\":\"https:\\\/\\\/www.goyko.de\\\/wordpress\\\/wp-content\\\/uploads\\\/2020\\\/12\\\/Auspinwerzeug-Set-mit-Koffer-1536x1536.jpg\",\"2048x2048\":\"https:\\\/\\\/www.goyko.de\\\/wordpress\\\/wp-content\\\/uploads\\\/2020\\\/12\\\/Auspinwerzeug-Set-mit-Koffer.jpg\",\"full\":\"https:\\\/\\\/www.goyko.de\\\/wordpress\\\/wp-content\\\/uploads\\\/2020\\\/12\\\/Auspinwerzeug-Set-mit-Koffer.jpg\",\"index\":49,\"id\":2698,\"video\":true,\"opts\":{\"caption\":\"\",\"thumb\":\"https:\\\/\\\/www.goyko.de\\\/wordpress\\\/wp-content\\\/uploads\\\/2020\\\/12\\\/Auspinwerzeug-Set-mit-Koffer-75x50_c.jpg\",\"title\":\"Auspinwerzeug-Set-mit-Koffer\"},\"gallery_id\":\"2574\"},{\"status\":\"active\",\"src\":\"https:\\\/\\\/www.goyko.de\\\/wordpress\\\/wp-content\\\/uploads\\\/2020\\\/12\\\/Kuehlsystem-Pruef-und-Befuellset-komplett.jpg\",\"title\":\"Kuehlsystem-Pruef-und-Befuellset-komplett\",\"link\":\"https:\\\/\\\/www.goyko.de\\\/wordpress\\\/wp-content\\\/uploads\\\/2020\\\/12\\\/Kuehlsystem-Pruef-und-Befuellset-komplett.jpg\",\"alt\":\"Ein rotes Diagnosewerkzeug-Set f&uuml;r Fahrzeuge, das verschiedene Adapter, Schl&auml;uche und Manometer umfasst. Die enthaltenen Druckanzeigen zeigen Messungen in psi, bar und Temperatur in Celsius an. Geeignet f&uuml;r K&uuml;hlsystemtests und andere Automobil-Diagnosearbeiten\",\"caption\":false,\"thumb\":\"https:\\\/\\\/www.goyko.de\\\/wordpress\\\/wp-content\\\/uploads\\\/2020\\\/12\\\/Kuehlsystem-Pruef-und-Befuellset-komplett-75x50_c.jpg\",\"video_aspect_ratio\":\"\",\"video_width\":\"\",\"video_height\":\"\",\"video_in_gallery\":0,\"meta\":{\"aperture\":null,\"credit\":\"Goyko Kleensang\",\"camera\":null,\"caption\":\"\",\"created_timestamp\":\"1608635721\",\"copyright\":null,\"focal_length\":null,\"iso\":null,\"shutter_speed\":null,\"title\":\"\",\"orientation\":null,\"keywords\":null},\"thumbnail\":\"https:\\\/\\\/www.goyko.de\\\/wordpress\\\/wp-content\\\/uploads\\\/2020\\\/12\\\/Kuehlsystem-Pruef-und-Befuellset-komplett-80x80.jpg\",\"medium\":\"https:\\\/\\\/www.goyko.de\\\/wordpress\\\/wp-content\\\/uploads\\\/2020\\\/12\\\/Kuehlsystem-Pruef-und-Befuellset-komplett-300x300.jpg\",\"medium_large\":\"https:\\\/\\\/www.goyko.de\\\/wordpress\\\/wp-content\\\/uploads\\\/2020\\\/12\\\/Kuehlsystem-Pruef-und-Befuellset-komplett-768x768.jpg\",\"large\":\"https:\\\/\\\/www.goyko.de\\\/wordpress\\\/wp-content\\\/uploads\\\/2020\\\/12\\\/Kuehlsystem-Pruef-und-Befuellset-komplett-1024x1024.jpg\",\"1536x1536\":\"https:\\\/\\\/www.goyko.de\\\/wordpress\\\/wp-content\\\/uploads\\\/2020\\\/12\\\/Kuehlsystem-Pruef-und-Befuellset-komplett-1536x1536.jpg\",\"2048x2048\":\"https:\\\/\\\/www.goyko.de\\\/wordpress\\\/wp-content\\\/uploads\\\/2020\\\/12\\\/Kuehlsystem-Pruef-und-Befuellset-komplett.jpg\",\"full\":\"https:\\\/\\\/www.goyko.de\\\/wordpress\\\/wp-content\\\/uploads\\\/2020\\\/12\\\/Kuehlsystem-Pruef-und-Befuellset-komplett.jpg\",\"index\":50,\"id\":2700,\"video\":true,\"opts\":{\"caption\":\"\",\"thumb\":\"https:\\\/\\\/www.goyko.de\\\/wordpress\\\/wp-content\\\/uploads\\\/2020\\\/12\\\/Kuehlsystem-Pruef-und-Befuellset-komplett-75x50_c.jpg\",\"title\":\"Kuehlsystem-Pruef-und-Befuellset-komplett\"},\"gallery_id\":\"2574\"},{\"status\":\"active\",\"src\":\"https:\\\/\\\/www.goyko.de\\\/wordpress\\\/wp-content\\\/uploads\\\/2020\\\/12\\\/Kuehlsystem-Pruef-und-Befuellset-Kernelement.jpg\",\"title\":\"Kuehlsystem-Pruef-und-Befuellset-Kernelement\",\"link\":\"https:\\\/\\\/www.goyko.de\\\/wordpress\\\/wp-content\\\/uploads\\\/2020\\\/12\\\/Kuehlsystem-Pruef-und-Befuellset-Kernelement.jpg\",\"alt\":\"Ein Automobil-Vakuum-Diagnoseger&auml;t mit Manometer, Kettenaufh&auml;ngung, blauen und schwarzen Komponenten sowie einem flexiblen blauen Schlauch. Das Ger&auml;t wird verwendet, um Druck und Vakuum in Fahrzeugsystemen zu messen und zu regulieren\",\"caption\":false,\"thumb\":\"https:\\\/\\\/www.goyko.de\\\/wordpress\\\/wp-content\\\/uploads\\\/2020\\\/12\\\/Kuehlsystem-Pruef-und-Befuellset-Kernelement-75x50_c.jpg\",\"video_aspect_ratio\":\"\",\"video_width\":\"\",\"video_height\":\"\",\"video_in_gallery\":0,\"meta\":{\"aperture\":null,\"credit\":\"Goyko Kleensang\",\"camera\":null,\"caption\":\"\",\"created_timestamp\":\"1608643638\",\"copyright\":null,\"focal_length\":null,\"iso\":null,\"shutter_speed\":null,\"title\":\"\",\"orientation\":null,\"keywords\":null},\"thumbnail\":\"https:\\\/\\\/www.goyko.de\\\/wordpress\\\/wp-content\\\/uploads\\\/2020\\\/12\\\/Kuehlsystem-Pruef-und-Befuellset-Kernelement-80x80.jpg\",\"medium\":\"https:\\\/\\\/www.goyko.de\\\/wordpress\\\/wp-content\\\/uploads\\\/2020\\\/12\\\/Kuehlsystem-Pruef-und-Befuellset-Kernelement-300x300.jpg\",\"medium_large\":\"https:\\\/\\\/www.goyko.de\\\/wordpress\\\/wp-content\\\/uploads\\\/2020\\\/12\\\/Kuehlsystem-Pruef-und-Befuellset-Kernelement-768x768.jpg\",\"large\":\"https:\\\/\\\/www.goyko.de\\\/wordpress\\\/wp-content\\\/uploads\\\/2020\\\/12\\\/Kuehlsystem-Pruef-und-Befuellset-Kernelement-1024x1024.jpg\",\"1536x1536\":\"https:\\\/\\\/www.goyko.de\\\/wordpress\\\/wp-content\\\/uploads\\\/2020\\\/12\\\/Kuehlsystem-Pruef-und-Befuellset-Kernelement-1536x1536.jpg\",\"2048x2048\":\"https:\\\/\\\/www.goyko.de\\\/wordpress\\\/wp-content\\\/uploads\\\/2020\\\/12\\\/Kuehlsystem-Pruef-und-Befuellset-Kernelement.jpg\",\"full\":\"https:\\\/\\\/www.goyko.de\\\/wordpress\\\/wp-content\\\/uploads\\\/2020\\\/12\\\/Kuehlsystem-Pruef-und-Befuellset-Kernelement.jpg\",\"index\":51,\"id\":2699,\"video\":true,\"opts\":{\"caption\":\"\",\"thumb\":\"https:\\\/\\\/www.goyko.de\\\/wordpress\\\/wp-content\\\/uploads\\\/2020\\\/12\\\/Kuehlsystem-Pruef-und-Befuellset-Kernelement-75x50_c.jpg\",\"title\":\"Kuehlsystem-Pruef-und-Befuellset-Kernelement\"},\"gallery_id\":\"2574\"},{\"status\":\"active\",\"src\":\"https:\\\/\\\/www.goyko.de\\\/wordpress\\\/wp-content\\\/uploads\\\/2020\\\/12\\\/Kuehlsystem-Pruef-und-Befuellset-Stutzen.jpg\",\"title\":\"Kuehlsystem-Pruef-und-Befuellset-Stutzen\",\"link\":\"https:\\\/\\\/www.goyko.de\\\/wordpress\\\/wp-content\\\/uploads\\\/2020\\\/12\\\/Kuehlsystem-Pruef-und-Befuellset-Stutzen.jpg\",\"alt\":\"Eine Nahaufnahme von drei metallischen Adapterkappen, die f&uuml;r den Einsatz in K&uuml;hlsystemen von Fahrzeugen bestimmt sind. Die Kappen haben glatte Oberfl&auml;chen und sind mit Anschl&uuml;ssen zur Verwendung mit Test- oder Diagnoseger&auml;ten ausgestattet\",\"caption\":false,\"thumb\":\"https:\\\/\\\/www.goyko.de\\\/wordpress\\\/wp-content\\\/uploads\\\/2020\\\/12\\\/Kuehlsystem-Pruef-und-Befuellset-Stutzen-75x50_c.jpg\",\"video_aspect_ratio\":\"\",\"video_width\":\"\",\"video_height\":\"\",\"video_in_gallery\":0,\"meta\":{\"aperture\":null,\"credit\":\"Goyko Kleensang\",\"camera\":null,\"caption\":\"\",\"created_timestamp\":\"1608727588\",\"copyright\":\"Copyright 2017\",\"focal_length\":null,\"iso\":null,\"shutter_speed\":null,\"title\":\"\",\"orientation\":null,\"keywords\":null},\"thumbnail\":\"https:\\\/\\\/www.goyko.de\\\/wordpress\\\/wp-content\\\/uploads\\\/2020\\\/12\\\/Kuehlsystem-Pruef-und-Befuellset-Stutzen-80x80.jpg\",\"medium\":\"https:\\\/\\\/www.goyko.de\\\/wordpress\\\/wp-content\\\/uploads\\\/2020\\\/12\\\/Kuehlsystem-Pruef-und-Befuellset-Stutzen-300x300.jpg\",\"medium_large\":\"https:\\\/\\\/www.goyko.de\\\/wordpress\\\/wp-content\\\/uploads\\\/2020\\\/12\\\/Kuehlsystem-Pruef-und-Befuellset-Stutzen-768x768.jpg\",\"large\":\"https:\\\/\\\/www.goyko.de\\\/wordpress\\\/wp-content\\\/uploads\\\/2020\\\/12\\\/Kuehlsystem-Pruef-und-Befuellset-Stutzen-1024x1024.jpg\",\"1536x1536\":\"https:\\\/\\\/www.goyko.de\\\/wordpress\\\/wp-content\\\/uploads\\\/2020\\\/12\\\/Kuehlsystem-Pruef-und-Befuellset-Stutzen-1536x1536.jpg\",\"2048x2048\":\"https:\\\/\\\/www.goyko.de\\\/wordpress\\\/wp-content\\\/uploads\\\/2020\\\/12\\\/Kuehlsystem-Pruef-und-Befuellset-Stutzen.jpg\",\"full\":\"https:\\\/\\\/www.goyko.de\\\/wordpress\\\/wp-content\\\/uploads\\\/2020\\\/12\\\/Kuehlsystem-Pruef-und-Befuellset-Stutzen.jpg\",\"index\":52,\"id\":2701,\"video\":true,\"opts\":{\"caption\":\"\",\"thumb\":\"https:\\\/\\\/www.goyko.de\\\/wordpress\\\/wp-content\\\/uploads\\\/2020\\\/12\\\/Kuehlsystem-Pruef-und-Befuellset-Stutzen-75x50_c.jpg\",\"title\":\"Kuehlsystem-Pruef-und-Befuellset-Stutzen\"},\"gallery_id\":\"2574\"},{\"status\":\"active\",\"src\":\"https:\\\/\\\/www.goyko.de\\\/wordpress\\\/wp-content\\\/uploads\\\/2020\\\/12\\\/Kuehlsystem-Pruef-und-Befuellset-Ventil.jpg\",\"title\":\"Kuehlsystem-Pruef-und-Befuellset-Ventil\",\"link\":\"https:\\\/\\\/www.goyko.de\\\/wordpress\\\/wp-content\\\/uploads\\\/2020\\\/12\\\/Kuehlsystem-Pruef-und-Befuellset-Ventil.jpg\",\"alt\":\"Eine Nahaufnahme eines Messinganschlusses, der an einem schwarzen Kunststoffgeh&auml;use befestigt ist. Der Anschluss verf&uuml;gt &uuml;ber ein strukturiertes Muster f&uuml;r besseren Halt, und es sind zwei rote Hebel sichtbar, die wahrscheinlich zur Steuerung oder Verriegelung dienen\",\"caption\":false,\"thumb\":\"https:\\\/\\\/www.goyko.de\\\/wordpress\\\/wp-content\\\/uploads\\\/2020\\\/12\\\/Kuehlsystem-Pruef-und-Befuellset-Ventil-75x50_c.jpg\",\"video_aspect_ratio\":\"\",\"video_width\":\"\",\"video_height\":\"\",\"video_in_gallery\":0,\"meta\":{\"aperture\":null,\"credit\":\"Goyko Kleensang\",\"camera\":null,\"caption\":\"\",\"created_timestamp\":\"1608643923\",\"copyright\":null,\"focal_length\":null,\"iso\":null,\"shutter_speed\":null,\"title\":\"\",\"orientation\":null,\"keywords\":null},\"thumbnail\":\"https:\\\/\\\/www.goyko.de\\\/wordpress\\\/wp-content\\\/uploads\\\/2020\\\/12\\\/Kuehlsystem-Pruef-und-Befuellset-Ventil-80x80.jpg\",\"medium\":\"https:\\\/\\\/www.goyko.de\\\/wordpress\\\/wp-content\\\/uploads\\\/2020\\\/12\\\/Kuehlsystem-Pruef-und-Befuellset-Ventil-300x300.jpg\",\"medium_large\":\"https:\\\/\\\/www.goyko.de\\\/wordpress\\\/wp-content\\\/uploads\\\/2020\\\/12\\\/Kuehlsystem-Pruef-und-Befuellset-Ventil-768x768.jpg\",\"large\":\"https:\\\/\\\/www.goyko.de\\\/wordpress\\\/wp-content\\\/uploads\\\/2020\\\/12\\\/Kuehlsystem-Pruef-und-Befuellset-Ventil-1024x1024.jpg\",\"1536x1536\":\"https:\\\/\\\/www.goyko.de\\\/wordpress\\\/wp-content\\\/uploads\\\/2020\\\/12\\\/Kuehlsystem-Pruef-und-Befuellset-Ventil-1536x1536.jpg\",\"2048x2048\":\"https:\\\/\\\/www.goyko.de\\\/wordpress\\\/wp-content\\\/uploads\\\/2020\\\/12\\\/Kuehlsystem-Pruef-und-Befuellset-Ventil.jpg\",\"full\":\"https:\\\/\\\/www.goyko.de\\\/wordpress\\\/wp-content\\\/uploads\\\/2020\\\/12\\\/Kuehlsystem-Pruef-und-Befuellset-Ventil.jpg\",\"index\":53,\"id\":2702,\"video\":true,\"opts\":{\"caption\":\"\",\"thumb\":\"https:\\\/\\\/www.goyko.de\\\/wordpress\\\/wp-content\\\/uploads\\\/2020\\\/12\\\/Kuehlsystem-Pruef-und-Befuellset-Ventil-75x50_c.jpg\",\"title\":\"Kuehlsystem-Pruef-und-Befuellset-Ventil\"},\"gallery_id\":\"2574\"},{\"status\":\"active\",\"src\":\"https:\\\/\\\/www.goyko.de\\\/wordpress\\\/wp-content\\\/uploads\\\/2020\\\/12\\\/Abziehset-fuer-Kugelgelenke.jpg\",\"title\":\"Abziehset-fuer-Kugelgelenke\",\"link\":\"https:\\\/\\\/www.goyko.de\\\/wordpress\\\/wp-content\\\/uploads\\\/2020\\\/12\\\/Abziehset-fuer-Kugelgelenke.jpg\",\"alt\":\"Ein Set von Abziehern und Trennwerkzeugen aus Metall, die f&uuml;r die Fahrzeugreparatur verwendet werden. Das Set beinhaltet mehrere verschiedene Werkzeuge sowie eine rote, robuste Kunststoff-Tragetasche mit Griff und Verschlussmechanismus\",\"caption\":false,\"thumb\":\"https:\\\/\\\/www.goyko.de\\\/wordpress\\\/wp-content\\\/uploads\\\/2020\\\/12\\\/Abziehset-fuer-Kugelgelenke-75x50_c.jpg\",\"video_aspect_ratio\":\"\",\"video_width\":\"\",\"video_height\":\"\",\"video_in_gallery\":0,\"meta\":{\"aperture\":null,\"credit\":\"Goyko Kleensang\",\"camera\":null,\"caption\":\"\",\"created_timestamp\":\"1608557773\",\"copyright\":\"Copyright 2017\",\"focal_length\":null,\"iso\":null,\"shutter_speed\":null,\"title\":\"\",\"orientation\":null,\"keywords\":null},\"thumbnail\":\"https:\\\/\\\/www.goyko.de\\\/wordpress\\\/wp-content\\\/uploads\\\/2020\\\/12\\\/Abziehset-fuer-Kugelgelenke-80x80.jpg\",\"medium\":\"https:\\\/\\\/www.goyko.de\\\/wordpress\\\/wp-content\\\/uploads\\\/2020\\\/12\\\/Abziehset-fuer-Kugelgelenke-300x300.jpg\",\"medium_large\":\"https:\\\/\\\/www.goyko.de\\\/wordpress\\\/wp-content\\\/uploads\\\/2020\\\/12\\\/Abziehset-fuer-Kugelgelenke-768x768.jpg\",\"large\":\"https:\\\/\\\/www.goyko.de\\\/wordpress\\\/wp-content\\\/uploads\\\/2020\\\/12\\\/Abziehset-fuer-Kugelgelenke-1024x1024.jpg\",\"1536x1536\":\"https:\\\/\\\/www.goyko.de\\\/wordpress\\\/wp-content\\\/uploads\\\/2020\\\/12\\\/Abziehset-fuer-Kugelgelenke-1536x1536.jpg\",\"2048x2048\":\"https:\\\/\\\/www.goyko.de\\\/wordpress\\\/wp-content\\\/uploads\\\/2020\\\/12\\\/Abziehset-fuer-Kugelgelenke.jpg\",\"full\":\"https:\\\/\\\/www.goyko.de\\\/wordpress\\\/wp-content\\\/uploads\\\/2020\\\/12\\\/Abziehset-fuer-Kugelgelenke.jpg\",\"index\":54,\"id\":2695,\"video\":true,\"opts\":{\"caption\":\"\",\"thumb\":\"https:\\\/\\\/www.goyko.de\\\/wordpress\\\/wp-content\\\/uploads\\\/2020\\\/12\\\/Abziehset-fuer-Kugelgelenke-75x50_c.jpg\",\"title\":\"Abziehset-fuer-Kugelgelenke\"},\"gallery_id\":\"2574\"},{\"status\":\"active\",\"src\":\"https:\\\/\\\/www.goyko.de\\\/wordpress\\\/wp-content\\\/uploads\\\/2020\\\/12\\\/Laserlampe.jpg\",\"title\":\"Laserlampe\",\"link\":\"https:\\\/\\\/www.goyko.de\\\/wordpress\\\/wp-content\\\/uploads\\\/2020\\\/12\\\/Laserlampe.jpg\",\"alt\":\"Ein blaues Lichtprojektor-Ger&auml;t auf einem Holzfu&szlig;boden, projiziert ein faszinierendes Muster aus roten und gr&uuml;nen Lichtern auf eine dunkle Ziegelwand. Im Hintergrund befindet sich eine Topfpflanze f&uuml;r Ambiente\",\"caption\":false,\"thumb\":\"https:\\\/\\\/www.goyko.de\\\/wordpress\\\/wp-content\\\/uploads\\\/2020\\\/12\\\/Laserlampe-75x50_c.jpg\",\"video_aspect_ratio\":\"\",\"video_width\":\"\",\"video_height\":\"\",\"video_in_gallery\":0,\"meta\":{\"aperture\":null,\"credit\":\"Goyko Kleensang\",\"camera\":null,\"caption\":\"\",\"created_timestamp\":\"1532942094\",\"copyright\":\"Copyright 2017\",\"focal_length\":null,\"iso\":null,\"shutter_speed\":null,\"title\":\"\",\"orientation\":null,\"keywords\":null},\"thumbnail\":\"https:\\\/\\\/www.goyko.de\\\/wordpress\\\/wp-content\\\/uploads\\\/2020\\\/12\\\/Laserlampe-80x80.jpg\",\"medium\":\"https:\\\/\\\/www.goyko.de\\\/wordpress\\\/wp-content\\\/uploads\\\/2020\\\/12\\\/Laserlampe-300x300.jpg\",\"medium_large\":\"https:\\\/\\\/www.goyko.de\\\/wordpress\\\/wp-content\\\/uploads\\\/2020\\\/12\\\/Laserlampe-768x768.jpg\",\"large\":\"https:\\\/\\\/www.goyko.de\\\/wordpress\\\/wp-content\\\/uploads\\\/2020\\\/12\\\/Laserlampe-1024x1024.jpg\",\"1536x1536\":\"https:\\\/\\\/www.goyko.de\\\/wordpress\\\/wp-content\\\/uploads\\\/2020\\\/12\\\/Laserlampe-1536x1536.jpg\",\"2048x2048\":\"https:\\\/\\\/www.goyko.de\\\/wordpress\\\/wp-content\\\/uploads\\\/2020\\\/12\\\/Laserlampe.jpg\",\"full\":\"https:\\\/\\\/www.goyko.de\\\/wordpress\\\/wp-content\\\/uploads\\\/2020\\\/12\\\/Laserlampe.jpg\",\"index\":55,\"id\":2690,\"video\":true,\"opts\":{\"caption\":\"\",\"thumb\":\"https:\\\/\\\/www.goyko.de\\\/wordpress\\\/wp-content\\\/uploads\\\/2020\\\/12\\\/Laserlampe-75x50_c.jpg\",\"title\":\"Laserlampe\"},\"gallery_id\":\"2574\"},{\"status\":\"active\",\"src\":\"https:\\\/\\\/www.goyko.de\\\/wordpress\\\/wp-content\\\/uploads\\\/2020\\\/12\\\/Schluesselkasten.jpg\",\"title\":\"Schluesselkasten\",\"link\":\"https:\\\/\\\/www.goyko.de\\\/wordpress\\\/wp-content\\\/uploads\\\/2020\\\/12\\\/Schluesselkasten.jpg\",\"alt\":\"Ein beige lackierter Schl&uuml;sselkasten mit ge&ouml;ffneter T&uuml;r, der mehrere Hakenreihen im Inneren zeigt. Im Vordergrund befinden sich bunte Schl&uuml;sselanh&auml;nger in verschiedenen Farben (schwarz, wei&szlig;, gelb, rot, blau, gr&uuml;n), Schrauben, D&uuml;bel, ein Schl&uuml;sselpaar und ein nummerierter Aufkleberstreifen f&uuml;r die Organisation\",\"caption\":false,\"thumb\":\"https:\\\/\\\/www.goyko.de\\\/wordpress\\\/wp-content\\\/uploads\\\/2020\\\/12\\\/Schluesselkasten-75x50_c.jpg\",\"video_aspect_ratio\":\"\",\"video_width\":\"\",\"video_height\":\"\",\"video_in_gallery\":0,\"meta\":{\"aperture\":null,\"credit\":\"Goyko Kleensang\",\"camera\":null,\"caption\":\"\",\"created_timestamp\":\"1512731977\",\"copyright\":\"Copyright 2016\",\"focal_length\":null,\"iso\":null,\"shutter_speed\":null,\"title\":\"\",\"orientation\":null,\"keywords\":null},\"thumbnail\":\"https:\\\/\\\/www.goyko.de\\\/wordpress\\\/wp-content\\\/uploads\\\/2020\\\/12\\\/Schluesselkasten-80x80.jpg\",\"medium\":\"https:\\\/\\\/www.goyko.de\\\/wordpress\\\/wp-content\\\/uploads\\\/2020\\\/12\\\/Schluesselkasten-300x300.jpg\",\"medium_large\":\"https:\\\/\\\/www.goyko.de\\\/wordpress\\\/wp-content\\\/uploads\\\/2020\\\/12\\\/Schluesselkasten-768x768.jpg\",\"large\":\"https:\\\/\\\/www.goyko.de\\\/wordpress\\\/wp-content\\\/uploads\\\/2020\\\/12\\\/Schluesselkasten-1024x1024.jpg\",\"1536x1536\":\"https:\\\/\\\/www.goyko.de\\\/wordpress\\\/wp-content\\\/uploads\\\/2020\\\/12\\\/Schluesselkasten-1536x1536.jpg\",\"2048x2048\":\"https:\\\/\\\/www.goyko.de\\\/wordpress\\\/wp-content\\\/uploads\\\/2020\\\/12\\\/Schluesselkasten.jpg\",\"full\":\"https:\\\/\\\/www.goyko.de\\\/wordpress\\\/wp-content\\\/uploads\\\/2020\\\/12\\\/Schluesselkasten.jpg\",\"index\":56,\"id\":2692,\"video\":true,\"opts\":{\"caption\":\"\",\"thumb\":\"https:\\\/\\\/www.goyko.de\\\/wordpress\\\/wp-content\\\/uploads\\\/2020\\\/12\\\/Schluesselkasten-75x50_c.jpg\",\"title\":\"Schluesselkasten\"},\"gallery_id\":\"2574\"},{\"status\":\"active\",\"src\":\"https:\\\/\\\/www.goyko.de\\\/wordpress\\\/wp-content\\\/uploads\\\/2020\\\/12\\\/Fensterrollo-Sternchenmuster.jpg\",\"title\":\"PVC window isolated on white\",\"link\":\"https:\\\/\\\/www.goyko.de\\\/wordpress\\\/wp-content\\\/uploads\\\/2020\\\/12\\\/Fensterrollo-Sternchenmuster.jpg\",\"alt\":\"Ein Fenster mit einem Rollo im Sternen-Design, das einen dunklen Nachthimmel mit gelben und wei&szlig;en Sternen zeigt. Durch das Fenster ist eine n&auml;chtliche Parkszene mit B&auml;umen und Stra&szlig;enlaternen sichtbar. Auf der Fensterbank stehen ein gr&uuml;nes Gie&szlig;k&auml;nnchen mit Blumen und ein kleiner Blumentopf mit rosa Tulpen\",\"caption\":\"PVC window isolated on white background, front view\",\"thumb\":\"https:\\\/\\\/www.goyko.de\\\/wordpress\\\/wp-content\\\/uploads\\\/2020\\\/12\\\/Fensterrollo-Sternchenmuster-75x50_c.jpg\",\"video_aspect_ratio\":\"\",\"video_width\":\"\",\"video_height\":\"\",\"video_in_gallery\":0,\"meta\":{\"aperture\":null,\"credit\":\"magraphics - stock.adobe.com\",\"camera\":null,\"caption\":\"PVC window isolated on white background, front view\",\"created_timestamp\":null,\"copyright\":\"\u00a9magraphics - stock.adobe.com\",\"focal_length\":null,\"iso\":null,\"shutter_speed\":null,\"title\":\"PVC window isolated on white\",\"orientation\":null,\"keywords\":null},\"thumbnail\":\"https:\\\/\\\/www.goyko.de\\\/wordpress\\\/wp-content\\\/uploads\\\/2020\\\/12\\\/Fensterrollo-Sternchenmuster-80x80.jpg\",\"medium\":\"https:\\\/\\\/www.goyko.de\\\/wordpress\\\/wp-content\\\/uploads\\\/2020\\\/12\\\/Fensterrollo-Sternchenmuster-300x300.jpg\",\"medium_large\":\"https:\\\/\\\/www.goyko.de\\\/wordpress\\\/wp-content\\\/uploads\\\/2020\\\/12\\\/Fensterrollo-Sternchenmuster-768x768.jpg\",\"large\":\"https:\\\/\\\/www.goyko.de\\\/wordpress\\\/wp-content\\\/uploads\\\/2020\\\/12\\\/Fensterrollo-Sternchenmuster-1024x1024.jpg\",\"1536x1536\":\"https:\\\/\\\/www.goyko.de\\\/wordpress\\\/wp-content\\\/uploads\\\/2020\\\/12\\\/Fensterrollo-Sternchenmuster-1536x1536.jpg\",\"2048x2048\":\"https:\\\/\\\/www.goyko.de\\\/wordpress\\\/wp-content\\\/uploads\\\/2020\\\/12\\\/Fensterrollo-Sternchenmuster.jpg\",\"full\":\"https:\\\/\\\/www.goyko.de\\\/wordpress\\\/wp-content\\\/uploads\\\/2020\\\/12\\\/Fensterrollo-Sternchenmuster.jpg\",\"index\":57,\"id\":2689,\"video\":true,\"opts\":{\"caption\":\"PVC window isolated on white background, front view\",\"thumb\":\"https:\\\/\\\/www.goyko.de\\\/wordpress\\\/wp-content\\\/uploads\\\/2020\\\/12\\\/Fensterrollo-Sternchenmuster-75x50_c.jpg\",\"title\":\"PVC window isolated on white\"},\"gallery_id\":\"2574\"},{\"status\":\"active\",\"src\":\"https:\\\/\\\/www.goyko.de\\\/wordpress\\\/wp-content\\\/uploads\\\/2020\\\/12\\\/Steckerleisten-Uebersicht.jpg\",\"title\":\"Steckerleisten-Uebersicht\",\"link\":\"https:\\\/\\\/www.goyko.de\\\/wordpress\\\/wp-content\\\/uploads\\\/2020\\\/12\\\/Steckerleisten-Uebersicht.jpg\",\"alt\":\"Mehrere Steckdosenleisten in Schwarz und Wei&szlig;, jeweils mit roten Kippschaltern zum Ein- und Ausschalten. Die Steckdosenleisten variieren in der Anzahl der Steckpl&auml;tze, von drei bis zu acht Steckdosen. Links und rechts sind die entsprechenden Kabelenden mit Schuko-Steckern sichtbar\",\"caption\":false,\"thumb\":\"https:\\\/\\\/www.goyko.de\\\/wordpress\\\/wp-content\\\/uploads\\\/2020\\\/12\\\/Steckerleisten-Uebersicht-75x50_c.jpg\",\"video_aspect_ratio\":\"\",\"video_width\":\"\",\"video_height\":\"\",\"video_in_gallery\":0,\"meta\":{\"aperture\":null,\"credit\":\"Goyko Kleensang\",\"camera\":null,\"caption\":\"\",\"created_timestamp\":\"1469011372\",\"copyright\":\"Copyright 2016\",\"focal_length\":null,\"iso\":null,\"shutter_speed\":null,\"title\":\"\",\"orientation\":null,\"keywords\":null},\"thumbnail\":\"https:\\\/\\\/www.goyko.de\\\/wordpress\\\/wp-content\\\/uploads\\\/2020\\\/12\\\/Steckerleisten-Uebersicht-80x80.jpg\",\"medium\":\"https:\\\/\\\/www.goyko.de\\\/wordpress\\\/wp-content\\\/uploads\\\/2020\\\/12\\\/Steckerleisten-Uebersicht-300x300.jpg\",\"medium_large\":\"https:\\\/\\\/www.goyko.de\\\/wordpress\\\/wp-content\\\/uploads\\\/2020\\\/12\\\/Steckerleisten-Uebersicht-768x768.jpg\",\"large\":\"https:\\\/\\\/www.goyko.de\\\/wordpress\\\/wp-content\\\/uploads\\\/2020\\\/12\\\/Steckerleisten-Uebersicht-1024x1024.jpg\",\"1536x1536\":\"https:\\\/\\\/www.goyko.de\\\/wordpress\\\/wp-content\\\/uploads\\\/2020\\\/12\\\/Steckerleisten-Uebersicht-1536x1536.jpg\",\"2048x2048\":\"https:\\\/\\\/www.goyko.de\\\/wordpress\\\/wp-content\\\/uploads\\\/2020\\\/12\\\/Steckerleisten-Uebersicht.jpg\",\"full\":\"https:\\\/\\\/www.goyko.de\\\/wordpress\\\/wp-content\\\/uploads\\\/2020\\\/12\\\/Steckerleisten-Uebersicht.jpg\",\"index\":58,\"id\":2693,\"video\":true,\"opts\":{\"caption\":\"\",\"thumb\":\"https:\\\/\\\/www.goyko.de\\\/wordpress\\\/wp-content\\\/uploads\\\/2020\\\/12\\\/Steckerleisten-Uebersicht-75x50_c.jpg\",\"title\":\"Steckerleisten-Uebersicht\"},\"gallery_id\":\"2574\"},{\"status\":\"active\",\"src\":\"https:\\\/\\\/www.goyko.de\\\/wordpress\\\/wp-content\\\/uploads\\\/2020\\\/12\\\/Wunderbesen.jpg\",\"title\":\"Wunderbesen\",\"link\":\"https:\\\/\\\/www.goyko.de\\\/wordpress\\\/wp-content\\\/uploads\\\/2020\\\/12\\\/Wunderbesen.jpg\",\"alt\":\"Ein Teleskopbesen mit gelbem Stiel und schwarzem Kopf, ausgestattet mit flexiblen Borsten. Das Bild zeigt mehrere Details in vergr&ouml;&szlig;erten Kreisen, darunter der verstellbare Teleskopmechanismus, das Schraubgewinde am Griff und die Aufh&auml;ngem&ouml;glichkeit. Der Besenkopf ist f&uuml;r verschiedene Oberfl&auml;chen geeignet\",\"caption\":false,\"thumb\":\"https:\\\/\\\/www.goyko.de\\\/wordpress\\\/wp-content\\\/uploads\\\/2020\\\/12\\\/Wunderbesen-75x50_c.jpg\",\"video_aspect_ratio\":\"\",\"video_width\":\"\",\"video_height\":\"\",\"video_in_gallery\":0,\"meta\":{\"aperture\":null,\"credit\":\"Goyko Kleensang\",\"camera\":null,\"caption\":\"\",\"created_timestamp\":\"1584439233\",\"copyright\":\"Copyright 2017\",\"focal_length\":null,\"iso\":null,\"shutter_speed\":null,\"title\":\"\",\"orientation\":null,\"keywords\":null},\"thumbnail\":\"https:\\\/\\\/www.goyko.de\\\/wordpress\\\/wp-content\\\/uploads\\\/2020\\\/12\\\/Wunderbesen-80x80.jpg\",\"medium\":\"https:\\\/\\\/www.goyko.de\\\/wordpress\\\/wp-content\\\/uploads\\\/2020\\\/12\\\/Wunderbesen-300x300.jpg\",\"medium_large\":\"https:\\\/\\\/www.goyko.de\\\/wordpress\\\/wp-content\\\/uploads\\\/2020\\\/12\\\/Wunderbesen-768x768.jpg\",\"large\":\"https:\\\/\\\/www.goyko.de\\\/wordpress\\\/wp-content\\\/uploads\\\/2020\\\/12\\\/Wunderbesen-1024x1024.jpg\",\"1536x1536\":\"https:\\\/\\\/www.goyko.de\\\/wordpress\\\/wp-content\\\/uploads\\\/2020\\\/12\\\/Wunderbesen-1536x1536.jpg\",\"2048x2048\":\"https:\\\/\\\/www.goyko.de\\\/wordpress\\\/wp-content\\\/uploads\\\/2020\\\/12\\\/Wunderbesen.jpg\",\"full\":\"https:\\\/\\\/www.goyko.de\\\/wordpress\\\/wp-content\\\/uploads\\\/2020\\\/12\\\/Wunderbesen.jpg\",\"index\":59,\"id\":2694,\"video\":true,\"opts\":{\"caption\":\"\",\"thumb\":\"https:\\\/\\\/www.goyko.de\\\/wordpress\\\/wp-content\\\/uploads\\\/2020\\\/12\\\/Wunderbesen-75x50_c.jpg\",\"title\":\"Wunderbesen\"},\"gallery_id\":\"2574\"}]' data-lightbox-theme='{&quot;arrows&quot;:true,&quot;margins&quot;:[10,0],&quot;gutter&quot;:&quot;100&quot;,&quot;thumbs_position&quot;:&quot;bottom&quot;,&quot;base_template&quot;:&quot;&lt;div id=\\&quot;envirabox-2574\\&quot; data-envirabox-id=\\&quot;2574\\&quot; class=\\&quot;envirabox-container envirabox-theme-base_dark envirabox-wrap\\&quot; role=\\&quot;dialog\\&quot;&gt;&lt;div class=\\&quot;envirabox-bg\\&quot;&gt;&lt;\\\/div&gt;&lt;div class=\\&quot;envirabox-outer\\&quot;&gt;&lt;div class=\\&quot;envirabox-inner\\&quot;&gt;&lt;div class=\\&quot;envirabox-caption-wrap\\&quot;&gt;&lt;\\\/div&gt;&lt;div class=\\&quot;envirabox-toolbar\\&quot;&gt;&lt;div class=\\&quot;envira-fullscreen-button\\&quot;&gt;&lt;a data-envirabox-fullscreen class=\\&quot;btnFullscreen\\&quot; title=\\&quot;Vollbild-Ansicht ein- bzw. ausschalten\\&quot; href=\\&quot;#\\&quot;&gt;&lt;\\\/a&gt;&lt;\\\/div&gt;&lt;div class=\\&quot;envira-close-button\\&quot;&gt;&lt;a data-envirabox-close class=\\&quot;envirabox-item envirabox-close envirabox-button--close\\&quot; title=\\&quot;Close\\&quot; href=\\&quot;#\\&quot;&gt;&lt;\\\/a&gt;&lt;\\\/div&gt;&lt;\\\/div&gt;&lt;div class=\\&quot;envirabox-navigation\\&quot;&gt;&lt;a data-envirabox-prev title=\\&quot;Prev\\&quot; class=\\&quot;envirabox-arrow envirabox-arrow--left envirabox-nav envirabox-prev\\&quot; href=\\&quot;#\\&quot;&gt;&lt;span&gt;&lt;\\\/span&gt;&lt;\\\/a&gt;&lt;a data-envirabox-next title=\\&quot;Next\\&quot; class=\\&quot;envirabox-arrow envirabox-arrow--right envirabox-nav envirabox-next\\&quot; href=\\&quot;#\\&quot;&gt;&lt;span&gt;&lt;\\\/span&gt;&lt;\\\/a&gt;&lt;\\\/div&gt;&lt;div class=\\&quot;envirabox-stage\\&quot;&gt;&lt;\\\/div&gt;&lt;\\\/div&gt;&lt;\\\/div&gt;&lt;\\\/div&gt;&quot;,&quot;load_all&quot;:false,&quot;error_template&quot;:&quot;&lt;div class=\\&quot;envirabox-error\\&quot;&gt;&lt;p&gt;{{ERROR}}&lt;p&gt;&lt;\\\/div&gt;&quot;,&quot;inner_caption&quot;:false,&quot;caption_position&quot;:false,&quot;arrow_position&quot;:false,&quot;toolbar&quot;:true,&quot;infobar&quot;:false,&quot;show_smallbtn&quot;:false,&quot;idle_time&quot;:false,&quot;click_content&quot;:false,&quot;click_slide&quot;:false,&quot;click_outside&quot;:false,&quot;animation_duration&quot;:false,&quot;transition_duration&quot;:false,&quot;small_btn_template&quot;:&quot;&lt;a data-envirabox-close class=\\&quot;envirabox-item envirabox-close envirabox-button--close\\&quot; title=\\&quot;Close\\&quot; href=\\&quot;#\\&quot;&gt;&lt;\\\/a&gt;&quot;}' data-parsed-attrs='{\"id\":\"2574\",\"cache\":true}'><div id=\"envira-gallery-item-3434\" class=\"envira-gallery-item envira-gallery-item-1 envira-lazy-load\" style=\"padding-left: 3px; padding-bottom: 5px; padding-right: 3px;\"  itemscope itemtype=\"https:\/\/schema.org\/ImageObject\"><div class=\"envira-gallery-item-inner\"><div class=\"envira-gallery-position-overlay envira-gallery-top-left\"><\/div><div class=\"envira-gallery-position-overlay envira-gallery-top-right\"><\/div><div class=\"envira-gallery-position-overlay envira-gallery-bottom-left\"><\/div><div class=\"envira-gallery-position-overlay envira-gallery-bottom-right\"><\/div><a class=\"envira-gallery-2574 envira-gallery-link\" href=\"https:\/\/www.goyko.de\/wordpress\/wp-content\/uploads\/2020\/12\/20220322-_MG_5107-Edit-Edit-2.jpg\" title=\"Coffee\" data-caption=\"\" data-envira-item-id=\"3434\" data-envira-retina=\"https:\/\/www.goyko.de\/wordpress\/wp-content\/uploads\/2020\/12\/20220322-_MG_5107-Edit-Edit-2.jpg\" data-thumb=\"https:\/\/www.goyko.de\/wordpress\/wp-content\/uploads\/2020\/12\/20220322-_MG_5107-Edit-Edit-2-75x50_c.jpg\" data-title=\"Coffee\" data-envirabox='2574' itemprop=\"contentUrl\"><img fetchpriority=\"high\" decoding=\"async\" src=\"https:\/\/www.goyko.de\/wordpress\/wp-content\/uploads\/2020\/12\/20220322-_MG_5107-Edit-Edit-2.jpg\" alt=\"Ein rustikales Bild von Kaffeebohnen, einer Kaffeem&uuml;hle und einer Tasse Kaffee. Im Vordergrund ist eine Tasse mit Kaffee, daneben liegt ein L&ouml;ffel mit Kaffeebohnen, und im Hintergrund befindet sich ein Sack voller Kaffeebohnen. Die Szene ist warm und einladend, und die Bohnen sind auf einem Holztisch verstreut.\" class=\"envira-gallery-image envira-gallery-image-1    envira-lazy\" height=\"2048\" id=\"envira-gallery-image-3434\" srcset=\"data:image\/gif;base64,R0lGODlhAQABAIAAAP\/\/\/\/\/\/\/yH5BAEKAAEALAAAAAABAAEAAAICTAEAOw==\" tabindex=\"-1\" title=\"Coffee\" width=\"2048\" data-caption=\"\" data-envira-gallery-id=\"2574\" data-envira-index=\"0\" data-envira-item-id=\"3434\" data-envira-src=\"https:\/\/www.goyko.de\/wordpress\/wp-content\/uploads\/2020\/12\/20220322-_MG_5107-Edit-Edit-2.jpg\" data-envira-srcset=\"https:\/\/www.goyko.de\/wordpress\/wp-content\/uploads\/2020\/12\/20220322-_MG_5107-Edit-Edit-2.jpg 400w, https:\/\/www.goyko.de\/wordpress\/wp-content\/uploads\/2020\/12\/20220322-_MG_5107-Edit-Edit-2.jpg 2x\" data-title=\"Coffee\" itemprop=\"thumbnailUrl\"  draggable=\"false\" onmousedown=\"event.preventDefault()\"  data-envirabox=\"2574\" data-automatic-caption=\"\" data-envira-height=\"300\" data-envira-width=\"300\" \/><\/a><\/div><\/div><div id=\"envira-gallery-item-3438\" class=\"envira-gallery-item envira-gallery-item-2 envira-lazy-load\" style=\"padding-left: 3px; padding-bottom: 5px; padding-right: 3px;\"  itemscope itemtype=\"https:\/\/schema.org\/ImageObject\"><div class=\"envira-gallery-item-inner\"><div class=\"envira-gallery-position-overlay envira-gallery-top-left\"><\/div><div class=\"envira-gallery-position-overlay envira-gallery-top-right\"><\/div><div class=\"envira-gallery-position-overlay envira-gallery-bottom-left\"><\/div><div class=\"envira-gallery-position-overlay envira-gallery-bottom-right\"><\/div><a class=\"envira-gallery-2574 envira-gallery-link\" href=\"https:\/\/www.goyko.de\/wordpress\/wp-content\/uploads\/2020\/12\/20220404-_MG_5553-Bearbeitet-2-Bearbeitet-Web.jpg\" title=\"Berries\" data-caption=\"\" data-envira-item-id=\"3438\" data-envira-retina=\"https:\/\/www.goyko.de\/wordpress\/wp-content\/uploads\/2020\/12\/20220404-_MG_5553-Bearbeitet-2-Bearbeitet-Web.jpg\" data-thumb=\"https:\/\/www.goyko.de\/wordpress\/wp-content\/uploads\/2020\/12\/20220404-_MG_5553-Bearbeitet-2-Bearbeitet-Web-75x50_c.jpg\" data-title=\"Berries\" data-envirabox='2574' itemprop=\"contentUrl\"><img decoding=\"async\" src=\"https:\/\/www.goyko.de\/wordpress\/wp-content\/uploads\/2020\/12\/20220404-_MG_5553-Bearbeitet-2-Bearbeitet-Web.jpg\" alt=\"Ein Dessertglas gef&uuml;llt mit Joghurt und frischen Beeren wie Himbeeren, Brombeeren und Blaubeeren auf einem rustikalen Holztisch, umgeben von einer Schale mit Sahne, weiteren Beeren und Besteck, vor einem blauen Hintergrund.\" class=\"envira-gallery-image envira-gallery-image-2    envira-lazy\" height=\"2048\" id=\"envira-gallery-image-3438\" srcset=\"data:image\/gif;base64,R0lGODlhAQABAIAAAP\/\/\/\/\/\/\/yH5BAEKAAEALAAAAAABAAEAAAICTAEAOw==\" tabindex=\"-1\" title=\"Berries\" width=\"2048\" data-caption=\"\" data-envira-gallery-id=\"2574\" data-envira-index=\"1\" data-envira-item-id=\"3438\" data-envira-src=\"https:\/\/www.goyko.de\/wordpress\/wp-content\/uploads\/2020\/12\/20220404-_MG_5553-Bearbeitet-2-Bearbeitet-Web.jpg\" data-envira-srcset=\"https:\/\/www.goyko.de\/wordpress\/wp-content\/uploads\/2020\/12\/20220404-_MG_5553-Bearbeitet-2-Bearbeitet-Web.jpg 400w, https:\/\/www.goyko.de\/wordpress\/wp-content\/uploads\/2020\/12\/20220404-_MG_5553-Bearbeitet-2-Bearbeitet-Web.jpg 2x\" data-title=\"Berries\" itemprop=\"thumbnailUrl\"  draggable=\"false\" onmousedown=\"event.preventDefault()\"  data-envirabox=\"2574\" data-automatic-caption=\"\" data-envira-height=\"300\" data-envira-width=\"200\" \/><\/a><\/div><\/div><div id=\"envira-gallery-item-3437\" class=\"envira-gallery-item envira-gallery-item-3 envira-lazy-load\" style=\"padding-left: 3px; padding-bottom: 5px; padding-right: 3px;\"  itemscope itemtype=\"https:\/\/schema.org\/ImageObject\"><div class=\"envira-gallery-item-inner\"><div class=\"envira-gallery-position-overlay envira-gallery-top-left\"><\/div><div class=\"envira-gallery-position-overlay envira-gallery-top-right\"><\/div><div class=\"envira-gallery-position-overlay envira-gallery-bottom-left\"><\/div><div class=\"envira-gallery-position-overlay envira-gallery-bottom-right\"><\/div><a class=\"envira-gallery-2574 envira-gallery-link\" href=\"https:\/\/www.goyko.de\/wordpress\/wp-content\/uploads\/2020\/12\/20220402-_MG_5405-Bearbeitet-Bearbeitet-Bearbeitet-Web.jpg\" title=\"Pesto\" data-caption=\"\" data-envira-item-id=\"3437\" data-envira-retina=\"https:\/\/www.goyko.de\/wordpress\/wp-content\/uploads\/2020\/12\/20220402-_MG_5405-Bearbeitet-Bearbeitet-Bearbeitet-Web.jpg\" data-thumb=\"https:\/\/www.goyko.de\/wordpress\/wp-content\/uploads\/2020\/12\/20220402-_MG_5405-Bearbeitet-Bearbeitet-Bearbeitet-Web-75x50_c.jpg\" data-title=\"Pesto\" data-envirabox='2574' itemprop=\"contentUrl\"><img loading=\"lazy\" decoding=\"async\" src=\"https:\/\/www.goyko.de\/wordpress\/wp-content\/uploads\/2020\/12\/20220402-_MG_5405-Bearbeitet-Bearbeitet-Bearbeitet-Web.jpg\" alt=\"Ein rustikaler Holztisch mit einer Schale Spaghetti mit Pesto, dekoriert mit Basilikumbl&auml;ttern und Parmesan. Umgeben von Zutaten wie Pinienkernen, Knoblauch, Oliven&ouml;l und Basilikum, die die Zubereitung des Gerichts betonen.\" class=\"envira-gallery-image envira-gallery-image-3    envira-lazy\" height=\"2048\" id=\"envira-gallery-image-3437\" srcset=\"data:image\/gif;base64,R0lGODlhAQABAIAAAP\/\/\/\/\/\/\/yH5BAEKAAEALAAAAAABAAEAAAICTAEAOw==\" tabindex=\"-1\" title=\"Pesto\" width=\"2048\" data-caption=\"\" data-envira-gallery-id=\"2574\" data-envira-index=\"2\" data-envira-item-id=\"3437\" data-envira-src=\"https:\/\/www.goyko.de\/wordpress\/wp-content\/uploads\/2020\/12\/20220402-_MG_5405-Bearbeitet-Bearbeitet-Bearbeitet-Web.jpg\" data-envira-srcset=\"https:\/\/www.goyko.de\/wordpress\/wp-content\/uploads\/2020\/12\/20220402-_MG_5405-Bearbeitet-Bearbeitet-Bearbeitet-Web.jpg 400w, https:\/\/www.goyko.de\/wordpress\/wp-content\/uploads\/2020\/12\/20220402-_MG_5405-Bearbeitet-Bearbeitet-Bearbeitet-Web.jpg 2x\" data-title=\"Pesto\" itemprop=\"thumbnailUrl\"  draggable=\"false\" onmousedown=\"event.preventDefault()\"  data-envirabox=\"2574\" data-automatic-caption=\"\" data-envira-height=\"300\" data-envira-width=\"200\" \/><\/a><\/div><\/div><div id=\"envira-gallery-item-3432\" class=\"envira-gallery-item envira-gallery-item-4 envira-lazy-load\" style=\"padding-left: 3px; padding-bottom: 5px; padding-right: 3px;\"  itemscope itemtype=\"https:\/\/schema.org\/ImageObject\"><div class=\"envira-gallery-item-inner\"><div class=\"envira-gallery-position-overlay envira-gallery-top-left\"><\/div><div class=\"envira-gallery-position-overlay envira-gallery-top-right\"><\/div><div class=\"envira-gallery-position-overlay envira-gallery-bottom-left\"><\/div><div class=\"envira-gallery-position-overlay envira-gallery-bottom-right\"><\/div><a class=\"envira-gallery-2574 envira-gallery-link\" href=\"https:\/\/www.goyko.de\/wordpress\/wp-content\/uploads\/2020\/12\/20220320-_MG_4943-Edit-Edit-Edit.jpg\" title=\"Frisch und fruchtig\" data-caption=\"\" data-envira-item-id=\"3432\" data-envira-retina=\"https:\/\/www.goyko.de\/wordpress\/wp-content\/uploads\/2020\/12\/20220320-_MG_4943-Edit-Edit-Edit.jpg\" data-thumb=\"https:\/\/www.goyko.de\/wordpress\/wp-content\/uploads\/2020\/12\/20220320-_MG_4943-Edit-Edit-Edit-75x50_c.jpg\" data-title=\"Frisch und fruchtig\" data-envirabox='2574' itemprop=\"contentUrl\"><img loading=\"lazy\" decoding=\"async\" src=\"https:\/\/www.goyko.de\/wordpress\/wp-content\/uploads\/2020\/12\/20220320-_MG_4943-Edit-Edit-Edit.jpg\" alt=\"Ein maritim gestalteter Tisch mit einem Teller Ricotta, garniert mit Honig, gehackten N&uuml;ssen und frischen Blaubeeren. Im Hintergrund dekoriert ein kleiner Leuchtturm das Bild, erg&auml;nzt durch eine Schale voller Blaubeeren und eine Schale Honig mit einem L&ouml;ffel.\" class=\"envira-gallery-image envira-gallery-image-4    envira-lazy\" height=\"2048\" id=\"envira-gallery-image-3432\" srcset=\"data:image\/gif;base64,R0lGODlhAQABAIAAAP\/\/\/\/\/\/\/yH5BAEKAAEALAAAAAABAAEAAAICTAEAOw==\" tabindex=\"-1\" title=\"Frisch und fruchtig\" width=\"2048\" data-caption=\"\" data-envira-gallery-id=\"2574\" data-envira-index=\"3\" data-envira-item-id=\"3432\" data-envira-src=\"https:\/\/www.goyko.de\/wordpress\/wp-content\/uploads\/2020\/12\/20220320-_MG_4943-Edit-Edit-Edit.jpg\" data-envira-srcset=\"https:\/\/www.goyko.de\/wordpress\/wp-content\/uploads\/2020\/12\/20220320-_MG_4943-Edit-Edit-Edit.jpg 400w, https:\/\/www.goyko.de\/wordpress\/wp-content\/uploads\/2020\/12\/20220320-_MG_4943-Edit-Edit-Edit.jpg 2x\" data-title=\"Frisch und fruchtig\" itemprop=\"thumbnailUrl\"  draggable=\"false\" onmousedown=\"event.preventDefault()\"  data-envirabox=\"2574\" data-automatic-caption=\"\" data-envira-height=\"300\" data-envira-width=\"200\" \/><\/a><\/div><\/div><div id=\"envira-gallery-item-3410\" class=\"envira-gallery-item envira-gallery-item-5 envira-lazy-load\" style=\"padding-left: 3px; padding-bottom: 5px; padding-right: 3px;\"  itemscope itemtype=\"https:\/\/schema.org\/ImageObject\"><div class=\"envira-gallery-item-inner\"><div class=\"envira-gallery-position-overlay envira-gallery-top-left\"><\/div><div class=\"envira-gallery-position-overlay envira-gallery-top-right\"><\/div><div class=\"envira-gallery-position-overlay envira-gallery-bottom-left\"><\/div><div class=\"envira-gallery-position-overlay envira-gallery-bottom-right\"><\/div><a class=\"envira-gallery-2574 envira-gallery-link\" href=\"https:\/\/www.goyko.de\/wordpress\/wp-content\/uploads\/2020\/12\/20220215-_MG_3153-Edit-Edit-Web.jpg\" title=\"Sweets\" data-caption=\"\" data-envira-item-id=\"3410\" data-envira-retina=\"https:\/\/www.goyko.de\/wordpress\/wp-content\/uploads\/2020\/12\/20220215-_MG_3153-Edit-Edit-Web.jpg\" data-thumb=\"https:\/\/www.goyko.de\/wordpress\/wp-content\/uploads\/2020\/12\/20220215-_MG_3153-Edit-Edit-Web-75x50_c.jpg\" data-title=\"Sweets\" data-envirabox='2574' itemprop=\"contentUrl\"><img loading=\"lazy\" decoding=\"async\" src=\"https:\/\/www.goyko.de\/wordpress\/wp-content\/uploads\/2020\/12\/20220215-_MG_3153-Edit-Edit-Web.jpg\" alt=\"Eine vielseitige Schokoladenkomposition: Kakaobohnen in ihrer Schote, bunte Pralinen, Kakaopulver, wei&szlig;e Schokosplitter und eine edle Tafel Schokolade arrangiert auf einer dunklen Oberfl&auml;che und einem h&ouml;lzernen Schneidebrett.\" class=\"envira-gallery-image envira-gallery-image-5    envira-lazy\" height=\"2048\" id=\"envira-gallery-image-3410\" srcset=\"data:image\/gif;base64,R0lGODlhAQABAIAAAP\/\/\/\/\/\/\/yH5BAEKAAEALAAAAAABAAEAAAICTAEAOw==\" tabindex=\"-1\" title=\"Sweets\" width=\"2048\" data-caption=\"\" data-envira-gallery-id=\"2574\" data-envira-index=\"4\" data-envira-item-id=\"3410\" data-envira-src=\"https:\/\/www.goyko.de\/wordpress\/wp-content\/uploads\/2020\/12\/20220215-_MG_3153-Edit-Edit-Web.jpg\" data-envira-srcset=\"https:\/\/www.goyko.de\/wordpress\/wp-content\/uploads\/2020\/12\/20220215-_MG_3153-Edit-Edit-Web.jpg 400w, https:\/\/www.goyko.de\/wordpress\/wp-content\/uploads\/2020\/12\/20220215-_MG_3153-Edit-Edit-Web.jpg 2x\" data-title=\"Sweets\" itemprop=\"thumbnailUrl\"  draggable=\"false\" onmousedown=\"event.preventDefault()\"  data-envirabox=\"2574\" data-automatic-caption=\"\" data-envira-height=\"206\" data-envira-width=\"300\" \/><\/a><\/div><\/div><div id=\"envira-gallery-item-3415\" class=\"envira-gallery-item envira-gallery-item-6 envira-lazy-load\" style=\"padding-left: 3px; padding-bottom: 5px; padding-right: 3px;\"  itemscope itemtype=\"https:\/\/schema.org\/ImageObject\"><div class=\"envira-gallery-item-inner\"><div class=\"envira-gallery-position-overlay envira-gallery-top-left\"><\/div><div class=\"envira-gallery-position-overlay envira-gallery-top-right\"><\/div><div class=\"envira-gallery-position-overlay envira-gallery-bottom-left\"><\/div><div class=\"envira-gallery-position-overlay envira-gallery-bottom-right\"><\/div><a class=\"envira-gallery-2574 envira-gallery-link\" href=\"https:\/\/www.goyko.de\/wordpress\/wp-content\/uploads\/2020\/12\/20220222-_MG_3639-Edit-v2.jpg\" title=\"Cremig\" data-caption=\"\" data-envira-item-id=\"3415\" data-envira-retina=\"https:\/\/www.goyko.de\/wordpress\/wp-content\/uploads\/2020\/12\/20220222-_MG_3639-Edit-v2.jpg\" data-thumb=\"https:\/\/www.goyko.de\/wordpress\/wp-content\/uploads\/2020\/12\/20220222-_MG_3639-Edit-v2-75x50_c.jpg\" data-title=\"Cremig\" data-envirabox='2574' itemprop=\"contentUrl\"><img loading=\"lazy\" decoding=\"async\" src=\"https:\/\/www.goyko.de\/wordpress\/wp-content\/uploads\/2020\/12\/20220222-_MG_3639-Edit-v2.jpg\" alt=\"Edle Pralinen-Variation: Nahaufnahme von gef&uuml;llten Pralinen in verschiedenen Farben, eine davon ge&ouml;ffnet und mit fl&uuml;ssiger F&uuml;llung auf dunklem Schiefer\" class=\"envira-gallery-image envira-gallery-image-6    envira-lazy\" height=\"2048\" id=\"envira-gallery-image-3415\" srcset=\"data:image\/gif;base64,R0lGODlhAQABAIAAAP\/\/\/\/\/\/\/yH5BAEKAAEALAAAAAABAAEAAAICTAEAOw==\" tabindex=\"-1\" title=\"Cremig\" width=\"2048\" data-caption=\"\" data-envira-gallery-id=\"2574\" data-envira-index=\"5\" data-envira-item-id=\"3415\" data-envira-src=\"https:\/\/www.goyko.de\/wordpress\/wp-content\/uploads\/2020\/12\/20220222-_MG_3639-Edit-v2.jpg\" data-envira-srcset=\"https:\/\/www.goyko.de\/wordpress\/wp-content\/uploads\/2020\/12\/20220222-_MG_3639-Edit-v2.jpg 400w, https:\/\/www.goyko.de\/wordpress\/wp-content\/uploads\/2020\/12\/20220222-_MG_3639-Edit-v2.jpg 2x\" data-title=\"Cremig\" itemprop=\"thumbnailUrl\"  draggable=\"false\" onmousedown=\"event.preventDefault()\"  data-envirabox=\"2574\" data-automatic-caption=\"\" data-envira-height=\"300\" data-envira-width=\"240\" \/><\/a><\/div><\/div><div id=\"envira-gallery-item-3412\" class=\"envira-gallery-item envira-gallery-item-7 envira-lazy-load\" style=\"padding-left: 3px; padding-bottom: 5px; padding-right: 3px;\"  itemscope itemtype=\"https:\/\/schema.org\/ImageObject\"><div class=\"envira-gallery-item-inner\"><div class=\"envira-gallery-position-overlay envira-gallery-top-left\"><\/div><div class=\"envira-gallery-position-overlay envira-gallery-top-right\"><\/div><div class=\"envira-gallery-position-overlay envira-gallery-bottom-left\"><\/div><div class=\"envira-gallery-position-overlay envira-gallery-bottom-right\"><\/div><a class=\"envira-gallery-2574 envira-gallery-link\" href=\"https:\/\/www.goyko.de\/wordpress\/wp-content\/uploads\/2020\/12\/20220220-_MG_3487-Edit-v4-2.jpg\" title=\"Yin &amp;amp; Yang\" data-caption=\"\" data-envira-item-id=\"3412\" data-envira-retina=\"https:\/\/www.goyko.de\/wordpress\/wp-content\/uploads\/2020\/12\/20220220-_MG_3487-Edit-v4-2.jpg\" data-thumb=\"https:\/\/www.goyko.de\/wordpress\/wp-content\/uploads\/2020\/12\/20220220-_MG_3487-Edit-v4-2-75x50_c.jpg\" data-title=\"Yin &amp;amp;amp; Yang\" data-envirabox='2574' itemprop=\"contentUrl\"><img loading=\"lazy\" decoding=\"async\" src=\"https:\/\/www.goyko.de\/wordpress\/wp-content\/uploads\/2020\/12\/20220220-_MG_3487-Edit-v4-2.jpg\" alt=\"Azteken-Trinkschokolade: Zwei Varianten pr&auml;sentiert, dunkle und wei&szlig;e Schokolade mit Kakaopulver, Kakaobutter und Tassen auf kontrastierendem Hintergrund\" class=\"envira-gallery-image envira-gallery-image-7    envira-lazy\" height=\"2048\" id=\"envira-gallery-image-3412\" srcset=\"data:image\/gif;base64,R0lGODlhAQABAIAAAP\/\/\/\/\/\/\/yH5BAEKAAEALAAAAAABAAEAAAICTAEAOw==\" tabindex=\"-1\" title=\"Yin &amp; Yang\" width=\"2048\" data-caption=\"\" data-envira-gallery-id=\"2574\" data-envira-index=\"6\" data-envira-item-id=\"3412\" data-envira-src=\"https:\/\/www.goyko.de\/wordpress\/wp-content\/uploads\/2020\/12\/20220220-_MG_3487-Edit-v4-2.jpg\" data-envira-srcset=\"https:\/\/www.goyko.de\/wordpress\/wp-content\/uploads\/2020\/12\/20220220-_MG_3487-Edit-v4-2.jpg 400w, https:\/\/www.goyko.de\/wordpress\/wp-content\/uploads\/2020\/12\/20220220-_MG_3487-Edit-v4-2.jpg 2x\" data-title=\"Yin &amp;amp;amp; Yang\" itemprop=\"thumbnailUrl\"  draggable=\"false\" onmousedown=\"event.preventDefault()\"  data-envirabox=\"2574\" data-automatic-caption=\"\" data-envira-height=\"300\" data-envira-width=\"300\" \/><\/a><\/div><\/div><div id=\"envira-gallery-item-3429\" class=\"envira-gallery-item envira-gallery-item-8 envira-lazy-load\" style=\"padding-left: 3px; padding-bottom: 5px; padding-right: 3px;\"  itemscope itemtype=\"https:\/\/schema.org\/ImageObject\"><div class=\"envira-gallery-item-inner\"><div class=\"envira-gallery-position-overlay envira-gallery-top-left\"><\/div><div class=\"envira-gallery-position-overlay envira-gallery-top-right\"><\/div><div class=\"envira-gallery-position-overlay envira-gallery-bottom-left\"><\/div><div class=\"envira-gallery-position-overlay envira-gallery-bottom-right\"><\/div><a class=\"envira-gallery-2574 envira-gallery-link\" href=\"https:\/\/www.goyko.de\/wordpress\/wp-content\/uploads\/2020\/12\/20220310-_MG_4653-Bearbeitet-Bearbeitet-Web.jpg\" title=\"S\u00fc\u00dfer Schatz\" data-caption=\"\" data-envira-item-id=\"3429\" data-envira-retina=\"https:\/\/www.goyko.de\/wordpress\/wp-content\/uploads\/2020\/12\/20220310-_MG_4653-Bearbeitet-Bearbeitet-Web.jpg\" data-thumb=\"https:\/\/www.goyko.de\/wordpress\/wp-content\/uploads\/2020\/12\/20220310-_MG_4653-Bearbeitet-Bearbeitet-Web-75x50_c.jpg\" data-title=\"S&uuml;&szlig;er Schatz\" data-envirabox='2574' itemprop=\"contentUrl\"><img loading=\"lazy\" decoding=\"async\" src=\"https:\/\/www.goyko.de\/wordpress\/wp-content\/uploads\/2020\/12\/20220310-_MG_4653-Bearbeitet-Bearbeitet-Web.jpg\" alt=\"Osterleckereien: Schokoladenhasen-Lollis, bunt verzierte Schokoladeneier und dekorative Pralinen in einer rustikalen Pr&auml;sentation.\" class=\"envira-gallery-image envira-gallery-image-8    envira-lazy\" height=\"2048\" id=\"envira-gallery-image-3429\" srcset=\"data:image\/gif;base64,R0lGODlhAQABAIAAAP\/\/\/\/\/\/\/yH5BAEKAAEALAAAAAABAAEAAAICTAEAOw==\" tabindex=\"-1\" title=\"S\u00fc\u00dfer Schatz\" width=\"2048\" data-caption=\"\" data-envira-gallery-id=\"2574\" data-envira-index=\"7\" data-envira-item-id=\"3429\" data-envira-src=\"https:\/\/www.goyko.de\/wordpress\/wp-content\/uploads\/2020\/12\/20220310-_MG_4653-Bearbeitet-Bearbeitet-Web.jpg\" data-envira-srcset=\"https:\/\/www.goyko.de\/wordpress\/wp-content\/uploads\/2020\/12\/20220310-_MG_4653-Bearbeitet-Bearbeitet-Web.jpg 400w, https:\/\/www.goyko.de\/wordpress\/wp-content\/uploads\/2020\/12\/20220310-_MG_4653-Bearbeitet-Bearbeitet-Web.jpg 2x\" data-title=\"S&uuml;&szlig;er Schatz\" itemprop=\"thumbnailUrl\"  draggable=\"false\" onmousedown=\"event.preventDefault()\"  data-envirabox=\"2574\" data-automatic-caption=\"\" data-envira-height=\"300\" data-envira-width=\"267\" \/><\/a><\/div><\/div><div id=\"envira-gallery-item-3428\" class=\"envira-gallery-item envira-gallery-item-9 envira-lazy-load\" style=\"padding-left: 3px; padding-bottom: 5px; padding-right: 3px;\"  itemscope itemtype=\"https:\/\/schema.org\/ImageObject\"><div class=\"envira-gallery-item-inner\"><div class=\"envira-gallery-position-overlay envira-gallery-top-left\"><\/div><div class=\"envira-gallery-position-overlay envira-gallery-top-right\"><\/div><div class=\"envira-gallery-position-overlay envira-gallery-bottom-left\"><\/div><div class=\"envira-gallery-position-overlay envira-gallery-bottom-right\"><\/div><a class=\"envira-gallery-2574 envira-gallery-link\" href=\"https:\/\/www.goyko.de\/wordpress\/wp-content\/uploads\/2020\/12\/20220310-_MG_4539-Bearbeitet-Bearbeitet-Web.jpg\" title=\"S\u00fc\u00dfe Ostern\" data-caption=\"\" data-envira-item-id=\"3428\" data-envira-retina=\"https:\/\/www.goyko.de\/wordpress\/wp-content\/uploads\/2020\/12\/20220310-_MG_4539-Bearbeitet-Bearbeitet-Web.jpg\" data-thumb=\"https:\/\/www.goyko.de\/wordpress\/wp-content\/uploads\/2020\/12\/20220310-_MG_4539-Bearbeitet-Bearbeitet-Web-75x50_c.jpg\" data-title=\"S&uuml;&szlig;e Ostern\" data-envirabox='2574' itemprop=\"contentUrl\"><img loading=\"lazy\" decoding=\"async\" src=\"https:\/\/www.goyko.de\/wordpress\/wp-content\/uploads\/2020\/12\/20220310-_MG_4539-Bearbeitet-Bearbeitet-Web.jpg\" alt=\"Holzdekor mit Osterhase, umgeben von edlen Schokoladeneiern und dekorativen Kunststoffeiern in einer festlichen Osterpr&auml;sentation.\" class=\"envira-gallery-image envira-gallery-image-9    envira-lazy\" height=\"2048\" id=\"envira-gallery-image-3428\" srcset=\"data:image\/gif;base64,R0lGODlhAQABAIAAAP\/\/\/\/\/\/\/yH5BAEKAAEALAAAAAABAAEAAAICTAEAOw==\" tabindex=\"-1\" title=\"S\u00fc\u00dfe Ostern\" width=\"2048\" data-caption=\"\" data-envira-gallery-id=\"2574\" data-envira-index=\"8\" data-envira-item-id=\"3428\" data-envira-src=\"https:\/\/www.goyko.de\/wordpress\/wp-content\/uploads\/2020\/12\/20220310-_MG_4539-Bearbeitet-Bearbeitet-Web.jpg\" data-envira-srcset=\"https:\/\/www.goyko.de\/wordpress\/wp-content\/uploads\/2020\/12\/20220310-_MG_4539-Bearbeitet-Bearbeitet-Web.jpg 400w, https:\/\/www.goyko.de\/wordpress\/wp-content\/uploads\/2020\/12\/20220310-_MG_4539-Bearbeitet-Bearbeitet-Web.jpg 2x\" data-title=\"S&uuml;&szlig;e Ostern\" itemprop=\"thumbnailUrl\"  draggable=\"false\" onmousedown=\"event.preventDefault()\"  data-envirabox=\"2574\" data-automatic-caption=\"\" data-envira-height=\"300\" data-envira-width=\"200\" \/><\/a><\/div><\/div><div id=\"envira-gallery-item-3421\" class=\"envira-gallery-item envira-gallery-item-10 envira-lazy-load\" style=\"padding-left: 3px; padding-bottom: 5px; padding-right: 3px;\"  itemscope itemtype=\"https:\/\/schema.org\/ImageObject\"><div class=\"envira-gallery-item-inner\"><div class=\"envira-gallery-position-overlay envira-gallery-top-left\"><\/div><div class=\"envira-gallery-position-overlay envira-gallery-top-right\"><\/div><div class=\"envira-gallery-position-overlay envira-gallery-bottom-left\"><\/div><div class=\"envira-gallery-position-overlay envira-gallery-bottom-right\"><\/div><a class=\"envira-gallery-2574 envira-gallery-link\" href=\"https:\/\/www.goyko.de\/wordpress\/wp-content\/uploads\/2020\/12\/20220227-_MG_3922-Bearbeitet-Bearbeitet-Edit.jpg\" title=\"Schoko-Fondue\" data-caption=\"\" data-envira-item-id=\"3421\" data-envira-retina=\"https:\/\/www.goyko.de\/wordpress\/wp-content\/uploads\/2020\/12\/20220227-_MG_3922-Bearbeitet-Bearbeitet-Edit.jpg\" data-thumb=\"https:\/\/www.goyko.de\/wordpress\/wp-content\/uploads\/2020\/12\/20220227-_MG_3922-Bearbeitet-Bearbeitet-Edit-75x50_c.jpg\" data-title=\"Schoko-Fondue\" data-envirabox='2574' itemprop=\"contentUrl\"><img loading=\"lazy\" decoding=\"async\" src=\"https:\/\/www.goyko.de\/wordpress\/wp-content\/uploads\/2020\/12\/20220227-_MG_3922-Bearbeitet-Bearbeitet-Edit.jpg\" alt=\"Schokoladenfondue mit frischen Fr&uuml;chten wie Erdbeeren, gr&uuml;nen &Auml;pfeln und Trauben, umgeben von Schokodrops und Geb&auml;cksticks auf einem Holztisch\" class=\"envira-gallery-image envira-gallery-image-10    envira-lazy\" height=\"2048\" id=\"envira-gallery-image-3421\" srcset=\"data:image\/gif;base64,R0lGODlhAQABAIAAAP\/\/\/\/\/\/\/yH5BAEKAAEALAAAAAABAAEAAAICTAEAOw==\" tabindex=\"-1\" title=\"Schoko-Fondue\" width=\"2048\" data-caption=\"\" data-envira-gallery-id=\"2574\" data-envira-index=\"9\" data-envira-item-id=\"3421\" data-envira-src=\"https:\/\/www.goyko.de\/wordpress\/wp-content\/uploads\/2020\/12\/20220227-_MG_3922-Bearbeitet-Bearbeitet-Edit.jpg\" data-envira-srcset=\"https:\/\/www.goyko.de\/wordpress\/wp-content\/uploads\/2020\/12\/20220227-_MG_3922-Bearbeitet-Bearbeitet-Edit.jpg 400w, https:\/\/www.goyko.de\/wordpress\/wp-content\/uploads\/2020\/12\/20220227-_MG_3922-Bearbeitet-Bearbeitet-Edit.jpg 2x\" data-title=\"Schoko-Fondue\" itemprop=\"thumbnailUrl\"  draggable=\"false\" onmousedown=\"event.preventDefault()\"  data-envirabox=\"2574\" data-automatic-caption=\"\" data-envira-height=\"300\" data-envira-width=\"225\" \/><\/a><\/div><\/div><div id=\"envira-gallery-item-3409\" class=\"envira-gallery-item envira-gallery-item-11 envira-lazy-load\" style=\"padding-left: 3px; padding-bottom: 5px; padding-right: 3px;\"  itemscope itemtype=\"https:\/\/schema.org\/ImageObject\"><div class=\"envira-gallery-item-inner\"><div class=\"envira-gallery-position-overlay envira-gallery-top-left\"><\/div><div class=\"envira-gallery-position-overlay envira-gallery-top-right\"><\/div><div class=\"envira-gallery-position-overlay envira-gallery-bottom-left\"><\/div><div class=\"envira-gallery-position-overlay envira-gallery-bottom-right\"><\/div><a class=\"envira-gallery-2574 envira-gallery-link\" href=\"https:\/\/www.goyko.de\/wordpress\/wp-content\/uploads\/2020\/12\/20220216-_MG_3227-Edit-v2-Edit-Edit-v3.jpg\" title=\"Parade\" data-caption=\"\" data-envira-item-id=\"3409\" data-envira-retina=\"https:\/\/www.goyko.de\/wordpress\/wp-content\/uploads\/2020\/12\/20220216-_MG_3227-Edit-v2-Edit-Edit-v3.jpg\" data-thumb=\"https:\/\/www.goyko.de\/wordpress\/wp-content\/uploads\/2020\/12\/20220216-_MG_3227-Edit-v2-Edit-Edit-v3-75x50_c.jpg\" data-title=\"Parade\" data-envirabox='2574' itemprop=\"contentUrl\"><img loading=\"lazy\" decoding=\"async\" src=\"https:\/\/www.goyko.de\/wordpress\/wp-content\/uploads\/2020\/12\/20220216-_MG_3227-Edit-v2-Edit-Edit-v3.jpg\" alt=\"Reihe farbenfroher Pralinen, jede mit einzigartiger Textur und Geschmack, auf einer reflektierenden Oberfl&auml;che vor wei&szlig;em Hintergrund arrangiert.\" class=\"envira-gallery-image envira-gallery-image-11    envira-lazy\" height=\"2048\" id=\"envira-gallery-image-3409\" srcset=\"data:image\/gif;base64,R0lGODlhAQABAIAAAP\/\/\/\/\/\/\/yH5BAEKAAEALAAAAAABAAEAAAICTAEAOw==\" tabindex=\"-1\" title=\"Parade\" width=\"2048\" data-caption=\"\" data-envira-gallery-id=\"2574\" data-envira-index=\"10\" data-envira-item-id=\"3409\" data-envira-src=\"https:\/\/www.goyko.de\/wordpress\/wp-content\/uploads\/2020\/12\/20220216-_MG_3227-Edit-v2-Edit-Edit-v3.jpg\" data-envira-srcset=\"https:\/\/www.goyko.de\/wordpress\/wp-content\/uploads\/2020\/12\/20220216-_MG_3227-Edit-v2-Edit-Edit-v3.jpg 400w, https:\/\/www.goyko.de\/wordpress\/wp-content\/uploads\/2020\/12\/20220216-_MG_3227-Edit-v2-Edit-Edit-v3.jpg 2x\" data-title=\"Parade\" itemprop=\"thumbnailUrl\"  draggable=\"false\" onmousedown=\"event.preventDefault()\"  data-envirabox=\"2574\" data-automatic-caption=\"\" data-envira-height=\"200\" data-envira-width=\"300\" \/><\/a><\/div><\/div><div id=\"envira-gallery-item-3425\" class=\"envira-gallery-item envira-gallery-item-12 envira-lazy-load\" style=\"padding-left: 3px; padding-bottom: 5px; padding-right: 3px;\"  itemscope itemtype=\"https:\/\/schema.org\/ImageObject\"><div class=\"envira-gallery-item-inner\"><div class=\"envira-gallery-position-overlay envira-gallery-top-left\"><\/div><div class=\"envira-gallery-position-overlay envira-gallery-top-right\"><\/div><div class=\"envira-gallery-position-overlay envira-gallery-bottom-left\"><\/div><div class=\"envira-gallery-position-overlay envira-gallery-bottom-right\"><\/div><a class=\"envira-gallery-2574 envira-gallery-link\" href=\"https:\/\/www.goyko.de\/wordpress\/wp-content\/uploads\/2020\/12\/20220307-_MG_4388-Bearbeitet-Bearbeitet-Web.jpg\" title=\"Frohe Ostern\" data-caption=\"\" data-envira-item-id=\"3425\" data-envira-retina=\"https:\/\/www.goyko.de\/wordpress\/wp-content\/uploads\/2020\/12\/20220307-_MG_4388-Bearbeitet-Bearbeitet-Web.jpg\" data-thumb=\"https:\/\/www.goyko.de\/wordpress\/wp-content\/uploads\/2020\/12\/20220307-_MG_4388-Bearbeitet-Bearbeitet-Web-75x50_c.jpg\" data-title=\"Frohe Ostern\" data-envirabox='2574' itemprop=\"contentUrl\"><img loading=\"lazy\" decoding=\"async\" src=\"https:\/\/www.goyko.de\/wordpress\/wp-content\/uploads\/2020\/12\/20220307-_MG_4388-Bearbeitet-Bearbeitet-Web.jpg\" alt=\"Farbenfrohe Ostereier in einem Korb, frische wei&szlig;e Eier in einem Drahtkorb, eine Blume in einer Vase und ein gef&auml;rbtes Ei in einem Farbbad, dekoriert mit einer Osterhasen-Holzfigur\" class=\"envira-gallery-image envira-gallery-image-12    envira-lazy\" height=\"2048\" id=\"envira-gallery-image-3425\" srcset=\"data:image\/gif;base64,R0lGODlhAQABAIAAAP\/\/\/\/\/\/\/yH5BAEKAAEALAAAAAABAAEAAAICTAEAOw==\" tabindex=\"-1\" title=\"Frohe Ostern\" width=\"2048\" data-caption=\"\" data-envira-gallery-id=\"2574\" data-envira-index=\"11\" data-envira-item-id=\"3425\" data-envira-src=\"https:\/\/www.goyko.de\/wordpress\/wp-content\/uploads\/2020\/12\/20220307-_MG_4388-Bearbeitet-Bearbeitet-Web.jpg\" data-envira-srcset=\"https:\/\/www.goyko.de\/wordpress\/wp-content\/uploads\/2020\/12\/20220307-_MG_4388-Bearbeitet-Bearbeitet-Web.jpg 400w, https:\/\/www.goyko.de\/wordpress\/wp-content\/uploads\/2020\/12\/20220307-_MG_4388-Bearbeitet-Bearbeitet-Web.jpg 2x\" data-title=\"Frohe Ostern\" itemprop=\"thumbnailUrl\"  draggable=\"false\" onmousedown=\"event.preventDefault()\"  data-envirabox=\"2574\" data-automatic-caption=\"\" data-envira-height=\"300\" data-envira-width=\"200\" \/><\/a><\/div><\/div><div id=\"envira-gallery-item-3424\" class=\"envira-gallery-item envira-gallery-item-13 envira-lazy-load\" style=\"padding-left: 3px; padding-bottom: 5px; padding-right: 3px;\"  itemscope itemtype=\"https:\/\/schema.org\/ImageObject\"><div class=\"envira-gallery-item-inner\"><div class=\"envira-gallery-position-overlay envira-gallery-top-left\"><\/div><div class=\"envira-gallery-position-overlay envira-gallery-top-right\"><\/div><div class=\"envira-gallery-position-overlay envira-gallery-bottom-left\"><\/div><div class=\"envira-gallery-position-overlay envira-gallery-bottom-right\"><\/div><a class=\"envira-gallery-2574 envira-gallery-link\" href=\"https:\/\/www.goyko.de\/wordpress\/wp-content\/uploads\/2020\/12\/20220304-_MG_4185-Bearbeitet.jpg\" title=\"Steak\" data-caption=\"\" data-envira-item-id=\"3424\" data-envira-retina=\"https:\/\/www.goyko.de\/wordpress\/wp-content\/uploads\/2020\/12\/20220304-_MG_4185-Bearbeitet.jpg\" data-thumb=\"https:\/\/www.goyko.de\/wordpress\/wp-content\/uploads\/2020\/12\/20220304-_MG_4185-Bearbeitet-75x50_c.jpg\" data-title=\"Steak\" data-envirabox='2574' itemprop=\"contentUrl\"><img loading=\"lazy\" decoding=\"async\" src=\"https:\/\/www.goyko.de\/wordpress\/wp-content\/uploads\/2020\/12\/20220304-_MG_4185-Bearbeitet.jpg\" alt=\"Perfekt gebratenes Steak in einer gusseisernen Pfanne, begleitet von frischem Spargel, Tomaten, Brot und aromatischer Kr&auml;uterbutter auf rustikalem Hintergrund.\" class=\"envira-gallery-image envira-gallery-image-13    envira-lazy\" height=\"2048\" id=\"envira-gallery-image-3424\" srcset=\"data:image\/gif;base64,R0lGODlhAQABAIAAAP\/\/\/\/\/\/\/yH5BAEKAAEALAAAAAABAAEAAAICTAEAOw==\" tabindex=\"-1\" title=\"Steak\" width=\"2048\" data-caption=\"\" data-envira-gallery-id=\"2574\" data-envira-index=\"12\" data-envira-item-id=\"3424\" data-envira-src=\"https:\/\/www.goyko.de\/wordpress\/wp-content\/uploads\/2020\/12\/20220304-_MG_4185-Bearbeitet.jpg\" data-envira-srcset=\"https:\/\/www.goyko.de\/wordpress\/wp-content\/uploads\/2020\/12\/20220304-_MG_4185-Bearbeitet.jpg 400w, https:\/\/www.goyko.de\/wordpress\/wp-content\/uploads\/2020\/12\/20220304-_MG_4185-Bearbeitet.jpg 2x\" data-title=\"Steak\" itemprop=\"thumbnailUrl\"  draggable=\"false\" onmousedown=\"event.preventDefault()\"  data-envirabox=\"2574\" data-automatic-caption=\"\" data-envira-height=\"200\" data-envira-width=\"300\" \/><\/a><\/div><\/div><div id=\"envira-gallery-item-3402\" class=\"envira-gallery-item envira-gallery-item-14 envira-lazy-load\" style=\"padding-left: 3px; padding-bottom: 5px; padding-right: 3px;\"  itemscope itemtype=\"https:\/\/schema.org\/ImageObject\"><div class=\"envira-gallery-item-inner\"><div class=\"envira-gallery-position-overlay envira-gallery-top-left\"><\/div><div class=\"envira-gallery-position-overlay envira-gallery-top-right\"><\/div><div class=\"envira-gallery-position-overlay envira-gallery-bottom-left\"><\/div><div class=\"envira-gallery-position-overlay envira-gallery-bottom-right\"><\/div><a class=\"envira-gallery-2574 envira-gallery-link\" href=\"https:\/\/www.goyko.de\/wordpress\/wp-content\/uploads\/2020\/12\/MG_0145-Bearbeitet-Bearbeitet.jpg\" title=\"Hot Splash\" data-caption=\"\" data-envira-item-id=\"3402\" data-envira-retina=\"https:\/\/www.goyko.de\/wordpress\/wp-content\/uploads\/2020\/12\/MG_0145-Bearbeitet-Bearbeitet.jpg\" data-thumb=\"https:\/\/www.goyko.de\/wordpress\/wp-content\/uploads\/2020\/12\/MG_0145-Bearbeitet-Bearbeitet-75x50_c.jpg\" data-title=\"Hot Splash\" data-envirabox='2574' itemprop=\"contentUrl\"><img loading=\"lazy\" decoding=\"async\" src=\"https:\/\/www.goyko.de\/wordpress\/wp-content\/uploads\/2020\/12\/MG_0145-Bearbeitet-Bearbeitet.jpg\" alt=\"Rote Chilischote taucht dramatisch in klares Wasser ein, mit spritzenden Wellen und Blasen, vor einem schwarzen Hintergrund\" class=\"envira-gallery-image envira-gallery-image-14    envira-lazy\" height=\"2048\" id=\"envira-gallery-image-3402\" srcset=\"data:image\/gif;base64,R0lGODlhAQABAIAAAP\/\/\/\/\/\/\/yH5BAEKAAEALAAAAAABAAEAAAICTAEAOw==\" tabindex=\"-1\" title=\"Hot Splash\" width=\"2048\" data-caption=\"\" data-envira-gallery-id=\"2574\" data-envira-index=\"13\" data-envira-item-id=\"3402\" data-envira-src=\"https:\/\/www.goyko.de\/wordpress\/wp-content\/uploads\/2020\/12\/MG_0145-Bearbeitet-Bearbeitet.jpg\" data-envira-srcset=\"https:\/\/www.goyko.de\/wordpress\/wp-content\/uploads\/2020\/12\/MG_0145-Bearbeitet-Bearbeitet.jpg 400w, https:\/\/www.goyko.de\/wordpress\/wp-content\/uploads\/2020\/12\/MG_0145-Bearbeitet-Bearbeitet.jpg 2x\" data-title=\"Hot Splash\" itemprop=\"thumbnailUrl\"  draggable=\"false\" onmousedown=\"event.preventDefault()\"  data-envirabox=\"2574\" data-automatic-caption=\"\" data-envira-height=\"235\" data-envira-width=\"300\" \/><\/a><\/div><\/div><div id=\"envira-gallery-item-3420\" class=\"envira-gallery-item envira-gallery-item-15 envira-lazy-load\" style=\"padding-left: 3px; padding-bottom: 5px; padding-right: 3px;\"  itemscope itemtype=\"https:\/\/schema.org\/ImageObject\"><div class=\"envira-gallery-item-inner\"><div class=\"envira-gallery-position-overlay envira-gallery-top-left\"><\/div><div class=\"envira-gallery-position-overlay envira-gallery-top-right\"><\/div><div class=\"envira-gallery-position-overlay envira-gallery-bottom-left\"><\/div><div class=\"envira-gallery-position-overlay envira-gallery-bottom-right\"><\/div><a class=\"envira-gallery-2574 envira-gallery-link\" href=\"https:\/\/www.goyko.de\/wordpress\/wp-content\/uploads\/2020\/12\/20220224-_MG_3849-Bearbeitet-v2-Web.jpg\" title=\"Green\" data-caption=\"\" data-envira-item-id=\"3420\" data-envira-retina=\"https:\/\/www.goyko.de\/wordpress\/wp-content\/uploads\/2020\/12\/20220224-_MG_3849-Bearbeitet-v2-Web.jpg\" data-thumb=\"https:\/\/www.goyko.de\/wordpress\/wp-content\/uploads\/2020\/12\/20220224-_MG_3849-Bearbeitet-v2-Web-75x50_c.jpg\" data-title=\"Green\" data-envirabox='2574' itemprop=\"contentUrl\"><img loading=\"lazy\" decoding=\"async\" src=\"https:\/\/www.goyko.de\/wordpress\/wp-content\/uploads\/2020\/12\/20220224-_MG_3849-Bearbeitet-v2-Web.jpg\" alt=\"Aufgeschnittene Limettenh&auml;lften mit sichtbarem Fruchtfleisch, umgeben von grobem Salz, auf einer Schieferplatte, vor dunklem Hintergrund\" class=\"envira-gallery-image envira-gallery-image-15    envira-lazy\" height=\"2048\" id=\"envira-gallery-image-3420\" srcset=\"data:image\/gif;base64,R0lGODlhAQABAIAAAP\/\/\/\/\/\/\/yH5BAEKAAEALAAAAAABAAEAAAICTAEAOw==\" tabindex=\"-1\" title=\"Green\" width=\"2048\" data-caption=\"\" data-envira-gallery-id=\"2574\" data-envira-index=\"14\" data-envira-item-id=\"3420\" data-envira-src=\"https:\/\/www.goyko.de\/wordpress\/wp-content\/uploads\/2020\/12\/20220224-_MG_3849-Bearbeitet-v2-Web.jpg\" data-envira-srcset=\"https:\/\/www.goyko.de\/wordpress\/wp-content\/uploads\/2020\/12\/20220224-_MG_3849-Bearbeitet-v2-Web.jpg 400w, https:\/\/www.goyko.de\/wordpress\/wp-content\/uploads\/2020\/12\/20220224-_MG_3849-Bearbeitet-v2-Web.jpg 2x\" data-title=\"Green\" itemprop=\"thumbnailUrl\"  draggable=\"false\" onmousedown=\"event.preventDefault()\"  data-envirabox=\"2574\" data-automatic-caption=\"\" data-envira-height=\"300\" data-envira-width=\"300\" \/><\/a><\/div><\/div><div id=\"envira-gallery-item-3436\" class=\"envira-gallery-item envira-gallery-item-16 envira-lazy-load\" style=\"padding-left: 3px; padding-bottom: 5px; padding-right: 3px;\"  itemscope itemtype=\"https:\/\/schema.org\/ImageObject\"><div class=\"envira-gallery-item-inner\"><div class=\"envira-gallery-position-overlay envira-gallery-top-left\"><\/div><div class=\"envira-gallery-position-overlay envira-gallery-top-right\"><\/div><div class=\"envira-gallery-position-overlay envira-gallery-bottom-left\"><\/div><div class=\"envira-gallery-position-overlay envira-gallery-bottom-right\"><\/div><a class=\"envira-gallery-2574 envira-gallery-link\" href=\"https:\/\/www.goyko.de\/wordpress\/wp-content\/uploads\/2020\/12\/20220329-_MG_5262-Edit-Edit-2048x1463.jpg\" title=\"Guten Appetit\" data-caption=\"\" data-envira-item-id=\"3436\" data-envira-retina=\"https:\/\/www.goyko.de\/wordpress\/wp-content\/uploads\/2020\/12\/20220329-_MG_5262-Edit-Edit-2048x1463.jpg\" data-thumb=\"https:\/\/www.goyko.de\/wordpress\/wp-content\/uploads\/2020\/12\/20220329-_MG_5262-Edit-Edit-75x50_c.jpg\" data-title=\"Guten Appetit\" data-envirabox='2574' itemprop=\"contentUrl\"><img loading=\"lazy\" decoding=\"async\" src=\"https:\/\/www.goyko.de\/wordpress\/wp-content\/uploads\/2020\/12\/20220329-_MG_5262-Edit-Edit.jpg\" alt=\"Bagel mit Sesam, gef&uuml;llt mit Frischk&auml;se, Lachs und Dill, auf einer rustikalen Unterlage serviert\" class=\"envira-gallery-image envira-gallery-image-16    envira-lazy\" height=\"2048\" id=\"envira-gallery-image-3436\" srcset=\"data:image\/gif;base64,R0lGODlhAQABAIAAAP\/\/\/\/\/\/\/yH5BAEKAAEALAAAAAABAAEAAAICTAEAOw==\" tabindex=\"-1\" title=\"Guten Appetit\" width=\"2048\" data-caption=\"\" data-envira-gallery-id=\"2574\" data-envira-index=\"15\" data-envira-item-id=\"3436\" data-envira-src=\"https:\/\/www.goyko.de\/wordpress\/wp-content\/uploads\/2020\/12\/20220329-_MG_5262-Edit-Edit.jpg\" data-envira-srcset=\"https:\/\/www.goyko.de\/wordpress\/wp-content\/uploads\/2020\/12\/20220329-_MG_5262-Edit-Edit.jpg 400w, https:\/\/www.goyko.de\/wordpress\/wp-content\/uploads\/2020\/12\/20220329-_MG_5262-Edit-Edit.jpg 2x\" data-title=\"Guten Appetit\" itemprop=\"thumbnailUrl\"  draggable=\"false\" onmousedown=\"event.preventDefault()\"  data-envirabox=\"2574\" data-automatic-caption=\"\" data-envira-height=\"214\" data-envira-width=\"300\" \/><\/a><\/div><\/div><div id=\"envira-gallery-item-3431\" class=\"envira-gallery-item envira-gallery-item-17 envira-lazy-load\" style=\"padding-left: 3px; padding-bottom: 5px; padding-right: 3px;\"  itemscope itemtype=\"https:\/\/schema.org\/ImageObject\"><div class=\"envira-gallery-item-inner\"><div class=\"envira-gallery-position-overlay envira-gallery-top-left\"><\/div><div class=\"envira-gallery-position-overlay envira-gallery-top-right\"><\/div><div class=\"envira-gallery-position-overlay envira-gallery-bottom-left\"><\/div><div class=\"envira-gallery-position-overlay envira-gallery-bottom-right\"><\/div><a class=\"envira-gallery-2574 envira-gallery-link\" href=\"https:\/\/www.goyko.de\/wordpress\/wp-content\/uploads\/2020\/12\/strand-013-Bearbeitet-Bearbeitet-Bearbeitet-Web.jpg\" title=\"Summer Feeling\" data-caption=\"\" data-envira-item-id=\"3431\" data-envira-retina=\"https:\/\/www.goyko.de\/wordpress\/wp-content\/uploads\/2020\/12\/strand-013-Bearbeitet-Bearbeitet-Bearbeitet-Web.jpg\" data-thumb=\"https:\/\/www.goyko.de\/wordpress\/wp-content\/uploads\/2020\/12\/strand-013-Bearbeitet-Bearbeitet-Bearbeitet-Web-75x50_c.jpg\" data-title=\"Summer Feeling\" data-envirabox='2574' itemprop=\"contentUrl\"><img loading=\"lazy\" decoding=\"async\" src=\"https:\/\/www.goyko.de\/wordpress\/wp-content\/uploads\/2020\/12\/strand-013-Bearbeitet-Bearbeitet-Bearbeitet-Web.jpg\" alt=\"Miniatur-Strandszene mit blau-wei&szlig;em Sonnenschirm, Liegestuhl, Rettungsring, Seestern und Strohhut auf sandigem Hintergrund\" class=\"envira-gallery-image envira-gallery-image-17    envira-lazy\" height=\"2048\" id=\"envira-gallery-image-3431\" srcset=\"data:image\/gif;base64,R0lGODlhAQABAIAAAP\/\/\/\/\/\/\/yH5BAEKAAEALAAAAAABAAEAAAICTAEAOw==\" tabindex=\"-1\" title=\"Summer Feeling\" width=\"2048\" data-caption=\"\" data-envira-gallery-id=\"2574\" data-envira-index=\"16\" data-envira-item-id=\"3431\" data-envira-src=\"https:\/\/www.goyko.de\/wordpress\/wp-content\/uploads\/2020\/12\/strand-013-Bearbeitet-Bearbeitet-Bearbeitet-Web.jpg\" data-envira-srcset=\"https:\/\/www.goyko.de\/wordpress\/wp-content\/uploads\/2020\/12\/strand-013-Bearbeitet-Bearbeitet-Bearbeitet-Web.jpg 400w, https:\/\/www.goyko.de\/wordpress\/wp-content\/uploads\/2020\/12\/strand-013-Bearbeitet-Bearbeitet-Bearbeitet-Web.jpg 2x\" data-title=\"Summer Feeling\" itemprop=\"thumbnailUrl\"  draggable=\"false\" onmousedown=\"event.preventDefault()\"  data-envirabox=\"2574\" data-automatic-caption=\"\" data-envira-height=\"300\" data-envira-width=\"300\" \/><\/a><\/div><\/div><div id=\"envira-gallery-item-3401\" class=\"envira-gallery-item envira-gallery-item-18 envira-lazy-load\" style=\"padding-left: 3px; padding-bottom: 5px; padding-right: 3px;\"  itemscope itemtype=\"https:\/\/schema.org\/ImageObject\"><div class=\"envira-gallery-item-inner\"><div class=\"envira-gallery-position-overlay envira-gallery-top-left\"><\/div><div class=\"envira-gallery-position-overlay envira-gallery-top-right\"><\/div><div class=\"envira-gallery-position-overlay envira-gallery-bottom-left\"><\/div><div class=\"envira-gallery-position-overlay envira-gallery-bottom-right\"><\/div><a class=\"envira-gallery-2574 envira-gallery-link\" href=\"https:\/\/www.goyko.de\/wordpress\/wp-content\/uploads\/2020\/12\/20220211-_MG_2871-v3.jpg\" title=\"Julian Hakes Mojito\" data-caption=\"\" data-envira-item-id=\"3401\" data-envira-retina=\"https:\/\/www.goyko.de\/wordpress\/wp-content\/uploads\/2020\/12\/20220211-_MG_2871-v3.jpg\" data-thumb=\"https:\/\/www.goyko.de\/wordpress\/wp-content\/uploads\/2020\/12\/20220211-_MG_2871-v3-75x50_c.jpg\" data-title=\"Julian Hakes Mojito\" data-envirabox='2574' itemprop=\"contentUrl\"><img loading=\"lazy\" decoding=\"async\" src=\"https:\/\/www.goyko.de\/wordpress\/wp-content\/uploads\/2020\/12\/20220211-_MG_2871-v3.jpg\" alt=\"Futuristische High-Heels mit blauer Polsterung und spiegelnder Chromoberfl&auml;che, pr&auml;sentiert vor blauem Hintergrund.\" class=\"envira-gallery-image envira-gallery-image-18    envira-lazy\" height=\"2048\" id=\"envira-gallery-image-3401\" srcset=\"data:image\/gif;base64,R0lGODlhAQABAIAAAP\/\/\/\/\/\/\/yH5BAEKAAEALAAAAAABAAEAAAICTAEAOw==\" tabindex=\"-1\" title=\"Julian Hakes Mojito\" width=\"2048\" data-caption=\"\" data-envira-gallery-id=\"2574\" data-envira-index=\"17\" data-envira-item-id=\"3401\" data-envira-src=\"https:\/\/www.goyko.de\/wordpress\/wp-content\/uploads\/2020\/12\/20220211-_MG_2871-v3.jpg\" data-envira-srcset=\"https:\/\/www.goyko.de\/wordpress\/wp-content\/uploads\/2020\/12\/20220211-_MG_2871-v3.jpg 400w, https:\/\/www.goyko.de\/wordpress\/wp-content\/uploads\/2020\/12\/20220211-_MG_2871-v3.jpg 2x\" data-title=\"Julian Hakes Mojito\" itemprop=\"thumbnailUrl\"  draggable=\"false\" onmousedown=\"event.preventDefault()\"  data-envirabox=\"2574\" data-automatic-caption=\"\" data-envira-height=\"200\" data-envira-width=\"300\" \/><\/a><\/div><\/div><div id=\"envira-gallery-item-3418\" class=\"envira-gallery-item envira-gallery-item-19 envira-lazy-load\" style=\"padding-left: 3px; padding-bottom: 5px; padding-right: 3px;\"  itemscope itemtype=\"https:\/\/schema.org\/ImageObject\"><div class=\"envira-gallery-item-inner\"><div class=\"envira-gallery-position-overlay envira-gallery-top-left\"><\/div><div class=\"envira-gallery-position-overlay envira-gallery-top-right\"><\/div><div class=\"envira-gallery-position-overlay envira-gallery-bottom-left\"><\/div><div class=\"envira-gallery-position-overlay envira-gallery-bottom-right\"><\/div><a class=\"envira-gallery-2574 envira-gallery-link\" href=\"https:\/\/www.goyko.de\/wordpress\/wp-content\/uploads\/2020\/12\/20220217-_MG_3286-Bearbeitet.jpg\" title=\"Blocks\" data-caption=\"\" data-envira-item-id=\"3418\" data-envira-retina=\"https:\/\/www.goyko.de\/wordpress\/wp-content\/uploads\/2020\/12\/20220217-_MG_3286-Bearbeitet.jpg\" data-thumb=\"https:\/\/www.goyko.de\/wordpress\/wp-content\/uploads\/2020\/12\/20220217-_MG_3286-Bearbeitet-75x50_c.jpg\" data-title=\"Blocks\" data-envirabox='2574' itemprop=\"contentUrl\"><img loading=\"lazy\" decoding=\"async\" src=\"https:\/\/www.goyko.de\/wordpress\/wp-content\/uploads\/2020\/12\/20220217-_MG_3286-Bearbeitet.jpg\" alt=\"Schwarze Sneakers mit buntem Tetris-Design, pr&auml;sentiert neben einer leuchtenden Tetris-Lampe vor dunklem Hintergrund\" class=\"envira-gallery-image envira-gallery-image-19    envira-lazy\" height=\"2048\" id=\"envira-gallery-image-3418\" srcset=\"data:image\/gif;base64,R0lGODlhAQABAIAAAP\/\/\/\/\/\/\/yH5BAEKAAEALAAAAAABAAEAAAICTAEAOw==\" tabindex=\"-1\" title=\"Blocks\" width=\"2048\" data-caption=\"\" data-envira-gallery-id=\"2574\" data-envira-index=\"18\" data-envira-item-id=\"3418\" data-envira-src=\"https:\/\/www.goyko.de\/wordpress\/wp-content\/uploads\/2020\/12\/20220217-_MG_3286-Bearbeitet.jpg\" data-envira-srcset=\"https:\/\/www.goyko.de\/wordpress\/wp-content\/uploads\/2020\/12\/20220217-_MG_3286-Bearbeitet.jpg 400w, https:\/\/www.goyko.de\/wordpress\/wp-content\/uploads\/2020\/12\/20220217-_MG_3286-Bearbeitet.jpg 2x\" data-title=\"Blocks\" itemprop=\"thumbnailUrl\"  draggable=\"false\" onmousedown=\"event.preventDefault()\"  data-envirabox=\"2574\" data-automatic-caption=\"\" data-envira-height=\"300\" data-envira-width=\"240\" \/><\/a><\/div><\/div><div id=\"envira-gallery-item-3400\" class=\"envira-gallery-item envira-gallery-item-20 envira-lazy-load\" style=\"padding-left: 3px; padding-bottom: 5px; padding-right: 3px;\"  itemscope itemtype=\"https:\/\/schema.org\/ImageObject\"><div class=\"envira-gallery-item-inner\"><div class=\"envira-gallery-position-overlay envira-gallery-top-left\"><\/div><div class=\"envira-gallery-position-overlay envira-gallery-top-right\"><\/div><div class=\"envira-gallery-position-overlay envira-gallery-bottom-left\"><\/div><div class=\"envira-gallery-position-overlay envira-gallery-bottom-right\"><\/div><a class=\"envira-gallery-2574 envira-gallery-link\" href=\"https:\/\/www.goyko.de\/wordpress\/wp-content\/uploads\/2020\/12\/20220207-_MG_2737-Edit.jpg\" title=\"iPhone\" data-caption=\"\" data-envira-item-id=\"3400\" data-envira-retina=\"https:\/\/www.goyko.de\/wordpress\/wp-content\/uploads\/2020\/12\/20220207-_MG_2737-Edit.jpg\" data-thumb=\"https:\/\/www.goyko.de\/wordpress\/wp-content\/uploads\/2020\/12\/20220207-_MG_2737-Edit-75x50_c.jpg\" data-title=\"iPhone\" data-envirabox='2574' itemprop=\"contentUrl\"><img loading=\"lazy\" decoding=\"async\" src=\"https:\/\/www.goyko.de\/wordpress\/wp-content\/uploads\/2020\/12\/20220207-_MG_2737-Edit.jpg\" alt=\"Schwarzes Smartphone mit Apple-Logo, das auf einer gl&auml;nzenden Oberfl&auml;che einen Bildschirm mit farbenfrohen Linienmuster reflektiert\" class=\"envira-gallery-image envira-gallery-image-20    envira-lazy\" height=\"2048\" id=\"envira-gallery-image-3400\" srcset=\"data:image\/gif;base64,R0lGODlhAQABAIAAAP\/\/\/\/\/\/\/yH5BAEKAAEALAAAAAABAAEAAAICTAEAOw==\" tabindex=\"-1\" title=\"iPhone\" width=\"2048\" data-caption=\"\" data-envira-gallery-id=\"2574\" data-envira-index=\"19\" data-envira-item-id=\"3400\" data-envira-src=\"https:\/\/www.goyko.de\/wordpress\/wp-content\/uploads\/2020\/12\/20220207-_MG_2737-Edit.jpg\" data-envira-srcset=\"https:\/\/www.goyko.de\/wordpress\/wp-content\/uploads\/2020\/12\/20220207-_MG_2737-Edit.jpg 400w, https:\/\/www.goyko.de\/wordpress\/wp-content\/uploads\/2020\/12\/20220207-_MG_2737-Edit.jpg 2x\" data-title=\"iPhone\" itemprop=\"thumbnailUrl\"  draggable=\"false\" onmousedown=\"event.preventDefault()\"  data-envirabox=\"2574\" data-automatic-caption=\"\" data-envira-height=\"200\" data-envira-width=\"300\" \/><\/a><\/div><\/div><div id=\"envira-gallery-item-3406\" class=\"envira-gallery-item envira-gallery-item-21 envira-lazy-load\" style=\"padding-left: 3px; padding-bottom: 5px; padding-right: 3px;\"  itemscope itemtype=\"https:\/\/schema.org\/ImageObject\"><div class=\"envira-gallery-item-inner\"><div class=\"envira-gallery-position-overlay envira-gallery-top-left\"><\/div><div class=\"envira-gallery-position-overlay envira-gallery-top-right\"><\/div><div class=\"envira-gallery-position-overlay envira-gallery-bottom-left\"><\/div><div class=\"envira-gallery-position-overlay envira-gallery-bottom-right\"><\/div><a class=\"envira-gallery-2574 envira-gallery-link\" href=\"https:\/\/www.goyko.de\/wordpress\/wp-content\/uploads\/2020\/12\/20220213-_MG_2938-Edit-v7-Edit.jpg\" title=\"Eiskalt\" data-caption=\"\" data-envira-item-id=\"3406\" data-envira-retina=\"https:\/\/www.goyko.de\/wordpress\/wp-content\/uploads\/2020\/12\/20220213-_MG_2938-Edit-v7-Edit.jpg\" data-thumb=\"https:\/\/www.goyko.de\/wordpress\/wp-content\/uploads\/2020\/12\/20220213-_MG_2938-Edit-v7-Edit-75x50_c.jpg\" data-title=\"Eiskalt\" data-envirabox='2574' itemprop=\"contentUrl\"><img loading=\"lazy\" decoding=\"async\" src=\"https:\/\/www.goyko.de\/wordpress\/wp-content\/uploads\/2020\/12\/20220213-_MG_2938-Edit-v7-Edit.jpg\" alt=\"Ein Werbefoto einer Vodkaflasche mit der Aufschrift &amp;#039;Pure Grain Vodka - Crystal Glacier&amp;#039;. Die Flasche steht auf einer reflektierenden Oberfl&auml;che, begleitet von einem Glas mit Eisw&uuml;rfeln. Der Hintergrund zeigt eine eisige Gletscherlandschaft mit Eiszapfen und einer bl&auml;ulich-kalten Farbpalette, die das Thema der Reinheit und K&auml;lte betont\" class=\"envira-gallery-image envira-gallery-image-21    envira-lazy\" height=\"2048\" id=\"envira-gallery-image-3406\" srcset=\"data:image\/gif;base64,R0lGODlhAQABAIAAAP\/\/\/\/\/\/\/yH5BAEKAAEALAAAAAABAAEAAAICTAEAOw==\" tabindex=\"-1\" title=\"Eiskalt\" width=\"2048\" data-caption=\"\" data-envira-gallery-id=\"2574\" data-envira-index=\"20\" data-envira-item-id=\"3406\" data-envira-src=\"https:\/\/www.goyko.de\/wordpress\/wp-content\/uploads\/2020\/12\/20220213-_MG_2938-Edit-v7-Edit.jpg\" data-envira-srcset=\"https:\/\/www.goyko.de\/wordpress\/wp-content\/uploads\/2020\/12\/20220213-_MG_2938-Edit-v7-Edit.jpg 400w, https:\/\/www.goyko.de\/wordpress\/wp-content\/uploads\/2020\/12\/20220213-_MG_2938-Edit-v7-Edit.jpg 2x\" data-title=\"Eiskalt\" itemprop=\"thumbnailUrl\"  draggable=\"false\" onmousedown=\"event.preventDefault()\"  data-envirabox=\"2574\" data-automatic-caption=\"\" data-envira-height=\"300\" data-envira-width=\"300\" \/><\/a><\/div><\/div><div id=\"envira-gallery-item-3398\" class=\"envira-gallery-item envira-gallery-item-22 envira-lazy-load\" style=\"padding-left: 3px; padding-bottom: 5px; padding-right: 3px;\"  itemscope itemtype=\"https:\/\/schema.org\/ImageObject\"><div class=\"envira-gallery-item-inner\"><div class=\"envira-gallery-position-overlay envira-gallery-top-left\"><\/div><div class=\"envira-gallery-position-overlay envira-gallery-top-right\"><\/div><div class=\"envira-gallery-position-overlay envira-gallery-bottom-left\"><\/div><div class=\"envira-gallery-position-overlay envira-gallery-bottom-right\"><\/div><a class=\"envira-gallery-2574 envira-gallery-link\" href=\"https:\/\/www.goyko.de\/wordpress\/wp-content\/uploads\/2020\/12\/20220206-_MG_2666-Edit-2.jpg\" title=\"Colourful\" data-caption=\"\" data-envira-item-id=\"3398\" data-envira-retina=\"https:\/\/www.goyko.de\/wordpress\/wp-content\/uploads\/2020\/12\/20220206-_MG_2666-Edit-2.jpg\" data-thumb=\"https:\/\/www.goyko.de\/wordpress\/wp-content\/uploads\/2020\/12\/20220206-_MG_2666-Edit-2-75x50_c.jpg\" data-title=\"Colourful\" data-envirabox='2574' itemprop=\"contentUrl\"><img loading=\"lazy\" decoding=\"async\" src=\"https:\/\/www.goyko.de\/wordpress\/wp-content\/uploads\/2020\/12\/20220206-_MG_2666-Edit-2.jpg\" alt=\"Zwei Dosen Frizzante in Gr&uuml;n und Rosa, mit auff&auml;lligem, kontrastierenden Hintergrund in Pink und Gr&uuml;n\" class=\"envira-gallery-image envira-gallery-image-22    envira-lazy\" height=\"2048\" id=\"envira-gallery-image-3398\" srcset=\"data:image\/gif;base64,R0lGODlhAQABAIAAAP\/\/\/\/\/\/\/yH5BAEKAAEALAAAAAABAAEAAAICTAEAOw==\" tabindex=\"-1\" title=\"Colourful\" width=\"2048\" data-caption=\"\" data-envira-gallery-id=\"2574\" data-envira-index=\"21\" data-envira-item-id=\"3398\" data-envira-src=\"https:\/\/www.goyko.de\/wordpress\/wp-content\/uploads\/2020\/12\/20220206-_MG_2666-Edit-2.jpg\" data-envira-srcset=\"https:\/\/www.goyko.de\/wordpress\/wp-content\/uploads\/2020\/12\/20220206-_MG_2666-Edit-2.jpg 400w, https:\/\/www.goyko.de\/wordpress\/wp-content\/uploads\/2020\/12\/20220206-_MG_2666-Edit-2.jpg 2x\" data-title=\"Colourful\" itemprop=\"thumbnailUrl\"  draggable=\"false\" onmousedown=\"event.preventDefault()\"  data-envirabox=\"2574\" data-automatic-caption=\"\" data-envira-height=\"300\" data-envira-width=\"200\" \/><\/a><\/div><\/div><div id=\"envira-gallery-item-3399\" class=\"envira-gallery-item envira-gallery-item-23 envira-lazy-load\" style=\"padding-left: 3px; padding-bottom: 5px; padding-right: 3px;\"  itemscope itemtype=\"https:\/\/schema.org\/ImageObject\"><div class=\"envira-gallery-item-inner\"><div class=\"envira-gallery-position-overlay envira-gallery-top-left\"><\/div><div class=\"envira-gallery-position-overlay envira-gallery-top-right\"><\/div><div class=\"envira-gallery-position-overlay envira-gallery-bottom-left\"><\/div><div class=\"envira-gallery-position-overlay envira-gallery-bottom-right\"><\/div><a class=\"envira-gallery-2574 envira-gallery-link\" href=\"https:\/\/www.goyko.de\/wordpress\/wp-content\/uploads\/2020\/12\/MG_2750-v2.jpg\" title=\"Trio\" data-caption=\"\" data-envira-item-id=\"3399\" data-envira-retina=\"https:\/\/www.goyko.de\/wordpress\/wp-content\/uploads\/2020\/12\/MG_2750-v2.jpg\" data-thumb=\"https:\/\/www.goyko.de\/wordpress\/wp-content\/uploads\/2020\/12\/MG_2750-v2-75x50_c.jpg\" data-title=\"Trio\" data-envirabox='2574' itemprop=\"contentUrl\"><img loading=\"lazy\" decoding=\"async\" src=\"https:\/\/www.goyko.de\/wordpress\/wp-content\/uploads\/2020\/12\/MG_2750-v2.jpg\" alt=\"Werbung f&uuml;r NIVEA Men Silver Protect mit Duschgel, Creme und Deo, pr&auml;sentiert als das perfekte Trio\" class=\"envira-gallery-image envira-gallery-image-23    envira-lazy\" height=\"2048\" id=\"envira-gallery-image-3399\" srcset=\"data:image\/gif;base64,R0lGODlhAQABAIAAAP\/\/\/\/\/\/\/yH5BAEKAAEALAAAAAABAAEAAAICTAEAOw==\" tabindex=\"-1\" title=\"Trio\" width=\"2048\" data-caption=\"\" data-envira-gallery-id=\"2574\" data-envira-index=\"22\" data-envira-item-id=\"3399\" data-envira-src=\"https:\/\/www.goyko.de\/wordpress\/wp-content\/uploads\/2020\/12\/MG_2750-v2.jpg\" data-envira-srcset=\"https:\/\/www.goyko.de\/wordpress\/wp-content\/uploads\/2020\/12\/MG_2750-v2.jpg 400w, https:\/\/www.goyko.de\/wordpress\/wp-content\/uploads\/2020\/12\/MG_2750-v2.jpg 2x\" data-title=\"Trio\" itemprop=\"thumbnailUrl\"  draggable=\"false\" onmousedown=\"event.preventDefault()\"  data-envirabox=\"2574\" data-automatic-caption=\"\" data-envira-height=\"300\" data-envira-width=\"261\" \/><\/a><\/div><\/div><div id=\"envira-gallery-item-3397\" class=\"envira-gallery-item envira-gallery-item-24 envira-lazy-load\" style=\"padding-left: 3px; padding-bottom: 5px; padding-right: 3px;\"  itemscope itemtype=\"https:\/\/schema.org\/ImageObject\"><div class=\"envira-gallery-item-inner\"><div class=\"envira-gallery-position-overlay envira-gallery-top-left\"><\/div><div class=\"envira-gallery-position-overlay envira-gallery-top-right\"><\/div><div class=\"envira-gallery-position-overlay envira-gallery-bottom-left\"><\/div><div class=\"envira-gallery-position-overlay envira-gallery-bottom-right\"><\/div><a class=\"envira-gallery-2574 envira-gallery-link\" href=\"https:\/\/www.goyko.de\/wordpress\/wp-content\/uploads\/2020\/12\/20220204-_MG_2612-mit-BG-V3.jpg\" title=\"Dark Blue\" data-caption=\"\" data-envira-item-id=\"3397\" data-envira-retina=\"https:\/\/www.goyko.de\/wordpress\/wp-content\/uploads\/2020\/12\/20220204-_MG_2612-mit-BG-V3.jpg\" data-thumb=\"https:\/\/www.goyko.de\/wordpress\/wp-content\/uploads\/2020\/12\/20220204-_MG_2612-mit-BG-V3-75x50_c.jpg\" data-title=\"Dark Blue\" data-envirabox='2574' itemprop=\"contentUrl\"><img loading=\"lazy\" decoding=\"async\" src=\"https:\/\/www.goyko.de\/wordpress\/wp-content\/uploads\/2020\/12\/20220204-_MG_2612-mit-BG-V3.jpg\" alt=\"Parf&uuml;m Hugo Boss Dark Blue mit elegantem blauen Flakon vor einem stimmungsvollen Hintergrund\" class=\"envira-gallery-image envira-gallery-image-24    envira-lazy\" height=\"2048\" id=\"envira-gallery-image-3397\" srcset=\"data:image\/gif;base64,R0lGODlhAQABAIAAAP\/\/\/\/\/\/\/yH5BAEKAAEALAAAAAABAAEAAAICTAEAOw==\" tabindex=\"-1\" title=\"Dark Blue\" width=\"2048\" data-caption=\"\" data-envira-gallery-id=\"2574\" data-envira-index=\"23\" data-envira-item-id=\"3397\" data-envira-src=\"https:\/\/www.goyko.de\/wordpress\/wp-content\/uploads\/2020\/12\/20220204-_MG_2612-mit-BG-V3.jpg\" data-envira-srcset=\"https:\/\/www.goyko.de\/wordpress\/wp-content\/uploads\/2020\/12\/20220204-_MG_2612-mit-BG-V3.jpg 400w, https:\/\/www.goyko.de\/wordpress\/wp-content\/uploads\/2020\/12\/20220204-_MG_2612-mit-BG-V3.jpg 2x\" data-title=\"Dark Blue\" itemprop=\"thumbnailUrl\"  draggable=\"false\" onmousedown=\"event.preventDefault()\"  data-envirabox=\"2574\" data-automatic-caption=\"\" data-envira-height=\"300\" data-envira-width=\"200\" \/><\/a><\/div><\/div><div id=\"envira-gallery-item-3396\" class=\"envira-gallery-item envira-gallery-item-25 envira-lazy-load\" style=\"padding-left: 3px; padding-bottom: 5px; padding-right: 3px;\"  itemscope itemtype=\"https:\/\/schema.org\/ImageObject\"><div class=\"envira-gallery-item-inner\"><div class=\"envira-gallery-position-overlay envira-gallery-top-left\"><\/div><div class=\"envira-gallery-position-overlay envira-gallery-top-right\"><\/div><div class=\"envira-gallery-position-overlay envira-gallery-bottom-left\"><\/div><div class=\"envira-gallery-position-overlay envira-gallery-bottom-right\"><\/div><a class=\"envira-gallery-2574 envira-gallery-link\" href=\"https:\/\/www.goyko.de\/wordpress\/wp-content\/uploads\/2020\/12\/2022-01-30-14-57-15-BRadius8Smoothing4-Edit-v2.jpg\" title=\"Kolbenf\u00fcller\" data-caption=\"\" data-envira-item-id=\"3396\" data-envira-retina=\"https:\/\/www.goyko.de\/wordpress\/wp-content\/uploads\/2020\/12\/2022-01-30-14-57-15-BRadius8Smoothing4-Edit-v2.jpg\" data-thumb=\"https:\/\/www.goyko.de\/wordpress\/wp-content\/uploads\/2020\/12\/2022-01-30-14-57-15-BRadius8Smoothing4-Edit-v2-75x50_c.jpg\" data-title=\"Kolbenf&uuml;ller\" data-envirabox='2574' itemprop=\"contentUrl\"><img loading=\"lazy\" decoding=\"async\" src=\"https:\/\/www.goyko.de\/wordpress\/wp-content\/uploads\/2020\/12\/2022-01-30-14-57-15-BRadius8Smoothing4-Edit-v2.jpg\" alt=\"Eleganter F&uuml;llfederhalter mit blauem Schaft und goldener Feder auf schwarzem Untergrund\" class=\"envira-gallery-image envira-gallery-image-25    envira-lazy\" height=\"2048\" id=\"envira-gallery-image-3396\" srcset=\"data:image\/gif;base64,R0lGODlhAQABAIAAAP\/\/\/\/\/\/\/yH5BAEKAAEALAAAAAABAAEAAAICTAEAOw==\" tabindex=\"-1\" title=\"Kolbenf\u00fcller\" width=\"2048\" data-caption=\"\" data-envira-gallery-id=\"2574\" data-envira-index=\"24\" data-envira-item-id=\"3396\" data-envira-src=\"https:\/\/www.goyko.de\/wordpress\/wp-content\/uploads\/2020\/12\/2022-01-30-14-57-15-BRadius8Smoothing4-Edit-v2.jpg\" data-envira-srcset=\"https:\/\/www.goyko.de\/wordpress\/wp-content\/uploads\/2020\/12\/2022-01-30-14-57-15-BRadius8Smoothing4-Edit-v2.jpg 400w, https:\/\/www.goyko.de\/wordpress\/wp-content\/uploads\/2020\/12\/2022-01-30-14-57-15-BRadius8Smoothing4-Edit-v2.jpg 2x\" data-title=\"Kolbenf&uuml;ller\" itemprop=\"thumbnailUrl\"  draggable=\"false\" onmousedown=\"event.preventDefault()\"  data-envirabox=\"2574\" data-automatic-caption=\"\" data-envira-height=\"199\" data-envira-width=\"300\" \/><\/a><\/div><\/div><div id=\"envira-gallery-item-2939\" class=\"envira-gallery-item envira-gallery-item-26 envira-lazy-load\" style=\"padding-left: 3px; padding-bottom: 5px; padding-right: 3px;\"  itemscope itemtype=\"https:\/\/schema.org\/ImageObject\"><div class=\"envira-gallery-item-inner\"><div class=\"envira-gallery-position-overlay envira-gallery-top-left\"><\/div><div class=\"envira-gallery-position-overlay envira-gallery-top-right\"><\/div><div class=\"envira-gallery-position-overlay envira-gallery-bottom-left\"><\/div><div class=\"envira-gallery-position-overlay envira-gallery-bottom-right\"><\/div><a class=\"envira-gallery-2574 envira-gallery-link\" href=\"https:\/\/www.goyko.de\/wordpress\/wp-content\/uploads\/2020\/12\/a16-komplett-2048x1365.jpg\" title=\"a16-komplett\" data-caption=\"\" data-envira-item-id=\"2939\" data-envira-retina=\"https:\/\/www.goyko.de\/wordpress\/wp-content\/uploads\/2020\/12\/a16-komplett-2048x1365.jpg\" data-thumb=\"https:\/\/www.goyko.de\/wordpress\/wp-content\/uploads\/2020\/12\/a16-komplett-75x50_c.jpg\" data-title=\"a16-komplett\" data-envirabox='2574' itemprop=\"contentUrl\"><img loading=\"lazy\" decoding=\"async\" src=\"https:\/\/www.goyko.de\/wordpress\/wp-content\/uploads\/2020\/12\/a16-komplett.jpg\" alt=\"Schwarzer Audio-AD\/DA-Wandler mit leuchtendem Display und reflektierendem Hintergrund\" class=\"envira-gallery-image envira-gallery-image-26    envira-lazy\" height=\"2048\" id=\"envira-gallery-image-2939\" srcset=\"data:image\/gif;base64,R0lGODlhAQABAIAAAP\/\/\/\/\/\/\/yH5BAEKAAEALAAAAAABAAEAAAICTAEAOw==\" tabindex=\"-1\" title=\"a16-komplett\" width=\"2048\" data-caption=\"\" data-envira-gallery-id=\"2574\" data-envira-index=\"25\" data-envira-item-id=\"2939\" data-envira-src=\"https:\/\/www.goyko.de\/wordpress\/wp-content\/uploads\/2020\/12\/a16-komplett.jpg\" data-envira-srcset=\"https:\/\/www.goyko.de\/wordpress\/wp-content\/uploads\/2020\/12\/a16-komplett.jpg 400w, https:\/\/www.goyko.de\/wordpress\/wp-content\/uploads\/2020\/12\/a16-komplett.jpg 2x\" data-title=\"a16-komplett\" itemprop=\"thumbnailUrl\"  draggable=\"false\" onmousedown=\"event.preventDefault()\"  data-envirabox=\"2574\" data-automatic-caption=\"\" data-envira-height=\"200\" data-envira-width=\"300\" \/><\/a><\/div><\/div><div id=\"envira-gallery-item-2719\" class=\"envira-gallery-item envira-gallery-item-27 envira-lazy-load\" style=\"padding-left: 3px; padding-bottom: 5px; padding-right: 3px;\"  itemscope itemtype=\"https:\/\/schema.org\/ImageObject\"><div class=\"envira-gallery-item-inner\"><div class=\"envira-gallery-position-overlay envira-gallery-top-left\"><\/div><div class=\"envira-gallery-position-overlay envira-gallery-top-right\"><\/div><div class=\"envira-gallery-position-overlay envira-gallery-bottom-left\"><\/div><div class=\"envira-gallery-position-overlay envira-gallery-bottom-right\"><\/div><a class=\"envira-gallery-2574 envira-gallery-link\" href=\"https:\/\/www.goyko.de\/wordpress\/wp-content\/uploads\/2020\/12\/Wacom-Tablet-1.jpg\" title=\"Wacom-Tablet\" data-caption=\"\" data-envira-item-id=\"2719\" data-envira-retina=\"https:\/\/www.goyko.de\/wordpress\/wp-content\/uploads\/2020\/12\/Wacom-Tablet-1.jpg\" data-thumb=\"https:\/\/www.goyko.de\/wordpress\/wp-content\/uploads\/2020\/12\/Wacom-Tablet-1-75x50_c.jpg\" data-title=\"Wacom-Tablet\" data-envirabox='2574' itemprop=\"contentUrl\"><img loading=\"lazy\" decoding=\"async\" src=\"https:\/\/www.goyko.de\/wordpress\/wp-content\/uploads\/2020\/12\/Wacom-Tablet-1.jpg\" alt=\"Wacom Grafiktablett mit Stift, Stifthalter und Zubeh&ouml;r, pr&auml;sentiert mit Verpackung und Logo\" class=\"envira-gallery-image envira-gallery-image-27    envira-lazy\" height=\"2048\" id=\"envira-gallery-image-2719\" srcset=\"data:image\/gif;base64,R0lGODlhAQABAIAAAP\/\/\/\/\/\/\/yH5BAEKAAEALAAAAAABAAEAAAICTAEAOw==\" tabindex=\"-1\" title=\"Wacom-Tablet\" width=\"2048\" data-caption=\"\" data-envira-gallery-id=\"2574\" data-envira-index=\"26\" data-envira-item-id=\"2719\" data-envira-src=\"https:\/\/www.goyko.de\/wordpress\/wp-content\/uploads\/2020\/12\/Wacom-Tablet-1.jpg\" data-envira-srcset=\"https:\/\/www.goyko.de\/wordpress\/wp-content\/uploads\/2020\/12\/Wacom-Tablet-1.jpg 400w, https:\/\/www.goyko.de\/wordpress\/wp-content\/uploads\/2020\/12\/Wacom-Tablet-1.jpg 2x\" data-title=\"Wacom-Tablet\" itemprop=\"thumbnailUrl\"  draggable=\"false\" onmousedown=\"event.preventDefault()\"  data-envirabox=\"2574\" data-automatic-caption=\"\" data-envira-height=\"225\" data-envira-width=\"300\" \/><\/a><\/div><\/div><div id=\"envira-gallery-item-2907\" class=\"envira-gallery-item envira-gallery-item-28 envira-lazy-load\" style=\"padding-left: 3px; padding-bottom: 5px; padding-right: 3px;\"  itemscope itemtype=\"https:\/\/schema.org\/ImageObject\"><div class=\"envira-gallery-item-inner\"><div class=\"envira-gallery-position-overlay envira-gallery-top-left\"><\/div><div class=\"envira-gallery-position-overlay envira-gallery-top-right\"><\/div><div class=\"envira-gallery-position-overlay envira-gallery-bottom-left\"><\/div><div class=\"envira-gallery-position-overlay envira-gallery-bottom-right\"><\/div><a class=\"envira-gallery-2574 envira-gallery-link\" href=\"https:\/\/www.goyko.de\/wordpress\/wp-content\/uploads\/2020\/12\/saucen.jpg\" title=\"saucen\" data-caption=\"\" data-envira-item-id=\"2907\" data-envira-retina=\"https:\/\/www.goyko.de\/wordpress\/wp-content\/uploads\/2020\/12\/saucen.jpg\" data-thumb=\"https:\/\/www.goyko.de\/wordpress\/wp-content\/uploads\/2020\/12\/saucen-75x50_c.jpg\" data-title=\"saucen\" data-envirabox='2574' itemprop=\"contentUrl\"><img loading=\"lazy\" decoding=\"async\" src=\"https:\/\/www.goyko.de\/wordpress\/wp-content\/uploads\/2020\/12\/saucen.jpg\" alt=\"Produktwerbung f&uuml;r &amp;#039;Jo&amp;#039;s Sweet &amp;#039;n Hot Chutney&amp;#039;, pr&auml;sentiert mit einer Schale und drei Flaschen in verschiedenen Geschmacksrichtungen, auf einer Holzhintergrund-Textur mit auff&auml;lligem Logo\" class=\"envira-gallery-image envira-gallery-image-28    envira-lazy\" height=\"2048\" id=\"envira-gallery-image-2907\" srcset=\"data:image\/gif;base64,R0lGODlhAQABAIAAAP\/\/\/\/\/\/\/yH5BAEKAAEALAAAAAABAAEAAAICTAEAOw==\" tabindex=\"-1\" title=\"saucen\" width=\"2048\" data-caption=\"\" data-envira-gallery-id=\"2574\" data-envira-index=\"27\" data-envira-item-id=\"2907\" data-envira-src=\"https:\/\/www.goyko.de\/wordpress\/wp-content\/uploads\/2020\/12\/saucen.jpg\" data-envira-srcset=\"https:\/\/www.goyko.de\/wordpress\/wp-content\/uploads\/2020\/12\/saucen.jpg 400w, https:\/\/www.goyko.de\/wordpress\/wp-content\/uploads\/2020\/12\/saucen.jpg 2x\" data-title=\"saucen\" itemprop=\"thumbnailUrl\"  draggable=\"false\" onmousedown=\"event.preventDefault()\"  data-envirabox=\"2574\" data-automatic-caption=\"\" data-envira-height=\"200\" data-envira-width=\"300\" \/><\/a><\/div><\/div><div id=\"envira-gallery-item-2678\" class=\"envira-gallery-item envira-gallery-item-29 envira-lazy-load\" style=\"padding-left: 3px; padding-bottom: 5px; padding-right: 3px;\"  itemscope itemtype=\"https:\/\/schema.org\/ImageObject\"><div class=\"envira-gallery-item-inner\"><div class=\"envira-gallery-position-overlay envira-gallery-top-left\"><\/div><div class=\"envira-gallery-position-overlay envira-gallery-top-right\"><\/div><div class=\"envira-gallery-position-overlay envira-gallery-bottom-left\"><\/div><div class=\"envira-gallery-position-overlay envira-gallery-bottom-right\"><\/div><a class=\"envira-gallery-2574 envira-gallery-link\" href=\"https:\/\/www.goyko.de\/wordpress\/wp-content\/uploads\/2020\/12\/Kreidemarker-Materialuebersicht.jpg\" title=\"Kreidemarker-Materialuebersicht\" data-caption=\"\" data-envira-item-id=\"2678\" data-envira-retina=\"https:\/\/www.goyko.de\/wordpress\/wp-content\/uploads\/2020\/12\/Kreidemarker-Materialuebersicht.jpg\" data-thumb=\"https:\/\/www.goyko.de\/wordpress\/wp-content\/uploads\/2020\/12\/Kreidemarker-Materialuebersicht-75x50_c.jpg\" data-title=\"Kreidemarker-Materialuebersicht\" data-envirabox='2574' itemprop=\"contentUrl\"><img loading=\"lazy\" decoding=\"async\" src=\"https:\/\/www.goyko.de\/wordpress\/wp-content\/uploads\/2020\/12\/Kreidemarker-Materialuebersicht.jpg\" alt=\"Werbung f&uuml;r fluoreszierende Kreidemarker, die auf verschiedenen Oberfl&auml;chen wie Glas, Keramik, Plastik, Karton, Papier, Holz, Beton, Metall, Glastafeln, Whiteboards und Tafeln verwendet werden k&ouml;nnen, mit einer breiten Farbpalette und einem Demonstrationsbild einer Hand, die einen Marker h&auml;lt\" class=\"envira-gallery-image envira-gallery-image-29    envira-lazy\" height=\"2048\" id=\"envira-gallery-image-2678\" srcset=\"data:image\/gif;base64,R0lGODlhAQABAIAAAP\/\/\/\/\/\/\/yH5BAEKAAEALAAAAAABAAEAAAICTAEAOw==\" tabindex=\"-1\" title=\"Kreidemarker-Materialuebersicht\" width=\"2048\" data-caption=\"\" data-envira-gallery-id=\"2574\" data-envira-index=\"28\" data-envira-item-id=\"2678\" data-envira-src=\"https:\/\/www.goyko.de\/wordpress\/wp-content\/uploads\/2020\/12\/Kreidemarker-Materialuebersicht.jpg\" data-envira-srcset=\"https:\/\/www.goyko.de\/wordpress\/wp-content\/uploads\/2020\/12\/Kreidemarker-Materialuebersicht.jpg 400w, https:\/\/www.goyko.de\/wordpress\/wp-content\/uploads\/2020\/12\/Kreidemarker-Materialuebersicht.jpg 2x\" data-title=\"Kreidemarker-Materialuebersicht\" itemprop=\"thumbnailUrl\"  draggable=\"false\" onmousedown=\"event.preventDefault()\"  data-envirabox=\"2574\" data-automatic-caption=\"\" data-envira-height=\"300\" data-envira-width=\"300\" \/><\/a><\/div><\/div><div id=\"envira-gallery-item-2676\" class=\"envira-gallery-item envira-gallery-item-30 envira-lazy-load\" style=\"padding-left: 3px; padding-bottom: 5px; padding-right: 3px;\"  itemscope itemtype=\"https:\/\/schema.org\/ImageObject\"><div class=\"envira-gallery-item-inner\"><div class=\"envira-gallery-position-overlay envira-gallery-top-left\"><\/div><div class=\"envira-gallery-position-overlay envira-gallery-top-right\"><\/div><div class=\"envira-gallery-position-overlay envira-gallery-bottom-left\"><\/div><div class=\"envira-gallery-position-overlay envira-gallery-bottom-right\"><\/div><a class=\"envira-gallery-2574 envira-gallery-link\" href=\"https:\/\/www.goyko.de\/wordpress\/wp-content\/uploads\/2020\/12\/Glasmagnettafeln-45x45-und-60x20-weiss.jpg\" title=\"Glasmagnettafeln-45\u00d745-und-60\u00d720-weiss\" data-caption=\"\" data-envira-item-id=\"2676\" data-envira-retina=\"https:\/\/www.goyko.de\/wordpress\/wp-content\/uploads\/2020\/12\/Glasmagnettafeln-45x45-und-60x20-weiss.jpg\" data-thumb=\"https:\/\/www.goyko.de\/wordpress\/wp-content\/uploads\/2020\/12\/Glasmagnettafeln-45x45-und-60x20-weiss-75x50_c.jpg\" data-title=\"Glasmagnettafeln-45&times;45-und-60&times;20-weiss\" data-envirabox='2574' itemprop=\"contentUrl\"><img loading=\"lazy\" decoding=\"async\" src=\"https:\/\/www.goyko.de\/wordpress\/wp-content\/uploads\/2020\/12\/Glasmagnettafeln-45x45-und-60x20-weiss.jpg\" alt=\"Werbung f&uuml;r Glastafeln, die sowohl zum Schreiben mit Markern als auch zum Befestigen von Notizen mit Magneten geeignet sind. Klare und elegante Darstellung mit Notizen, Markern und Magneten, die praktische Einsatzm&ouml;glichkeiten veranschaulicht\" class=\"envira-gallery-image envira-gallery-image-30    envira-lazy\" height=\"2048\" id=\"envira-gallery-image-2676\" srcset=\"data:image\/gif;base64,R0lGODlhAQABAIAAAP\/\/\/\/\/\/\/yH5BAEKAAEALAAAAAABAAEAAAICTAEAOw==\" tabindex=\"-1\" title=\"Glasmagnettafeln-45\u00d745-und-60\u00d720-weiss\" width=\"2048\" data-caption=\"\" data-envira-gallery-id=\"2574\" data-envira-index=\"29\" data-envira-item-id=\"2676\" data-envira-src=\"https:\/\/www.goyko.de\/wordpress\/wp-content\/uploads\/2020\/12\/Glasmagnettafeln-45x45-und-60x20-weiss.jpg\" data-envira-srcset=\"https:\/\/www.goyko.de\/wordpress\/wp-content\/uploads\/2020\/12\/Glasmagnettafeln-45x45-und-60x20-weiss.jpg 400w, https:\/\/www.goyko.de\/wordpress\/wp-content\/uploads\/2020\/12\/Glasmagnettafeln-45x45-und-60x20-weiss.jpg 2x\" data-title=\"Glasmagnettafeln-45&times;45-und-60&times;20-weiss\" itemprop=\"thumbnailUrl\"  draggable=\"false\" onmousedown=\"event.preventDefault()\"  data-envirabox=\"2574\" data-automatic-caption=\"\" data-envira-height=\"300\" data-envira-width=\"300\" \/><\/a><\/div><\/div><div id=\"envira-gallery-item-2679\" class=\"envira-gallery-item envira-gallery-item-31 envira-lazy-load\" style=\"padding-left: 3px; padding-bottom: 5px; padding-right: 3px;\"  itemscope itemtype=\"https:\/\/schema.org\/ImageObject\"><div class=\"envira-gallery-item-inner\"><div class=\"envira-gallery-position-overlay envira-gallery-top-left\"><\/div><div class=\"envira-gallery-position-overlay envira-gallery-top-right\"><\/div><div class=\"envira-gallery-position-overlay envira-gallery-bottom-left\"><\/div><div class=\"envira-gallery-position-overlay envira-gallery-bottom-right\"><\/div><a class=\"envira-gallery-2574 envira-gallery-link\" href=\"https:\/\/www.goyko.de\/wordpress\/wp-content\/uploads\/2020\/12\/Whiteboard-Aufhaengung.jpg\" title=\"Whiteboard-Aufhaengung\" data-caption=\"\" data-envira-item-id=\"2679\" data-envira-retina=\"https:\/\/www.goyko.de\/wordpress\/wp-content\/uploads\/2020\/12\/Whiteboard-Aufhaengung.jpg\" data-thumb=\"https:\/\/www.goyko.de\/wordpress\/wp-content\/uploads\/2020\/12\/Whiteboard-Aufhaengung-75x50_c.jpg\" data-title=\"Whiteboard-Aufhaengung\" data-envirabox='2574' itemprop=\"contentUrl\"><img loading=\"lazy\" decoding=\"async\" src=\"https:\/\/www.goyko.de\/wordpress\/wp-content\/uploads\/2020\/12\/Whiteboard-Aufhaengung.jpg\" alt=\"Detaillierte Aufnahme eines Eckteils eines Rahmens, die die Montage zeigt. Die Pfeile und Bauteile (Schraube, D&uuml;bel und Rahmenteile) heben die Konstruktion und einfache Montage hervor. Ideal f&uuml;r technische Dokumentationen oder Anleitungen\" class=\"envira-gallery-image envira-gallery-image-31    envira-lazy\" height=\"2048\" id=\"envira-gallery-image-2679\" srcset=\"data:image\/gif;base64,R0lGODlhAQABAIAAAP\/\/\/\/\/\/\/yH5BAEKAAEALAAAAAABAAEAAAICTAEAOw==\" tabindex=\"-1\" title=\"Whiteboard-Aufhaengung\" width=\"2048\" data-caption=\"\" data-envira-gallery-id=\"2574\" data-envira-index=\"30\" data-envira-item-id=\"2679\" data-envira-src=\"https:\/\/www.goyko.de\/wordpress\/wp-content\/uploads\/2020\/12\/Whiteboard-Aufhaengung.jpg\" data-envira-srcset=\"https:\/\/www.goyko.de\/wordpress\/wp-content\/uploads\/2020\/12\/Whiteboard-Aufhaengung.jpg 400w, https:\/\/www.goyko.de\/wordpress\/wp-content\/uploads\/2020\/12\/Whiteboard-Aufhaengung.jpg 2x\" data-title=\"Whiteboard-Aufhaengung\" itemprop=\"thumbnailUrl\"  draggable=\"false\" onmousedown=\"event.preventDefault()\"  data-envirabox=\"2574\" data-automatic-caption=\"\" data-envira-height=\"300\" data-envira-width=\"300\" \/><\/a><\/div><\/div><div id=\"envira-gallery-item-2675\" class=\"envira-gallery-item envira-gallery-item-32 envira-lazy-load\" style=\"padding-left: 3px; padding-bottom: 5px; padding-right: 3px;\"  itemscope itemtype=\"https:\/\/schema.org\/ImageObject\"><div class=\"envira-gallery-item-inner\"><div class=\"envira-gallery-position-overlay envira-gallery-top-left\"><\/div><div class=\"envira-gallery-position-overlay envira-gallery-top-right\"><\/div><div class=\"envira-gallery-position-overlay envira-gallery-bottom-left\"><\/div><div class=\"envira-gallery-position-overlay envira-gallery-bottom-right\"><\/div><a class=\"envira-gallery-2574 envira-gallery-link\" href=\"https:\/\/www.goyko.de\/wordpress\/wp-content\/uploads\/2020\/12\/Blackboard-abwaschbar.jpg\" title=\"Blackboard-abwaschbar\" data-caption=\"\" data-envira-item-id=\"2675\" data-envira-retina=\"https:\/\/www.goyko.de\/wordpress\/wp-content\/uploads\/2020\/12\/Blackboard-abwaschbar.jpg\" data-thumb=\"https:\/\/www.goyko.de\/wordpress\/wp-content\/uploads\/2020\/12\/Blackboard-abwaschbar-75x50_c.jpg\" data-title=\"Blackboard-abwaschbar\" data-envirabox='2574' itemprop=\"contentUrl\"><img loading=\"lazy\" decoding=\"async\" src=\"https:\/\/www.goyko.de\/wordpress\/wp-content\/uploads\/2020\/12\/Blackboard-abwaschbar.jpg\" alt=\"Eine Tafel mit abwischbarem Marker zeigt eine gezeichnete Grafik und Text (&amp;#039;Marker abwaschbar&amp;#039;). Ein Schwamm und bunte Magnete sind auf der Tafel befestigt, w&auml;hrend ein Stift in der Halterung unten platziert ist. Perfekt zur Demonstration von Funktionalit&auml;t und Benutzerfreundlichkeit f&uuml;r Schul- oder B&uuml;robedarf\" class=\"envira-gallery-image envira-gallery-image-32    envira-lazy\" height=\"2048\" id=\"envira-gallery-image-2675\" srcset=\"data:image\/gif;base64,R0lGODlhAQABAIAAAP\/\/\/\/\/\/\/yH5BAEKAAEALAAAAAABAAEAAAICTAEAOw==\" tabindex=\"-1\" title=\"Blackboard-abwaschbar\" width=\"2048\" data-caption=\"\" data-envira-gallery-id=\"2574\" data-envira-index=\"31\" data-envira-item-id=\"2675\" data-envira-src=\"https:\/\/www.goyko.de\/wordpress\/wp-content\/uploads\/2020\/12\/Blackboard-abwaschbar.jpg\" data-envira-srcset=\"https:\/\/www.goyko.de\/wordpress\/wp-content\/uploads\/2020\/12\/Blackboard-abwaschbar.jpg 400w, https:\/\/www.goyko.de\/wordpress\/wp-content\/uploads\/2020\/12\/Blackboard-abwaschbar.jpg 2x\" data-title=\"Blackboard-abwaschbar\" itemprop=\"thumbnailUrl\"  draggable=\"false\" onmousedown=\"event.preventDefault()\"  data-envirabox=\"2574\" data-automatic-caption=\"\" data-envira-height=\"300\" data-envira-width=\"300\" \/><\/a><\/div><\/div><div id=\"envira-gallery-item-3165\" class=\"envira-gallery-item envira-gallery-item-33 envira-lazy-load\" style=\"padding-left: 3px; padding-bottom: 5px; padding-right: 3px;\"  itemscope itemtype=\"https:\/\/schema.org\/ImageObject\"><div class=\"envira-gallery-item-inner\"><div class=\"envira-gallery-position-overlay envira-gallery-top-left\"><\/div><div class=\"envira-gallery-position-overlay envira-gallery-top-right\"><\/div><div class=\"envira-gallery-position-overlay envira-gallery-bottom-left\"><\/div><div class=\"envira-gallery-position-overlay envira-gallery-bottom-right\"><\/div><a class=\"envira-gallery-2574 envira-gallery-link\" href=\"https:\/\/www.goyko.de\/wordpress\/wp-content\/uploads\/2020\/12\/grillanzuender.jpg\" title=\"grillanzuender\" data-caption=\"\" data-envira-item-id=\"3165\" data-envira-retina=\"https:\/\/www.goyko.de\/wordpress\/wp-content\/uploads\/2020\/12\/grillanzuender.jpg\" data-thumb=\"https:\/\/www.goyko.de\/wordpress\/wp-content\/uploads\/2020\/12\/grillanzuender-75x50_c.jpg\" data-title=\"grillanzuender\" data-envirabox='2574' itemprop=\"contentUrl\"><img loading=\"lazy\" decoding=\"async\" src=\"https:\/\/www.goyko.de\/wordpress\/wp-content\/uploads\/2020\/12\/grillanzuender.jpg\" alt=\"Ein Grillanz&uuml;nder-Beh&auml;lter mit gl&uuml;hender Kohle steht &uuml;ber einem Grillrost, auf dem ein saftiges Steak mit Kr&auml;utern und Gew&uuml;rzen gegrillt wird. Rauch steigt auf, und die Szene wird durch die warme, rustikale Hintergrundbeleuchtung verst&auml;rkt, was eine perfekte Stimmung f&uuml;r ein Grillfest vermittelt\" class=\"envira-gallery-image envira-gallery-image-33    envira-lazy\" height=\"2048\" id=\"envira-gallery-image-3165\" srcset=\"data:image\/gif;base64,R0lGODlhAQABAIAAAP\/\/\/\/\/\/\/yH5BAEKAAEALAAAAAABAAEAAAICTAEAOw==\" tabindex=\"-1\" title=\"grillanzuender\" width=\"2048\" data-caption=\"\" data-envira-gallery-id=\"2574\" data-envira-index=\"32\" data-envira-item-id=\"3165\" data-envira-src=\"https:\/\/www.goyko.de\/wordpress\/wp-content\/uploads\/2020\/12\/grillanzuender.jpg\" data-envira-srcset=\"https:\/\/www.goyko.de\/wordpress\/wp-content\/uploads\/2020\/12\/grillanzuender.jpg 400w, https:\/\/www.goyko.de\/wordpress\/wp-content\/uploads\/2020\/12\/grillanzuender.jpg 2x\" data-title=\"grillanzuender\" itemprop=\"thumbnailUrl\"  draggable=\"false\" onmousedown=\"event.preventDefault()\"  data-envirabox=\"2574\" data-automatic-caption=\"\" data-envira-height=\"300\" data-envira-width=\"300\" \/><\/a><\/div><\/div><div id=\"envira-gallery-item-3166\" class=\"envira-gallery-item envira-gallery-item-34 envira-lazy-load\" style=\"padding-left: 3px; padding-bottom: 5px; padding-right: 3px;\"  itemscope itemtype=\"https:\/\/schema.org\/ImageObject\"><div class=\"envira-gallery-item-inner\"><div class=\"envira-gallery-position-overlay envira-gallery-top-left\"><\/div><div class=\"envira-gallery-position-overlay envira-gallery-top-right\"><\/div><div class=\"envira-gallery-position-overlay envira-gallery-bottom-left\"><\/div><div class=\"envira-gallery-position-overlay envira-gallery-bottom-right\"><\/div><a class=\"envira-gallery-2574 envira-gallery-link\" href=\"https:\/\/www.goyko.de\/wordpress\/wp-content\/uploads\/2020\/12\/kamado-grill.jpg\" title=\"kamado-grill\" data-caption=\"\" data-envira-item-id=\"3166\" data-envira-retina=\"https:\/\/www.goyko.de\/wordpress\/wp-content\/uploads\/2020\/12\/kamado-grill.jpg\" data-thumb=\"https:\/\/www.goyko.de\/wordpress\/wp-content\/uploads\/2020\/12\/kamado-grill-75x50_c.jpg\" data-title=\"kamado-grill\" data-envirabox='2574' itemprop=\"contentUrl\"><img loading=\"lazy\" decoding=\"async\" src=\"https:\/\/www.goyko.de\/wordpress\/wp-content\/uploads\/2020\/12\/kamado-grill.jpg\" alt=\"Ein hochwertiger Keramikgrill im Kamado-Stil mit ge&ouml;ffnetem Deckel, ausgestattet mit praktischen Bambus-Seitenablagen. Detailansichten zeigen ein pr&auml;zises Thermometer, robuste Rollen f&uuml;r Mobilit&auml;t und eine regulierbare Luftzufuhr oben, die eine pr&auml;zise Temperaturkontrolle erm&ouml;glicht. Perfekt f&uuml;r vielseitige Grill- und Kochanwendungen\" class=\"envira-gallery-image envira-gallery-image-34    envira-lazy\" height=\"2048\" id=\"envira-gallery-image-3166\" srcset=\"data:image\/gif;base64,R0lGODlhAQABAIAAAP\/\/\/\/\/\/\/yH5BAEKAAEALAAAAAABAAEAAAICTAEAOw==\" tabindex=\"-1\" title=\"kamado-grill\" width=\"2048\" data-caption=\"\" data-envira-gallery-id=\"2574\" data-envira-index=\"33\" data-envira-item-id=\"3166\" data-envira-src=\"https:\/\/www.goyko.de\/wordpress\/wp-content\/uploads\/2020\/12\/kamado-grill.jpg\" data-envira-srcset=\"https:\/\/www.goyko.de\/wordpress\/wp-content\/uploads\/2020\/12\/kamado-grill.jpg 400w, https:\/\/www.goyko.de\/wordpress\/wp-content\/uploads\/2020\/12\/kamado-grill.jpg 2x\" data-title=\"kamado-grill\" itemprop=\"thumbnailUrl\"  draggable=\"false\" onmousedown=\"event.preventDefault()\"  data-envirabox=\"2574\" data-automatic-caption=\"\" data-envira-height=\"300\" data-envira-width=\"300\" \/><\/a><\/div><\/div><div id=\"envira-gallery-item-2708\" class=\"envira-gallery-item envira-gallery-item-35 envira-lazy-load\" style=\"padding-left: 3px; padding-bottom: 5px; padding-right: 3px;\"  itemscope itemtype=\"https:\/\/schema.org\/ImageObject\"><div class=\"envira-gallery-item-inner\"><div class=\"envira-gallery-position-overlay envira-gallery-top-left\"><\/div><div class=\"envira-gallery-position-overlay envira-gallery-top-right\"><\/div><div class=\"envira-gallery-position-overlay envira-gallery-bottom-left\"><\/div><div class=\"envira-gallery-position-overlay envira-gallery-bottom-right\"><\/div><a class=\"envira-gallery-2574 envira-gallery-link\" href=\"https:\/\/www.goyko.de\/wordpress\/wp-content\/uploads\/2020\/12\/Sonnensegel.jpg\" title=\"Sonnensegel\" data-caption=\"\" data-envira-item-id=\"2708\" data-envira-retina=\"https:\/\/www.goyko.de\/wordpress\/wp-content\/uploads\/2020\/12\/Sonnensegel.jpg\" data-thumb=\"https:\/\/www.goyko.de\/wordpress\/wp-content\/uploads\/2020\/12\/Sonnensegel-75x50_c.jpg\" data-title=\"Sonnensegel\" data-envirabox='2574' itemprop=\"contentUrl\"><img loading=\"lazy\" decoding=\"async\" src=\"https:\/\/www.goyko.de\/wordpress\/wp-content\/uploads\/2020\/12\/Sonnensegel.jpg\" alt=\"Verschiedene Sonnensegel-Designs in Dreiecks- und Rechtecksformen, verf&uuml;gbar in mehreren Farben wie Anthrazit, Beige, Terracotta und Gr&uuml;n. Die Segel bestehen aus strapazierf&auml;higem Material und sind an den Ecken mit stabilen Metallringen zur Befestigung ausgestattet, ideal f&uuml;r den Schutz vor Sonne im Au&szlig;enbereich\" class=\"envira-gallery-image envira-gallery-image-35    envira-lazy\" height=\"2048\" id=\"envira-gallery-image-2708\" srcset=\"data:image\/gif;base64,R0lGODlhAQABAIAAAP\/\/\/\/\/\/\/yH5BAEKAAEALAAAAAABAAEAAAICTAEAOw==\" tabindex=\"-1\" title=\"Sonnensegel\" width=\"2048\" data-caption=\"\" data-envira-gallery-id=\"2574\" data-envira-index=\"34\" data-envira-item-id=\"2708\" data-envira-src=\"https:\/\/www.goyko.de\/wordpress\/wp-content\/uploads\/2020\/12\/Sonnensegel.jpg\" data-envira-srcset=\"https:\/\/www.goyko.de\/wordpress\/wp-content\/uploads\/2020\/12\/Sonnensegel.jpg 400w, https:\/\/www.goyko.de\/wordpress\/wp-content\/uploads\/2020\/12\/Sonnensegel.jpg 2x\" data-title=\"Sonnensegel\" itemprop=\"thumbnailUrl\"  draggable=\"false\" onmousedown=\"event.preventDefault()\"  data-envirabox=\"2574\" data-automatic-caption=\"\" data-envira-height=\"300\" data-envira-width=\"300\" \/><\/a><\/div><\/div><div id=\"envira-gallery-item-2715\" class=\"envira-gallery-item envira-gallery-item-36 envira-lazy-load\" style=\"padding-left: 3px; padding-bottom: 5px; padding-right: 3px;\"  itemscope itemtype=\"https:\/\/schema.org\/ImageObject\"><div class=\"envira-gallery-item-inner\"><div class=\"envira-gallery-position-overlay envira-gallery-top-left\"><\/div><div class=\"envira-gallery-position-overlay envira-gallery-top-right\"><\/div><div class=\"envira-gallery-position-overlay envira-gallery-bottom-left\"><\/div><div class=\"envira-gallery-position-overlay envira-gallery-bottom-right\"><\/div><a class=\"envira-gallery-2574 envira-gallery-link\" href=\"https:\/\/www.goyko.de\/wordpress\/wp-content\/uploads\/2020\/12\/4-Jahreszeiten-Doppelset.jpg\" title=\"4-Jahreszeiten-Doppelset\" data-caption=\"\" data-envira-item-id=\"2715\" data-envira-retina=\"https:\/\/www.goyko.de\/wordpress\/wp-content\/uploads\/2020\/12\/4-Jahreszeiten-Doppelset.jpg\" data-thumb=\"https:\/\/www.goyko.de\/wordpress\/wp-content\/uploads\/2020\/12\/4-Jahreszeiten-Doppelset-75x50_c.jpg\" data-title=\"4-Jahreszeiten-Doppelset\" data-envirabox='2574' itemprop=\"contentUrl\"><img loading=\"lazy\" decoding=\"async\" src=\"https:\/\/www.goyko.de\/wordpress\/wp-content\/uploads\/2020\/12\/4-Jahreszeiten-Doppelset.jpg\" alt=\"Ein hochwertiges Set aus Kissen und Decken von FINE PRODUCTS, zertifiziert nach OEKO-TEX Standard 100. Die Produkte sind wei&szlig;, gesteppt und bestehen aus hypoallergenem Material, das bei bis zu 60 &deg;C in der Maschine waschbar ist. Ideal f&uuml;r einen erholsamen Schlaf und geeignet f&uuml;r Allergiker\" class=\"envira-gallery-image envira-gallery-image-36    envira-lazy\" height=\"2048\" id=\"envira-gallery-image-2715\" srcset=\"data:image\/gif;base64,R0lGODlhAQABAIAAAP\/\/\/\/\/\/\/yH5BAEKAAEALAAAAAABAAEAAAICTAEAOw==\" tabindex=\"-1\" title=\"4-Jahreszeiten-Doppelset\" width=\"2048\" data-caption=\"\" data-envira-gallery-id=\"2574\" data-envira-index=\"35\" data-envira-item-id=\"2715\" data-envira-src=\"https:\/\/www.goyko.de\/wordpress\/wp-content\/uploads\/2020\/12\/4-Jahreszeiten-Doppelset.jpg\" data-envira-srcset=\"https:\/\/www.goyko.de\/wordpress\/wp-content\/uploads\/2020\/12\/4-Jahreszeiten-Doppelset.jpg 400w, https:\/\/www.goyko.de\/wordpress\/wp-content\/uploads\/2020\/12\/4-Jahreszeiten-Doppelset.jpg 2x\" data-title=\"4-Jahreszeiten-Doppelset\" itemprop=\"thumbnailUrl\"  draggable=\"false\" onmousedown=\"event.preventDefault()\"  data-envirabox=\"2574\" data-automatic-caption=\"\" data-envira-height=\"300\" data-envira-width=\"300\" \/><\/a><\/div><\/div><div id=\"envira-gallery-item-2711\" class=\"envira-gallery-item envira-gallery-item-37 envira-lazy-load\" style=\"padding-left: 3px; padding-bottom: 5px; padding-right: 3px;\"  itemscope itemtype=\"https:\/\/schema.org\/ImageObject\"><div class=\"envira-gallery-item-inner\"><div class=\"envira-gallery-position-overlay envira-gallery-top-left\"><\/div><div class=\"envira-gallery-position-overlay envira-gallery-top-right\"><\/div><div class=\"envira-gallery-position-overlay envira-gallery-bottom-left\"><\/div><div class=\"envira-gallery-position-overlay envira-gallery-bottom-right\"><\/div><a class=\"envira-gallery-2574 envira-gallery-link\" href=\"https:\/\/www.goyko.de\/wordpress\/wp-content\/uploads\/2020\/12\/53763182AB_0.jpg\" title=\"53763182AB_0\" data-caption=\"\" data-envira-item-id=\"2711\" data-envira-retina=\"https:\/\/www.goyko.de\/wordpress\/wp-content\/uploads\/2020\/12\/53763182AB_0.jpg\" data-thumb=\"https:\/\/www.goyko.de\/wordpress\/wp-content\/uploads\/2020\/12\/53763182AB_0-75x50_c.jpg\" data-title=\"53763182AB_0\" data-envirabox='2574' itemprop=\"contentUrl\"><img loading=\"lazy\" decoding=\"async\" src=\"https:\/\/www.goyko.de\/wordpress\/wp-content\/uploads\/2020\/12\/53763182AB_0.jpg\" alt=\"Eine vielf&auml;ltige Auswahl an weichen Decken in verschiedenen Designs und Farben. Das Sortiment umfasst dezente Uni-Farben wie Beige, Grau und Blau sowie auff&auml;llige Muster wie Sterne, Leopard, Zebra und Kuhflecken. Perfekt f&uuml;r eine gem&uuml;tliche Atmosph&auml;re und individuelle Wohnstile\" class=\"envira-gallery-image envira-gallery-image-37    envira-lazy\" height=\"2048\" id=\"envira-gallery-image-2711\" srcset=\"data:image\/gif;base64,R0lGODlhAQABAIAAAP\/\/\/\/\/\/\/yH5BAEKAAEALAAAAAABAAEAAAICTAEAOw==\" tabindex=\"-1\" title=\"53763182AB_0\" width=\"2048\" data-caption=\"\" data-envira-gallery-id=\"2574\" data-envira-index=\"36\" data-envira-item-id=\"2711\" data-envira-src=\"https:\/\/www.goyko.de\/wordpress\/wp-content\/uploads\/2020\/12\/53763182AB_0.jpg\" data-envira-srcset=\"https:\/\/www.goyko.de\/wordpress\/wp-content\/uploads\/2020\/12\/53763182AB_0.jpg 400w, https:\/\/www.goyko.de\/wordpress\/wp-content\/uploads\/2020\/12\/53763182AB_0.jpg 2x\" data-title=\"53763182AB_0\" itemprop=\"thumbnailUrl\"  draggable=\"false\" onmousedown=\"event.preventDefault()\"  data-envirabox=\"2574\" data-automatic-caption=\"\" data-envira-height=\"300\" data-envira-width=\"300\" \/><\/a><\/div><\/div><div id=\"envira-gallery-item-2671\" class=\"envira-gallery-item envira-gallery-item-38 envira-lazy-load\" style=\"padding-left: 3px; padding-bottom: 5px; padding-right: 3px;\"  itemscope itemtype=\"https:\/\/schema.org\/ImageObject\"><div class=\"envira-gallery-item-inner\"><div class=\"envira-gallery-position-overlay envira-gallery-top-left\"><\/div><div class=\"envira-gallery-position-overlay envira-gallery-top-right\"><\/div><div class=\"envira-gallery-position-overlay envira-gallery-bottom-left\"><\/div><div class=\"envira-gallery-position-overlay envira-gallery-bottom-right\"><\/div><a class=\"envira-gallery-2574 envira-gallery-link\" href=\"https:\/\/www.goyko.de\/wordpress\/wp-content\/uploads\/2020\/12\/Premium-2084-Detail.jpg\" title=\"Premium-2084-Detail\" data-caption=\"\" data-envira-item-id=\"2671\" data-envira-retina=\"https:\/\/www.goyko.de\/wordpress\/wp-content\/uploads\/2020\/12\/Premium-2084-Detail.jpg\" data-thumb=\"https:\/\/www.goyko.de\/wordpress\/wp-content\/uploads\/2020\/12\/Premium-2084-Detail-75x50_c.jpg\" data-title=\"Premium-2084-Detail\" data-envirabox='2574' itemprop=\"contentUrl\"><img loading=\"lazy\" decoding=\"async\" src=\"https:\/\/www.goyko.de\/wordpress\/wp-content\/uploads\/2020\/12\/Premium-2084-Detail.jpg\" alt=\"Ein elegantes Detail eines hochwertigen T&uuml;rgriffs oder Beschlags, mit kunstvollen Gravuren in einem polierten silbernen Finish. Das Design zeigt pr&auml;zise Muster, die auf klassische Handwerkskunst hinweisen, und bietet gleichzeitig einen modernen, luxuri&ouml;sen Look\" class=\"envira-gallery-image envira-gallery-image-38    envira-lazy\" height=\"2048\" id=\"envira-gallery-image-2671\" srcset=\"data:image\/gif;base64,R0lGODlhAQABAIAAAP\/\/\/\/\/\/\/yH5BAEKAAEALAAAAAABAAEAAAICTAEAOw==\" tabindex=\"-1\" title=\"Premium-2084-Detail\" width=\"2048\" data-caption=\"\" data-envira-gallery-id=\"2574\" data-envira-index=\"37\" data-envira-item-id=\"2671\" data-envira-src=\"https:\/\/www.goyko.de\/wordpress\/wp-content\/uploads\/2020\/12\/Premium-2084-Detail.jpg\" data-envira-srcset=\"https:\/\/www.goyko.de\/wordpress\/wp-content\/uploads\/2020\/12\/Premium-2084-Detail.jpg 400w, https:\/\/www.goyko.de\/wordpress\/wp-content\/uploads\/2020\/12\/Premium-2084-Detail.jpg 2x\" data-title=\"Premium-2084-Detail\" itemprop=\"thumbnailUrl\"  draggable=\"false\" onmousedown=\"event.preventDefault()\"  data-envirabox=\"2574\" data-automatic-caption=\"\" data-envira-height=\"300\" data-envira-width=\"300\" \/><\/a><\/div><\/div><div id=\"envira-gallery-item-2670\" class=\"envira-gallery-item envira-gallery-item-39 envira-lazy-load\" style=\"padding-left: 3px; padding-bottom: 5px; padding-right: 3px;\"  itemscope itemtype=\"https:\/\/schema.org\/ImageObject\"><div class=\"envira-gallery-item-inner\"><div class=\"envira-gallery-position-overlay envira-gallery-top-left\"><\/div><div class=\"envira-gallery-position-overlay envira-gallery-top-right\"><\/div><div class=\"envira-gallery-position-overlay envira-gallery-bottom-left\"><\/div><div class=\"envira-gallery-position-overlay envira-gallery-bottom-right\"><\/div><a class=\"envira-gallery-2574 envira-gallery-link\" href=\"https:\/\/www.goyko.de\/wordpress\/wp-content\/uploads\/2020\/12\/Linea-Ebenholz.jpg\" title=\"Linea-Ebenholz\" data-caption=\"\" data-envira-item-id=\"2670\" data-envira-retina=\"https:\/\/www.goyko.de\/wordpress\/wp-content\/uploads\/2020\/12\/Linea-Ebenholz.jpg\" data-thumb=\"https:\/\/www.goyko.de\/wordpress\/wp-content\/uploads\/2020\/12\/Linea-Ebenholz-75x50_c.jpg\" data-title=\"Linea-Ebenholz\" data-envirabox='2574' itemprop=\"contentUrl\"><img loading=\"lazy\" decoding=\"async\" src=\"https:\/\/www.goyko.de\/wordpress\/wp-content\/uploads\/2020\/12\/Linea-Ebenholz.jpg\" alt=\"Eine moderne T&uuml;rgriffgarnitur in Chromoptik mit einem minimalistischen und funktionalen Design. Die Griffe kombinieren polierten Stahl mit schwarzen, matten Akzenten f&uuml;r eine stilvolle und zugleich praktische &Auml;sthetik. Die rechteckige Rosette und die klaren Linien unterstreichen den zeitgem&auml;&szlig;en Look\" class=\"envira-gallery-image envira-gallery-image-39    envira-lazy\" height=\"2048\" id=\"envira-gallery-image-2670\" srcset=\"data:image\/gif;base64,R0lGODlhAQABAIAAAP\/\/\/\/\/\/\/yH5BAEKAAEALAAAAAABAAEAAAICTAEAOw==\" tabindex=\"-1\" title=\"Linea-Ebenholz\" width=\"2048\" data-caption=\"\" data-envira-gallery-id=\"2574\" data-envira-index=\"38\" data-envira-item-id=\"2670\" data-envira-src=\"https:\/\/www.goyko.de\/wordpress\/wp-content\/uploads\/2020\/12\/Linea-Ebenholz.jpg\" data-envira-srcset=\"https:\/\/www.goyko.de\/wordpress\/wp-content\/uploads\/2020\/12\/Linea-Ebenholz.jpg 400w, https:\/\/www.goyko.de\/wordpress\/wp-content\/uploads\/2020\/12\/Linea-Ebenholz.jpg 2x\" data-title=\"Linea-Ebenholz\" itemprop=\"thumbnailUrl\"  draggable=\"false\" onmousedown=\"event.preventDefault()\"  data-envirabox=\"2574\" data-automatic-caption=\"\" data-envira-height=\"300\" data-envira-width=\"300\" \/><\/a><\/div><\/div><div id=\"envira-gallery-item-2668\" class=\"envira-gallery-item envira-gallery-item-40 envira-lazy-load\" style=\"padding-left: 3px; padding-bottom: 5px; padding-right: 3px;\"  itemscope itemtype=\"https:\/\/schema.org\/ImageObject\"><div class=\"envira-gallery-item-inner\"><div class=\"envira-gallery-position-overlay envira-gallery-top-left\"><\/div><div class=\"envira-gallery-position-overlay envira-gallery-top-right\"><\/div><div class=\"envira-gallery-position-overlay envira-gallery-bottom-left\"><\/div><div class=\"envira-gallery-position-overlay envira-gallery-bottom-right\"><\/div><a class=\"envira-gallery-2574 envira-gallery-link\" href=\"https:\/\/www.goyko.de\/wordpress\/wp-content\/uploads\/2020\/12\/Fenstergriff-Kreuzolive-abschliessbar.jpg\" title=\"Fenstergriff-Kreuzolive-abschliessbar\" data-caption=\"\" data-envira-item-id=\"2668\" data-envira-retina=\"https:\/\/www.goyko.de\/wordpress\/wp-content\/uploads\/2020\/12\/Fenstergriff-Kreuzolive-abschliessbar.jpg\" data-thumb=\"https:\/\/www.goyko.de\/wordpress\/wp-content\/uploads\/2020\/12\/Fenstergriff-Kreuzolive-abschliessbar-75x50_c.jpg\" data-title=\"Fenstergriff-Kreuzolive-abschliessbar\" data-envirabox='2574' itemprop=\"contentUrl\"><img loading=\"lazy\" decoding=\"async\" src=\"https:\/\/www.goyko.de\/wordpress\/wp-content\/uploads\/2020\/12\/Fenstergriff-Kreuzolive-abschliessbar.jpg\" alt=\"Ein eleganter und moderner Fenstergriff aus geb&uuml;rstetem Edelstahl, der zeitlose Schlichtheit mit Funktionalit&auml;t vereint. Das Design zeichnet sich durch eine minimalistische rechteckige Basis und einen zylindrischen Griff aus. Perfekt f&uuml;r zeitgen&ouml;ssische Inneneinrichtungen oder B&uuml;roumgebungen\" class=\"envira-gallery-image envira-gallery-image-40    envira-lazy\" height=\"2048\" id=\"envira-gallery-image-2668\" srcset=\"data:image\/gif;base64,R0lGODlhAQABAIAAAP\/\/\/\/\/\/\/yH5BAEKAAEALAAAAAABAAEAAAICTAEAOw==\" tabindex=\"-1\" title=\"Fenstergriff-Kreuzolive-abschliessbar\" width=\"2048\" data-caption=\"\" data-envira-gallery-id=\"2574\" data-envira-index=\"39\" data-envira-item-id=\"2668\" data-envira-src=\"https:\/\/www.goyko.de\/wordpress\/wp-content\/uploads\/2020\/12\/Fenstergriff-Kreuzolive-abschliessbar.jpg\" data-envira-srcset=\"https:\/\/www.goyko.de\/wordpress\/wp-content\/uploads\/2020\/12\/Fenstergriff-Kreuzolive-abschliessbar.jpg 400w, https:\/\/www.goyko.de\/wordpress\/wp-content\/uploads\/2020\/12\/Fenstergriff-Kreuzolive-abschliessbar.jpg 2x\" data-title=\"Fenstergriff-Kreuzolive-abschliessbar\" itemprop=\"thumbnailUrl\"  draggable=\"false\" onmousedown=\"event.preventDefault()\"  data-envirabox=\"2574\" data-automatic-caption=\"\" data-envira-height=\"300\" data-envira-width=\"300\" \/><\/a><\/div><\/div><div id=\"envira-gallery-item-2940\" class=\"envira-gallery-item envira-gallery-item-41 envira-lazy-load\" style=\"padding-left: 3px; padding-bottom: 5px; padding-right: 3px;\"  itemscope itemtype=\"https:\/\/schema.org\/ImageObject\"><div class=\"envira-gallery-item-inner\"><div class=\"envira-gallery-position-overlay envira-gallery-top-left\"><\/div><div class=\"envira-gallery-position-overlay envira-gallery-top-right\"><\/div><div class=\"envira-gallery-position-overlay envira-gallery-bottom-left\"><\/div><div class=\"envira-gallery-position-overlay envira-gallery-bottom-right\"><\/div><a class=\"envira-gallery-2574 envira-gallery-link\" href=\"https:\/\/www.goyko.de\/wordpress\/wp-content\/uploads\/2020\/12\/Ferrofish_A32_Rueckseite-kombi.jpg\" title=\"Ferrofish_A32_Rueckseite-kombi\" data-caption=\"\" data-envira-item-id=\"2940\" data-envira-retina=\"https:\/\/www.goyko.de\/wordpress\/wp-content\/uploads\/2020\/12\/Ferrofish_A32_Rueckseite-kombi.jpg\" data-thumb=\"https:\/\/www.goyko.de\/wordpress\/wp-content\/uploads\/2020\/12\/Ferrofish_A32_Rueckseite-kombi-75x50_c.jpg\" data-title=\"Ferrofish_A32_Rueckseite-kombi\" data-envirabox='2574' itemprop=\"contentUrl\"><img loading=\"lazy\" decoding=\"async\" src=\"https:\/\/www.goyko.de\/wordpress\/wp-content\/uploads\/2020\/12\/Ferrofish_A32_Rueckseite-kombi.jpg\" alt=\"Ein hochentwickelter 32-Kanal AD\/DA-Wandler, ideal f&uuml;r professionelle Audioanwendungen. Die Vorderseite zeigt ein minimalistisches Design mit klaren Bedienelementen, darunter ein Drehregler und Funktionstasten f&uuml;r einfache Navigation. Auf der R&uuml;ckseite befinden sich umfangreiche Anschl&uuml;sse wie DB25-Ports f&uuml;r analoge Ein- und Ausg&auml;nge, MADI, MIDI, USB und BNC f&uuml;r wordclock. Perfekt f&uuml;r Studiointegration und High-Fidelity-Aufnahmen\" class=\"envira-gallery-image envira-gallery-image-41    envira-lazy\" height=\"2048\" id=\"envira-gallery-image-2940\" srcset=\"data:image\/gif;base64,R0lGODlhAQABAIAAAP\/\/\/\/\/\/\/yH5BAEKAAEALAAAAAABAAEAAAICTAEAOw==\" tabindex=\"-1\" title=\"Ferrofish_A32_Rueckseite-kombi\" width=\"2048\" data-caption=\"\" data-envira-gallery-id=\"2574\" data-envira-index=\"40\" data-envira-item-id=\"2940\" data-envira-src=\"https:\/\/www.goyko.de\/wordpress\/wp-content\/uploads\/2020\/12\/Ferrofish_A32_Rueckseite-kombi.jpg\" data-envira-srcset=\"https:\/\/www.goyko.de\/wordpress\/wp-content\/uploads\/2020\/12\/Ferrofish_A32_Rueckseite-kombi.jpg 400w, https:\/\/www.goyko.de\/wordpress\/wp-content\/uploads\/2020\/12\/Ferrofish_A32_Rueckseite-kombi.jpg 2x\" data-title=\"Ferrofish_A32_Rueckseite-kombi\" itemprop=\"thumbnailUrl\"  draggable=\"false\" onmousedown=\"event.preventDefault()\"  data-envirabox=\"2574\" data-automatic-caption=\"\" data-envira-height=\"200\" data-envira-width=\"300\" \/><\/a><\/div><\/div><div id=\"envira-gallery-item-2718\" class=\"envira-gallery-item envira-gallery-item-42 envira-lazy-load\" style=\"padding-left: 3px; padding-bottom: 5px; padding-right: 3px;\"  itemscope itemtype=\"https:\/\/schema.org\/ImageObject\"><div class=\"envira-gallery-item-inner\"><div class=\"envira-gallery-position-overlay envira-gallery-top-left\"><\/div><div class=\"envira-gallery-position-overlay envira-gallery-top-right\"><\/div><div class=\"envira-gallery-position-overlay envira-gallery-bottom-left\"><\/div><div class=\"envira-gallery-position-overlay envira-gallery-bottom-right\"><\/div><a class=\"envira-gallery-2574 envira-gallery-link\" href=\"https:\/\/www.goyko.de\/wordpress\/wp-content\/uploads\/2020\/12\/Canon-Eos-550D-Popup-Flash-1.jpg\" title=\"Canon-Eos-550D-Popup-Flash\" data-caption=\"\" data-envira-item-id=\"2718\" data-envira-retina=\"https:\/\/www.goyko.de\/wordpress\/wp-content\/uploads\/2020\/12\/Canon-Eos-550D-Popup-Flash-1.jpg\" data-thumb=\"https:\/\/www.goyko.de\/wordpress\/wp-content\/uploads\/2020\/12\/Canon-Eos-550D-Popup-Flash-1-75x50_c.jpg\" data-title=\"Canon-Eos-550D-Popup-Flash\" data-envirabox='2574' itemprop=\"contentUrl\"><img loading=\"lazy\" decoding=\"async\" src=\"https:\/\/www.goyko.de\/wordpress\/wp-content\/uploads\/2020\/12\/Canon-Eos-550D-Popup-Flash-1.jpg\" alt=\"Eine Canon EOS 550D DSLR-Kamera ohne Objektiv, aber mit aufgeklapptem Blitz. Die Kamera bietet eine ergonomische Bauweise mit einem robusten Griff und klar gekennzeichneten Bedienelementen. Ideal f&uuml;r Fotografen, die qualitativ hochwertige Fotos und Videos aufnehmen m&ouml;chten, mit Kompatibilit&auml;t f&uuml;r eine breite Palette an EF- und EF-S-Objektiven.\" class=\"envira-gallery-image envira-gallery-image-42    envira-lazy\" height=\"2048\" id=\"envira-gallery-image-2718\" srcset=\"data:image\/gif;base64,R0lGODlhAQABAIAAAP\/\/\/\/\/\/\/yH5BAEKAAEALAAAAAABAAEAAAICTAEAOw==\" tabindex=\"-1\" title=\"Canon-Eos-550D-Popup-Flash\" width=\"2048\" data-caption=\"\" data-envira-gallery-id=\"2574\" data-envira-index=\"41\" data-envira-item-id=\"2718\" data-envira-src=\"https:\/\/www.goyko.de\/wordpress\/wp-content\/uploads\/2020\/12\/Canon-Eos-550D-Popup-Flash-1.jpg\" data-envira-srcset=\"https:\/\/www.goyko.de\/wordpress\/wp-content\/uploads\/2020\/12\/Canon-Eos-550D-Popup-Flash-1.jpg 400w, https:\/\/www.goyko.de\/wordpress\/wp-content\/uploads\/2020\/12\/Canon-Eos-550D-Popup-Flash-1.jpg 2x\" data-title=\"Canon-Eos-550D-Popup-Flash\" itemprop=\"thumbnailUrl\"  draggable=\"false\" onmousedown=\"event.preventDefault()\"  data-envirabox=\"2574\" data-automatic-caption=\"\" data-envira-height=\"300\" data-envira-width=\"300\" \/><\/a><\/div><\/div><div id=\"envira-gallery-item-2716\" class=\"envira-gallery-item envira-gallery-item-43 envira-lazy-load\" style=\"padding-left: 3px; padding-bottom: 5px; padding-right: 3px;\"  itemscope itemtype=\"https:\/\/schema.org\/ImageObject\"><div class=\"envira-gallery-item-inner\"><div class=\"envira-gallery-position-overlay envira-gallery-top-left\"><\/div><div class=\"envira-gallery-position-overlay envira-gallery-top-right\"><\/div><div class=\"envira-gallery-position-overlay envira-gallery-bottom-left\"><\/div><div class=\"envira-gallery-position-overlay envira-gallery-bottom-right\"><\/div><a class=\"envira-gallery-2574 envira-gallery-link\" href=\"https:\/\/www.goyko.de\/wordpress\/wp-content\/uploads\/2020\/12\/Canon-Eos-550D-Back-1.jpg\" title=\"Canon-Eos-550D-Back\" data-caption=\"\" data-envira-item-id=\"2716\" data-envira-retina=\"https:\/\/www.goyko.de\/wordpress\/wp-content\/uploads\/2020\/12\/Canon-Eos-550D-Back-1.jpg\" data-thumb=\"https:\/\/www.goyko.de\/wordpress\/wp-content\/uploads\/2020\/12\/Canon-Eos-550D-Back-1-75x50_c.jpg\" data-title=\"Canon-Eos-550D-Back\" data-envirabox='2574' itemprop=\"contentUrl\"><img loading=\"lazy\" decoding=\"async\" src=\"https:\/\/www.goyko.de\/wordpress\/wp-content\/uploads\/2020\/12\/Canon-Eos-550D-Back-1.jpg\" alt=\"Die R&uuml;ckseite der Canon EOS 550D ist hier zu sehen, ausgestattet mit einem Batteriegriff f&uuml;r zus&auml;tzliche Akkulaufzeit und verbesserte Handhabung. Das gro&szlig;e LCD-Display ist f&uuml;r die Bildwiedergabe, Men&uuml;f&uuml;hrung und Live-View-Aufnahmen geeignet. Die Tasten und Bedienelemente erm&ouml;glichen schnellen Zugriff auf Einstellungen wie Wei&szlig;abgleich, Autofokus und mehr. Der Batteriegriff bietet zus&auml;tzliche Bedienelemente f&uuml;r Hochformataufnahmen\" class=\"envira-gallery-image envira-gallery-image-43    envira-lazy\" height=\"2048\" id=\"envira-gallery-image-2716\" srcset=\"data:image\/gif;base64,R0lGODlhAQABAIAAAP\/\/\/\/\/\/\/yH5BAEKAAEALAAAAAABAAEAAAICTAEAOw==\" tabindex=\"-1\" title=\"Canon-Eos-550D-Back\" width=\"2048\" data-caption=\"\" data-envira-gallery-id=\"2574\" data-envira-index=\"42\" data-envira-item-id=\"2716\" data-envira-src=\"https:\/\/www.goyko.de\/wordpress\/wp-content\/uploads\/2020\/12\/Canon-Eos-550D-Back-1.jpg\" data-envira-srcset=\"https:\/\/www.goyko.de\/wordpress\/wp-content\/uploads\/2020\/12\/Canon-Eos-550D-Back-1.jpg 400w, https:\/\/www.goyko.de\/wordpress\/wp-content\/uploads\/2020\/12\/Canon-Eos-550D-Back-1.jpg 2x\" data-title=\"Canon-Eos-550D-Back\" itemprop=\"thumbnailUrl\"  draggable=\"false\" onmousedown=\"event.preventDefault()\"  data-envirabox=\"2574\" data-automatic-caption=\"\" data-envira-height=\"300\" data-envira-width=\"300\" \/><\/a><\/div><\/div><div id=\"envira-gallery-item-2712\" class=\"envira-gallery-item envira-gallery-item-44 envira-lazy-load\" style=\"padding-left: 3px; padding-bottom: 5px; padding-right: 3px;\"  itemscope itemtype=\"https:\/\/schema.org\/ImageObject\"><div class=\"envira-gallery-item-inner\"><div class=\"envira-gallery-position-overlay envira-gallery-top-left\"><\/div><div class=\"envira-gallery-position-overlay envira-gallery-top-right\"><\/div><div class=\"envira-gallery-position-overlay envira-gallery-bottom-left\"><\/div><div class=\"envira-gallery-position-overlay envira-gallery-bottom-right\"><\/div><a class=\"envira-gallery-2574 envira-gallery-link\" href=\"https:\/\/www.goyko.de\/wordpress\/wp-content\/uploads\/2020\/12\/heimwerken-werkzeug-werkzeugkoffer-1050tlg-blackline-koffer-10003063-v2020-AB_0.jpg\" title=\"heimwerken-werkzeug-werkzeugkoffer-1050tlg-blackline-koffer-10003063-v2020-AB_0\" data-caption=\"\" data-envira-item-id=\"2712\" data-envira-retina=\"https:\/\/www.goyko.de\/wordpress\/wp-content\/uploads\/2020\/12\/heimwerken-werkzeug-werkzeugkoffer-1050tlg-blackline-koffer-10003063-v2020-AB_0.jpg\" data-thumb=\"https:\/\/www.goyko.de\/wordpress\/wp-content\/uploads\/2020\/12\/heimwerken-werkzeug-werkzeugkoffer-1050tlg-blackline-koffer-10003063-v2020-AB_0-75x50_c.jpg\" data-title=\"heimwerken-werkzeug-werkzeugkoffer-1050tlg-blackline-koffer-10003063-v2020-AB_0\" data-envirabox='2574' itemprop=\"contentUrl\"><img loading=\"lazy\" decoding=\"async\" src=\"https:\/\/www.goyko.de\/wordpress\/wp-content\/uploads\/2020\/12\/heimwerken-werkzeug-werkzeugkoffer-1050tlg-blackline-koffer-10003063-v2020-AB_0.jpg\" alt=\"Dieser Werkzeugkoffer ist eine umfassende L&ouml;sung f&uuml;r Heimwerker und Profis. Er enth&auml;lt eine Vielzahl von Werkzeugen wie Schraubenschl&uuml;ssel, Zangen, Schraubendreher und Bits, die ordentlich in herausnehmbaren Eins&auml;tzen organisiert sind. Zus&auml;tzlich sind 400 Kabelbinder, zwei Paar Handschuhe und ein Sortiment an Steckschl&uuml;sseln enthalten. Der Koffer selbst ist robust, mit einer Trolley-Funktion f&uuml;r einfachen Transport ausgestattet, und ideal f&uuml;r vielseitige Eins&auml;tze geeignet\" class=\"envira-gallery-image envira-gallery-image-44    envira-lazy\" height=\"2048\" id=\"envira-gallery-image-2712\" srcset=\"data:image\/gif;base64,R0lGODlhAQABAIAAAP\/\/\/\/\/\/\/yH5BAEKAAEALAAAAAABAAEAAAICTAEAOw==\" tabindex=\"-1\" title=\"heimwerken-werkzeug-werkzeugkoffer-1050tlg-blackline-koffer-10003063-v2020-AB_0\" width=\"2048\" data-caption=\"\" data-envira-gallery-id=\"2574\" data-envira-index=\"43\" data-envira-item-id=\"2712\" data-envira-src=\"https:\/\/www.goyko.de\/wordpress\/wp-content\/uploads\/2020\/12\/heimwerken-werkzeug-werkzeugkoffer-1050tlg-blackline-koffer-10003063-v2020-AB_0.jpg\" data-envira-srcset=\"https:\/\/www.goyko.de\/wordpress\/wp-content\/uploads\/2020\/12\/heimwerken-werkzeug-werkzeugkoffer-1050tlg-blackline-koffer-10003063-v2020-AB_0.jpg 400w, https:\/\/www.goyko.de\/wordpress\/wp-content\/uploads\/2020\/12\/heimwerken-werkzeug-werkzeugkoffer-1050tlg-blackline-koffer-10003063-v2020-AB_0.jpg 2x\" data-title=\"heimwerken-werkzeug-werkzeugkoffer-1050tlg-blackline-koffer-10003063-v2020-AB_0\" itemprop=\"thumbnailUrl\"  draggable=\"false\" onmousedown=\"event.preventDefault()\"  data-envirabox=\"2574\" data-automatic-caption=\"\" data-envira-height=\"300\" data-envira-width=\"300\" \/><\/a><\/div><\/div><div id=\"envira-gallery-item-2710\" class=\"envira-gallery-item envira-gallery-item-45 envira-lazy-load\" style=\"padding-left: 3px; padding-bottom: 5px; padding-right: 3px;\"  itemscope itemtype=\"https:\/\/schema.org\/ImageObject\"><div class=\"envira-gallery-item-inner\"><div class=\"envira-gallery-position-overlay envira-gallery-top-left\"><\/div><div class=\"envira-gallery-position-overlay envira-gallery-top-right\"><\/div><div class=\"envira-gallery-position-overlay envira-gallery-bottom-left\"><\/div><div class=\"envira-gallery-position-overlay envira-gallery-bottom-right\"><\/div><a class=\"envira-gallery-2574 envira-gallery-link\" href=\"https:\/\/www.goyko.de\/wordpress\/wp-content\/uploads\/2020\/12\/52749626AB_0.jpg\" title=\"52749626AB_0\" data-caption=\"\" data-envira-item-id=\"2710\" data-envira-retina=\"https:\/\/www.goyko.de\/wordpress\/wp-content\/uploads\/2020\/12\/52749626AB_0.jpg\" data-thumb=\"https:\/\/www.goyko.de\/wordpress\/wp-content\/uploads\/2020\/12\/52749626AB_0-75x50_c.jpg\" data-title=\"52749626AB_0\" data-envirabox='2574' itemprop=\"contentUrl\"><img loading=\"lazy\" decoding=\"async\" src=\"https:\/\/www.goyko.de\/wordpress\/wp-content\/uploads\/2020\/12\/52749626AB_0.jpg\" alt=\"Diese beiden Werkzeugsets bieten vielseitige Optionen f&uuml;r Handwerker und Heimwerker. Der orangefarbene Metall-Werkzeugkasten ist robust und enth&auml;lt eine umfassende Auswahl an Steckschl&uuml;sseln, Zangen und Schraubendrehern, die &uuml;bersichtlich in klappbaren F&auml;chern angeordnet sind. Der silberne Werkzeugkoffer ist tragbar und organisiert eine Vielzahl von Werkzeugen wie Hammer, Wasserwaage, Bits und weitere n&uuml;tzliche Werkzeuge. Beide Sets sind perfekt f&uuml;r den mobilen Einsatz und bieten die ideale Ausstattung f&uuml;r Reparatur- und Bauarbeiten\" class=\"envira-gallery-image envira-gallery-image-45    envira-lazy\" height=\"2048\" id=\"envira-gallery-image-2710\" srcset=\"data:image\/gif;base64,R0lGODlhAQABAIAAAP\/\/\/\/\/\/\/yH5BAEKAAEALAAAAAABAAEAAAICTAEAOw==\" tabindex=\"-1\" title=\"52749626AB_0\" width=\"2048\" data-caption=\"\" data-envira-gallery-id=\"2574\" data-envira-index=\"44\" data-envira-item-id=\"2710\" data-envira-src=\"https:\/\/www.goyko.de\/wordpress\/wp-content\/uploads\/2020\/12\/52749626AB_0.jpg\" data-envira-srcset=\"https:\/\/www.goyko.de\/wordpress\/wp-content\/uploads\/2020\/12\/52749626AB_0.jpg 400w, https:\/\/www.goyko.de\/wordpress\/wp-content\/uploads\/2020\/12\/52749626AB_0.jpg 2x\" data-title=\"52749626AB_0\" itemprop=\"thumbnailUrl\"  draggable=\"false\" onmousedown=\"event.preventDefault()\"  data-envirabox=\"2574\" data-automatic-caption=\"\" data-envira-height=\"300\" data-envira-width=\"300\" \/><\/a><\/div><\/div><div id=\"envira-gallery-item-2709\" class=\"envira-gallery-item envira-gallery-item-46 envira-lazy-load\" style=\"padding-left: 3px; padding-bottom: 5px; padding-right: 3px;\"  itemscope itemtype=\"https:\/\/schema.org\/ImageObject\"><div class=\"envira-gallery-item-inner\"><div class=\"envira-gallery-position-overlay envira-gallery-top-left\"><\/div><div class=\"envira-gallery-position-overlay envira-gallery-top-right\"><\/div><div class=\"envira-gallery-position-overlay envira-gallery-bottom-left\"><\/div><div class=\"envira-gallery-position-overlay envira-gallery-bottom-right\"><\/div><a class=\"envira-gallery-2574 envira-gallery-link\" href=\"https:\/\/www.goyko.de\/wordpress\/wp-content\/uploads\/2020\/12\/Werkstatt-Rollbrett.jpg\" title=\"Werkstatt-Rollbrett\" data-caption=\"\" data-envira-item-id=\"2709\" data-envira-retina=\"https:\/\/www.goyko.de\/wordpress\/wp-content\/uploads\/2020\/12\/Werkstatt-Rollbrett.jpg\" data-thumb=\"https:\/\/www.goyko.de\/wordpress\/wp-content\/uploads\/2020\/12\/Werkstatt-Rollbrett-75x50_c.jpg\" data-title=\"Werkstatt-Rollbrett\" data-envirabox='2574' itemprop=\"contentUrl\"><img loading=\"lazy\" decoding=\"async\" src=\"https:\/\/www.goyko.de\/wordpress\/wp-content\/uploads\/2020\/12\/Werkstatt-Rollbrett.jpg\" alt=\"Ein Werkstattm&ouml;bel, das als Liege und Sitz verwendet werden kann. Die gepolsterte Liege ist schwarz, mit einem Metallrahmen und stabilen Rollen. Es zeigt verschiedene Ansichten und Funktionen, einschlie&szlig;lich eines Nahaufnahme-Bereichs, der die Umstellmechanik mit einem Sicherungsstift detailliert darstellt. Ideal f&uuml;r Werkst&auml;tten und Heimwerker\" class=\"envira-gallery-image envira-gallery-image-46    envira-lazy\" height=\"2048\" id=\"envira-gallery-image-2709\" srcset=\"data:image\/gif;base64,R0lGODlhAQABAIAAAP\/\/\/\/\/\/\/yH5BAEKAAEALAAAAAABAAEAAAICTAEAOw==\" tabindex=\"-1\" title=\"Werkstatt-Rollbrett\" width=\"2048\" data-caption=\"\" data-envira-gallery-id=\"2574\" data-envira-index=\"45\" data-envira-item-id=\"2709\" data-envira-src=\"https:\/\/www.goyko.de\/wordpress\/wp-content\/uploads\/2020\/12\/Werkstatt-Rollbrett.jpg\" data-envira-srcset=\"https:\/\/www.goyko.de\/wordpress\/wp-content\/uploads\/2020\/12\/Werkstatt-Rollbrett.jpg 400w, https:\/\/www.goyko.de\/wordpress\/wp-content\/uploads\/2020\/12\/Werkstatt-Rollbrett.jpg 2x\" data-title=\"Werkstatt-Rollbrett\" itemprop=\"thumbnailUrl\"  draggable=\"false\" onmousedown=\"event.preventDefault()\"  data-envirabox=\"2574\" data-automatic-caption=\"\" data-envira-height=\"300\" data-envira-width=\"300\" \/><\/a><\/div><\/div><div id=\"envira-gallery-item-3167\" class=\"envira-gallery-item envira-gallery-item-47 envira-lazy-load\" style=\"padding-left: 3px; padding-bottom: 5px; padding-right: 3px;\"  itemscope itemtype=\"https:\/\/schema.org\/ImageObject\"><div class=\"envira-gallery-item-inner\"><div class=\"envira-gallery-position-overlay envira-gallery-top-left\"><\/div><div class=\"envira-gallery-position-overlay envira-gallery-top-right\"><\/div><div class=\"envira-gallery-position-overlay envira-gallery-bottom-left\"><\/div><div class=\"envira-gallery-position-overlay envira-gallery-bottom-right\"><\/div><a class=\"envira-gallery-2574 envira-gallery-link\" href=\"https:\/\/www.goyko.de\/wordpress\/wp-content\/uploads\/2020\/12\/unterstellheber.jpg\" title=\"unterstellheber\" data-caption=\"\" data-envira-item-id=\"3167\" data-envira-retina=\"https:\/\/www.goyko.de\/wordpress\/wp-content\/uploads\/2020\/12\/unterstellheber.jpg\" data-thumb=\"https:\/\/www.goyko.de\/wordpress\/wp-content\/uploads\/2020\/12\/unterstellheber-75x50_c.jpg\" data-title=\"unterstellheber\" data-envirabox='2574' itemprop=\"contentUrl\"><img loading=\"lazy\" decoding=\"async\" src=\"https:\/\/www.goyko.de\/wordpress\/wp-content\/uploads\/2020\/12\/unterstellheber.jpg\" alt=\"Ein Mechaniker arbeitet an einem Fahrzeugreifen in einer Werkstatt. Der Mann tr&auml;gt schwarze Arbeitskleidung und gelbe Handschuhe. Der Reifen ist an einem gl&auml;nzenden schwarzen Rad befestigt. Ein roter Wagenheber wird verwendet, um das Fahrzeug anzuheben. Die Szene zeigt eine professionelle Umgebung f&uuml;r Reifenwechsel oder Fahrzeugreparaturen\" class=\"envira-gallery-image envira-gallery-image-47    envira-lazy\" height=\"2048\" id=\"envira-gallery-image-3167\" srcset=\"data:image\/gif;base64,R0lGODlhAQABAIAAAP\/\/\/\/\/\/\/yH5BAEKAAEALAAAAAABAAEAAAICTAEAOw==\" tabindex=\"-1\" title=\"unterstellheber\" width=\"2048\" data-caption=\"\" data-envira-gallery-id=\"2574\" data-envira-index=\"46\" data-envira-item-id=\"3167\" data-envira-src=\"https:\/\/www.goyko.de\/wordpress\/wp-content\/uploads\/2020\/12\/unterstellheber.jpg\" data-envira-srcset=\"https:\/\/www.goyko.de\/wordpress\/wp-content\/uploads\/2020\/12\/unterstellheber.jpg 400w, https:\/\/www.goyko.de\/wordpress\/wp-content\/uploads\/2020\/12\/unterstellheber.jpg 2x\" data-title=\"unterstellheber\" itemprop=\"thumbnailUrl\"  draggable=\"false\" onmousedown=\"event.preventDefault()\"  data-envirabox=\"2574\" data-automatic-caption=\"\" data-envira-height=\"300\" data-envira-width=\"300\" \/><\/a><\/div><\/div><div id=\"envira-gallery-item-2707\" class=\"envira-gallery-item envira-gallery-item-48 envira-lazy-load\" style=\"padding-left: 3px; padding-bottom: 5px; padding-right: 3px;\"  itemscope itemtype=\"https:\/\/schema.org\/ImageObject\"><div class=\"envira-gallery-item-inner\"><div class=\"envira-gallery-position-overlay envira-gallery-top-left\"><\/div><div class=\"envira-gallery-position-overlay envira-gallery-top-right\"><\/div><div class=\"envira-gallery-position-overlay envira-gallery-bottom-left\"><\/div><div class=\"envira-gallery-position-overlay envira-gallery-bottom-right\"><\/div><a class=\"envira-gallery-2574 envira-gallery-link\" href=\"https:\/\/www.goyko.de\/wordpress\/wp-content\/uploads\/2020\/12\/Drehmomentschluessel.jpg\" title=\"Drehmomentschluessel\" data-caption=\"\" data-envira-item-id=\"2707\" data-envira-retina=\"https:\/\/www.goyko.de\/wordpress\/wp-content\/uploads\/2020\/12\/Drehmomentschluessel.jpg\" data-thumb=\"https:\/\/www.goyko.de\/wordpress\/wp-content\/uploads\/2020\/12\/Drehmomentschluessel-75x50_c.jpg\" data-title=\"Drehmomentschluessel\" data-envirabox='2574' itemprop=\"contentUrl\"><img loading=\"lazy\" decoding=\"async\" src=\"https:\/\/www.goyko.de\/wordpress\/wp-content\/uploads\/2020\/12\/Drehmomentschluessel.jpg\" alt=\"Ein Drehmomentschl&uuml;ssel aus gl&auml;nzendem Metall mit ergonomischem Griff, abgebildet zusammen mit einem schwarzen Kunststoff-Etui. Drei farblich markierte Steckn&uuml;sse (blau, gelb und rot) sind ebenfalls zu sehen, jeweils mit ihrer Gr&ouml;&szlig;enangabe beschriftet (17mm, 19mm, 21mm). Das Bild vermittelt eine professionelle Werkzeugauswahl f&uuml;r pr&auml;zise mechanische Arbeiten\" class=\"envira-gallery-image envira-gallery-image-48    envira-lazy\" height=\"2048\" id=\"envira-gallery-image-2707\" srcset=\"data:image\/gif;base64,R0lGODlhAQABAIAAAP\/\/\/\/\/\/\/yH5BAEKAAEALAAAAAABAAEAAAICTAEAOw==\" tabindex=\"-1\" title=\"Drehmomentschluessel\" width=\"2048\" data-caption=\"\" data-envira-gallery-id=\"2574\" data-envira-index=\"47\" data-envira-item-id=\"2707\" data-envira-src=\"https:\/\/www.goyko.de\/wordpress\/wp-content\/uploads\/2020\/12\/Drehmomentschluessel.jpg\" data-envira-srcset=\"https:\/\/www.goyko.de\/wordpress\/wp-content\/uploads\/2020\/12\/Drehmomentschluessel.jpg 400w, https:\/\/www.goyko.de\/wordpress\/wp-content\/uploads\/2020\/12\/Drehmomentschluessel.jpg 2x\" data-title=\"Drehmomentschluessel\" itemprop=\"thumbnailUrl\"  draggable=\"false\" onmousedown=\"event.preventDefault()\"  data-envirabox=\"2574\" data-automatic-caption=\"\" data-envira-height=\"300\" data-envira-width=\"300\" \/><\/a><\/div><\/div><div id=\"envira-gallery-item-2706\" class=\"envira-gallery-item envira-gallery-item-49 envira-lazy-load\" style=\"padding-left: 3px; padding-bottom: 5px; padding-right: 3px;\"  itemscope itemtype=\"https:\/\/schema.org\/ImageObject\"><div class=\"envira-gallery-item-inner\"><div class=\"envira-gallery-position-overlay envira-gallery-top-left\"><\/div><div class=\"envira-gallery-position-overlay envira-gallery-top-right\"><\/div><div class=\"envira-gallery-position-overlay envira-gallery-bottom-left\"><\/div><div class=\"envira-gallery-position-overlay envira-gallery-bottom-right\"><\/div><a class=\"envira-gallery-2574 envira-gallery-link\" href=\"https:\/\/www.goyko.de\/wordpress\/wp-content\/uploads\/2020\/12\/Arbeitshandschuhe.jpg\" title=\"Arbeitshandschuhe\" data-caption=\"\" data-envira-item-id=\"2706\" data-envira-retina=\"https:\/\/www.goyko.de\/wordpress\/wp-content\/uploads\/2020\/12\/Arbeitshandschuhe.jpg\" data-thumb=\"https:\/\/www.goyko.de\/wordpress\/wp-content\/uploads\/2020\/12\/Arbeitshandschuhe-75x50_c.jpg\" data-title=\"Arbeitshandschuhe\" data-envirabox='2574' itemprop=\"contentUrl\"><img loading=\"lazy\" decoding=\"async\" src=\"https:\/\/www.goyko.de\/wordpress\/wp-content\/uploads\/2020\/12\/Arbeitshandschuhe.jpg\" alt=\"Ein Paar graue Arbeitshandschuhe mit rutschfester Beschichtung und elastischen B&uuml;ndchen. Die Handschuhe tragen Markierungen mit Standards und Kennzeichnungen f&uuml;r Arbeitsschutz (EN 388) und sind ideal f&uuml;r Pr&auml;zisionsarbeiten und Schutz vor leichten Verletzungen\" class=\"envira-gallery-image envira-gallery-image-49    envira-lazy\" height=\"2048\" id=\"envira-gallery-image-2706\" srcset=\"data:image\/gif;base64,R0lGODlhAQABAIAAAP\/\/\/\/\/\/\/yH5BAEKAAEALAAAAAABAAEAAAICTAEAOw==\" tabindex=\"-1\" title=\"Arbeitshandschuhe\" width=\"2048\" data-caption=\"\" data-envira-gallery-id=\"2574\" data-envira-index=\"48\" data-envira-item-id=\"2706\" data-envira-src=\"https:\/\/www.goyko.de\/wordpress\/wp-content\/uploads\/2020\/12\/Arbeitshandschuhe.jpg\" data-envira-srcset=\"https:\/\/www.goyko.de\/wordpress\/wp-content\/uploads\/2020\/12\/Arbeitshandschuhe.jpg 400w, https:\/\/www.goyko.de\/wordpress\/wp-content\/uploads\/2020\/12\/Arbeitshandschuhe.jpg 2x\" data-title=\"Arbeitshandschuhe\" itemprop=\"thumbnailUrl\"  draggable=\"false\" onmousedown=\"event.preventDefault()\"  data-envirabox=\"2574\" data-automatic-caption=\"\" data-envira-height=\"300\" data-envira-width=\"300\" \/><\/a><\/div><\/div><div id=\"envira-gallery-item-2698\" class=\"envira-gallery-item envira-gallery-item-50 envira-lazy-load\" style=\"padding-left: 3px; padding-bottom: 5px; padding-right: 3px;\"  itemscope itemtype=\"https:\/\/schema.org\/ImageObject\"><div class=\"envira-gallery-item-inner\"><div class=\"envira-gallery-position-overlay envira-gallery-top-left\"><\/div><div class=\"envira-gallery-position-overlay envira-gallery-top-right\"><\/div><div class=\"envira-gallery-position-overlay envira-gallery-bottom-left\"><\/div><div class=\"envira-gallery-position-overlay envira-gallery-bottom-right\"><\/div><a class=\"envira-gallery-2574 envira-gallery-link\" href=\"https:\/\/www.goyko.de\/wordpress\/wp-content\/uploads\/2020\/12\/Auspinwerzeug-Set-mit-Koffer.jpg\" title=\"Auspinwerzeug-Set-mit-Koffer\" data-caption=\"\" data-envira-item-id=\"2698\" data-envira-retina=\"https:\/\/www.goyko.de\/wordpress\/wp-content\/uploads\/2020\/12\/Auspinwerzeug-Set-mit-Koffer.jpg\" data-thumb=\"https:\/\/www.goyko.de\/wordpress\/wp-content\/uploads\/2020\/12\/Auspinwerzeug-Set-mit-Koffer-75x50_c.jpg\" data-title=\"Auspinwerzeug-Set-mit-Koffer\" data-envirabox='2574' itemprop=\"contentUrl\"><img loading=\"lazy\" decoding=\"async\" src=\"https:\/\/www.goyko.de\/wordpress\/wp-content\/uploads\/2020\/12\/Auspinwerzeug-Set-mit-Koffer.jpg\" alt=\"Ein Set von Auspin-Werkzeugen in einer roten Kunststoff-Aufbewahrungsbox. Die Werkzeuge haben schwarze Griffe mit roten Markierungen und sind in verschiedenen Gr&ouml;&szlig;en und Formen verf&uuml;gbar. Das Set eignet sich f&uuml;r detaillierte Arbeiten und Reparaturen\" class=\"envira-gallery-image envira-gallery-image-50    envira-lazy\" height=\"2048\" id=\"envira-gallery-image-2698\" srcset=\"data:image\/gif;base64,R0lGODlhAQABAIAAAP\/\/\/\/\/\/\/yH5BAEKAAEALAAAAAABAAEAAAICTAEAOw==\" tabindex=\"-1\" title=\"Auspinwerzeug-Set-mit-Koffer\" width=\"2048\" data-caption=\"\" data-envira-gallery-id=\"2574\" data-envira-index=\"49\" data-envira-item-id=\"2698\" data-envira-src=\"https:\/\/www.goyko.de\/wordpress\/wp-content\/uploads\/2020\/12\/Auspinwerzeug-Set-mit-Koffer.jpg\" data-envira-srcset=\"https:\/\/www.goyko.de\/wordpress\/wp-content\/uploads\/2020\/12\/Auspinwerzeug-Set-mit-Koffer.jpg 400w, https:\/\/www.goyko.de\/wordpress\/wp-content\/uploads\/2020\/12\/Auspinwerzeug-Set-mit-Koffer.jpg 2x\" data-title=\"Auspinwerzeug-Set-mit-Koffer\" itemprop=\"thumbnailUrl\"  draggable=\"false\" onmousedown=\"event.preventDefault()\"  data-envirabox=\"2574\" data-automatic-caption=\"\" data-envira-height=\"300\" data-envira-width=\"300\" \/><\/a><\/div><\/div><div id=\"envira-gallery-item-2700\" class=\"envira-gallery-item envira-gallery-item-51 envira-lazy-load\" style=\"padding-left: 3px; padding-bottom: 5px; padding-right: 3px;\"  itemscope itemtype=\"https:\/\/schema.org\/ImageObject\"><div class=\"envira-gallery-item-inner\"><div class=\"envira-gallery-position-overlay envira-gallery-top-left\"><\/div><div class=\"envira-gallery-position-overlay envira-gallery-top-right\"><\/div><div class=\"envira-gallery-position-overlay envira-gallery-bottom-left\"><\/div><div class=\"envira-gallery-position-overlay envira-gallery-bottom-right\"><\/div><a class=\"envira-gallery-2574 envira-gallery-link\" href=\"https:\/\/www.goyko.de\/wordpress\/wp-content\/uploads\/2020\/12\/Kuehlsystem-Pruef-und-Befuellset-komplett.jpg\" title=\"Kuehlsystem-Pruef-und-Befuellset-komplett\" data-caption=\"\" data-envira-item-id=\"2700\" data-envira-retina=\"https:\/\/www.goyko.de\/wordpress\/wp-content\/uploads\/2020\/12\/Kuehlsystem-Pruef-und-Befuellset-komplett.jpg\" data-thumb=\"https:\/\/www.goyko.de\/wordpress\/wp-content\/uploads\/2020\/12\/Kuehlsystem-Pruef-und-Befuellset-komplett-75x50_c.jpg\" data-title=\"Kuehlsystem-Pruef-und-Befuellset-komplett\" data-envirabox='2574' itemprop=\"contentUrl\"><img loading=\"lazy\" decoding=\"async\" src=\"https:\/\/www.goyko.de\/wordpress\/wp-content\/uploads\/2020\/12\/Kuehlsystem-Pruef-und-Befuellset-komplett.jpg\" alt=\"Ein rotes Diagnosewerkzeug-Set f&uuml;r Fahrzeuge, das verschiedene Adapter, Schl&auml;uche und Manometer umfasst. Die enthaltenen Druckanzeigen zeigen Messungen in psi, bar und Temperatur in Celsius an. Geeignet f&uuml;r K&uuml;hlsystemtests und andere Automobil-Diagnosearbeiten\" class=\"envira-gallery-image envira-gallery-image-51    envira-lazy\" height=\"2048\" id=\"envira-gallery-image-2700\" srcset=\"data:image\/gif;base64,R0lGODlhAQABAIAAAP\/\/\/\/\/\/\/yH5BAEKAAEALAAAAAABAAEAAAICTAEAOw==\" tabindex=\"-1\" title=\"Kuehlsystem-Pruef-und-Befuellset-komplett\" width=\"2048\" data-caption=\"\" data-envira-gallery-id=\"2574\" data-envira-index=\"50\" data-envira-item-id=\"2700\" data-envira-src=\"https:\/\/www.goyko.de\/wordpress\/wp-content\/uploads\/2020\/12\/Kuehlsystem-Pruef-und-Befuellset-komplett.jpg\" data-envira-srcset=\"https:\/\/www.goyko.de\/wordpress\/wp-content\/uploads\/2020\/12\/Kuehlsystem-Pruef-und-Befuellset-komplett.jpg 400w, https:\/\/www.goyko.de\/wordpress\/wp-content\/uploads\/2020\/12\/Kuehlsystem-Pruef-und-Befuellset-komplett.jpg 2x\" data-title=\"Kuehlsystem-Pruef-und-Befuellset-komplett\" itemprop=\"thumbnailUrl\"  draggable=\"false\" onmousedown=\"event.preventDefault()\"  data-envirabox=\"2574\" data-automatic-caption=\"\" data-envira-height=\"300\" data-envira-width=\"300\" \/><\/a><\/div><\/div><div id=\"envira-gallery-item-2699\" class=\"envira-gallery-item envira-gallery-item-52 envira-lazy-load\" style=\"padding-left: 3px; padding-bottom: 5px; padding-right: 3px;\"  itemscope itemtype=\"https:\/\/schema.org\/ImageObject\"><div class=\"envira-gallery-item-inner\"><div class=\"envira-gallery-position-overlay envira-gallery-top-left\"><\/div><div class=\"envira-gallery-position-overlay envira-gallery-top-right\"><\/div><div class=\"envira-gallery-position-overlay envira-gallery-bottom-left\"><\/div><div class=\"envira-gallery-position-overlay envira-gallery-bottom-right\"><\/div><a class=\"envira-gallery-2574 envira-gallery-link\" href=\"https:\/\/www.goyko.de\/wordpress\/wp-content\/uploads\/2020\/12\/Kuehlsystem-Pruef-und-Befuellset-Kernelement.jpg\" title=\"Kuehlsystem-Pruef-und-Befuellset-Kernelement\" data-caption=\"\" data-envira-item-id=\"2699\" data-envira-retina=\"https:\/\/www.goyko.de\/wordpress\/wp-content\/uploads\/2020\/12\/Kuehlsystem-Pruef-und-Befuellset-Kernelement.jpg\" data-thumb=\"https:\/\/www.goyko.de\/wordpress\/wp-content\/uploads\/2020\/12\/Kuehlsystem-Pruef-und-Befuellset-Kernelement-75x50_c.jpg\" data-title=\"Kuehlsystem-Pruef-und-Befuellset-Kernelement\" data-envirabox='2574' itemprop=\"contentUrl\"><img loading=\"lazy\" decoding=\"async\" src=\"https:\/\/www.goyko.de\/wordpress\/wp-content\/uploads\/2020\/12\/Kuehlsystem-Pruef-und-Befuellset-Kernelement.jpg\" alt=\"Ein Automobil-Vakuum-Diagnoseger&auml;t mit Manometer, Kettenaufh&auml;ngung, blauen und schwarzen Komponenten sowie einem flexiblen blauen Schlauch. Das Ger&auml;t wird verwendet, um Druck und Vakuum in Fahrzeugsystemen zu messen und zu regulieren\" class=\"envira-gallery-image envira-gallery-image-52    envira-lazy\" height=\"2048\" id=\"envira-gallery-image-2699\" srcset=\"data:image\/gif;base64,R0lGODlhAQABAIAAAP\/\/\/\/\/\/\/yH5BAEKAAEALAAAAAABAAEAAAICTAEAOw==\" tabindex=\"-1\" title=\"Kuehlsystem-Pruef-und-Befuellset-Kernelement\" width=\"2048\" data-caption=\"\" data-envira-gallery-id=\"2574\" data-envira-index=\"51\" data-envira-item-id=\"2699\" data-envira-src=\"https:\/\/www.goyko.de\/wordpress\/wp-content\/uploads\/2020\/12\/Kuehlsystem-Pruef-und-Befuellset-Kernelement.jpg\" data-envira-srcset=\"https:\/\/www.goyko.de\/wordpress\/wp-content\/uploads\/2020\/12\/Kuehlsystem-Pruef-und-Befuellset-Kernelement.jpg 400w, https:\/\/www.goyko.de\/wordpress\/wp-content\/uploads\/2020\/12\/Kuehlsystem-Pruef-und-Befuellset-Kernelement.jpg 2x\" data-title=\"Kuehlsystem-Pruef-und-Befuellset-Kernelement\" itemprop=\"thumbnailUrl\"  draggable=\"false\" onmousedown=\"event.preventDefault()\"  data-envirabox=\"2574\" data-automatic-caption=\"\" data-envira-height=\"300\" data-envira-width=\"300\" \/><\/a><\/div><\/div><div id=\"envira-gallery-item-2701\" class=\"envira-gallery-item envira-gallery-item-53 envira-lazy-load\" style=\"padding-left: 3px; padding-bottom: 5px; padding-right: 3px;\"  itemscope itemtype=\"https:\/\/schema.org\/ImageObject\"><div class=\"envira-gallery-item-inner\"><div class=\"envira-gallery-position-overlay envira-gallery-top-left\"><\/div><div class=\"envira-gallery-position-overlay envira-gallery-top-right\"><\/div><div class=\"envira-gallery-position-overlay envira-gallery-bottom-left\"><\/div><div class=\"envira-gallery-position-overlay envira-gallery-bottom-right\"><\/div><a class=\"envira-gallery-2574 envira-gallery-link\" href=\"https:\/\/www.goyko.de\/wordpress\/wp-content\/uploads\/2020\/12\/Kuehlsystem-Pruef-und-Befuellset-Stutzen.jpg\" title=\"Kuehlsystem-Pruef-und-Befuellset-Stutzen\" data-caption=\"\" data-envira-item-id=\"2701\" data-envira-retina=\"https:\/\/www.goyko.de\/wordpress\/wp-content\/uploads\/2020\/12\/Kuehlsystem-Pruef-und-Befuellset-Stutzen.jpg\" data-thumb=\"https:\/\/www.goyko.de\/wordpress\/wp-content\/uploads\/2020\/12\/Kuehlsystem-Pruef-und-Befuellset-Stutzen-75x50_c.jpg\" data-title=\"Kuehlsystem-Pruef-und-Befuellset-Stutzen\" data-envirabox='2574' itemprop=\"contentUrl\"><img loading=\"lazy\" decoding=\"async\" src=\"https:\/\/www.goyko.de\/wordpress\/wp-content\/uploads\/2020\/12\/Kuehlsystem-Pruef-und-Befuellset-Stutzen.jpg\" alt=\"Eine Nahaufnahme von drei metallischen Adapterkappen, die f&uuml;r den Einsatz in K&uuml;hlsystemen von Fahrzeugen bestimmt sind. Die Kappen haben glatte Oberfl&auml;chen und sind mit Anschl&uuml;ssen zur Verwendung mit Test- oder Diagnoseger&auml;ten ausgestattet\" class=\"envira-gallery-image envira-gallery-image-53    envira-lazy\" height=\"2048\" id=\"envira-gallery-image-2701\" srcset=\"data:image\/gif;base64,R0lGODlhAQABAIAAAP\/\/\/\/\/\/\/yH5BAEKAAEALAAAAAABAAEAAAICTAEAOw==\" tabindex=\"-1\" title=\"Kuehlsystem-Pruef-und-Befuellset-Stutzen\" width=\"2048\" data-caption=\"\" data-envira-gallery-id=\"2574\" data-envira-index=\"52\" data-envira-item-id=\"2701\" data-envira-src=\"https:\/\/www.goyko.de\/wordpress\/wp-content\/uploads\/2020\/12\/Kuehlsystem-Pruef-und-Befuellset-Stutzen.jpg\" data-envira-srcset=\"https:\/\/www.goyko.de\/wordpress\/wp-content\/uploads\/2020\/12\/Kuehlsystem-Pruef-und-Befuellset-Stutzen.jpg 400w, https:\/\/www.goyko.de\/wordpress\/wp-content\/uploads\/2020\/12\/Kuehlsystem-Pruef-und-Befuellset-Stutzen.jpg 2x\" data-title=\"Kuehlsystem-Pruef-und-Befuellset-Stutzen\" itemprop=\"thumbnailUrl\"  draggable=\"false\" onmousedown=\"event.preventDefault()\"  data-envirabox=\"2574\" data-automatic-caption=\"\" data-envira-height=\"300\" data-envira-width=\"300\" \/><\/a><\/div><\/div><div id=\"envira-gallery-item-2702\" class=\"envira-gallery-item envira-gallery-item-54 envira-lazy-load\" style=\"padding-left: 3px; padding-bottom: 5px; padding-right: 3px;\"  itemscope itemtype=\"https:\/\/schema.org\/ImageObject\"><div class=\"envira-gallery-item-inner\"><div class=\"envira-gallery-position-overlay envira-gallery-top-left\"><\/div><div class=\"envira-gallery-position-overlay envira-gallery-top-right\"><\/div><div class=\"envira-gallery-position-overlay envira-gallery-bottom-left\"><\/div><div class=\"envira-gallery-position-overlay envira-gallery-bottom-right\"><\/div><a class=\"envira-gallery-2574 envira-gallery-link\" href=\"https:\/\/www.goyko.de\/wordpress\/wp-content\/uploads\/2020\/12\/Kuehlsystem-Pruef-und-Befuellset-Ventil.jpg\" title=\"Kuehlsystem-Pruef-und-Befuellset-Ventil\" data-caption=\"\" data-envira-item-id=\"2702\" data-envira-retina=\"https:\/\/www.goyko.de\/wordpress\/wp-content\/uploads\/2020\/12\/Kuehlsystem-Pruef-und-Befuellset-Ventil.jpg\" data-thumb=\"https:\/\/www.goyko.de\/wordpress\/wp-content\/uploads\/2020\/12\/Kuehlsystem-Pruef-und-Befuellset-Ventil-75x50_c.jpg\" data-title=\"Kuehlsystem-Pruef-und-Befuellset-Ventil\" data-envirabox='2574' itemprop=\"contentUrl\"><img loading=\"lazy\" decoding=\"async\" src=\"https:\/\/www.goyko.de\/wordpress\/wp-content\/uploads\/2020\/12\/Kuehlsystem-Pruef-und-Befuellset-Ventil.jpg\" alt=\"Eine Nahaufnahme eines Messinganschlusses, der an einem schwarzen Kunststoffgeh&auml;use befestigt ist. Der Anschluss verf&uuml;gt &uuml;ber ein strukturiertes Muster f&uuml;r besseren Halt, und es sind zwei rote Hebel sichtbar, die wahrscheinlich zur Steuerung oder Verriegelung dienen\" class=\"envira-gallery-image envira-gallery-image-54    envira-lazy\" height=\"2048\" id=\"envira-gallery-image-2702\" srcset=\"data:image\/gif;base64,R0lGODlhAQABAIAAAP\/\/\/\/\/\/\/yH5BAEKAAEALAAAAAABAAEAAAICTAEAOw==\" tabindex=\"-1\" title=\"Kuehlsystem-Pruef-und-Befuellset-Ventil\" width=\"2048\" data-caption=\"\" data-envira-gallery-id=\"2574\" data-envira-index=\"53\" data-envira-item-id=\"2702\" data-envira-src=\"https:\/\/www.goyko.de\/wordpress\/wp-content\/uploads\/2020\/12\/Kuehlsystem-Pruef-und-Befuellset-Ventil.jpg\" data-envira-srcset=\"https:\/\/www.goyko.de\/wordpress\/wp-content\/uploads\/2020\/12\/Kuehlsystem-Pruef-und-Befuellset-Ventil.jpg 400w, https:\/\/www.goyko.de\/wordpress\/wp-content\/uploads\/2020\/12\/Kuehlsystem-Pruef-und-Befuellset-Ventil.jpg 2x\" data-title=\"Kuehlsystem-Pruef-und-Befuellset-Ventil\" itemprop=\"thumbnailUrl\"  draggable=\"false\" onmousedown=\"event.preventDefault()\"  data-envirabox=\"2574\" data-automatic-caption=\"\" data-envira-height=\"300\" data-envira-width=\"300\" \/><\/a><\/div><\/div><div id=\"envira-gallery-item-2695\" class=\"envira-gallery-item envira-gallery-item-55 envira-lazy-load\" style=\"padding-left: 3px; padding-bottom: 5px; padding-right: 3px;\"  itemscope itemtype=\"https:\/\/schema.org\/ImageObject\"><div class=\"envira-gallery-item-inner\"><div class=\"envira-gallery-position-overlay envira-gallery-top-left\"><\/div><div class=\"envira-gallery-position-overlay envira-gallery-top-right\"><\/div><div class=\"envira-gallery-position-overlay envira-gallery-bottom-left\"><\/div><div class=\"envira-gallery-position-overlay envira-gallery-bottom-right\"><\/div><a class=\"envira-gallery-2574 envira-gallery-link\" href=\"https:\/\/www.goyko.de\/wordpress\/wp-content\/uploads\/2020\/12\/Abziehset-fuer-Kugelgelenke.jpg\" title=\"Abziehset-fuer-Kugelgelenke\" data-caption=\"\" data-envira-item-id=\"2695\" data-envira-retina=\"https:\/\/www.goyko.de\/wordpress\/wp-content\/uploads\/2020\/12\/Abziehset-fuer-Kugelgelenke.jpg\" data-thumb=\"https:\/\/www.goyko.de\/wordpress\/wp-content\/uploads\/2020\/12\/Abziehset-fuer-Kugelgelenke-75x50_c.jpg\" data-title=\"Abziehset-fuer-Kugelgelenke\" data-envirabox='2574' itemprop=\"contentUrl\"><img loading=\"lazy\" decoding=\"async\" src=\"https:\/\/www.goyko.de\/wordpress\/wp-content\/uploads\/2020\/12\/Abziehset-fuer-Kugelgelenke.jpg\" alt=\"Ein Set von Abziehern und Trennwerkzeugen aus Metall, die f&uuml;r die Fahrzeugreparatur verwendet werden. Das Set beinhaltet mehrere verschiedene Werkzeuge sowie eine rote, robuste Kunststoff-Tragetasche mit Griff und Verschlussmechanismus\" class=\"envira-gallery-image envira-gallery-image-55    envira-lazy\" height=\"2048\" id=\"envira-gallery-image-2695\" srcset=\"data:image\/gif;base64,R0lGODlhAQABAIAAAP\/\/\/\/\/\/\/yH5BAEKAAEALAAAAAABAAEAAAICTAEAOw==\" tabindex=\"-1\" title=\"Abziehset-fuer-Kugelgelenke\" width=\"2048\" data-caption=\"\" data-envira-gallery-id=\"2574\" data-envira-index=\"54\" data-envira-item-id=\"2695\" data-envira-src=\"https:\/\/www.goyko.de\/wordpress\/wp-content\/uploads\/2020\/12\/Abziehset-fuer-Kugelgelenke.jpg\" data-envira-srcset=\"https:\/\/www.goyko.de\/wordpress\/wp-content\/uploads\/2020\/12\/Abziehset-fuer-Kugelgelenke.jpg 400w, https:\/\/www.goyko.de\/wordpress\/wp-content\/uploads\/2020\/12\/Abziehset-fuer-Kugelgelenke.jpg 2x\" data-title=\"Abziehset-fuer-Kugelgelenke\" itemprop=\"thumbnailUrl\"  draggable=\"false\" onmousedown=\"event.preventDefault()\"  data-envirabox=\"2574\" data-automatic-caption=\"\" data-envira-height=\"300\" data-envira-width=\"300\" \/><\/a><\/div><\/div><div id=\"envira-gallery-item-2690\" class=\"envira-gallery-item envira-gallery-item-56 envira-lazy-load\" style=\"padding-left: 3px; padding-bottom: 5px; padding-right: 3px;\"  itemscope itemtype=\"https:\/\/schema.org\/ImageObject\"><div class=\"envira-gallery-item-inner\"><div class=\"envira-gallery-position-overlay envira-gallery-top-left\"><\/div><div class=\"envira-gallery-position-overlay envira-gallery-top-right\"><\/div><div class=\"envira-gallery-position-overlay envira-gallery-bottom-left\"><\/div><div class=\"envira-gallery-position-overlay envira-gallery-bottom-right\"><\/div><a class=\"envira-gallery-2574 envira-gallery-link\" href=\"https:\/\/www.goyko.de\/wordpress\/wp-content\/uploads\/2020\/12\/Laserlampe.jpg\" title=\"Laserlampe\" data-caption=\"\" data-envira-item-id=\"2690\" data-envira-retina=\"https:\/\/www.goyko.de\/wordpress\/wp-content\/uploads\/2020\/12\/Laserlampe.jpg\" data-thumb=\"https:\/\/www.goyko.de\/wordpress\/wp-content\/uploads\/2020\/12\/Laserlampe-75x50_c.jpg\" data-title=\"Laserlampe\" data-envirabox='2574' itemprop=\"contentUrl\"><img loading=\"lazy\" decoding=\"async\" src=\"https:\/\/www.goyko.de\/wordpress\/wp-content\/uploads\/2020\/12\/Laserlampe.jpg\" alt=\"Ein blaues Lichtprojektor-Ger&auml;t auf einem Holzfu&szlig;boden, projiziert ein faszinierendes Muster aus roten und gr&uuml;nen Lichtern auf eine dunkle Ziegelwand. Im Hintergrund befindet sich eine Topfpflanze f&uuml;r Ambiente\" class=\"envira-gallery-image envira-gallery-image-56    envira-lazy\" height=\"2048\" id=\"envira-gallery-image-2690\" srcset=\"data:image\/gif;base64,R0lGODlhAQABAIAAAP\/\/\/\/\/\/\/yH5BAEKAAEALAAAAAABAAEAAAICTAEAOw==\" tabindex=\"-1\" title=\"Laserlampe\" width=\"2048\" data-caption=\"\" data-envira-gallery-id=\"2574\" data-envira-index=\"55\" data-envira-item-id=\"2690\" data-envira-src=\"https:\/\/www.goyko.de\/wordpress\/wp-content\/uploads\/2020\/12\/Laserlampe.jpg\" data-envira-srcset=\"https:\/\/www.goyko.de\/wordpress\/wp-content\/uploads\/2020\/12\/Laserlampe.jpg 400w, https:\/\/www.goyko.de\/wordpress\/wp-content\/uploads\/2020\/12\/Laserlampe.jpg 2x\" data-title=\"Laserlampe\" itemprop=\"thumbnailUrl\"  draggable=\"false\" onmousedown=\"event.preventDefault()\"  data-envirabox=\"2574\" data-automatic-caption=\"\" data-envira-height=\"300\" data-envira-width=\"300\" \/><\/a><\/div><\/div><div id=\"envira-gallery-item-2692\" class=\"envira-gallery-item envira-gallery-item-57 envira-lazy-load\" style=\"padding-left: 3px; padding-bottom: 5px; padding-right: 3px;\"  itemscope itemtype=\"https:\/\/schema.org\/ImageObject\"><div class=\"envira-gallery-item-inner\"><div class=\"envira-gallery-position-overlay envira-gallery-top-left\"><\/div><div class=\"envira-gallery-position-overlay envira-gallery-top-right\"><\/div><div class=\"envira-gallery-position-overlay envira-gallery-bottom-left\"><\/div><div class=\"envira-gallery-position-overlay envira-gallery-bottom-right\"><\/div><a class=\"envira-gallery-2574 envira-gallery-link\" href=\"https:\/\/www.goyko.de\/wordpress\/wp-content\/uploads\/2020\/12\/Schluesselkasten.jpg\" title=\"Schluesselkasten\" data-caption=\"\" data-envira-item-id=\"2692\" data-envira-retina=\"https:\/\/www.goyko.de\/wordpress\/wp-content\/uploads\/2020\/12\/Schluesselkasten.jpg\" data-thumb=\"https:\/\/www.goyko.de\/wordpress\/wp-content\/uploads\/2020\/12\/Schluesselkasten-75x50_c.jpg\" data-title=\"Schluesselkasten\" data-envirabox='2574' itemprop=\"contentUrl\"><img loading=\"lazy\" decoding=\"async\" src=\"https:\/\/www.goyko.de\/wordpress\/wp-content\/uploads\/2020\/12\/Schluesselkasten.jpg\" alt=\"Ein beige lackierter Schl&uuml;sselkasten mit ge&ouml;ffneter T&uuml;r, der mehrere Hakenreihen im Inneren zeigt. Im Vordergrund befinden sich bunte Schl&uuml;sselanh&auml;nger in verschiedenen Farben (schwarz, wei&szlig;, gelb, rot, blau, gr&uuml;n), Schrauben, D&uuml;bel, ein Schl&uuml;sselpaar und ein nummerierter Aufkleberstreifen f&uuml;r die Organisation\" class=\"envira-gallery-image envira-gallery-image-57    envira-lazy\" height=\"2048\" id=\"envira-gallery-image-2692\" srcset=\"data:image\/gif;base64,R0lGODlhAQABAIAAAP\/\/\/\/\/\/\/yH5BAEKAAEALAAAAAABAAEAAAICTAEAOw==\" tabindex=\"-1\" title=\"Schluesselkasten\" width=\"2048\" data-caption=\"\" data-envira-gallery-id=\"2574\" data-envira-index=\"56\" data-envira-item-id=\"2692\" data-envira-src=\"https:\/\/www.goyko.de\/wordpress\/wp-content\/uploads\/2020\/12\/Schluesselkasten.jpg\" data-envira-srcset=\"https:\/\/www.goyko.de\/wordpress\/wp-content\/uploads\/2020\/12\/Schluesselkasten.jpg 400w, https:\/\/www.goyko.de\/wordpress\/wp-content\/uploads\/2020\/12\/Schluesselkasten.jpg 2x\" data-title=\"Schluesselkasten\" itemprop=\"thumbnailUrl\"  draggable=\"false\" onmousedown=\"event.preventDefault()\"  data-envirabox=\"2574\" data-automatic-caption=\"\" data-envira-height=\"300\" data-envira-width=\"300\" \/><\/a><\/div><\/div><div id=\"envira-gallery-item-2689\" class=\"envira-gallery-item envira-gallery-item-58 envira-lazy-load\" style=\"padding-left: 3px; padding-bottom: 5px; padding-right: 3px;\"  itemscope itemtype=\"https:\/\/schema.org\/ImageObject\"><div class=\"envira-gallery-item-inner\"><div class=\"envira-gallery-position-overlay envira-gallery-top-left\"><\/div><div class=\"envira-gallery-position-overlay envira-gallery-top-right\"><\/div><div class=\"envira-gallery-position-overlay envira-gallery-bottom-left\"><\/div><div class=\"envira-gallery-position-overlay envira-gallery-bottom-right\"><\/div><a class=\"envira-gallery-2574 envira-gallery-link\" href=\"https:\/\/www.goyko.de\/wordpress\/wp-content\/uploads\/2020\/12\/Fensterrollo-Sternchenmuster.jpg\" title=\"PVC window isolated on white\" data-caption=\"PVC window isolated on white background, front view\" data-envira-item-id=\"2689\" data-envira-retina=\"https:\/\/www.goyko.de\/wordpress\/wp-content\/uploads\/2020\/12\/Fensterrollo-Sternchenmuster.jpg\" data-thumb=\"https:\/\/www.goyko.de\/wordpress\/wp-content\/uploads\/2020\/12\/Fensterrollo-Sternchenmuster-75x50_c.jpg\" data-title=\"PVC window isolated on white\" data-envirabox='2574' itemprop=\"contentUrl\"><img loading=\"lazy\" decoding=\"async\" src=\"https:\/\/www.goyko.de\/wordpress\/wp-content\/uploads\/2020\/12\/Fensterrollo-Sternchenmuster.jpg\" alt=\"Ein Fenster mit einem Rollo im Sternen-Design, das einen dunklen Nachthimmel mit gelben und wei&szlig;en Sternen zeigt. Durch das Fenster ist eine n&auml;chtliche Parkszene mit B&auml;umen und Stra&szlig;enlaternen sichtbar. Auf der Fensterbank stehen ein gr&uuml;nes Gie&szlig;k&auml;nnchen mit Blumen und ein kleiner Blumentopf mit rosa Tulpen\" class=\"envira-gallery-image envira-gallery-image-58    envira-lazy\" height=\"2048\" id=\"envira-gallery-image-2689\" srcset=\"data:image\/gif;base64,R0lGODlhAQABAIAAAP\/\/\/\/\/\/\/yH5BAEKAAEALAAAAAABAAEAAAICTAEAOw==\" tabindex=\"-1\" title=\"PVC window isolated on white\" width=\"2048\" data-caption=\"PVC window isolated on white background, front view\" data-envira-gallery-id=\"2574\" data-envira-index=\"57\" data-envira-item-id=\"2689\" data-envira-src=\"https:\/\/www.goyko.de\/wordpress\/wp-content\/uploads\/2020\/12\/Fensterrollo-Sternchenmuster.jpg\" data-envira-srcset=\"https:\/\/www.goyko.de\/wordpress\/wp-content\/uploads\/2020\/12\/Fensterrollo-Sternchenmuster.jpg 400w, https:\/\/www.goyko.de\/wordpress\/wp-content\/uploads\/2020\/12\/Fensterrollo-Sternchenmuster.jpg 2x\" data-title=\"PVC window isolated on white\" itemprop=\"thumbnailUrl\"  draggable=\"false\" onmousedown=\"event.preventDefault()\"  data-envirabox=\"2574\" data-automatic-caption=\"\" data-envira-height=\"300\" data-envira-width=\"300\" \/><\/a><\/div><\/div><div id=\"envira-gallery-item-2693\" class=\"envira-gallery-item envira-gallery-item-59 envira-lazy-load\" style=\"padding-left: 3px; padding-bottom: 5px; padding-right: 3px;\"  itemscope itemtype=\"https:\/\/schema.org\/ImageObject\"><div class=\"envira-gallery-item-inner\"><div class=\"envira-gallery-position-overlay envira-gallery-top-left\"><\/div><div class=\"envira-gallery-position-overlay envira-gallery-top-right\"><\/div><div class=\"envira-gallery-position-overlay envira-gallery-bottom-left\"><\/div><div class=\"envira-gallery-position-overlay envira-gallery-bottom-right\"><\/div><a class=\"envira-gallery-2574 envira-gallery-link\" href=\"https:\/\/www.goyko.de\/wordpress\/wp-content\/uploads\/2020\/12\/Steckerleisten-Uebersicht.jpg\" title=\"Steckerleisten-Uebersicht\" data-caption=\"\" data-envira-item-id=\"2693\" data-envira-retina=\"https:\/\/www.goyko.de\/wordpress\/wp-content\/uploads\/2020\/12\/Steckerleisten-Uebersicht.jpg\" data-thumb=\"https:\/\/www.goyko.de\/wordpress\/wp-content\/uploads\/2020\/12\/Steckerleisten-Uebersicht-75x50_c.jpg\" data-title=\"Steckerleisten-Uebersicht\" data-envirabox='2574' itemprop=\"contentUrl\"><img loading=\"lazy\" decoding=\"async\" src=\"https:\/\/www.goyko.de\/wordpress\/wp-content\/uploads\/2020\/12\/Steckerleisten-Uebersicht.jpg\" alt=\"Mehrere Steckdosenleisten in Schwarz und Wei&szlig;, jeweils mit roten Kippschaltern zum Ein- und Ausschalten. Die Steckdosenleisten variieren in der Anzahl der Steckpl&auml;tze, von drei bis zu acht Steckdosen. Links und rechts sind die entsprechenden Kabelenden mit Schuko-Steckern sichtbar\" class=\"envira-gallery-image envira-gallery-image-59    envira-lazy\" height=\"2048\" id=\"envira-gallery-image-2693\" srcset=\"data:image\/gif;base64,R0lGODlhAQABAIAAAP\/\/\/\/\/\/\/yH5BAEKAAEALAAAAAABAAEAAAICTAEAOw==\" tabindex=\"-1\" title=\"Steckerleisten-Uebersicht\" width=\"2048\" data-caption=\"\" data-envira-gallery-id=\"2574\" data-envira-index=\"58\" data-envira-item-id=\"2693\" data-envira-src=\"https:\/\/www.goyko.de\/wordpress\/wp-content\/uploads\/2020\/12\/Steckerleisten-Uebersicht.jpg\" data-envira-srcset=\"https:\/\/www.goyko.de\/wordpress\/wp-content\/uploads\/2020\/12\/Steckerleisten-Uebersicht.jpg 400w, https:\/\/www.goyko.de\/wordpress\/wp-content\/uploads\/2020\/12\/Steckerleisten-Uebersicht.jpg 2x\" data-title=\"Steckerleisten-Uebersicht\" itemprop=\"thumbnailUrl\"  draggable=\"false\" onmousedown=\"event.preventDefault()\"  data-envirabox=\"2574\" data-automatic-caption=\"\" data-envira-height=\"300\" data-envira-width=\"300\" \/><\/a><\/div><\/div><div id=\"envira-gallery-item-2694\" class=\"envira-gallery-item envira-gallery-item-60 envira-lazy-load\" style=\"padding-left: 3px; padding-bottom: 5px; padding-right: 3px;\"  itemscope itemtype=\"https:\/\/schema.org\/ImageObject\"><div class=\"envira-gallery-item-inner\"><div class=\"envira-gallery-position-overlay envira-gallery-top-left\"><\/div><div class=\"envira-gallery-position-overlay envira-gallery-top-right\"><\/div><div class=\"envira-gallery-position-overlay envira-gallery-bottom-left\"><\/div><div class=\"envira-gallery-position-overlay envira-gallery-bottom-right\"><\/div><a class=\"envira-gallery-2574 envira-gallery-link\" href=\"https:\/\/www.goyko.de\/wordpress\/wp-content\/uploads\/2020\/12\/Wunderbesen.jpg\" title=\"Wunderbesen\" data-caption=\"\" data-envira-item-id=\"2694\" data-envira-retina=\"https:\/\/www.goyko.de\/wordpress\/wp-content\/uploads\/2020\/12\/Wunderbesen.jpg\" data-thumb=\"https:\/\/www.goyko.de\/wordpress\/wp-content\/uploads\/2020\/12\/Wunderbesen-75x50_c.jpg\" data-title=\"Wunderbesen\" data-envirabox='2574' itemprop=\"contentUrl\"><img loading=\"lazy\" decoding=\"async\" src=\"https:\/\/www.goyko.de\/wordpress\/wp-content\/uploads\/2020\/12\/Wunderbesen.jpg\" alt=\"Ein Teleskopbesen mit gelbem Stiel und schwarzem Kopf, ausgestattet mit flexiblen Borsten. Das Bild zeigt mehrere Details in vergr&ouml;&szlig;erten Kreisen, darunter der verstellbare Teleskopmechanismus, das Schraubgewinde am Griff und die Aufh&auml;ngem&ouml;glichkeit. Der Besenkopf ist f&uuml;r verschiedene Oberfl&auml;chen geeignet\" class=\"envira-gallery-image envira-gallery-image-60    envira-lazy\" height=\"2048\" id=\"envira-gallery-image-2694\" srcset=\"data:image\/gif;base64,R0lGODlhAQABAIAAAP\/\/\/\/\/\/\/yH5BAEKAAEALAAAAAABAAEAAAICTAEAOw==\" tabindex=\"-1\" title=\"Wunderbesen\" width=\"2048\" data-caption=\"\" data-envira-gallery-id=\"2574\" data-envira-index=\"59\" data-envira-item-id=\"2694\" data-envira-src=\"https:\/\/www.goyko.de\/wordpress\/wp-content\/uploads\/2020\/12\/Wunderbesen.jpg\" data-envira-srcset=\"https:\/\/www.goyko.de\/wordpress\/wp-content\/uploads\/2020\/12\/Wunderbesen.jpg 400w, https:\/\/www.goyko.de\/wordpress\/wp-content\/uploads\/2020\/12\/Wunderbesen.jpg 2x\" data-title=\"Wunderbesen\" itemprop=\"thumbnailUrl\"  draggable=\"false\" onmousedown=\"event.preventDefault()\"  data-envirabox=\"2574\" data-automatic-caption=\"\" data-envira-height=\"300\" data-envira-width=\"300\" \/><\/a><\/div><\/div><\/div><\/div><noscript><img src='https:\/\/www.goyko.de\/wordpress\/wp-content\/uploads\/2020\/12\/20220322-_MG_5107-Edit-Edit-2.jpg' alt='Ein rustikales Bild von Kaffeebohnen, einer Kaffeem\u00fchle und einer Tasse Kaffee. Im Vordergrund ist eine Tasse mit Kaffee, daneben liegt ein L\u00f6ffel mit Kaffeebohnen, und im Hintergrund befindet sich ein Sack voller Kaffeebohnen. Die Szene ist warm und einladend, und die Bohnen sind auf einem Holztisch verstreut.' class='envira_noscript_images ' \/><img src='https:\/\/www.goyko.de\/wordpress\/wp-content\/uploads\/2020\/12\/20220404-_MG_5553-Bearbeitet-2-Bearbeitet-Web.jpg' alt='Ein Dessertglas gef\u00fcllt mit Joghurt und frischen Beeren wie Himbeeren, Brombeeren und Blaubeeren auf einem rustikalen Holztisch, umgeben von einer Schale mit Sahne, weiteren Beeren und Besteck, vor einem blauen Hintergrund.' class='envira_noscript_images ' \/><img src='https:\/\/www.goyko.de\/wordpress\/wp-content\/uploads\/2020\/12\/20220402-_MG_5405-Bearbeitet-Bearbeitet-Bearbeitet-Web.jpg' alt='Ein rustikaler Holztisch mit einer Schale Spaghetti mit Pesto, dekoriert mit Basilikumbl\u00e4ttern und Parmesan. Umgeben von Zutaten wie Pinienkernen, Knoblauch, Oliven\u00f6l und Basilikum, die die Zubereitung des Gerichts betonen.' class='envira_noscript_images ' \/><img src='https:\/\/www.goyko.de\/wordpress\/wp-content\/uploads\/2020\/12\/20220320-_MG_4943-Edit-Edit-Edit.jpg' alt='Ein maritim gestalteter Tisch mit einem Teller Ricotta, garniert mit Honig, gehackten N\u00fcssen und frischen Blaubeeren. Im Hintergrund dekoriert ein kleiner Leuchtturm das Bild, erg\u00e4nzt durch eine Schale voller Blaubeeren und eine Schale Honig mit einem L\u00f6ffel.' class='envira_noscript_images ' \/><img src='https:\/\/www.goyko.de\/wordpress\/wp-content\/uploads\/2020\/12\/20220215-_MG_3153-Edit-Edit-Web.jpg' alt='Eine vielseitige Schokoladenkomposition: Kakaobohnen in ihrer Schote, bunte Pralinen, Kakaopulver, wei\u00dfe Schokosplitter und eine edle Tafel Schokolade arrangiert auf einer dunklen Oberfl\u00e4che und einem h\u00f6lzernen Schneidebrett.' class='envira_noscript_images ' \/><img src='https:\/\/www.goyko.de\/wordpress\/wp-content\/uploads\/2020\/12\/20220222-_MG_3639-Edit-v2.jpg' alt='Edle Pralinen-Variation: Nahaufnahme von gef\u00fcllten Pralinen in verschiedenen Farben, eine davon ge\u00f6ffnet und mit fl\u00fcssiger F\u00fcllung auf dunklem Schiefer' class='envira_noscript_images ' \/><img src='https:\/\/www.goyko.de\/wordpress\/wp-content\/uploads\/2020\/12\/20220220-_MG_3487-Edit-v4-2.jpg' alt='Azteken-Trinkschokolade: Zwei Varianten pr\u00e4sentiert, dunkle und wei\u00dfe Schokolade mit Kakaopulver, Kakaobutter und Tassen auf kontrastierendem Hintergrund' class='envira_noscript_images ' \/><img src='https:\/\/www.goyko.de\/wordpress\/wp-content\/uploads\/2020\/12\/20220310-_MG_4653-Bearbeitet-Bearbeitet-Web.jpg' alt='Osterleckereien: Schokoladenhasen-Lollis, bunt verzierte Schokoladeneier und dekorative Pralinen in einer rustikalen Pr\u00e4sentation.' class='envira_noscript_images ' \/><img src='https:\/\/www.goyko.de\/wordpress\/wp-content\/uploads\/2020\/12\/20220310-_MG_4539-Bearbeitet-Bearbeitet-Web.jpg' alt='Holzdekor mit Osterhase, umgeben von edlen Schokoladeneiern und dekorativen Kunststoffeiern in einer festlichen Osterpr\u00e4sentation.' class='envira_noscript_images ' \/><img src='https:\/\/www.goyko.de\/wordpress\/wp-content\/uploads\/2020\/12\/20220227-_MG_3922-Bearbeitet-Bearbeitet-Edit.jpg' alt='Schokoladenfondue mit frischen Fr\u00fcchten wie Erdbeeren, gr\u00fcnen \u00c4pfeln und Trauben, umgeben von Schokodrops und Geb\u00e4cksticks auf einem Holztisch' class='envira_noscript_images ' \/><img src='https:\/\/www.goyko.de\/wordpress\/wp-content\/uploads\/2020\/12\/20220216-_MG_3227-Edit-v2-Edit-Edit-v3.jpg' alt='Reihe farbenfroher Pralinen, jede mit einzigartiger Textur und Geschmack, auf einer reflektierenden Oberfl\u00e4che vor wei\u00dfem Hintergrund arrangiert.' class='envira_noscript_images ' \/><img src='https:\/\/www.goyko.de\/wordpress\/wp-content\/uploads\/2020\/12\/20220307-_MG_4388-Bearbeitet-Bearbeitet-Web.jpg' alt='Farbenfrohe Ostereier in einem Korb, frische wei\u00dfe Eier in einem Drahtkorb, eine Blume in einer Vase und ein gef\u00e4rbtes Ei in einem Farbbad, dekoriert mit einer Osterhasen-Holzfigur' class='envira_noscript_images ' \/><img src='https:\/\/www.goyko.de\/wordpress\/wp-content\/uploads\/2020\/12\/20220304-_MG_4185-Bearbeitet.jpg' alt='Perfekt gebratenes Steak in einer gusseisernen Pfanne, begleitet von frischem Spargel, Tomaten, Brot und aromatischer Kr\u00e4uterbutter auf rustikalem Hintergrund.' class='envira_noscript_images ' \/><img src='https:\/\/www.goyko.de\/wordpress\/wp-content\/uploads\/2020\/12\/MG_0145-Bearbeitet-Bearbeitet.jpg' alt='Rote Chilischote taucht dramatisch in klares Wasser ein, mit spritzenden Wellen und Blasen, vor einem schwarzen Hintergrund' class='envira_noscript_images ' \/><img src='https:\/\/www.goyko.de\/wordpress\/wp-content\/uploads\/2020\/12\/20220224-_MG_3849-Bearbeitet-v2-Web.jpg' alt='Aufgeschnittene Limettenh\u00e4lften mit sichtbarem Fruchtfleisch, umgeben von grobem Salz, auf einer Schieferplatte, vor dunklem Hintergrund' class='envira_noscript_images ' \/><img src='https:\/\/www.goyko.de\/wordpress\/wp-content\/uploads\/2020\/12\/20220329-_MG_5262-Edit-Edit.jpg' alt='Bagel mit Sesam, gef\u00fcllt mit Frischk\u00e4se, Lachs und Dill, auf einer rustikalen Unterlage serviert' class='envira_noscript_images ' \/><img src='https:\/\/www.goyko.de\/wordpress\/wp-content\/uploads\/2020\/12\/strand-013-Bearbeitet-Bearbeitet-Bearbeitet-Web.jpg' alt='Miniatur-Strandszene mit blau-wei\u00dfem Sonnenschirm, Liegestuhl, Rettungsring, Seestern und Strohhut auf sandigem Hintergrund' class='envira_noscript_images ' \/><img src='https:\/\/www.goyko.de\/wordpress\/wp-content\/uploads\/2020\/12\/20220211-_MG_2871-v3.jpg' alt='Futuristische High-Heels mit blauer Polsterung und spiegelnder Chromoberfl\u00e4che, pr\u00e4sentiert vor blauem Hintergrund.' class='envira_noscript_images ' \/><img src='https:\/\/www.goyko.de\/wordpress\/wp-content\/uploads\/2020\/12\/20220217-_MG_3286-Bearbeitet.jpg' alt='Schwarze Sneakers mit buntem Tetris-Design, pr\u00e4sentiert neben einer leuchtenden Tetris-Lampe vor dunklem Hintergrund' class='envira_noscript_images ' \/><img src='https:\/\/www.goyko.de\/wordpress\/wp-content\/uploads\/2020\/12\/20220207-_MG_2737-Edit.jpg' alt='Schwarzes Smartphone mit Apple-Logo, das auf einer gl\u00e4nzenden Oberfl\u00e4che einen Bildschirm mit farbenfrohen Linienmuster reflektiert' class='envira_noscript_images ' \/><img src='https:\/\/www.goyko.de\/wordpress\/wp-content\/uploads\/2020\/12\/20220213-_MG_2938-Edit-v7-Edit.jpg' alt='Ein Werbefoto einer Vodkaflasche mit der Aufschrift &#039;Pure Grain Vodka - Crystal Glacier&#039;. Die Flasche steht auf einer reflektierenden Oberfl\u00e4che, begleitet von einem Glas mit Eisw\u00fcrfeln. Der Hintergrund zeigt eine eisige Gletscherlandschaft mit Eiszapfen und einer bl\u00e4ulich-kalten Farbpalette, die das Thema der Reinheit und K\u00e4lte betont' class='envira_noscript_images ' \/><img src='https:\/\/www.goyko.de\/wordpress\/wp-content\/uploads\/2020\/12\/20220206-_MG_2666-Edit-2.jpg' alt='Zwei Dosen Frizzante in Gr\u00fcn und Rosa, mit auff\u00e4lligem, kontrastierenden Hintergrund in Pink und Gr\u00fcn' class='envira_noscript_images ' \/><img src='https:\/\/www.goyko.de\/wordpress\/wp-content\/uploads\/2020\/12\/MG_2750-v2.jpg' alt='Werbung f\u00fcr NIVEA Men Silver Protect mit Duschgel, Creme und Deo, pr\u00e4sentiert als das perfekte Trio' class='envira_noscript_images ' \/><img src='https:\/\/www.goyko.de\/wordpress\/wp-content\/uploads\/2020\/12\/20220204-_MG_2612-mit-BG-V3.jpg' alt='Parf\u00fcm Hugo Boss Dark Blue mit elegantem blauen Flakon vor einem stimmungsvollen Hintergrund' class='envira_noscript_images ' \/><img src='https:\/\/www.goyko.de\/wordpress\/wp-content\/uploads\/2020\/12\/2022-01-30-14-57-15-BRadius8Smoothing4-Edit-v2.jpg' alt='Eleganter F\u00fcllfederhalter mit blauem Schaft und goldener Feder auf schwarzem Untergrund' class='envira_noscript_images ' \/><img src='https:\/\/www.goyko.de\/wordpress\/wp-content\/uploads\/2020\/12\/a16-komplett.jpg' alt='Schwarzer Audio-AD\/DA-Wandler mit leuchtendem Display und reflektierendem Hintergrund' class='envira_noscript_images ' \/><img src='https:\/\/www.goyko.de\/wordpress\/wp-content\/uploads\/2020\/12\/Wacom-Tablet-1.jpg' alt='Wacom Grafiktablett mit Stift, Stifthalter und Zubeh\u00f6r, pr\u00e4sentiert mit Verpackung und Logo' class='envira_noscript_images ' \/><img src='https:\/\/www.goyko.de\/wordpress\/wp-content\/uploads\/2020\/12\/saucen.jpg' alt='Produktwerbung f\u00fcr &#039;Jo&#039;s Sweet &#039;n Hot Chutney&#039;, pr\u00e4sentiert mit einer Schale und drei Flaschen in verschiedenen Geschmacksrichtungen, auf einer Holzhintergrund-Textur mit auff\u00e4lligem Logo' class='envira_noscript_images ' \/><img src='https:\/\/www.goyko.de\/wordpress\/wp-content\/uploads\/2020\/12\/Kreidemarker-Materialuebersicht.jpg' alt='Werbung f\u00fcr fluoreszierende Kreidemarker, die auf verschiedenen Oberfl\u00e4chen wie Glas, Keramik, Plastik, Karton, Papier, Holz, Beton, Metall, Glastafeln, Whiteboards und Tafeln verwendet werden k\u00f6nnen, mit einer breiten Farbpalette und einem Demonstrationsbild einer Hand, die einen Marker h\u00e4lt' class='envira_noscript_images ' \/><img src='https:\/\/www.goyko.de\/wordpress\/wp-content\/uploads\/2020\/12\/Glasmagnettafeln-45x45-und-60x20-weiss.jpg' alt='Werbung f\u00fcr Glastafeln, die sowohl zum Schreiben mit Markern als auch zum Befestigen von Notizen mit Magneten geeignet sind. Klare und elegante Darstellung mit Notizen, Markern und Magneten, die praktische Einsatzm\u00f6glichkeiten veranschaulicht' class='envira_noscript_images ' \/><img src='https:\/\/www.goyko.de\/wordpress\/wp-content\/uploads\/2020\/12\/Whiteboard-Aufhaengung.jpg' alt='Detaillierte Aufnahme eines Eckteils eines Rahmens, die die Montage zeigt. Die Pfeile und Bauteile (Schraube, D\u00fcbel und Rahmenteile) heben die Konstruktion und einfache Montage hervor. Ideal f\u00fcr technische Dokumentationen oder Anleitungen' class='envira_noscript_images ' \/><img src='https:\/\/www.goyko.de\/wordpress\/wp-content\/uploads\/2020\/12\/Blackboard-abwaschbar.jpg' alt='Eine Tafel mit abwischbarem Marker zeigt eine gezeichnete Grafik und Text (&#039;Marker abwaschbar&#039;). Ein Schwamm und bunte Magnete sind auf der Tafel befestigt, w\u00e4hrend ein Stift in der Halterung unten platziert ist. Perfekt zur Demonstration von Funktionalit\u00e4t und Benutzerfreundlichkeit f\u00fcr Schul- oder B\u00fcrobedarf' class='envira_noscript_images ' \/><img src='https:\/\/www.goyko.de\/wordpress\/wp-content\/uploads\/2020\/12\/grillanzuender.jpg' alt='Ein Grillanz\u00fcnder-Beh\u00e4lter mit gl\u00fchender Kohle steht \u00fcber einem Grillrost, auf dem ein saftiges Steak mit Kr\u00e4utern und Gew\u00fcrzen gegrillt wird. Rauch steigt auf, und die Szene wird durch die warme, rustikale Hintergrundbeleuchtung verst\u00e4rkt, was eine perfekte Stimmung f\u00fcr ein Grillfest vermittelt' class='envira_noscript_images ' \/><img src='https:\/\/www.goyko.de\/wordpress\/wp-content\/uploads\/2020\/12\/kamado-grill.jpg' alt='Ein hochwertiger Keramikgrill im Kamado-Stil mit ge\u00f6ffnetem Deckel, ausgestattet mit praktischen Bambus-Seitenablagen. Detailansichten zeigen ein pr\u00e4zises Thermometer, robuste Rollen f\u00fcr Mobilit\u00e4t und eine regulierbare Luftzufuhr oben, die eine pr\u00e4zise Temperaturkontrolle erm\u00f6glicht. Perfekt f\u00fcr vielseitige Grill- und Kochanwendungen' class='envira_noscript_images ' \/><img src='https:\/\/www.goyko.de\/wordpress\/wp-content\/uploads\/2020\/12\/Sonnensegel.jpg' alt='Verschiedene Sonnensegel-Designs in Dreiecks- und Rechtecksformen, verf\u00fcgbar in mehreren Farben wie Anthrazit, Beige, Terracotta und Gr\u00fcn. Die Segel bestehen aus strapazierf\u00e4higem Material und sind an den Ecken mit stabilen Metallringen zur Befestigung ausgestattet, ideal f\u00fcr den Schutz vor Sonne im Au\u00dfenbereich' class='envira_noscript_images ' \/><img src='https:\/\/www.goyko.de\/wordpress\/wp-content\/uploads\/2020\/12\/4-Jahreszeiten-Doppelset.jpg' alt='Ein hochwertiges Set aus Kissen und Decken von FINE PRODUCTS, zertifiziert nach OEKO-TEX Standard 100. Die Produkte sind wei\u00df, gesteppt und bestehen aus hypoallergenem Material, das bei bis zu 60 \u00b0C in der Maschine waschbar ist. Ideal f\u00fcr einen erholsamen Schlaf und geeignet f\u00fcr Allergiker' class='envira_noscript_images ' \/><img src='https:\/\/www.goyko.de\/wordpress\/wp-content\/uploads\/2020\/12\/53763182AB_0.jpg' alt='Eine vielf\u00e4ltige Auswahl an weichen Decken in verschiedenen Designs und Farben. Das Sortiment umfasst dezente Uni-Farben wie Beige, Grau und Blau sowie auff\u00e4llige Muster wie Sterne, Leopard, Zebra und Kuhflecken. Perfekt f\u00fcr eine gem\u00fctliche Atmosph\u00e4re und individuelle Wohnstile' class='envira_noscript_images ' \/><img src='https:\/\/www.goyko.de\/wordpress\/wp-content\/uploads\/2020\/12\/Premium-2084-Detail.jpg' alt='Ein elegantes Detail eines hochwertigen T\u00fcrgriffs oder Beschlags, mit kunstvollen Gravuren in einem polierten silbernen Finish. Das Design zeigt pr\u00e4zise Muster, die auf klassische Handwerkskunst hinweisen, und bietet gleichzeitig einen modernen, luxuri\u00f6sen Look' class='envira_noscript_images ' \/><img src='https:\/\/www.goyko.de\/wordpress\/wp-content\/uploads\/2020\/12\/Linea-Ebenholz.jpg' alt='Eine moderne T\u00fcrgriffgarnitur in Chromoptik mit einem minimalistischen und funktionalen Design. Die Griffe kombinieren polierten Stahl mit schwarzen, matten Akzenten f\u00fcr eine stilvolle und zugleich praktische \u00c4sthetik. Die rechteckige Rosette und die klaren Linien unterstreichen den zeitgem\u00e4\u00dfen Look' class='envira_noscript_images ' \/><img src='https:\/\/www.goyko.de\/wordpress\/wp-content\/uploads\/2020\/12\/Fenstergriff-Kreuzolive-abschliessbar.jpg' alt='Ein eleganter und moderner Fenstergriff aus geb\u00fcrstetem Edelstahl, der zeitlose Schlichtheit mit Funktionalit\u00e4t vereint. Das Design zeichnet sich durch eine minimalistische rechteckige Basis und einen zylindrischen Griff aus. Perfekt f\u00fcr zeitgen\u00f6ssische Inneneinrichtungen oder B\u00fcroumgebungen' class='envira_noscript_images ' \/><img src='https:\/\/www.goyko.de\/wordpress\/wp-content\/uploads\/2020\/12\/Ferrofish_A32_Rueckseite-kombi.jpg' alt='Ein hochentwickelter 32-Kanal AD\/DA-Wandler, ideal f\u00fcr professionelle Audioanwendungen. Die Vorderseite zeigt ein minimalistisches Design mit klaren Bedienelementen, darunter ein Drehregler und Funktionstasten f\u00fcr einfache Navigation. Auf der R\u00fcckseite befinden sich umfangreiche Anschl\u00fcsse wie DB25-Ports f\u00fcr analoge Ein- und Ausg\u00e4nge, MADI, MIDI, USB und BNC f\u00fcr wordclock. Perfekt f\u00fcr Studiointegration und High-Fidelity-Aufnahmen' class='envira_noscript_images ' \/><img src='https:\/\/www.goyko.de\/wordpress\/wp-content\/uploads\/2020\/12\/Canon-Eos-550D-Popup-Flash-1.jpg' alt='Eine Canon EOS 550D DSLR-Kamera ohne Objektiv, aber mit aufgeklapptem Blitz. Die Kamera bietet eine ergonomische Bauweise mit einem robusten Griff und klar gekennzeichneten Bedienelementen. Ideal f\u00fcr Fotografen, die qualitativ hochwertige Fotos und Videos aufnehmen m\u00f6chten, mit Kompatibilit\u00e4t f\u00fcr eine breite Palette an EF- und EF-S-Objektiven.' class='envira_noscript_images ' \/><img src='https:\/\/www.goyko.de\/wordpress\/wp-content\/uploads\/2020\/12\/Canon-Eos-550D-Back-1.jpg' alt='Die R\u00fcckseite der Canon EOS 550D ist hier zu sehen, ausgestattet mit einem Batteriegriff f\u00fcr zus\u00e4tzliche Akkulaufzeit und verbesserte Handhabung. Das gro\u00dfe LCD-Display ist f\u00fcr die Bildwiedergabe, Men\u00fcf\u00fchrung und Live-View-Aufnahmen geeignet. Die Tasten und Bedienelemente erm\u00f6glichen schnellen Zugriff auf Einstellungen wie Wei\u00dfabgleich, Autofokus und mehr. Der Batteriegriff bietet zus\u00e4tzliche Bedienelemente f\u00fcr Hochformataufnahmen' class='envira_noscript_images ' \/><img src='https:\/\/www.goyko.de\/wordpress\/wp-content\/uploads\/2020\/12\/heimwerken-werkzeug-werkzeugkoffer-1050tlg-blackline-koffer-10003063-v2020-AB_0.jpg' alt='Dieser Werkzeugkoffer ist eine umfassende L\u00f6sung f\u00fcr Heimwerker und Profis. Er enth\u00e4lt eine Vielzahl von Werkzeugen wie Schraubenschl\u00fcssel, Zangen, Schraubendreher und Bits, die ordentlich in herausnehmbaren Eins\u00e4tzen organisiert sind. Zus\u00e4tzlich sind 400 Kabelbinder, zwei Paar Handschuhe und ein Sortiment an Steckschl\u00fcsseln enthalten. Der Koffer selbst ist robust, mit einer Trolley-Funktion f\u00fcr einfachen Transport ausgestattet, und ideal f\u00fcr vielseitige Eins\u00e4tze geeignet' class='envira_noscript_images ' \/><img src='https:\/\/www.goyko.de\/wordpress\/wp-content\/uploads\/2020\/12\/52749626AB_0.jpg' alt='Diese beiden Werkzeugsets bieten vielseitige Optionen f\u00fcr Handwerker und Heimwerker. Der orangefarbene Metall-Werkzeugkasten ist robust und enth\u00e4lt eine umfassende Auswahl an Steckschl\u00fcsseln, Zangen und Schraubendrehern, die \u00fcbersichtlich in klappbaren F\u00e4chern angeordnet sind. Der silberne Werkzeugkoffer ist tragbar und organisiert eine Vielzahl von Werkzeugen wie Hammer, Wasserwaage, Bits und weitere n\u00fctzliche Werkzeuge. Beide Sets sind perfekt f\u00fcr den mobilen Einsatz und bieten die ideale Ausstattung f\u00fcr Reparatur- und Bauarbeiten' class='envira_noscript_images ' \/><img src='https:\/\/www.goyko.de\/wordpress\/wp-content\/uploads\/2020\/12\/Werkstatt-Rollbrett.jpg' alt='Ein Werkstattm\u00f6bel, das als Liege und Sitz verwendet werden kann. Die gepolsterte Liege ist schwarz, mit einem Metallrahmen und stabilen Rollen. Es zeigt verschiedene Ansichten und Funktionen, einschlie\u00dflich eines Nahaufnahme-Bereichs, der die Umstellmechanik mit einem Sicherungsstift detailliert darstellt. Ideal f\u00fcr Werkst\u00e4tten und Heimwerker' class='envira_noscript_images ' \/><img src='https:\/\/www.goyko.de\/wordpress\/wp-content\/uploads\/2020\/12\/unterstellheber.jpg' alt='Ein Mechaniker arbeitet an einem Fahrzeugreifen in einer Werkstatt. Der Mann tr\u00e4gt schwarze Arbeitskleidung und gelbe Handschuhe. Der Reifen ist an einem gl\u00e4nzenden schwarzen Rad befestigt. Ein roter Wagenheber wird verwendet, um das Fahrzeug anzuheben. Die Szene zeigt eine professionelle Umgebung f\u00fcr Reifenwechsel oder Fahrzeugreparaturen' class='envira_noscript_images ' \/><img src='https:\/\/www.goyko.de\/wordpress\/wp-content\/uploads\/2020\/12\/Drehmomentschluessel.jpg' alt='Ein Drehmomentschl\u00fcssel aus gl\u00e4nzendem Metall mit ergonomischem Griff, abgebildet zusammen mit einem schwarzen Kunststoff-Etui. Drei farblich markierte Steckn\u00fcsse (blau, gelb und rot) sind ebenfalls zu sehen, jeweils mit ihrer Gr\u00f6\u00dfenangabe beschriftet (17mm, 19mm, 21mm). Das Bild vermittelt eine professionelle Werkzeugauswahl f\u00fcr pr\u00e4zise mechanische Arbeiten' class='envira_noscript_images ' \/><img src='https:\/\/www.goyko.de\/wordpress\/wp-content\/uploads\/2020\/12\/Arbeitshandschuhe.jpg' alt='Ein Paar graue Arbeitshandschuhe mit rutschfester Beschichtung und elastischen B\u00fcndchen. Die Handschuhe tragen Markierungen mit Standards und Kennzeichnungen f\u00fcr Arbeitsschutz (EN 388) und sind ideal f\u00fcr Pr\u00e4zisionsarbeiten und Schutz vor leichten Verletzungen' class='envira_noscript_images ' \/><img src='https:\/\/www.goyko.de\/wordpress\/wp-content\/uploads\/2020\/12\/Auspinwerzeug-Set-mit-Koffer.jpg' alt='Ein Set von Auspin-Werkzeugen in einer roten Kunststoff-Aufbewahrungsbox. Die Werkzeuge haben schwarze Griffe mit roten Markierungen und sind in verschiedenen Gr\u00f6\u00dfen und Formen verf\u00fcgbar. Das Set eignet sich f\u00fcr detaillierte Arbeiten und Reparaturen' class='envira_noscript_images ' \/><img src='https:\/\/www.goyko.de\/wordpress\/wp-content\/uploads\/2020\/12\/Kuehlsystem-Pruef-und-Befuellset-komplett.jpg' alt='Ein rotes Diagnosewerkzeug-Set f\u00fcr Fahrzeuge, das verschiedene Adapter, Schl\u00e4uche und Manometer umfasst. Die enthaltenen Druckanzeigen zeigen Messungen in psi, bar und Temperatur in Celsius an. Geeignet f\u00fcr K\u00fchlsystemtests und andere Automobil-Diagnosearbeiten' class='envira_noscript_images ' \/><img src='https:\/\/www.goyko.de\/wordpress\/wp-content\/uploads\/2020\/12\/Kuehlsystem-Pruef-und-Befuellset-Kernelement.jpg' alt='Ein Automobil-Vakuum-Diagnoseger\u00e4t mit Manometer, Kettenaufh\u00e4ngung, blauen und schwarzen Komponenten sowie einem flexiblen blauen Schlauch. Das Ger\u00e4t wird verwendet, um Druck und Vakuum in Fahrzeugsystemen zu messen und zu regulieren' class='envira_noscript_images ' \/><img src='https:\/\/www.goyko.de\/wordpress\/wp-content\/uploads\/2020\/12\/Kuehlsystem-Pruef-und-Befuellset-Stutzen.jpg' alt='Eine Nahaufnahme von drei metallischen Adapterkappen, die f\u00fcr den Einsatz in K\u00fchlsystemen von Fahrzeugen bestimmt sind. Die Kappen haben glatte Oberfl\u00e4chen und sind mit Anschl\u00fcssen zur Verwendung mit Test- oder Diagnoseger\u00e4ten ausgestattet' class='envira_noscript_images ' \/><img src='https:\/\/www.goyko.de\/wordpress\/wp-content\/uploads\/2020\/12\/Kuehlsystem-Pruef-und-Befuellset-Ventil.jpg' alt='Eine Nahaufnahme eines Messinganschlusses, der an einem schwarzen Kunststoffgeh\u00e4use befestigt ist. Der Anschluss verf\u00fcgt \u00fcber ein strukturiertes Muster f\u00fcr besseren Halt, und es sind zwei rote Hebel sichtbar, die wahrscheinlich zur Steuerung oder Verriegelung dienen' class='envira_noscript_images ' \/><img src='https:\/\/www.goyko.de\/wordpress\/wp-content\/uploads\/2020\/12\/Abziehset-fuer-Kugelgelenke.jpg' alt='Ein Set von Abziehern und Trennwerkzeugen aus Metall, die f\u00fcr die Fahrzeugreparatur verwendet werden. Das Set beinhaltet mehrere verschiedene Werkzeuge sowie eine rote, robuste Kunststoff-Tragetasche mit Griff und Verschlussmechanismus' class='envira_noscript_images ' \/><img src='https:\/\/www.goyko.de\/wordpress\/wp-content\/uploads\/2020\/12\/Laserlampe.jpg' alt='Ein blaues Lichtprojektor-Ger\u00e4t auf einem Holzfu\u00dfboden, projiziert ein faszinierendes Muster aus roten und gr\u00fcnen Lichtern auf eine dunkle Ziegelwand. Im Hintergrund befindet sich eine Topfpflanze f\u00fcr Ambiente' class='envira_noscript_images ' \/><img src='https:\/\/www.goyko.de\/wordpress\/wp-content\/uploads\/2020\/12\/Schluesselkasten.jpg' alt='Ein beige lackierter Schl\u00fcsselkasten mit ge\u00f6ffneter T\u00fcr, der mehrere Hakenreihen im Inneren zeigt. Im Vordergrund befinden sich bunte Schl\u00fcsselanh\u00e4nger in verschiedenen Farben (schwarz, wei\u00df, gelb, rot, blau, gr\u00fcn), Schrauben, D\u00fcbel, ein Schl\u00fcsselpaar und ein nummerierter Aufkleberstreifen f\u00fcr die Organisation' class='envira_noscript_images ' \/><img src='https:\/\/www.goyko.de\/wordpress\/wp-content\/uploads\/2020\/12\/Fensterrollo-Sternchenmuster.jpg' alt='Ein Fenster mit einem Rollo im Sternen-Design, das einen dunklen Nachthimmel mit gelben und wei\u00dfen Sternen zeigt. Durch das Fenster ist eine n\u00e4chtliche Parkszene mit B\u00e4umen und Stra\u00dfenlaternen sichtbar. Auf der Fensterbank stehen ein gr\u00fcnes Gie\u00dfk\u00e4nnchen mit Blumen und ein kleiner Blumentopf mit rosa Tulpen' class='envira_noscript_images ' \/><img src='https:\/\/www.goyko.de\/wordpress\/wp-content\/uploads\/2020\/12\/Steckerleisten-Uebersicht.jpg' alt='Mehrere Steckdosenleisten in Schwarz und Wei\u00df, jeweils mit roten Kippschaltern zum Ein- und Ausschalten. Die Steckdosenleisten variieren in der Anzahl der Steckpl\u00e4tze, von drei bis zu acht Steckdosen. Links und rechts sind die entsprechenden Kabelenden mit Schuko-Steckern sichtbar' class='envira_noscript_images ' \/><img src='https:\/\/www.goyko.de\/wordpress\/wp-content\/uploads\/2020\/12\/Wunderbesen.jpg' alt='Ein Teleskopbesen mit gelbem Stiel und schwarzem Kopf, ausgestattet mit flexiblen Borsten. Das Bild zeigt mehrere Details in vergr\u00f6\u00dferten Kreisen, darunter der verstellbare Teleskopmechanismus, das Schraubgewinde am Griff und die Aufh\u00e4ngem\u00f6glichkeit. Der Besenkopf ist f\u00fcr verschiedene Oberfl\u00e4chen geeignet' class='envira_noscript_images ' \/><\/noscript>\t\t\t\t\t\t\t\t<\/div>\n\t\t\t\t<\/div>\n\t\t\t\t<\/div>\n\t\t<div class=\"elementor-element elementor-element-5d4a1f7 e-flex e-con-boxed e-con e-parent\" data-id=\"5d4a1f7\" data-element_type=\"container\">\n\t\t\t\t\t<div class=\"e-con-inner\">\n\t\t\t\t<div class=\"elementor-element elementor-element-6ec69f1 hfe-nav-menu__align-left hfe-submenu-icon-arrow hfe-submenu-animation-none hfe-link-redirect-child hfe-nav-menu__breakpoint-tablet elementor-widget elementor-widget-navigation-menu\" data-id=\"6ec69f1\" data-element_type=\"widget\" data-settings=\"{&quot;padding_horizontal_menu_item&quot;:{&quot;unit&quot;:&quot;px&quot;,&quot;size&quot;:15,&quot;sizes&quot;:[]},&quot;padding_horizontal_menu_item_tablet&quot;:{&quot;unit&quot;:&quot;px&quot;,&quot;size&quot;:&quot;&quot;,&quot;sizes&quot;:[]},&quot;padding_horizontal_menu_item_mobile&quot;:{&quot;unit&quot;:&quot;px&quot;,&quot;size&quot;:&quot;&quot;,&quot;sizes&quot;:[]},&quot;padding_vertical_menu_item&quot;:{&quot;unit&quot;:&quot;px&quot;,&quot;size&quot;:15,&quot;sizes&quot;:[]},&quot;padding_vertical_menu_item_tablet&quot;:{&quot;unit&quot;:&quot;px&quot;,&quot;size&quot;:&quot;&quot;,&quot;sizes&quot;:[]},&quot;padding_vertical_menu_item_mobile&quot;:{&quot;unit&quot;:&quot;px&quot;,&quot;size&quot;:&quot;&quot;,&quot;sizes&quot;:[]},&quot;menu_space_between&quot;:{&quot;unit&quot;:&quot;px&quot;,&quot;size&quot;:&quot;&quot;,&quot;sizes&quot;:[]},&quot;menu_space_between_tablet&quot;:{&quot;unit&quot;:&quot;px&quot;,&quot;size&quot;:&quot;&quot;,&quot;sizes&quot;:[]},&quot;menu_space_between_mobile&quot;:{&quot;unit&quot;:&quot;px&quot;,&quot;size&quot;:&quot;&quot;,&quot;sizes&quot;:[]},&quot;menu_row_space&quot;:{&quot;unit&quot;:&quot;px&quot;,&quot;size&quot;:&quot;&quot;,&quot;sizes&quot;:[]},&quot;menu_row_space_tablet&quot;:{&quot;unit&quot;:&quot;px&quot;,&quot;size&quot;:&quot;&quot;,&quot;sizes&quot;:[]},&quot;menu_row_space_mobile&quot;:{&quot;unit&quot;:&quot;px&quot;,&quot;size&quot;:&quot;&quot;,&quot;sizes&quot;:[]},&quot;dropdown_border_radius&quot;:{&quot;unit&quot;:&quot;px&quot;,&quot;top&quot;:&quot;&quot;,&quot;right&quot;:&quot;&quot;,&quot;bottom&quot;:&quot;&quot;,&quot;left&quot;:&quot;&quot;,&quot;isLinked&quot;:true},&quot;dropdown_border_radius_tablet&quot;:{&quot;unit&quot;:&quot;px&quot;,&quot;top&quot;:&quot;&quot;,&quot;right&quot;:&quot;&quot;,&quot;bottom&quot;:&quot;&quot;,&quot;left&quot;:&quot;&quot;,&quot;isLinked&quot;:true},&quot;dropdown_border_radius_mobile&quot;:{&quot;unit&quot;:&quot;px&quot;,&quot;top&quot;:&quot;&quot;,&quot;right&quot;:&quot;&quot;,&quot;bottom&quot;:&quot;&quot;,&quot;left&quot;:&quot;&quot;,&quot;isLinked&quot;:true},&quot;width_dropdown_item&quot;:{&quot;unit&quot;:&quot;px&quot;,&quot;size&quot;:&quot;220&quot;,&quot;sizes&quot;:[]},&quot;width_dropdown_item_tablet&quot;:{&quot;unit&quot;:&quot;px&quot;,&quot;size&quot;:&quot;&quot;,&quot;sizes&quot;:[]},&quot;width_dropdown_item_mobile&quot;:{&quot;unit&quot;:&quot;px&quot;,&quot;size&quot;:&quot;&quot;,&quot;sizes&quot;:[]},&quot;padding_horizontal_dropdown_item&quot;:{&quot;unit&quot;:&quot;px&quot;,&quot;size&quot;:&quot;&quot;,&quot;sizes&quot;:[]},&quot;padding_horizontal_dropdown_item_tablet&quot;:{&quot;unit&quot;:&quot;px&quot;,&quot;size&quot;:&quot;&quot;,&quot;sizes&quot;:[]},&quot;padding_horizontal_dropdown_item_mobile&quot;:{&quot;unit&quot;:&quot;px&quot;,&quot;size&quot;:&quot;&quot;,&quot;sizes&quot;:[]},&quot;padding_vertical_dropdown_item&quot;:{&quot;unit&quot;:&quot;px&quot;,&quot;size&quot;:15,&quot;sizes&quot;:[]},&quot;padding_vertical_dropdown_item_tablet&quot;:{&quot;unit&quot;:&quot;px&quot;,&quot;size&quot;:&quot;&quot;,&quot;sizes&quot;:[]},&quot;padding_vertical_dropdown_item_mobile&quot;:{&quot;unit&quot;:&quot;px&quot;,&quot;size&quot;:&quot;&quot;,&quot;sizes&quot;:[]},&quot;distance_from_menu&quot;:{&quot;unit&quot;:&quot;px&quot;,&quot;size&quot;:&quot;&quot;,&quot;sizes&quot;:[]},&quot;distance_from_menu_tablet&quot;:{&quot;unit&quot;:&quot;px&quot;,&quot;size&quot;:&quot;&quot;,&quot;sizes&quot;:[]},&quot;distance_from_menu_mobile&quot;:{&quot;unit&quot;:&quot;px&quot;,&quot;size&quot;:&quot;&quot;,&quot;sizes&quot;:[]},&quot;toggle_size&quot;:{&quot;unit&quot;:&quot;px&quot;,&quot;size&quot;:&quot;&quot;,&quot;sizes&quot;:[]},&quot;toggle_size_tablet&quot;:{&quot;unit&quot;:&quot;px&quot;,&quot;size&quot;:&quot;&quot;,&quot;sizes&quot;:[]},&quot;toggle_size_mobile&quot;:{&quot;unit&quot;:&quot;px&quot;,&quot;size&quot;:&quot;&quot;,&quot;sizes&quot;:[]},&quot;toggle_border_width&quot;:{&quot;unit&quot;:&quot;px&quot;,&quot;size&quot;:&quot;&quot;,&quot;sizes&quot;:[]},&quot;toggle_border_width_tablet&quot;:{&quot;unit&quot;:&quot;px&quot;,&quot;size&quot;:&quot;&quot;,&quot;sizes&quot;:[]},&quot;toggle_border_width_mobile&quot;:{&quot;unit&quot;:&quot;px&quot;,&quot;size&quot;:&quot;&quot;,&quot;sizes&quot;:[]},&quot;toggle_border_radius&quot;:{&quot;unit&quot;:&quot;px&quot;,&quot;size&quot;:&quot;&quot;,&quot;sizes&quot;:[]},&quot;toggle_border_radius_tablet&quot;:{&quot;unit&quot;:&quot;px&quot;,&quot;size&quot;:&quot;&quot;,&quot;sizes&quot;:[]},&quot;toggle_border_radius_mobile&quot;:{&quot;unit&quot;:&quot;px&quot;,&quot;size&quot;:&quot;&quot;,&quot;sizes&quot;:[]}}\" data-widget_type=\"navigation-menu.default\">\n\t\t\t\t<div class=\"elementor-widget-container\">\n\t\t\t\t\t\t\t\t<div class=\"hfe-nav-menu hfe-layout-horizontal hfe-nav-menu-layout horizontal hfe-pointer__none\" data-layout=\"horizontal\">\n\t\t\t\t<div role=\"button\" class=\"hfe-nav-menu__toggle elementor-clickable\">\n\t\t\t\t\t<span class=\"screen-reader-text\">Men\u00fc<\/span>\n\t\t\t\t\t<div class=\"hfe-nav-menu-icon\">\n\t\t\t\t\t\t<svg aria-hidden=\"true\"  class=\"e-font-icon-svg e-fas-align-justify\" viewBox=\"0 0 448 512\" xmlns=\"http:\/\/www.w3.org\/2000\/svg\"><path d=\"M432 416H16a16 16 0 0 0-16 16v32a16 16 0 0 0 16 16h416a16 16 0 0 0 16-16v-32a16 16 0 0 0-16-16zm0-128H16a16 16 0 0 0-16 16v32a16 16 0 0 0 16 16h416a16 16 0 0 0 16-16v-32a16 16 0 0 0-16-16zm0-128H16a16 16 0 0 0-16 16v32a16 16 0 0 0 16 16h416a16 16 0 0 0 16-16v-32a16 16 0 0 0-16-16zm0-128H16A16 16 0 0 0 0 48v32a16 16 0 0 0 16 16h416a16 16 0 0 0 16-16V48a16 16 0 0 0-16-16z\"><\/path><\/svg>\t\t\t\t\t<\/div>\n\t\t\t\t<\/div>\n\t\t\t\t<nav class=\"hfe-nav-menu__layout-horizontal hfe-nav-menu__submenu-arrow\" data-toggle-icon=\"&lt;svg aria-hidden=&quot;true&quot; tabindex=&quot;0&quot; class=&quot;e-font-icon-svg e-fas-align-justify&quot; viewBox=&quot;0 0 448 512&quot; xmlns=&quot;http:\/\/www.w3.org\/2000\/svg&quot;&gt;&lt;path d=&quot;M432 416H16a16 16 0 0 0-16 16v32a16 16 0 0 0 16 16h416a16 16 0 0 0 16-16v-32a16 16 0 0 0-16-16zm0-128H16a16 16 0 0 0-16 16v32a16 16 0 0 0 16 16h416a16 16 0 0 0 16-16v-32a16 16 0 0 0-16-16zm0-128H16a16 16 0 0 0-16 16v32a16 16 0 0 0 16 16h416a16 16 0 0 0 16-16v-32a16 16 0 0 0-16-16zm0-128H16A16 16 0 0 0 0 48v32a16 16 0 0 0 16 16h416a16 16 0 0 0 16-16V48a16 16 0 0 0-16-16z&quot;&gt;&lt;\/path&gt;&lt;\/svg&gt;\" data-close-icon=\"&lt;svg aria-hidden=&quot;true&quot; tabindex=&quot;0&quot; class=&quot;e-font-icon-svg e-far-window-close&quot; viewBox=&quot;0 0 512 512&quot; xmlns=&quot;http:\/\/www.w3.org\/2000\/svg&quot;&gt;&lt;path d=&quot;M464 32H48C21.5 32 0 53.5 0 80v352c0 26.5 21.5 48 48 48h416c26.5 0 48-21.5 48-48V80c0-26.5-21.5-48-48-48zm0 394c0 3.3-2.7 6-6 6H54c-3.3 0-6-2.7-6-6V86c0-3.3 2.7-6 6-6h404c3.3 0 6 2.7 6 6v340zM356.5 194.6L295.1 256l61.4 61.4c4.6 4.6 4.6 12.1 0 16.8l-22.3 22.3c-4.6 4.6-12.1 4.6-16.8 0L256 295.1l-61.4 61.4c-4.6 4.6-12.1 4.6-16.8 0l-22.3-22.3c-4.6-4.6-4.6-12.1 0-16.8l61.4-61.4-61.4-61.4c-4.6-4.6-4.6-12.1 0-16.8l22.3-22.3c4.6-4.6 12.1-4.6 16.8 0l61.4 61.4 61.4-61.4c4.6-4.6 12.1-4.6 16.8 0l22.3 22.3c4.7 4.6 4.7 12.1 0 16.8z&quot;&gt;&lt;\/path&gt;&lt;\/svg&gt;\" data-full-width=\"yes\">\n\t\t\t\t\t<ul id=\"menu-1-6ec69f1\" class=\"hfe-nav-menu\"><li id=\"menu-item-4675\" class=\"menu-item menu-item-type-post_type menu-item-object-page parent hfe-creative-menu\"><a href=\"https:\/\/www.goyko.de\/wordpress\/kontakt\/\" class = \"hfe-menu-item\">Kontakt \/ Copyright<\/a><\/li>\n<li id=\"menu-item-4260\" class=\"menu-item menu-item-type-post_type menu-item-object-page menu-item-privacy-policy parent hfe-creative-menu\"><a href=\"https:\/\/www.goyko.de\/wordpress\/datenschutz\/\" class = \"hfe-menu-item\">Datenschutz<\/a><\/li>\n<li id=\"menu-item-4262\" class=\"menu-item menu-item-type-post_type menu-item-object-page parent hfe-creative-menu\"><a href=\"https:\/\/www.goyko.de\/wordpress\/impressum\/\" class = \"hfe-menu-item\">Impressum<\/a><\/li>\n<li id=\"menu-item-6166\" class=\"menu-item menu-item-type-post_type menu-item-object-page parent hfe-creative-menu\"><a href=\"https:\/\/www.goyko.de\/wordpress\/agb-2\/\" class = \"hfe-menu-item\">AGB<\/a><\/li>\n<\/ul> \n\t\t\t\t<\/nav>\n\t\t\t<\/div>\n\t\t\t\t\t\t\t<\/div>\n\t\t\t\t<\/div>\n\t\t\t\t\t<\/div>\n\t\t\t\t<\/div>\n\t\t\t\t<\/div>\n\t\t","protected":false},"excerpt":{"rendered":"<p>Menu Produktfotografie People Digital Art Outdoor \u00dcber mich Blog Produktfotografie Menu Kontakt \/ Copyright Datenschutz Impressum AGB<\/p>\n","protected":false},"author":1,"featured_media":0,"parent":0,"menu_order":1,"comment_status":"closed","ping_status":"closed","template":"elementor_canvas","meta":{"site-sidebar-layout":"default","site-content-layout":"","ast-site-content-layout":"","site-content-style":"default","site-sidebar-style":"default","ast-global-header-display":"","ast-banner-title-visibility":"","ast-main-header-display":"","ast-hfb-above-header-display":"","ast-hfb-below-header-display":"","ast-hfb-mobile-header-display":"","site-post-title":"","ast-breadcrumbs-content":"","ast-featured-img":"","footer-sml-layout":"","theme-transparent-header-meta":"","adv-header-id-meta":"","stick-header-meta":"","header-above-stick-meta":"","header-main-stick-meta":"","header-below-stick-meta":"","astra-migrate-meta-layouts":"default","ast-page-background-enabled":"default","ast-page-background-meta":{"desktop":{"background-color":"var(--ast-global-color-4)","background-image":"","background-repeat":"repeat","background-position":"center center","background-size":"auto","background-attachment":"scroll","background-type":"","background-media":"","overlay-type":"","overlay-color":"","overlay-opacity":"","overlay-gradient":""},"tablet":{"background-color":"","background-image":"","background-repeat":"repeat","background-position":"center center","background-size":"auto","background-attachment":"scroll","background-type":"","background-media":"","overlay-type":"","overlay-color":"","overlay-opacity":"","overlay-gradient":""},"mobile":{"background-color":"","background-image":"","background-repeat":"repeat","background-position":"center center","background-size":"auto","background-attachment":"scroll","background-type":"","background-media":"","overlay-type":"","overlay-color":"","overlay-opacity":"","overlay-gradient":""}},"ast-content-background-meta":{"desktop":{"background-color":"var(--ast-global-color-5)","background-image":"","background-repeat":"repeat","background-position":"center center","background-size":"auto","background-attachment":"scroll","background-type":"","background-media":"","overlay-type":"","overlay-color":"","overlay-opacity":"","overlay-gradient":""},"tablet":{"background-color":"var(--ast-global-color-5)","background-image":"","background-repeat":"repeat","background-position":"center center","background-size":"auto","background-attachment":"scroll","background-type":"","background-media":"","overlay-type":"","overlay-color":"","overlay-opacity":"","overlay-gradient":""},"mobile":{"background-color":"var(--ast-global-color-5)","background-image":"","background-repeat":"repeat","background-position":"center center","background-size":"auto","background-attachment":"scroll","background-type":"","background-media":"","overlay-type":"","overlay-color":"","overlay-opacity":"","overlay-gradient":""}},"footnotes":""},"class_list":["post-4927","page","type-page","status-publish","hentry"],"yoast_head":"<!-- This site is optimized with the Yoast SEO plugin v25.3 - https:\/\/yoast.com\/wordpress\/plugins\/seo\/ -->\n<title>Produktfotografie - Goyko Kleensang - Fotograf<\/title>\n<meta name=\"robots\" content=\"index, follow, max-snippet:-1, max-image-preview:large, max-video-preview:-1\" \/>\n<link rel=\"canonical\" href=\"https:\/\/www.goyko.de\/wordpress\/produktfotografie-2\/\" \/>\n<meta property=\"og:locale\" content=\"de_DE\" \/>\n<meta property=\"og:type\" content=\"article\" \/>\n<meta property=\"og:title\" content=\"Produktfotografie - Goyko Kleensang - Fotograf\" \/>\n<meta property=\"og:description\" content=\"Menu Produktfotografie People Digital Art Outdoor \u00dcber mich Blog Produktfotografie Menu Kontakt \/ Copyright Datenschutz Impressum AGB\" \/>\n<meta property=\"og:url\" content=\"https:\/\/www.goyko.de\/wordpress\/produktfotografie-2\/\" \/>\n<meta property=\"og:site_name\" content=\"Goyko Kleensang - Fotograf\" \/>\n<meta property=\"article:modified_time\" content=\"2024-07-19T11:16:30+00:00\" \/>\n<meta property=\"og:image\" content=\"https:\/\/www.goyko.de\/wordpress\/wp-content\/uploads\/2011\/09\/logo-fuer-website_tiny.jpg\" \/>\n<meta name=\"twitter:card\" content=\"summary_large_image\" \/>\n<meta name=\"twitter:label1\" content=\"Gesch\u00e4tzte Lesezeit\" \/>\n\t<meta name=\"twitter:data1\" content=\"1\u00a0Minute\" \/>\n<script type=\"application\/ld+json\" class=\"yoast-schema-graph\">{\"@context\":\"https:\/\/schema.org\",\"@graph\":[{\"@type\":\"WebPage\",\"@id\":\"https:\/\/www.goyko.de\/wordpress\/produktfotografie-2\/\",\"url\":\"https:\/\/www.goyko.de\/wordpress\/produktfotografie-2\/\",\"name\":\"Produktfotografie - Goyko Kleensang - Fotograf\",\"isPartOf\":{\"@id\":\"https:\/\/www.goyko.de\/wordpress\/#website\"},\"primaryImageOfPage\":{\"@id\":\"https:\/\/www.goyko.de\/wordpress\/produktfotografie-2\/#primaryimage\"},\"image\":{\"@id\":\"https:\/\/www.goyko.de\/wordpress\/produktfotografie-2\/#primaryimage\"},\"thumbnailUrl\":\"https:\/\/www.goyko.de\/wordpress\/wp-content\/uploads\/2011\/09\/logo-fuer-website_tiny.jpg\",\"datePublished\":\"2024-07-16T06:06:40+00:00\",\"dateModified\":\"2024-07-19T11:16:30+00:00\",\"breadcrumb\":{\"@id\":\"https:\/\/www.goyko.de\/wordpress\/produktfotografie-2\/#breadcrumb\"},\"inLanguage\":\"de\",\"potentialAction\":[{\"@type\":\"ReadAction\",\"target\":[\"https:\/\/www.goyko.de\/wordpress\/produktfotografie-2\/\"]}]},{\"@type\":\"ImageObject\",\"inLanguage\":\"de\",\"@id\":\"https:\/\/www.goyko.de\/wordpress\/produktfotografie-2\/#primaryimage\",\"url\":\"https:\/\/www.goyko.de\/wordpress\/wp-content\/uploads\/2011\/09\/logo-fuer-website_tiny.jpg\",\"contentUrl\":\"https:\/\/www.goyko.de\/wordpress\/wp-content\/uploads\/2011\/09\/logo-fuer-website_tiny.jpg\",\"width\":185,\"height\":72,\"caption\":\"GOYKO Fotografie\"},{\"@type\":\"BreadcrumbList\",\"@id\":\"https:\/\/www.goyko.de\/wordpress\/produktfotografie-2\/#breadcrumb\",\"itemListElement\":[{\"@type\":\"ListItem\",\"position\":1,\"name\":\"Startseite\",\"item\":\"https:\/\/www.goyko.de\/wordpress\/\"},{\"@type\":\"ListItem\",\"position\":2,\"name\":\"Produktfotografie\"}]},{\"@type\":\"WebSite\",\"@id\":\"https:\/\/www.goyko.de\/wordpress\/#website\",\"url\":\"https:\/\/www.goyko.de\/wordpress\/\",\"name\":\"Goyko Kleensang - Fotograf\",\"description\":\"Showcase meiner Arbeiten\",\"publisher\":{\"@id\":\"https:\/\/www.goyko.de\/wordpress\/#\/schema\/person\/693f4695b641f1225a44fce782504781\"},\"potentialAction\":[{\"@type\":\"SearchAction\",\"target\":{\"@type\":\"EntryPoint\",\"urlTemplate\":\"https:\/\/www.goyko.de\/wordpress\/?s={search_term_string}\"},\"query-input\":{\"@type\":\"PropertyValueSpecification\",\"valueRequired\":true,\"valueName\":\"search_term_string\"}}],\"inLanguage\":\"de\"},{\"@type\":[\"Person\",\"Organization\"],\"@id\":\"https:\/\/www.goyko.de\/wordpress\/#\/schema\/person\/693f4695b641f1225a44fce782504781\",\"name\":\"Goyko Kleensang\",\"image\":{\"@type\":\"ImageObject\",\"inLanguage\":\"de\",\"@id\":\"https:\/\/www.goyko.de\/wordpress\/#\/schema\/person\/image\/\",\"url\":\"https:\/\/www.goyko.de\/wordpress\/wp-content\/uploads\/2011\/09\/logo-fuer-website_tiny.jpg\",\"contentUrl\":\"https:\/\/www.goyko.de\/wordpress\/wp-content\/uploads\/2011\/09\/logo-fuer-website_tiny.jpg\",\"width\":185,\"height\":72,\"caption\":\"Goyko Kleensang\"},\"logo\":{\"@id\":\"https:\/\/www.goyko.de\/wordpress\/#\/schema\/person\/image\/\"},\"sameAs\":[\"http:\/\/goyko.de\",\"https:\/\/www.youtube.com\/@Equilion\"]}]}<\/script>\n<!-- \/ Yoast SEO plugin. -->","yoast_head_json":{"title":"Produktfotografie - Goyko Kleensang - Fotograf","robots":{"index":"index","follow":"follow","max-snippet":"max-snippet:-1","max-image-preview":"max-image-preview:large","max-video-preview":"max-video-preview:-1"},"canonical":"https:\/\/www.goyko.de\/wordpress\/produktfotografie-2\/","og_locale":"de_DE","og_type":"article","og_title":"Produktfotografie - Goyko Kleensang - Fotograf","og_description":"Menu Produktfotografie People Digital Art Outdoor \u00dcber mich Blog Produktfotografie Menu Kontakt \/ Copyright Datenschutz Impressum AGB","og_url":"https:\/\/www.goyko.de\/wordpress\/produktfotografie-2\/","og_site_name":"Goyko Kleensang - Fotograf","article_modified_time":"2024-07-19T11:16:30+00:00","og_image":[{"url":"https:\/\/www.goyko.de\/wordpress\/wp-content\/uploads\/2011\/09\/logo-fuer-website_tiny.jpg","type":"","width":"","height":""}],"twitter_card":"summary_large_image","twitter_misc":{"Gesch\u00e4tzte Lesezeit":"1\u00a0Minute"},"schema":{"@context":"https:\/\/schema.org","@graph":[{"@type":"WebPage","@id":"https:\/\/www.goyko.de\/wordpress\/produktfotografie-2\/","url":"https:\/\/www.goyko.de\/wordpress\/produktfotografie-2\/","name":"Produktfotografie - Goyko Kleensang - Fotograf","isPartOf":{"@id":"https:\/\/www.goyko.de\/wordpress\/#website"},"primaryImageOfPage":{"@id":"https:\/\/www.goyko.de\/wordpress\/produktfotografie-2\/#primaryimage"},"image":{"@id":"https:\/\/www.goyko.de\/wordpress\/produktfotografie-2\/#primaryimage"},"thumbnailUrl":"https:\/\/www.goyko.de\/wordpress\/wp-content\/uploads\/2011\/09\/logo-fuer-website_tiny.jpg","datePublished":"2024-07-16T06:06:40+00:00","dateModified":"2024-07-19T11:16:30+00:00","breadcrumb":{"@id":"https:\/\/www.goyko.de\/wordpress\/produktfotografie-2\/#breadcrumb"},"inLanguage":"de","potentialAction":[{"@type":"ReadAction","target":["https:\/\/www.goyko.de\/wordpress\/produktfotografie-2\/"]}]},{"@type":"ImageObject","inLanguage":"de","@id":"https:\/\/www.goyko.de\/wordpress\/produktfotografie-2\/#primaryimage","url":"https:\/\/www.goyko.de\/wordpress\/wp-content\/uploads\/2011\/09\/logo-fuer-website_tiny.jpg","contentUrl":"https:\/\/www.goyko.de\/wordpress\/wp-content\/uploads\/2011\/09\/logo-fuer-website_tiny.jpg","width":185,"height":72,"caption":"GOYKO Fotografie"},{"@type":"BreadcrumbList","@id":"https:\/\/www.goyko.de\/wordpress\/produktfotografie-2\/#breadcrumb","itemListElement":[{"@type":"ListItem","position":1,"name":"Startseite","item":"https:\/\/www.goyko.de\/wordpress\/"},{"@type":"ListItem","position":2,"name":"Produktfotografie"}]},{"@type":"WebSite","@id":"https:\/\/www.goyko.de\/wordpress\/#website","url":"https:\/\/www.goyko.de\/wordpress\/","name":"Goyko Kleensang - Fotograf","description":"Showcase meiner Arbeiten","publisher":{"@id":"https:\/\/www.goyko.de\/wordpress\/#\/schema\/person\/693f4695b641f1225a44fce782504781"},"potentialAction":[{"@type":"SearchAction","target":{"@type":"EntryPoint","urlTemplate":"https:\/\/www.goyko.de\/wordpress\/?s={search_term_string}"},"query-input":{"@type":"PropertyValueSpecification","valueRequired":true,"valueName":"search_term_string"}}],"inLanguage":"de"},{"@type":["Person","Organization"],"@id":"https:\/\/www.goyko.de\/wordpress\/#\/schema\/person\/693f4695b641f1225a44fce782504781","name":"Goyko Kleensang","image":{"@type":"ImageObject","inLanguage":"de","@id":"https:\/\/www.goyko.de\/wordpress\/#\/schema\/person\/image\/","url":"https:\/\/www.goyko.de\/wordpress\/wp-content\/uploads\/2011\/09\/logo-fuer-website_tiny.jpg","contentUrl":"https:\/\/www.goyko.de\/wordpress\/wp-content\/uploads\/2011\/09\/logo-fuer-website_tiny.jpg","width":185,"height":72,"caption":"Goyko Kleensang"},"logo":{"@id":"https:\/\/www.goyko.de\/wordpress\/#\/schema\/person\/image\/"},"sameAs":["http:\/\/goyko.de","https:\/\/www.youtube.com\/@Equilion"]}]}},"_links":{"self":[{"href":"https:\/\/www.goyko.de\/wordpress\/wp-json\/wp\/v2\/pages\/4927","targetHints":{"allow":["GET"]}}],"collection":[{"href":"https:\/\/www.goyko.de\/wordpress\/wp-json\/wp\/v2\/pages"}],"about":[{"href":"https:\/\/www.goyko.de\/wordpress\/wp-json\/wp\/v2\/types\/page"}],"author":[{"embeddable":true,"href":"https:\/\/www.goyko.de\/wordpress\/wp-json\/wp\/v2\/users\/1"}],"replies":[{"embeddable":true,"href":"https:\/\/www.goyko.de\/wordpress\/wp-json\/wp\/v2\/comments?post=4927"}],"version-history":[{"count":13,"href":"https:\/\/www.goyko.de\/wordpress\/wp-json\/wp\/v2\/pages\/4927\/revisions"}],"predecessor-version":[{"id":4979,"href":"https:\/\/www.goyko.de\/wordpress\/wp-json\/wp\/v2\/pages\/4927\/revisions\/4979"}],"wp:attachment":[{"href":"https:\/\/www.goyko.de\/wordpress\/wp-json\/wp\/v2\/media?parent=4927"}],"curies":[{"name":"wp","href":"https:\/\/api.w.org\/{rel}","templated":true}]}}